{"id":46713,"date":"2024-07-12T11:57:54","date_gmt":"2024-07-12T15:57:54","guid":{"rendered":"https:\/\/amazonia.fiocruz.br\/?page_id=46713"},"modified":"2026-03-25T16:17:40","modified_gmt":"2026-03-25T20:17:40","slug":"ppgbio-5-2","status":"publish","type":"page","link":"https:\/\/amazonia.fiocruz.br\/?page_id=46713","title":{"rendered":"DASPAM &#8211; Discentes"},"content":{"rendered":"<div id='av_section_1'  class='avia-section main_color avia-section-default avia-no-shadow  avia-full-stretch avia-bg-style-scroll  avia-builder-el-0  el_before_av_submenu  avia-builder-el-first   av-minimum-height av-minimum-height-50  container_wrap sidebar_right' style='background-repeat: no-repeat; background-image: url(https:\/\/amazonia.fiocruz.br\/wp-content\/uploads\/2024\/08\/banner-DASPAM.png);background-attachment: scroll; background-position: top left;  '  data-section-bg-repeat='stretch' data-av_minimum_height_pc='50'><div class='container' ><main  role=\"main\" itemprop=\"mainContentOfPage\"  class='template-page content  av-content-small alpha units'><div class='post-entry post-entry-type-page post-entry-46713'><div class='entry-content-wrapper clearfix'>\n<div class=\"flex_column av_one_half  flex_column_div av-zero-column-padding first  avia-builder-el-1  avia-builder-el-no-sibling  \" style='border-radius:0px; '><div  style='padding-bottom:10px; color:#ffffff;font-size:30px;' class='av-special-heading av-special-heading-h3 custom-color-heading blockquote modern-quote  avia-builder-el-2  avia-builder-el-no-sibling  av-inherit-size '><h3 class='av-special-heading-tag '  itemprop=\"headline\"  >DASPAM<\/h3><div class ='av-subheading av-subheading_below av_custom_color ' style='font-size:18px;'><p>Doutorado Acad\u00eamico em Sa\u00fade P\u00fablica na Amaz\u00f4nia<\/p>\n<\/div><div class='special-heading-border'><div class='special-heading-inner-border' style='border-color:#ffffff'><\/div><\/div><\/div><\/div>\n\n<\/div><\/div><\/main><!-- close content main element --><\/div><\/div><div class='clear'><\/div><div id='sub_menu1'  class='av-submenu-container header_color  avia-builder-el-3  el_after_av_section  el_before_av_one_full  av-sticky-submenu  submenu-not-first container_wrap sidebar_right' style='  z-index:301' ><div class='container av-menu-mobile-disabled '><ul id=\"menu-daspam\" class=\"av-subnav-menu av-submenu-pos-center\"><li id=\"menu-item-47006\" class=\"menu-item menu-item-type-custom menu-item-object-custom menu-item-has-children menu-item-top-level menu-item-top-level-1\"><a href=\"https:\/\/amazonia.fiocruz.br\/?page_id=46033\" itemprop=\"url\"><span class=\"avia-bullet\"><\/span><span class=\"avia-menu-text\">Curso<\/span><span class=\"avia-menu-fx\"><span class=\"avia-arrow-wrap\"><span class=\"avia-arrow\"><\/span><\/span><\/span><\/a>\n\n\n<ul class=\"sub-menu\">\n\t<li id=\"menu-item-51685\" class=\"menu-item menu-item-type-custom menu-item-object-custom\"><a href=\"https:\/\/amazonia.fiocruz.br\/?page_id=46033\/#missaoeobjetivos\" itemprop=\"url\"><span class=\"avia-bullet\"><\/span><span class=\"avia-menu-text\">Miss\u00e3o e Objetivos<\/span><\/a><\/li>\n\t<li id=\"menu-item-51688\" class=\"menu-item menu-item-type-custom menu-item-object-custom\"><a href=\"https:\/\/amazonia.fiocruz.br\/?page_id=46033\/#historico\" itemprop=\"url\"><span class=\"avia-bullet\"><\/span><span class=\"avia-menu-text\">Hist\u00f3rico<\/span><\/a><\/li>\n\t<li id=\"menu-item-51690\" class=\"menu-item menu-item-type-custom menu-item-object-custom\"><a href=\"https:\/\/amazonia.fiocruz.br\/?page_id=46033\/#area\" itemprop=\"url\"><span class=\"avia-bullet\"><\/span><span class=\"avia-menu-text\">\u00c1rea de concentra\u00e7\u00e3o e Linhas de Pesquisa<\/span><\/a><\/li>\n\t<li id=\"menu-item-51692\" class=\"menu-item menu-item-type-custom menu-item-object-custom\"><a href=\"https:\/\/amazonia.fiocruz.br\/?page_id=46033\/#projetospesquisa\" itemprop=\"url\"><span class=\"avia-bullet\"><\/span><span class=\"avia-menu-text\">Projetos de Pesquisa<\/span><\/a><\/li>\n\t<li id=\"menu-item-51694\" class=\"menu-item menu-item-type-custom menu-item-object-custom\"><a href=\"https:\/\/amazonia.fiocruz.br\/?page_id=46033\/#coordenacao\" itemprop=\"url\"><span class=\"avia-bullet\"><\/span><span class=\"avia-menu-text\">Coordena\u00e7\u00e3o do Curso<\/span><\/a><\/li>\n\t<li id=\"menu-item-51699\" class=\"menu-item menu-item-type-custom menu-item-object-custom\"><a href=\"https:\/\/amazonia.fiocruz.br\/?page_id=46033\/#representantediscente\" itemprop=\"url\"><span class=\"avia-bullet\"><\/span><span class=\"avia-menu-text\">Representante Discente<\/span><\/a><\/li>\n\t<li id=\"menu-item-51702\" class=\"menu-item menu-item-type-custom menu-item-object-custom\"><a href=\"https:\/\/amazonia.fiocruz.br\/?page_id=46033\/#apoioadministrativo\" itemprop=\"url\"><span class=\"avia-bullet\"><\/span><span class=\"avia-menu-text\">Apoio Administrativo<\/span><\/a><\/li>\n<\/ul>\n<\/li>\n<li id=\"menu-item-47008\" class=\"menu-item menu-item-type-custom menu-item-object-custom menu-item-has-children menu-item-top-level menu-item-top-level-2\"><a href=\"https:\/\/amazonia.fiocruz.br\/?page_id=46590\" itemprop=\"url\"><span class=\"avia-bullet\"><\/span><span class=\"avia-menu-text\">Estrutura e Organiza\u00e7\u00e3o<\/span><span class=\"avia-menu-fx\"><span class=\"avia-arrow-wrap\"><span class=\"avia-arrow\"><\/span><\/span><\/span><\/a>\n\n\n<ul class=\"sub-menu\">\n\t<li id=\"menu-item-51711\" class=\"menu-item menu-item-type-custom menu-item-object-custom\"><a href=\"https:\/\/amazonia.fiocruz.br\/?page_id=46590\/#objetivo\" itemprop=\"url\"><span class=\"avia-bullet\"><\/span><span class=\"avia-menu-text\">Objetivos<\/span><\/a><\/li>\n\t<li id=\"menu-item-51712\" class=\"menu-item menu-item-type-custom menu-item-object-custom\"><a href=\"https:\/\/amazonia.fiocruz.br\/?page_id=46590\/#duracao\" itemprop=\"url\"><span class=\"avia-bullet\"><\/span><span class=\"avia-menu-text\">Dura\u00e7\u00e3o<\/span><\/a><\/li>\n\t<li id=\"menu-item-51713\" class=\"menu-item menu-item-type-custom menu-item-object-custom\"><a href=\"https:\/\/amazonia.fiocruz.br\/?page_id=46590\/#creditos\" itemprop=\"url\"><span class=\"avia-bullet\"><\/span><span class=\"avia-menu-text\">Cr\u00e9ditos \/ Carga Hor\u00e1ria<\/span><\/a><\/li>\n\t<li id=\"menu-item-51714\" class=\"menu-item menu-item-type-custom menu-item-object-custom\"><a href=\"https:\/\/amazonia.fiocruz.br\/?page_id=46590\/#ingresso\" itemprop=\"url\"><span class=\"avia-bullet\"><\/span><span class=\"avia-menu-text\">Ingresso<\/span><\/a><\/li>\n\t<li id=\"menu-item-51715\" class=\"menu-item menu-item-type-custom menu-item-object-custom\"><a href=\"https:\/\/amazonia.fiocruz.br\/?page_id=46590\/#estrutura\" itemprop=\"url\"><span class=\"avia-bullet\"><\/span><span class=\"avia-menu-text\">Estrutura Curricular \/ Emendas<\/span><\/a><\/li>\n\t<li id=\"menu-item-51716\" class=\"menu-item menu-item-type-custom menu-item-object-custom\"><a href=\"https:\/\/amazonia.fiocruz.br\/?page_id=46590\/#estagio\" itemprop=\"url\"><span class=\"avia-bullet\"><\/span><span class=\"avia-menu-text\">Est\u00e1gio Doc\u00eancia<\/span><\/a><\/li>\n\t<li id=\"menu-item-51717\" class=\"menu-item menu-item-type-custom menu-item-object-custom\"><a href=\"https:\/\/amazonia.fiocruz.br\/?page_id=46590\/#atividadecurricular\" itemprop=\"url\"><span class=\"avia-bullet\"><\/span><span class=\"avia-menu-text\">Atividade Curricular Complementar &#8211; ACC<\/span><\/a><\/li>\n\t<li id=\"menu-item-51718\" class=\"menu-item menu-item-type-custom menu-item-object-custom\"><a href=\"https:\/\/amazonia.fiocruz.br\/?page_id=46590\/#examelingua\" itemprop=\"url\"><span class=\"avia-bullet\"><\/span><span class=\"avia-menu-text\">Exame de L\u00edngua Inglesa<\/span><\/a><\/li>\n\t<li id=\"menu-item-51719\" class=\"menu-item menu-item-type-custom menu-item-object-custom\"><a href=\"https:\/\/amazonia.fiocruz.br\/?page_id=46590\/#examedequalificacao\" itemprop=\"url\"><span class=\"avia-bullet\"><\/span><span class=\"avia-menu-text\">Exame de Qualifica\u00e7\u00e3o<\/span><\/a><\/li>\n\t<li id=\"menu-item-51720\" class=\"menu-item menu-item-type-custom menu-item-object-custom\"><a href=\"https:\/\/amazonia.fiocruz.br\/?page_id=46590\/#obtencaodetitulo\" itemprop=\"url\"><span class=\"avia-bullet\"><\/span><span class=\"avia-menu-text\">Obten\u00e7\u00e3o do T\u00edtulo de Doutor \/ Expedi\u00e7\u00e3o de Diploma<\/span><\/a><\/li>\n\t<li id=\"menu-item-51723\" class=\"menu-item menu-item-type-custom menu-item-object-custom\"><a href=\"https:\/\/amazonia.fiocruz.br\/?page_id=46590\/#infraestrutura\" itemprop=\"url\"><span class=\"avia-bullet\"><\/span><span class=\"avia-menu-text\">Infraestrutura<\/span><\/a><\/li>\n\t<li id=\"menu-item-51725\" class=\"menu-item menu-item-type-custom menu-item-object-custom\"><a href=\"https:\/\/amazonia.fiocruz.br\/?page_id=46590\/#pesquisadores\" itemprop=\"url\"><span class=\"avia-bullet\"><\/span><span class=\"avia-menu-text\">Pesquisadores Visitantes<\/span><\/a><\/li>\n\t<li id=\"menu-item-51727\" class=\"menu-item menu-item-type-custom menu-item-object-custom\"><a href=\"https:\/\/amazonia.fiocruz.br\/?page_id=46590\/#bolsasdeestudos\" itemprop=\"url\"><span class=\"avia-bullet\"><\/span><span class=\"avia-menu-text\">Bolsas de Estudo<\/span><\/a><\/li>\n\t<li id=\"menu-item-51729\" class=\"menu-item menu-item-type-custom menu-item-object-custom\"><a href=\"https:\/\/amazonia.fiocruz.br\/?page_id=46590\/#apoiofinanceiro\" itemprop=\"url\"><span class=\"avia-bullet\"><\/span><span class=\"avia-menu-text\">Apoio Financeiro<\/span><\/a><\/li>\n\t<li id=\"menu-item-51731\" class=\"menu-item menu-item-type-custom menu-item-object-custom\"><a href=\"#cooperacaocientifica\" itemprop=\"url\"><span class=\"avia-bullet\"><\/span><span class=\"avia-menu-text\">Coopera\u00e7\u00e3o Cient\u00edfica<\/span><\/a><\/li>\n\t<li id=\"menu-item-51733\" class=\"menu-item menu-item-type-custom menu-item-object-custom\"><a href=\"https:\/\/amazonia.fiocruz.br\/?page_id=46590\/#posdoutorado\" itemprop=\"url\"><span class=\"avia-bullet\"><\/span><span class=\"avia-menu-text\">P\u00f3s-Doutorado<\/span><\/a><\/li>\n\t<li id=\"menu-item-51734\" class=\"menu-item menu-item-type-custom menu-item-object-custom\"><a href=\"https:\/\/amazonia.fiocruz.br\/?page_id=46590\/#posdoutoradosanduiche\" itemprop=\"url\"><span class=\"avia-bullet\"><\/span><span class=\"avia-menu-text\">Doutorado Sandu\u00edche<\/span><\/a><\/li>\n<\/ul>\n<\/li>\n<li id=\"menu-item-46712\" class=\"menu-item menu-item-type-custom menu-item-object-custom menu-item-top-level menu-item-top-level-3\"><a href=\"https:\/\/amazonia.fiocruz.br\/?page_id=46695\" itemprop=\"url\"><span class=\"avia-bullet\"><\/span><span class=\"avia-menu-text\">Docentes<\/span><span class=\"avia-menu-fx\"><span class=\"avia-arrow-wrap\"><span class=\"avia-arrow\"><\/span><\/span><\/span><\/a><\/li>\n<li id=\"menu-item-46755\" class=\"menu-item menu-item-type-custom menu-item-object-custom menu-item-has-children menu-item-top-level menu-item-top-level-4\"><a href=\"https:\/\/amazonia.fiocruz.br\/?page_id=46713\" itemprop=\"url\"><span class=\"avia-bullet\"><\/span><span class=\"avia-menu-text\">Discentes e Egressos<\/span><span class=\"avia-menu-fx\"><span class=\"avia-arrow-wrap\"><span class=\"avia-arrow\"><\/span><\/span><\/span><\/a>\n\n\n<ul class=\"sub-menu\">\n\t<li id=\"menu-item-51737\" class=\"menu-item menu-item-type-custom menu-item-object-custom\"><a href=\"https:\/\/amazonia.fiocruz.br\/?page_id=46713\/#listadediscentes\" itemprop=\"url\"><span class=\"avia-bullet\"><\/span><span class=\"avia-menu-text\">Lista de Discentes<\/span><\/a><\/li>\n\t<li id=\"menu-item-51738\" class=\"menu-item menu-item-type-custom menu-item-object-custom\"><a href=\"https:\/\/amazonia.fiocruz.br\/?page_id=46713\/#egressos\" itemprop=\"url\"><span class=\"avia-bullet\"><\/span><span class=\"avia-menu-text\">Egressos do Curso<\/span><\/a><\/li>\n<\/ul>\n<\/li>\n<li id=\"menu-item-47409\" class=\"menu-item menu-item-type-custom menu-item-object-custom menu-item-has-children menu-item-top-level menu-item-top-level-5\"><a href=\"https:\/\/amazonia.fiocruz.br\/?page_id=46778\" itemprop=\"url\"><span class=\"avia-bullet\"><\/span><span class=\"avia-menu-text\">Publica\u00e7\u00e3o Cient\u00edfica<\/span><span class=\"avia-menu-fx\"><span class=\"avia-arrow-wrap\"><span class=\"avia-arrow\"><\/span><\/span><\/span><\/a>\n\n\n<ul class=\"sub-menu\">\n\t<li id=\"menu-item-51741\" class=\"menu-item menu-item-type-custom menu-item-object-custom\"><a href=\"https:\/\/amazonia.fiocruz.br\/?page_id=46778\/#teses\" itemprop=\"url\"><span class=\"avia-bullet\"><\/span><span class=\"avia-menu-text\">Teses<\/span><\/a><\/li>\n\t<li id=\"menu-item-51742\" class=\"menu-item menu-item-type-custom menu-item-object-custom\"><a href=\"https:\/\/amazonia.fiocruz.br\/?page_id=46778\/#artigos\" itemprop=\"url\"><span class=\"avia-bullet\"><\/span><span class=\"avia-menu-text\">Artigos Cient\u00edficos e Livros<\/span><\/a><\/li>\n<\/ul>\n<\/li>\n<li id=\"menu-item-47423\" class=\"menu-item menu-item-type-custom menu-item-object-custom menu-item-has-children menu-item-top-level menu-item-top-level-6\"><a href=\"https:\/\/amazonia.fiocruz.br\/?page_id=47421\" itemprop=\"url\"><span class=\"avia-bullet\"><\/span><span class=\"avia-menu-text\">Divulga\u00e7\u00e3o Cient\u00edfica<\/span><span class=\"avia-menu-fx\"><span class=\"avia-arrow-wrap\"><span class=\"avia-arrow\"><\/span><\/span><\/span><\/a>\n\n\n<ul class=\"sub-menu\">\n\t<li id=\"menu-item-51745\" class=\"menu-item menu-item-type-custom menu-item-object-custom\"><a href=\"https:\/\/amazonia.fiocruz.br\/?page_id=47421\/#agendaqualificacao\" itemprop=\"url\"><span class=\"avia-bullet\"><\/span><span class=\"avia-menu-text\">Agenda de Qualifica\u00e7\u00e3o e Defesas<\/span><\/a><\/li>\n\t<li id=\"menu-item-51746\" class=\"menu-item menu-item-type-custom menu-item-object-custom menu-item-has-children\"><a href=\"https:\/\/amazonia.fiocruz.br\/?page_id=47421\/#eventos\" itemprop=\"url\"><span class=\"avia-bullet\"><\/span><span class=\"avia-menu-text\">Eventos<\/span><\/a>\n\t<ul class=\"sub-menu\">\n\t\t<li id=\"menu-item-51747\" class=\"menu-item menu-item-type-custom menu-item-object-custom\"><a href=\"https:\/\/amazonia.fiocruz.br\/?page_id=47421\/#vencontro\" itemprop=\"url\"><span class=\"avia-bullet\"><\/span><span class=\"avia-menu-text\">V Encontro da P\u00f3s-Gradua\u00e7\u00e3o do ILMD Fiocruz Amaz\u00f4nia \/ III Encontro dos Programas de P\u00f3s-Gradua\u00e7\u00e3o em Sa\u00fade Coletiva no Amazonas &#8211; \u201cSa\u00fade e Ambiente na Amaz\u00f4nia: papel do p\u00f3s-graduando nos desafios globais\u201d<\/span><\/a><\/li>\n\t\t<li id=\"menu-item-51748\" class=\"menu-item menu-item-type-custom menu-item-object-custom\"><a href=\"https:\/\/amazonia.fiocruz.br\/?page_id=47421\/#ivencontro\" itemprop=\"url\"><span class=\"avia-bullet\"><\/span><span class=\"avia-menu-text\">IV Encontro da P\u00f3s-gradua\u00e7\u00e3o do ILMD Fiocruz Amaz\u00f4nia \/ II Encontro dos Programas de P\u00f3s-gradua\u00e7\u00e3o em Sa\u00fade Coletiva no Amazonas<\/span><\/a><\/li>\n\t\t<li id=\"menu-item-51749\" class=\"menu-item menu-item-type-custom menu-item-object-custom\"><a href=\"https:\/\/amazonia.fiocruz.br\/?page_id=47421\/#IIIencontro\" itemprop=\"url\"><span class=\"avia-bullet\"><\/span><span class=\"avia-menu-text\">III Encontro da P\u00f3s-gradua\u00e7\u00e3o do ILMD\/Fiocruz Amaz\u00f4nia\/ I Encontro dos Programas de P\u00f3s-gradua\u00e7\u00e3o em Sa\u00fade Coletiva no Amazonas: Sindemias, desafios e oportunidades da sa\u00fade p\u00fablica contempor\u00e2nea<\/span><\/a><\/li>\n\t\t<li id=\"menu-item-51750\" class=\"menu-item menu-item-type-custom menu-item-object-custom\"><a href=\"https:\/\/amazonia.fiocruz.br\/?page_id=47421\/#iiencontro\" itemprop=\"url\"><span class=\"avia-bullet\"><\/span><span class=\"avia-menu-text\">II Encontro de P\u00f3s-gradua\u00e7\u00e3o do ILMD\/Fiocruz Amaz\u00f4nia: Interfaces da pandemia no Brasil<\/span><\/a><\/li>\n\t\t<li id=\"menu-item-51751\" class=\"menu-item menu-item-type-custom menu-item-object-custom\"><a href=\"https:\/\/amazonia.fiocruz.br\/?page_id=47421\/#iencontro\" itemprop=\"url\"><span class=\"avia-bullet\"><\/span><span class=\"avia-menu-text\">I Encontro de P\u00f3s gradua\u00e7\u00e3o do ILMD \u2013 \u2018\u2018Tema: One Health\u2019\u2019<\/span><\/a><\/li>\n\t<\/ul>\n<\/li>\n\t<li id=\"menu-item-51754\" class=\"menu-item menu-item-type-custom menu-item-object-custom\"><a href=\"https:\/\/amazonia.fiocruz.br\/?page_id=47421\/#divulgacao\" itemprop=\"url\"><span class=\"avia-bullet\"><\/span><span class=\"avia-menu-text\">Divulga\u00e7\u00e3o<\/span><\/a><\/li>\n<\/ul>\n<\/li>\n<li id=\"menu-item-48024\" class=\"menu-item menu-item-type-custom menu-item-object-custom menu-item-has-children menu-item-top-level menu-item-top-level-7\"><a href=\"https:\/\/amazonia.fiocruz.br\/?page_id=46799\" itemprop=\"url\"><span class=\"avia-bullet\"><\/span><span class=\"avia-menu-text\">Planejamento Estrat\u00e9gico e Autoavalia\u00e7\u00e3o<\/span><span class=\"avia-menu-fx\"><span class=\"avia-arrow-wrap\"><span class=\"avia-arrow\"><\/span><\/span><\/span><\/a>\n\n\n<ul class=\"sub-menu\">\n\t<li id=\"menu-item-51759\" class=\"menu-item menu-item-type-custom menu-item-object-custom\"><a href=\"https:\/\/amazonia.fiocruz.br\/?page_id=46799\/#planejamento\" itemprop=\"url\"><span class=\"avia-bullet\"><\/span><span class=\"avia-menu-text\">Planejamento Estrat\u00e9gico e Autoavalia\u00e7\u00e3o do DASPAM<\/span><\/a><\/li>\n\t<li id=\"menu-item-51760\" class=\"menu-item menu-item-type-custom menu-item-object-custom\"><a href=\"#processodeplanejamento\" itemprop=\"url\"><span class=\"avia-bullet\"><\/span><span class=\"avia-menu-text\">Processo de Planejamento Estrat\u00e9gico e Autoavalia\u00e7\u00e3o<\/span><\/a><\/li>\n\t<li id=\"menu-item-51761\" class=\"menu-item menu-item-type-custom menu-item-object-custom\"><a href=\"#autoavaliacao\" itemprop=\"url\"><span class=\"avia-bullet\"><\/span><span class=\"avia-menu-text\">Autoavalia\u00e7\u00e3o dos programas \/ Cursos de P\u00f3s-gradua\u00e7\u00e3o Stricto Sensu<\/span><\/a><\/li>\n\t<li id=\"menu-item-51762\" class=\"menu-item menu-item-type-custom menu-item-object-custom\"><a href=\"https:\/\/amazonia.fiocruz.br\/?page_id=46799\/#portaria\" itemprop=\"url\"><span class=\"avia-bullet\"><\/span><span class=\"avia-menu-text\">Portarias &#8211; Planejamento Estrat\u00e9gico e Autoavalia\u00e7\u00e3o<\/span><\/a><\/li>\n\t<li id=\"menu-item-51763\" class=\"menu-item menu-item-type-custom menu-item-object-custom\"><a href=\"https:\/\/amazonia.fiocruz.br\/?page_id=46799\/#resolucoes\" itemprop=\"url\"><span class=\"avia-bullet\"><\/span><span class=\"avia-menu-text\">Resolu\u00e7\u00f5es<\/span><\/a><\/li>\n<\/ul>\n<\/li>\n<li id=\"menu-item-46870\" class=\"menu-item menu-item-type-custom menu-item-object-custom menu-item-top-level menu-item-top-level-8\"><a href=\"https:\/\/amazonia.fiocruz.br\/?page_id=46792\" itemprop=\"url\"><span class=\"avia-bullet\"><\/span><span class=\"avia-menu-text\">Normas e Links<\/span><span class=\"avia-menu-fx\"><span class=\"avia-arrow-wrap\"><span class=\"avia-arrow\"><\/span><\/span><\/span><\/a><\/li>\n<li id=\"menu-item-46806\" class=\"menu-item menu-item-type-custom menu-item-object-custom menu-item-has-children menu-item-top-level menu-item-top-level-9\"><a href=\"https:\/\/amazonia.fiocruz.br\/?page_id=46804\" itemprop=\"url\"><span class=\"avia-bullet\"><\/span><span class=\"avia-menu-text\">Internacionaliza\u00e7\u00e3o<\/span><span class=\"avia-menu-fx\"><span class=\"avia-arrow-wrap\"><span class=\"avia-arrow\"><\/span><\/span><\/span><\/a>\n\n\n<ul class=\"sub-menu\">\n\t<li id=\"menu-item-51765\" class=\"menu-item menu-item-type-custom menu-item-object-custom\"><a href=\"https:\/\/amazonia.fiocruz.br\/?page_id=46804\/#oportunidades\" itemprop=\"url\"><span class=\"avia-bullet\"><\/span><span class=\"avia-menu-text\">Oportunidades de Est\u00e1gio \/ Bolsas<\/span><\/a><\/li>\n\t<li id=\"menu-item-51767\" class=\"menu-item menu-item-type-custom menu-item-object-custom\"><a href=\"https:\/\/amazonia.fiocruz.br\/?page_id=46804\/#examedelingua\" itemprop=\"url\"><span class=\"avia-bullet\"><\/span><span class=\"avia-menu-text\">Exame de L\u00edngua Estrangeira<\/span><\/a><\/li>\n\t<li id=\"menu-item-51768\" class=\"menu-item menu-item-type-custom menu-item-object-custom\"><a href=\"https:\/\/amazonia.fiocruz.br\/?page_id=46804\/#instituicaoparceiras\" itemprop=\"url\"><span class=\"avia-bullet\"><\/span><span class=\"avia-menu-text\">Institui\u00e7\u00f5es Parceiras<\/span><\/a><\/li>\n\t<li id=\"menu-item-51769\" class=\"menu-item menu-item-type-custom menu-item-object-custom\"><a href=\"https:\/\/amazonia.fiocruz.br\/?page_id=46804\/#alunoestrangeiro\" itemprop=\"url\"><span class=\"avia-bullet\"><\/span><span class=\"avia-menu-text\">Aluno Estrangeiro<\/span><\/a><\/li>\n<\/ul>\n<\/li>\n<li id=\"menu-item-46837\" class=\"menu-item menu-item-type-custom menu-item-object-custom menu-item-top-level menu-item-top-level-10\"><a href=\"https:\/\/amazonia.fiocruz.br\/?page_id=46817\" itemprop=\"url\"><span class=\"avia-bullet\"><\/span><span class=\"avia-menu-text\">Not\u00edcias<\/span><span class=\"avia-menu-fx\"><span class=\"avia-arrow-wrap\"><span class=\"avia-arrow\"><\/span><\/span><\/span><\/a><\/li>\n<\/ul><\/div><\/div><div class='sticky_placeholder'><\/div><div id='after_submenu'  class='main_color av_default_container_wrap container_wrap sidebar_right' style=' '  ><div class='container' ><div class='template-page content  av-content-small alpha units'><div class='post-entry post-entry-type-page post-entry-46713'><div class='entry-content-wrapper clearfix'>\n<div class=\"flex_column av_one_full  flex_column_div av-zero-column-padding first  avia-builder-el-4  el_after_av_submenu  el_before_av_textblock  avia-builder-el-first  \" style='border-radius:0px; ' id=\"listadediscentes\" ><section class=\"av_textblock_section \"  itemscope=\"itemscope\" itemtype=\"https:\/\/schema.org\/CreativeWork\" ><div class='avia_textblock  '   itemprop=\"text\" ><p>\u2800\u2800\u2800\u2800\u2800\u2800\u2800\u2800\u2800<br \/>\n\u2800\u2800\u2800\u2800\u2800\u2800\u2800\u2800\u2800<\/p>\n<\/div><\/section><\/div>\n<section class=\"av_textblock_section \"  id=\"listadediscentes\"  itemscope=\"itemscope\" itemtype=\"https:\/\/schema.org\/CreativeWork\" ><div class='avia_textblock  '   itemprop=\"text\" ><h2><span class=\"TextRun SCXP257780221 BCX2\" lang=\"PT-BR\" style=\"color: #000000;\" xml:lang=\"PT-BR\" data-usefontface=\"false\" data-contrast=\"none\"><span class=\"NormalTextRun SCXP257780221 BCX2\">LISTA DE DISCENTES<\/span><\/span><\/h2>\n<hr \/>\n<h2><\/h2>\n<\/div><\/section>\n<\/div><\/div><\/div><!-- close content main div --><\/div><\/div><div id='av-tab-section-1'  class='av-tab-section-container entry-content-wrapper main_color av-tab-no-transition av-tab-content-auto  av-tab-above-content  avia-builder-el-7  el_after_av_textblock  el_before_av_one_full  submenu-not-first container_wrap sidebar_right' style=' '  ><div class='av-tab-section-outer-container'><div class='av-tab-section-tab-title-container avia-tab-title-padding-default '  role='tablist'><a href='#2025' data-av-tab-section-title='1' class='av-section-tab-title av-active-tab-title no-scroll av-tab-no-icon av-tab-no-image  ' role='tab' tabindex='0' aria-controls='av-tab-section-1-1'><span class='av-outer-tab-title'><span class='av-inner-tab-title'>2025<\/span><\/span><span class='av-tab-arrow-container'><span><\/span><\/span><\/a><a href='#2024' data-av-tab-section-title='2' class='av-section-tab-title  av-tab-no-icon av-tab-no-image  ' role='tab' tabindex='0' aria-controls='av-tab-section-1-2'><span class='av-outer-tab-title'><span class='av-inner-tab-title'>2024<\/span><\/span><span class='av-tab-arrow-container'><span><\/span><\/span><\/a><a href='#2023' data-av-tab-section-title='3' class='av-section-tab-title  av-tab-no-icon av-tab-no-image  ' role='tab' tabindex='0' aria-controls='av-tab-section-1-3'><span class='av-outer-tab-title'><span class='av-inner-tab-title'>2023<\/span><\/span><span class='av-tab-arrow-container'><span><\/span><\/span><\/a><a href='#2022' data-av-tab-section-title='4' class='av-section-tab-title  av-tab-no-icon av-tab-no-image  ' role='tab' tabindex='0' aria-controls='av-tab-section-1-4'><span class='av-outer-tab-title'><span class='av-inner-tab-title'>2022<\/span><\/span><span class='av-tab-arrow-container'><span><\/span><\/span><\/a><\/div><div class='av-tab-section-inner-container avia-section-default' style='width:400vw; left:0%;'><span class='av_prev_tab_section av_tab_navigation'><\/span><span class='av_next_tab_section av_tab_navigation'><\/span>\n<div id=\"av-tab-section-1-1\" data-av-tab-section-content=\"1\" class=\"av-layout-tab av-animation-delay-container av-active-tab-content __av_init_open  avia-builder-el-8  el_before_av_tab_sub_section  avia-builder-el-first   \" style='vertical-align:top; '  data-tab-section-id=\"2025\"><div class='av-layout-tab-inner'><div class='container'><div   data-autoplay='1'  data-interval='5'  data-animation='fade'  data-hoverpause='1'  class='avia-testimonial-wrapper avia-grid-testimonials avia-grid-3-testimonials avia_animate_when_almost_visible   '>\n<section class ='avia-testimonial-row'><div class='avia-testimonial av_one_third flex_column no_margin avia-testimonial-row-1 avia-first-testimonial' ><div class='avia-testimonial_inner'  itemscope=\"itemscope\" itemtype=\"https:\/\/schema.org\/CreativeWork\" ><div class='avia-testimonial-image'  itemprop=\"image\"  style='background-image:url(https:\/\/amazonia.fiocruz.br\/wp-content\/uploads\/2026\/03\/Untitled.jpg);'><\/div><div class='avia-testimonial-content '  ><div class='avia-testimonial-markup-entry-content'  itemprop=\"text\" ><p><strong>Aldrey Nascimento Costa<\/strong><\/p>\n<p><strong>Orientadora<br class=\"avia-permanent-lb\" \/><\/strong>Camila Helena Aguiar<\/p>\n<p><strong>T\u00edtulo do projeto<br class=\"avia-permanent-lb\" \/><\/strong>Em defini\u00e7\u00e3o<strong><br \/>\n<br class=\"avia-permanent-lb\" \/><\/strong><\/p>\n<\/div><\/div><div class='avia-testimonial-meta'><div class='avia-testimonial-arrow-wrap'><div class='avia-arrow'><\/div><\/div><div class='avia-testimonial-meta-mini'  itemprop=\"author\" itemscope=\"itemscope\" itemtype=\"https:\/\/schema.org\/Person\" ><\/div><\/div><\/div><\/div>\n<div class='avia-testimonial av_one_third flex_column no_margin avia-testimonial-row-1 ' ><div class='avia-testimonial_inner'  itemscope=\"itemscope\" itemtype=\"https:\/\/schema.org\/CreativeWork\" ><div class='avia-testimonial-image'  itemprop=\"image\"  style='background-image:url(https:\/\/amazonia.fiocruz.br\/wp-content\/uploads\/2025\/10\/Ana-Carolina-180x180.jpg);'><\/div><div class='avia-testimonial-content '  ><div class='avia-testimonial-markup-entry-content'  itemprop=\"text\" ><p><strong>Ana Carolina da Silva Medeiros<\/strong><\/p>\n<p><strong>Orientadora<br class=\"avia-permanent-lb\" \/><\/strong>Denise Gutierrez<\/p>\n<p><strong>T\u00edtulo do projeto <br class=\"avia-permanent-lb\" \/><\/strong><span data-olk-copy-source=\"MessageBody\">Em defini\u00e7\u00e3o<\/span><\/p>\n<p><strong>\u00a0<\/strong><\/p>\n<p><strong><br \/>\n<br class=\"avia-permanent-lb\" \/><\/strong><\/p>\n<\/div><\/div><div class='avia-testimonial-meta'><div class='avia-testimonial-arrow-wrap'><div class='avia-arrow'><\/div><\/div><div class='avia-testimonial-meta-mini'  itemprop=\"author\" itemscope=\"itemscope\" itemtype=\"https:\/\/schema.org\/Person\" ><\/div><\/div><\/div><\/div>\n<div class='avia-testimonial av_one_third flex_column no_margin avia-testimonial-row-1 avia-last-testimonial' ><div class='avia-testimonial_inner'  itemscope=\"itemscope\" itemtype=\"https:\/\/schema.org\/CreativeWork\" ><div class='avia-testimonial-image'  itemprop=\"image\"  style='background-image:url(https:\/\/amazonia.fiocruz.br\/wp-content\/uploads\/2025\/10\/Andrea-Araujo-180x180.jpg);'><\/div><div class='avia-testimonial-content '  ><div class='avia-testimonial-markup-entry-content'  itemprop=\"text\" ><p><strong>Andrea Ara\u00fajo Ribeiro<\/strong><\/p>\n<p><strong>Orientadora<br class=\"avia-permanent-lb\" \/><\/strong>Munique Therense Costa<strong><br \/>\n<\/strong><\/p>\n<p><strong>T\u00edtulo do projeto\u00a0<br class=\"avia-permanent-lb\" \/><\/strong>Em defini\u00e7\u00e3o<\/p>\n<p><strong><br \/>\n<br class=\"avia-permanent-lb\" \/><\/strong><\/p>\n<\/div><\/div><div class='avia-testimonial-meta'><div class='avia-testimonial-arrow-wrap'><div class='avia-arrow'><\/div><\/div><div class='avia-testimonial-meta-mini'  itemprop=\"author\" itemscope=\"itemscope\" itemtype=\"https:\/\/schema.org\/Person\" ><\/div><\/div><\/div><\/div><\/section>\n<section class ='avia-testimonial-row'><div class='avia-testimonial av_one_third flex_column no_margin avia-testimonial-row-2 avia-first-testimonial' ><div class='avia-testimonial_inner'  itemscope=\"itemscope\" itemtype=\"https:\/\/schema.org\/CreativeWork\" ><div class='avia-testimonial-image'  itemprop=\"image\"  style='background-image:url(https:\/\/amazonia.fiocruz.br\/wp-content\/uploads\/2025\/10\/Anne-Caroline-180x180.jpg);'><\/div><div class='avia-testimonial-content '  ><div class='avia-testimonial-markup-entry-content'  itemprop=\"text\" ><p><strong>Anne Caroline de Lima Perrone<\/strong><\/p>\n<p><strong>Orientadora<br class=\"avia-permanent-lb\" \/><\/strong>S\u00e2mia Feitosa Miguez<\/p>\n<p><strong>T\u00edtulo do projeto\u00a0<br class=\"avia-permanent-lb\" \/><\/strong>Em defini\u00e7\u00e3o<\/p>\n<p><strong><br \/>\n<br class=\"avia-permanent-lb\" \/><\/strong><\/p>\n<\/div><\/div><div class='avia-testimonial-meta'><div class='avia-testimonial-arrow-wrap'><div class='avia-arrow'><\/div><\/div><div class='avia-testimonial-meta-mini'  itemprop=\"author\" itemscope=\"itemscope\" itemtype=\"https:\/\/schema.org\/Person\" ><\/div><\/div><\/div><\/div>\n<div class='avia-testimonial av_one_third flex_column no_margin avia-testimonial-row-2 ' ><div class='avia-testimonial_inner'  itemscope=\"itemscope\" itemtype=\"https:\/\/schema.org\/CreativeWork\" ><div class='avia-testimonial-image'  itemprop=\"image\"  style='background-image:url(https:\/\/amazonia.fiocruz.br\/wp-content\/uploads\/2026\/03\/Arlison-180x180.jpg);'><\/div><div class='avia-testimonial-content '  ><div class='avia-testimonial-markup-entry-content'  itemprop=\"text\" ><p><strong>Arlison Pereira Ferreira<\/strong><\/p>\n<p><strong>Orientador<br class=\"avia-permanent-lb\" \/><\/strong>Jo\u00e3o Sim\u00e3o de Melo Neto<\/p>\n<p><strong>T\u00edtulo do projeto\u00a0<br class=\"avia-permanent-lb\" \/><\/strong>Em defini\u00e7\u00e3o<\/p>\n<p><strong><br \/>\n<br class=\"avia-permanent-lb\" \/><\/strong><\/p>\n<\/div><\/div><div class='avia-testimonial-meta'><div class='avia-testimonial-arrow-wrap'><div class='avia-arrow'><\/div><\/div><div class='avia-testimonial-meta-mini'  itemprop=\"author\" itemscope=\"itemscope\" itemtype=\"https:\/\/schema.org\/Person\" ><\/div><\/div><\/div><\/div>\n<div class='avia-testimonial av_one_third flex_column no_margin avia-testimonial-row-2 avia-last-testimonial' ><div class='avia-testimonial_inner'  itemscope=\"itemscope\" itemtype=\"https:\/\/schema.org\/CreativeWork\" ><div class='avia-testimonial-image'  itemprop=\"image\"  style='background-image:url(https:\/\/amazonia.fiocruz.br\/wp-content\/uploads\/2025\/10\/Carla-Leticia-180x180.jpg);'><\/div><div class='avia-testimonial-content '  ><div class='avia-testimonial-markup-entry-content'  itemprop=\"text\" ><p><strong>Carla Leticia Gomes Sim\u00e3o<\/strong><\/p>\n<p><strong>Orientador<br class=\"avia-permanent-lb\" \/><\/strong>James Lee Crainey<\/p>\n<p><strong>T\u00edtulo do projeto\u00a0<br class=\"avia-permanent-lb\" \/><\/strong>Em defini\u00e7\u00e3o<\/p>\n<p><strong>\u00a0<\/strong><\/p>\n<p><strong><br \/>\n<br class=\"avia-permanent-lb\" \/><\/strong><\/p>\n<\/div><\/div><div class='avia-testimonial-meta'><div class='avia-testimonial-arrow-wrap'><div class='avia-arrow'><\/div><\/div><div class='avia-testimonial-meta-mini'  itemprop=\"author\" itemscope=\"itemscope\" itemtype=\"https:\/\/schema.org\/Person\" ><\/div><\/div><\/div><\/div><\/section>\n<section class ='avia-testimonial-row'><div class='avia-testimonial av_one_third flex_column no_margin avia-testimonial-row-3 avia-first-testimonial' ><div class='avia-testimonial_inner'  itemscope=\"itemscope\" itemtype=\"https:\/\/schema.org\/CreativeWork\" ><div class='avia-testimonial-image'  itemprop=\"image\"  style='background-image:url(https:\/\/amazonia.fiocruz.br\/wp-content\/uploads\/2025\/10\/Cassia-180x180.jpg);'><\/div><div class='avia-testimonial-content '  ><div class='avia-testimonial-markup-entry-content'  itemprop=\"text\" ><p><strong>Cassia Ferreira de Oliveira<\/strong><\/p>\n<p><strong>Orientador<br class=\"avia-permanent-lb\" \/><\/strong>J\u00falio Cesar Schweickardt<\/p>\n<p><strong>T\u00edtulo do projeto <br class=\"avia-permanent-lb\" \/><\/strong>Em defini\u00e7\u00e3o<\/p>\n<p><strong>\u00a0<\/strong><\/p>\n<p><strong><br \/>\n<br class=\"avia-permanent-lb\" \/><\/strong><\/p>\n<\/div><\/div><div class='avia-testimonial-meta'><div class='avia-testimonial-arrow-wrap'><div class='avia-arrow'><\/div><\/div><div class='avia-testimonial-meta-mini'  itemprop=\"author\" itemscope=\"itemscope\" itemtype=\"https:\/\/schema.org\/Person\" ><\/div><\/div><\/div><\/div>\n<div class='avia-testimonial av_one_third flex_column no_margin avia-testimonial-row-3 ' ><div class='avia-testimonial_inner'  itemscope=\"itemscope\" itemtype=\"https:\/\/schema.org\/CreativeWork\" ><div class='avia-testimonial-image'  itemprop=\"image\"  style='background-image:url(https:\/\/amazonia.fiocruz.br\/wp-content\/uploads\/2025\/10\/Deidry-Lorena-180x180.jpg);'><\/div><div class='avia-testimonial-content '  ><div class='avia-testimonial-markup-entry-content'  itemprop=\"text\" ><p><strong>Deidry Lorena Pinho Nery<\/strong><\/p>\n<p><strong>Orientador<br class=\"avia-permanent-lb\" \/><\/strong>Jos\u00e9 Joaquin Carvajal Cortes<\/p>\n<p><strong>T\u00edtulo do projeto\u00a0<br class=\"avia-permanent-lb\" \/><\/strong>Em defini\u00e7\u00e3o<\/p>\n<p><strong>\u00a0<\/strong><\/p>\n<p><strong><br \/>\n<br class=\"avia-permanent-lb\" \/><\/strong><\/p>\n<\/div><\/div><div class='avia-testimonial-meta'><div class='avia-testimonial-arrow-wrap'><div class='avia-arrow'><\/div><\/div><div class='avia-testimonial-meta-mini'  itemprop=\"author\" itemscope=\"itemscope\" itemtype=\"https:\/\/schema.org\/Person\" ><\/div><\/div><\/div><\/div>\n<div class='avia-testimonial av_one_third flex_column no_margin avia-testimonial-row-3 avia-last-testimonial' ><div class='avia-testimonial_inner'  itemscope=\"itemscope\" itemtype=\"https:\/\/schema.org\/CreativeWork\" ><div class='avia-testimonial-image'  itemprop=\"image\"  style='background-image:url(https:\/\/amazonia.fiocruz.br\/wp-content\/uploads\/2025\/10\/Deizyane-180x180.jpg);'><\/div><div class='avia-testimonial-content '  ><div class='avia-testimonial-markup-entry-content'  itemprop=\"text\" ><p><strong>Deizyane dos Reis Galhardo<\/strong><\/p>\n<p><strong>Orientador<br class=\"avia-permanent-lb\" \/><\/strong>Jo\u00e3o Sim\u00e3o de Melo Neto<\/p>\n<p><strong>T\u00edtulo do projeto <br class=\"avia-permanent-lb\" \/><\/strong>Em defini\u00e7\u00e3o<\/p>\n<p><strong>\u00a0<\/strong><\/p>\n<p><strong><br \/>\n<br class=\"avia-permanent-lb\" \/><\/strong><\/p>\n<\/div><\/div><div class='avia-testimonial-meta'><div class='avia-testimonial-arrow-wrap'><div class='avia-arrow'><\/div><\/div><div class='avia-testimonial-meta-mini'  itemprop=\"author\" itemscope=\"itemscope\" itemtype=\"https:\/\/schema.org\/Person\" ><\/div><\/div><\/div><\/div><\/section>\n<section class ='avia-testimonial-row'><div class='avia-testimonial av_one_third flex_column no_margin avia-testimonial-row-4 avia-first-testimonial' ><div class='avia-testimonial_inner'  itemscope=\"itemscope\" itemtype=\"https:\/\/schema.org\/CreativeWork\" ><div class='avia-testimonial-image'  itemprop=\"image\"  style='background-image:url(https:\/\/amazonia.fiocruz.br\/wp-content\/uploads\/2025\/10\/Fabiane-180x180.jpg);'><\/div><div class='avia-testimonial-content '  ><div class='avia-testimonial-markup-entry-content'  itemprop=\"text\" ><p><strong>Fabiane Vinente dos Santos<\/strong><\/p>\n<p><strong>Orientador<br class=\"avia-permanent-lb\" \/><\/strong>Pedro Henrique Coelho Rapozo<\/p>\n<p><strong>T\u00edtulo do projeto\u00a0<br class=\"avia-permanent-lb\" \/><\/strong>Em defini\u00e7\u00e3o<\/p>\n<p><strong>\u00a0<\/strong><\/p>\n<p><strong><br \/>\n<br class=\"avia-permanent-lb\" \/><\/strong><\/p>\n<\/div><\/div><div class='avia-testimonial-meta'><div class='avia-testimonial-arrow-wrap'><div class='avia-arrow'><\/div><\/div><div class='avia-testimonial-meta-mini'  itemprop=\"author\" itemscope=\"itemscope\" itemtype=\"https:\/\/schema.org\/Person\" ><\/div><\/div><\/div><\/div>\n<div class='avia-testimonial av_one_third flex_column no_margin avia-testimonial-row-4 ' ><div class='avia-testimonial_inner'  itemscope=\"itemscope\" itemtype=\"https:\/\/schema.org\/CreativeWork\" ><div class='avia-testimonial-content '  ><div class='avia-testimonial-markup-entry-content'  itemprop=\"text\" ><p><strong>Fernanda Sousa Fernandes<\/strong><\/p>\n<p><strong>Orientadora<br class=\"avia-permanent-lb\" \/><\/strong>Ana L\u00facia de Moura Pontes<\/p>\n<p><strong>T\u00edtulo do projeto\u00a0<br class=\"avia-permanent-lb\" \/><\/strong>Em defini\u00e7\u00e3o<\/p>\n<p><strong>\u00a0<\/strong><\/p>\n<p><strong><br \/>\n<br class=\"avia-permanent-lb\" \/><\/strong><\/p>\n<\/div><\/div><div class='avia-testimonial-meta'><div class='avia-testimonial-arrow-wrap'><div class='avia-arrow'><\/div><\/div><div class='avia-testimonial-meta-mini'  itemprop=\"author\" itemscope=\"itemscope\" itemtype=\"https:\/\/schema.org\/Person\" ><\/div><\/div><\/div><\/div>\n<div class='avia-testimonial av_one_third flex_column no_margin avia-testimonial-row-4 avia-last-testimonial' ><div class='avia-testimonial_inner'  itemscope=\"itemscope\" itemtype=\"https:\/\/schema.org\/CreativeWork\" ><div class='avia-testimonial-image'  itemprop=\"image\"  style='background-image:url(https:\/\/amazonia.fiocruz.br\/wp-content\/uploads\/2025\/10\/Gabriele-180x180.jpg);'><\/div><div class='avia-testimonial-content '  ><div class='avia-testimonial-markup-entry-content'  itemprop=\"text\" ><p><strong>Gabriele de Souza Cruz<\/strong><\/p>\n<p><strong>Orientador<br class=\"avia-permanent-lb\" \/><\/strong>Fernando Jos\u00e9 Herkrath<\/p>\n<p><strong>T\u00edtulo do projeto <br class=\"avia-permanent-lb\" \/><\/strong>Em defini\u00e7\u00e3o<\/p>\n<p><strong>\u00a0<\/strong><\/p>\n<p><strong><br \/>\n<br class=\"avia-permanent-lb\" \/><\/strong><\/p>\n<\/div><\/div><div class='avia-testimonial-meta'><div class='avia-testimonial-arrow-wrap'><div class='avia-arrow'><\/div><\/div><div class='avia-testimonial-meta-mini'  itemprop=\"author\" itemscope=\"itemscope\" itemtype=\"https:\/\/schema.org\/Person\" ><\/div><\/div><\/div><\/div><\/section>\n<section class ='avia-testimonial-row'><div class='avia-testimonial av_one_third flex_column no_margin avia-testimonial-row-5 avia-first-testimonial' ><div class='avia-testimonial_inner'  itemscope=\"itemscope\" itemtype=\"https:\/\/schema.org\/CreativeWork\" ><div class='avia-testimonial-image'  itemprop=\"image\"  style='background-image:url(https:\/\/amazonia.fiocruz.br\/wp-content\/uploads\/2025\/10\/Hadassah-180x180.jpg);'><\/div><div class='avia-testimonial-content '  ><div class='avia-testimonial-markup-entry-content'  itemprop=\"text\" ><p><strong>Hadassah dos Reis Maia<\/strong><\/p>\n<p><strong>Orientador<br class=\"avia-permanent-lb\" \/><\/strong>Ti\u00f3trefis Gomes Fernandes<\/p>\n<p><strong>T\u00edtulo do projeto\u00a0<br class=\"avia-permanent-lb\" \/><\/strong>Em defini\u00e7\u00e3o<\/p>\n<p><strong>\u00a0<\/strong><\/p>\n<p><strong><br \/>\n<br class=\"avia-permanent-lb\" \/><\/strong><\/p>\n<\/div><\/div><div class='avia-testimonial-meta'><div class='avia-testimonial-arrow-wrap'><div class='avia-arrow'><\/div><\/div><div class='avia-testimonial-meta-mini'  itemprop=\"author\" itemscope=\"itemscope\" itemtype=\"https:\/\/schema.org\/Person\" ><\/div><\/div><\/div><\/div>\n<div class='avia-testimonial av_one_third flex_column no_margin avia-testimonial-row-5 ' ><div class='avia-testimonial_inner'  itemscope=\"itemscope\" itemtype=\"https:\/\/schema.org\/CreativeWork\" ><div class='avia-testimonial-image'  itemprop=\"image\"  style='background-image:url(https:\/\/amazonia.fiocruz.br\/wp-content\/uploads\/2025\/10\/Jacqueline-180x180.jpg);'><\/div><div class='avia-testimonial-content '  ><div class='avia-testimonial-markup-entry-content'  itemprop=\"text\" ><p><strong>Jacqueline Voltolini de Oliveira<\/strong><\/p>\n<p><strong>Orientadora<br class=\"avia-permanent-lb\" \/><\/strong>Camila Helena Aguiar<\/p>\n<p><strong>T\u00edtulo do projeto\u00a0<br class=\"avia-permanent-lb\" \/><\/strong>An\u00e1lise de custa-efetividade do teste Duo S\u00edfilis-HIV em um estado fronteiri\u00e7o do extremo norte do Brasil.<br \/>\n<strong><br class=\"avia-permanent-lb\" \/><\/strong><\/p>\n<\/div><\/div><div class='avia-testimonial-meta'><div class='avia-testimonial-arrow-wrap'><div class='avia-arrow'><\/div><\/div><div class='avia-testimonial-meta-mini'  itemprop=\"author\" itemscope=\"itemscope\" itemtype=\"https:\/\/schema.org\/Person\" ><\/div><\/div><\/div><\/div>\n<div class='avia-testimonial av_one_third flex_column no_margin avia-testimonial-row-5 avia-last-testimonial' ><div class='avia-testimonial_inner'  itemscope=\"itemscope\" itemtype=\"https:\/\/schema.org\/CreativeWork\" ><div class='avia-testimonial-image'  itemprop=\"image\"  style='background-image:url(https:\/\/amazonia.fiocruz.br\/wp-content\/uploads\/2025\/10\/Jose-Valdemir-180x180.jpg);'><\/div><div class='avia-testimonial-content '  ><div class='avia-testimonial-markup-entry-content'  itemprop=\"text\" ><p><strong>Jos\u00e9 Valdemir do Nascimento<\/strong><\/p>\n<p><strong>Orientador<br class=\"avia-permanent-lb\" \/><\/strong>Pedro Henrique Coelho Rapozo<\/p>\n<p><strong>T\u00edtulo do projeto\u00a0<br class=\"avia-permanent-lb\" \/><\/strong>Em defini\u00e7\u00e3o<\/p>\n<p><strong>\u00a0<\/strong><\/p>\n<p><strong><br \/>\n<br class=\"avia-permanent-lb\" \/><\/strong><\/p>\n<\/div><\/div><div class='avia-testimonial-meta'><div class='avia-testimonial-arrow-wrap'><div class='avia-arrow'><\/div><\/div><div class='avia-testimonial-meta-mini'  itemprop=\"author\" itemscope=\"itemscope\" itemtype=\"https:\/\/schema.org\/Person\" ><\/div><\/div><\/div><\/div><\/section>\n<section class ='avia-testimonial-row'><div class='avia-testimonial av_one_third flex_column no_margin avia-testimonial-row-6 avia-first-testimonial' ><div class='avia-testimonial_inner'  itemscope=\"itemscope\" itemtype=\"https:\/\/schema.org\/CreativeWork\" ><div class='avia-testimonial-image'  itemprop=\"image\"  style='background-image:url(https:\/\/amazonia.fiocruz.br\/wp-content\/uploads\/2025\/10\/Jucyette-180x180.jpg);'><\/div><div class='avia-testimonial-content '  ><div class='avia-testimonial-markup-entry-content'  itemprop=\"text\" ><p><strong>Jucyette da Silva Gomes Evaristo<\/strong><\/p>\n<p><strong>Orientador<br class=\"avia-permanent-lb\" \/><\/strong>Ti\u00f3trefis Gomes Fernandes<\/p>\n<p><strong>T\u00edtulo do projeto\u00a0<br class=\"avia-permanent-lb\" \/><\/strong>Em defini\u00e7\u00e3o<\/p>\n<p><strong>\u00a0<\/strong><\/p>\n<p><strong><br \/>\n<br class=\"avia-permanent-lb\" \/><\/strong><\/p>\n<\/div><\/div><div class='avia-testimonial-meta'><div class='avia-testimonial-arrow-wrap'><div class='avia-arrow'><\/div><\/div><div class='avia-testimonial-meta-mini'  itemprop=\"author\" itemscope=\"itemscope\" itemtype=\"https:\/\/schema.org\/Person\" ><\/div><\/div><\/div><\/div>\n<div class='avia-testimonial av_one_third flex_column no_margin avia-testimonial-row-6 ' ><div class='avia-testimonial_inner'  itemscope=\"itemscope\" itemtype=\"https:\/\/schema.org\/CreativeWork\" ><div class='avia-testimonial-image'  itemprop=\"image\"  style='background-image:url(https:\/\/amazonia.fiocruz.br\/wp-content\/uploads\/2025\/10\/Kenysson-180x180.jpg);'><\/div><div class='avia-testimonial-content '  ><div class='avia-testimonial-markup-entry-content'  itemprop=\"text\" ><p><strong>Kenysson Oliveira Rodrigues<\/strong><\/p>\n<p><strong>Orientadora<br class=\"avia-permanent-lb\" \/><\/strong>Camila Helena Aguiar<\/p>\n<p><strong>T\u00edtulo do projeto\u00a0<br class=\"avia-permanent-lb\" \/><\/strong>Em defini\u00e7\u00e3o<\/p>\n<p><strong>\u00a0<\/strong><\/p>\n<p><strong><br \/>\n<br class=\"avia-permanent-lb\" \/><\/strong><\/p>\n<\/div><\/div><div class='avia-testimonial-meta'><div class='avia-testimonial-arrow-wrap'><div class='avia-arrow'><\/div><\/div><div class='avia-testimonial-meta-mini'  itemprop=\"author\" itemscope=\"itemscope\" itemtype=\"https:\/\/schema.org\/Person\" ><\/div><\/div><\/div><\/div>\n<div class='avia-testimonial av_one_third flex_column no_margin avia-testimonial-row-6 avia-last-testimonial' ><div class='avia-testimonial_inner'  itemscope=\"itemscope\" itemtype=\"https:\/\/schema.org\/CreativeWork\" ><div class='avia-testimonial-image'  itemprop=\"image\"  style='background-image:url(https:\/\/amazonia.fiocruz.br\/wp-content\/uploads\/2025\/10\/Mario-180x180.jpg);'><\/div><div class='avia-testimonial-content '  ><div class='avia-testimonial-markup-entry-content'  itemprop=\"text\" ><p><strong>Mario Alves Sobral Junior<\/strong><\/p>\n<p><strong>Orientador<br class=\"avia-permanent-lb\" \/><\/strong>Jansen Atier Estr\u00e1zulas<\/p>\n<p><strong>T\u00edtulo do projeto\u00a0<br class=\"avia-permanent-lb\" \/><\/strong>Em defini\u00e7\u00e3o<\/p>\n<p><strong>\u00a0<\/strong><\/p>\n<p><strong><br \/>\n<br class=\"avia-permanent-lb\" \/><\/strong><\/p>\n<\/div><\/div><div class='avia-testimonial-meta'><div class='avia-testimonial-arrow-wrap'><div class='avia-arrow'><\/div><\/div><div class='avia-testimonial-meta-mini'  itemprop=\"author\" itemscope=\"itemscope\" itemtype=\"https:\/\/schema.org\/Person\" ><\/div><\/div><\/div><\/div><\/section>\n<section class ='avia-testimonial-row'><div class='avia-testimonial av_one_third flex_column no_margin avia-testimonial-row-7 avia-first-testimonial' ><div class='avia-testimonial_inner'  itemscope=\"itemscope\" itemtype=\"https:\/\/schema.org\/CreativeWork\" ><div class='avia-testimonial-image'  itemprop=\"image\"  style='background-image:url(https:\/\/amazonia.fiocruz.br\/wp-content\/uploads\/2025\/10\/Natalia-180x180.jpg);'><\/div><div class='avia-testimonial-content '  ><div class='avia-testimonial-markup-entry-content'  itemprop=\"text\" ><p><strong>Natalia Stefany da Silva Pereira<\/strong><\/p>\n<p><strong>Orientadora<br class=\"avia-permanent-lb\" \/><\/strong>S\u00e2mia Feitosa Miguez<\/p>\n<p><strong>T\u00edtulo do projeto\u00a0<br class=\"avia-permanent-lb\" \/><\/strong>Em defini\u00e7\u00e3o<\/p>\n<p><strong>\u00a0<\/strong><\/p>\n<p><strong><br \/>\n<br class=\"avia-permanent-lb\" \/><\/strong><\/p>\n<\/div><\/div><div class='avia-testimonial-meta'><div class='avia-testimonial-arrow-wrap'><div class='avia-arrow'><\/div><\/div><div class='avia-testimonial-meta-mini'  itemprop=\"author\" itemscope=\"itemscope\" itemtype=\"https:\/\/schema.org\/Person\" ><\/div><\/div><\/div><\/div>\n<div class='avia-testimonial av_one_third flex_column no_margin avia-testimonial-row-7 ' ><div class='avia-testimonial_inner'  itemscope=\"itemscope\" itemtype=\"https:\/\/schema.org\/CreativeWork\" ><div class='avia-testimonial-image'  itemprop=\"image\"  style='background-image:url(https:\/\/amazonia.fiocruz.br\/wp-content\/uploads\/2025\/10\/Paloma-180x180.jpg);'><\/div><div class='avia-testimonial-content '  ><div class='avia-testimonial-markup-entry-content'  itemprop=\"text\" ><p><strong>Paloma Sodre Cardoso<\/strong><\/p>\n<p><strong>Orientador<br class=\"avia-permanent-lb\" \/><\/strong>Ti\u00f3trefis Gomes Fernandes<\/p>\n<p><strong>T\u00edtulo do projeto\u00a0<br class=\"avia-permanent-lb\" \/><\/strong>Em defini\u00e7\u00e3o<\/p>\n<p><strong>\u00a0<\/strong><\/p>\n<p><strong><br \/>\n<br class=\"avia-permanent-lb\" \/><\/strong><\/p>\n<\/div><\/div><div class='avia-testimonial-meta'><div class='avia-testimonial-arrow-wrap'><div class='avia-arrow'><\/div><\/div><div class='avia-testimonial-meta-mini'  itemprop=\"author\" itemscope=\"itemscope\" itemtype=\"https:\/\/schema.org\/Person\" ><\/div><\/div><\/div><\/div>\n<div class='avia-testimonial av_one_third flex_column no_margin avia-testimonial-row-7 avia-last-testimonial' ><div class='avia-testimonial_inner'  itemscope=\"itemscope\" itemtype=\"https:\/\/schema.org\/CreativeWork\" ><div class='avia-testimonial-image'  itemprop=\"image\"  style='background-image:url(https:\/\/amazonia.fiocruz.br\/wp-content\/uploads\/2025\/10\/Sonaira-180x180.jpg);'><\/div><div class='avia-testimonial-content '  ><div class='avia-testimonial-markup-entry-content'  itemprop=\"text\" ><p><strong>Sonaira Serr\u00e3o Castro Ribeiro<\/strong><\/p>\n<p><strong>Orientador<br class=\"avia-permanent-lb\" \/><\/strong>J\u00falio Cesar Schweickardt<\/p>\n<p><strong>T\u00edtulo do projeto\u00a0<br class=\"avia-permanent-lb\" \/><\/strong>Em defini\u00e7\u00e3o<\/p>\n<p><strong>\u00a0<\/strong><\/p>\n<p><strong><br \/>\n<br class=\"avia-permanent-lb\" \/><\/strong><\/p>\n<\/div><\/div><div class='avia-testimonial-meta'><div class='avia-testimonial-arrow-wrap'><div class='avia-arrow'><\/div><\/div><div class='avia-testimonial-meta-mini'  itemprop=\"author\" itemscope=\"itemscope\" itemtype=\"https:\/\/schema.org\/Person\" ><\/div><\/div><\/div><\/div><\/section>\n<section class ='avia-testimonial-row'><div class='avia-testimonial av_one_third flex_column no_margin avia-testimonial-row-8 avia-first-testimonial' ><div class='avia-testimonial_inner'  itemscope=\"itemscope\" itemtype=\"https:\/\/schema.org\/CreativeWork\" ><div class='avia-testimonial-image'  itemprop=\"image\"  style='background-image:url(https:\/\/amazonia.fiocruz.br\/wp-content\/uploads\/2025\/10\/Tainan-180x180.jpg);'><\/div><div class='avia-testimonial-content '  ><div class='avia-testimonial-markup-entry-content'  itemprop=\"text\" ><p><strong>Tainan Fabricio da Silva<\/strong><\/p>\n<p><strong>Orientador<br class=\"avia-permanent-lb\" \/><\/strong>Andr\u00e9 Luiz Machado das Neves<\/p>\n<p><strong>T\u00edtulo do projeto\u00a0<br class=\"avia-permanent-lb\" \/><\/strong>Em defini\u00e7\u00e3o<\/p>\n<p><strong>\u00a0<\/strong><\/p>\n<p><strong><br \/>\n<br class=\"avia-permanent-lb\" \/><\/strong><\/p>\n<\/div><\/div><div class='avia-testimonial-meta'><div class='avia-testimonial-arrow-wrap'><div class='avia-arrow'><\/div><\/div><div class='avia-testimonial-meta-mini'  itemprop=\"author\" itemscope=\"itemscope\" itemtype=\"https:\/\/schema.org\/Person\" ><\/div><\/div><\/div><\/div>\n<div class='avia-testimonial av_one_third flex_column no_margin avia-testimonial-row-8 ' ><div class='avia-testimonial_inner'  itemscope=\"itemscope\" itemtype=\"https:\/\/schema.org\/CreativeWork\" ><div class='avia-testimonial-image'  itemprop=\"image\"  style='background-image:url(https:\/\/amazonia.fiocruz.br\/wp-content\/uploads\/2025\/10\/Tirza-180x180.jpg);'><\/div><div class='avia-testimonial-content '  ><div class='avia-testimonial-markup-entry-content'  itemprop=\"text\" ><p><strong>Tirza Almeida da Silva<\/strong><\/p>\n<p><strong>Orientadora<br class=\"avia-permanent-lb\" \/><\/strong>Munique Therense Costa<\/p>\n<p><strong>T\u00edtulo do projeto\u00a0<br class=\"avia-permanent-lb\" \/><\/strong>Em defini\u00e7\u00e3o<\/p>\n<p><strong>\u00a0<\/strong><\/p>\n<p><strong><br \/>\n<br class=\"avia-permanent-lb\" \/><\/strong><\/p>\n<\/div><\/div><div class='avia-testimonial-meta'><div class='avia-testimonial-arrow-wrap'><div class='avia-arrow'><\/div><\/div><div class='avia-testimonial-meta-mini'  itemprop=\"author\" itemscope=\"itemscope\" itemtype=\"https:\/\/schema.org\/Person\" ><\/div><\/div><\/div><\/div>\n<div class='avia-testimonial av_one_third flex_column no_margin avia-testimonial-row-8 avia-last-testimonial' ><div class='avia-testimonial_inner'  itemscope=\"itemscope\" itemtype=\"https:\/\/schema.org\/CreativeWork\" ><div class='avia-testimonial-image'  itemprop=\"image\"  style='background-image:url(https:\/\/amazonia.fiocruz.br\/wp-content\/uploads\/2025\/10\/Vanessa-180x180.jpg);'><\/div><div class='avia-testimonial-content '  ><div class='avia-testimonial-markup-entry-content'  itemprop=\"text\" ><p><strong>Vanessa Figueiredo de Almeida<\/strong><\/p>\n<p><strong>Orientador<br class=\"avia-permanent-lb\" \/><\/strong>Alcindo Antonio Ferla<\/p>\n<p><strong>T\u00edtulo do projeto\u00a0<br class=\"avia-permanent-lb\" \/><\/strong>Em defini\u00e7\u00e3o<\/p>\n<p><strong>\u00a0<\/strong><\/p>\n<p><strong><br \/>\n<br class=\"avia-permanent-lb\" \/><\/strong><\/p>\n<\/div><\/div><div class='avia-testimonial-meta'><div class='avia-testimonial-arrow-wrap'><div class='avia-arrow'><\/div><\/div><div class='avia-testimonial-meta-mini'  itemprop=\"author\" itemscope=\"itemscope\" itemtype=\"https:\/\/schema.org\/Person\" ><\/div><\/div><\/div><\/div><\/section>\n<\/div>\n<\/div><\/div><\/div><div id=\"av-tab-section-1-2\" data-av-tab-section-content=\"2\" class=\"av-layout-tab av-animation-delay-container   avia-builder-el-10  el_after_av_tab_sub_section  el_before_av_tab_sub_section   \" style='vertical-align:top; '  data-tab-section-id=\"2024\"><div class='av-layout-tab-inner'><div class='container'><div   data-autoplay='1'  data-interval='5'  data-animation='fade'  data-hoverpause='1'  class='avia-testimonial-wrapper avia-grid-testimonials avia-grid-2-testimonials avia_animate_when_almost_visible   '>\n<section class ='avia-testimonial-row'><div class='avia-testimonial av_one_half flex_column no_margin avia-testimonial-row-1 avia-first-testimonial' ><div class='avia-testimonial_inner'  itemscope=\"itemscope\" itemtype=\"https:\/\/schema.org\/CreativeWork\" ><div class='avia-testimonial-image'  itemprop=\"image\"  style='background-image:url(https:\/\/amazonia.fiocruz.br\/wp-content\/uploads\/2025\/01\/Ana-Paula-180x180.jpg);'><\/div><div class='avia-testimonial-content '  ><div class='avia-testimonial-markup-entry-content'  itemprop=\"text\" ><p><strong>Ana Paula Vieira da Costa <br class=\"avia-permanent-lb\" \/><\/strong><\/p>\n<p><strong>Orientador<br class=\"avia-permanent-lb\" \/><\/strong>Pedro Henrique Coelho Rapozo<\/p>\n<p><strong>T\u00edtulo do projeto<br class=\"avia-permanent-lb\" \/><\/strong>Em defini\u00e7\u00e3o<strong><br \/>\n<br class=\"avia-permanent-lb\" \/><\/strong><\/p>\n<\/div><\/div><div class='avia-testimonial-meta'><div class='avia-testimonial-arrow-wrap'><div class='avia-arrow'><\/div><\/div><div class='avia-testimonial-meta-mini'  itemprop=\"author\" itemscope=\"itemscope\" itemtype=\"https:\/\/schema.org\/Person\" ><\/div><\/div><\/div><\/div>\n<div class='avia-testimonial av_one_half flex_column no_margin avia-testimonial-row-1 avia-last-testimonial' ><div class='avia-testimonial_inner'  itemscope=\"itemscope\" itemtype=\"https:\/\/schema.org\/CreativeWork\" ><div class='avia-testimonial-image'  itemprop=\"image\"  style='background-image:url(https:\/\/amazonia.fiocruz.br\/wp-content\/uploads\/2025\/01\/Andreza-Mendes-180x180.jpeg);'><\/div><div class='avia-testimonial-content '  ><div class='avia-testimonial-markup-entry-content'  itemprop=\"text\" ><p><strong><span data-olk-copy-source=\"MessageBody\">Andreza Mendes dos Santos<\/span><\/strong><\/p>\n<p><strong>Orientador<br class=\"avia-permanent-lb\" \/><\/strong><span data-olk-copy-source=\"MessageBody\">Andr\u00e9 Luiz Machado das Neves<\/span><\/p>\n<p><strong>T\u00edtulo do projeto <br class=\"avia-permanent-lb\" \/><\/strong><span data-olk-copy-source=\"MessageBody\">Em defini\u00e7\u00e3o<\/span><\/p>\n<p><strong>\u00a0<\/strong><\/p>\n<p><strong><br \/>\n<br class=\"avia-permanent-lb\" \/><\/strong><\/p>\n<\/div><\/div><div class='avia-testimonial-meta'><div class='avia-testimonial-arrow-wrap'><div class='avia-arrow'><\/div><\/div><div class='avia-testimonial-meta-mini'  itemprop=\"author\" itemscope=\"itemscope\" itemtype=\"https:\/\/schema.org\/Person\" ><\/div><\/div><\/div><\/div><\/section>\n<section class ='avia-testimonial-row'><div class='avia-testimonial av_one_half flex_column no_margin avia-testimonial-row-2 avia-first-testimonial' ><div class='avia-testimonial_inner'  itemscope=\"itemscope\" itemtype=\"https:\/\/schema.org\/CreativeWork\" ><div class='avia-testimonial-image'  itemprop=\"image\"  style='background-image:url(https:\/\/amazonia.fiocruz.br\/wp-content\/uploads\/2025\/01\/Camila-Fernanda-180x180.jpg);'><\/div><div class='avia-testimonial-content '  ><div class='avia-testimonial-markup-entry-content'  itemprop=\"text\" ><p><strong>Camila Fernanda Pinheiro do Nascimento<\/strong><\/p>\n<p><strong>Orientadora<br class=\"avia-permanent-lb\" \/><\/strong>S\u00e2mia Feitosa Miguez<\/p>\n<p><strong>T\u00edtulo do projeto <br class=\"avia-permanent-lb\" \/><\/strong>Sustentabilidade e Sa\u00fade: Pol\u00edtica Nacional de Aten\u00e7\u00e3o B\u00e1sica em comunidades tradicionais amaz\u00f4nicas<\/p>\n<p><strong><br \/>\n<br class=\"avia-permanent-lb\" \/><\/strong><\/p>\n<\/div><\/div><div class='avia-testimonial-meta'><div class='avia-testimonial-arrow-wrap'><div class='avia-arrow'><\/div><\/div><div class='avia-testimonial-meta-mini'  itemprop=\"author\" itemscope=\"itemscope\" itemtype=\"https:\/\/schema.org\/Person\" ><\/div><\/div><\/div><\/div>\n<div class='avia-testimonial av_one_half flex_column no_margin avia-testimonial-row-2 avia-last-testimonial' ><div class='avia-testimonial_inner'  itemscope=\"itemscope\" itemtype=\"https:\/\/schema.org\/CreativeWork\" ><div class='avia-testimonial-image'  itemprop=\"image\"  style='background-image:url(https:\/\/amazonia.fiocruz.br\/wp-content\/uploads\/2025\/01\/Daniela-dos-Santos-180x180.jpg);'><\/div><div class='avia-testimonial-content '  ><div class='avia-testimonial-markup-entry-content'  itemprop=\"text\" ><p><strong>Daniela dos Santos Dantas<\/strong><\/p>\n<p><strong>Orientador<br class=\"avia-permanent-lb\" \/><\/strong>Andr\u00e9 Luiz Machado das Neves<\/p>\n<p><strong>T\u00edtulo do projeto <br class=\"avia-permanent-lb\" \/><\/strong>Profilaxia Pr\u00e9-Exposi\u00e7\u00e3o (PrEP) para preven\u00e7\u00e3o ao HIV de Pessoas Trans, Travestis e N\u00e3o Bin\u00e1ries em Manaus: etnografia das experi\u00eancias de acesso, uso e gest\u00e3o<\/p>\n<p><strong><br \/>\n<br class=\"avia-permanent-lb\" \/><\/strong><\/p>\n<\/div><\/div><div class='avia-testimonial-meta'><div class='avia-testimonial-arrow-wrap'><div class='avia-arrow'><\/div><\/div><div class='avia-testimonial-meta-mini'  itemprop=\"author\" itemscope=\"itemscope\" itemtype=\"https:\/\/schema.org\/Person\" ><\/div><\/div><\/div><\/div><\/section>\n<section class ='avia-testimonial-row'><div class='avia-testimonial av_one_half flex_column no_margin avia-testimonial-row-3 avia-first-testimonial' ><div class='avia-testimonial_inner'  itemscope=\"itemscope\" itemtype=\"https:\/\/schema.org\/CreativeWork\" ><div class='avia-testimonial-image'  itemprop=\"image\"  style='background-image:url(https:\/\/amazonia.fiocruz.br\/wp-content\/uploads\/2025\/01\/Flavia-Roberta-180x180.jpg);'><\/div><div class='avia-testimonial-content '  ><div class='avia-testimonial-markup-entry-content'  itemprop=\"text\" ><p><strong>Fl\u00e1via Roberta Dias Coelho<\/strong><\/p>\n<p><strong>Orientador<br class=\"avia-permanent-lb\" \/><\/strong>J\u00falio C\u00e9sar Schweickardt<\/p>\n<p><strong>T\u00edtulo do projeto <br class=\"avia-permanent-lb\" \/><\/strong>Pr\u00e1ticas e cuidados em sa\u00fade em popula\u00e7\u00f5es da Amaz\u00f4nia: uma abordagem participativa<\/p>\n<p><strong><br \/>\n<br class=\"avia-permanent-lb\" \/><\/strong><\/p>\n<\/div><\/div><div class='avia-testimonial-meta'><div class='avia-testimonial-arrow-wrap'><div class='avia-arrow'><\/div><\/div><div class='avia-testimonial-meta-mini'  itemprop=\"author\" itemscope=\"itemscope\" itemtype=\"https:\/\/schema.org\/Person\" ><\/div><\/div><\/div><\/div>\n<div class='avia-testimonial av_one_half flex_column no_margin avia-testimonial-row-3 avia-last-testimonial' ><div class='avia-testimonial_inner'  itemscope=\"itemscope\" itemtype=\"https:\/\/schema.org\/CreativeWork\" ><div class='avia-testimonial-image'  itemprop=\"image\"  style='background-image:url(https:\/\/amazonia.fiocruz.br\/wp-content\/uploads\/2025\/01\/Lucas-Rodrigo-180x180.jpg);'><\/div><div class='avia-testimonial-content '  ><div class='avia-testimonial-markup-entry-content'  itemprop=\"text\" ><p><strong>Lucas Rodrigo Batista Leite <br class=\"avia-permanent-lb\" \/><\/strong><\/p>\n<p><strong> Orientadora<br class=\"avia-permanent-lb\" \/><\/strong>Maria Luiza Garnelo Pereira<\/p>\n<p><strong>T\u00edtulo do projeto <br class=\"avia-permanent-lb\" \/><\/strong>Inclus\u00e3o Ind\u00edgena na Tr\u00edplice Fronteira Amaz\u00f4nica<\/p>\n<p><strong>\u00a0<\/strong><\/p>\n<p><strong><br \/>\n<br class=\"avia-permanent-lb\" \/><\/strong><\/p>\n<\/div><\/div><div class='avia-testimonial-meta'><div class='avia-testimonial-arrow-wrap'><div class='avia-arrow'><\/div><\/div><div class='avia-testimonial-meta-mini'  itemprop=\"author\" itemscope=\"itemscope\" itemtype=\"https:\/\/schema.org\/Person\" ><\/div><\/div><\/div><\/div><\/section>\n<section class ='avia-testimonial-row'><div class='avia-testimonial av_one_half flex_column no_margin avia-testimonial-row-4 avia-first-testimonial' ><div class='avia-testimonial_inner'  itemscope=\"itemscope\" itemtype=\"https:\/\/schema.org\/CreativeWork\" ><div class='avia-testimonial-image'  itemprop=\"image\"  style='background-image:url(https:\/\/amazonia.fiocruz.br\/wp-content\/uploads\/2025\/01\/Luciana-Falcao-180x180.jpeg);'><\/div><div class='avia-testimonial-content '  ><div class='avia-testimonial-markup-entry-content'  itemprop=\"text\" ><p><strong>Luciana de Souza Falc\u00e3o da Silva <br class=\"avia-permanent-lb\" \/><\/strong><\/p>\n<p><strong>Orientadora<br class=\"avia-permanent-lb\" \/><\/strong>Ana Paula Correa de Queiroz Herkrath<\/p>\n<p><strong>T\u00edtulo do projeto <br class=\"avia-permanent-lb\" \/><\/strong>Em defini\u00e7\u00e3o<\/p>\n<p><strong>\u00a0<\/strong><\/p>\n<p><strong><br \/>\n<br class=\"avia-permanent-lb\" \/><\/strong><\/p>\n<\/div><\/div><div class='avia-testimonial-meta'><div class='avia-testimonial-arrow-wrap'><div class='avia-arrow'><\/div><\/div><div class='avia-testimonial-meta-mini'  itemprop=\"author\" itemscope=\"itemscope\" itemtype=\"https:\/\/schema.org\/Person\" ><\/div><\/div><\/div><\/div>\n<div class='avia-testimonial av_one_half flex_column no_margin avia-testimonial-row-4 avia-last-testimonial' ><div class='avia-testimonial_inner'  itemscope=\"itemscope\" itemtype=\"https:\/\/schema.org\/CreativeWork\" ><div class='avia-testimonial-image'  itemprop=\"image\"  style='background-image:url(https:\/\/amazonia.fiocruz.br\/wp-content\/uploads\/2025\/01\/Marcia-Cristine-180x180.jpg);'><\/div><div class='avia-testimonial-content '  ><div class='avia-testimonial-markup-entry-content'  itemprop=\"text\" ><p><strong>Marcia Cristine Pires Travassos <br class=\"avia-permanent-lb\" \/><\/strong><\/p>\n<p><strong>Orientadora<br class=\"avia-permanent-lb\" \/><\/strong>Denise Machado Duran Gutierrez<\/p>\n<p><strong>T\u00edtulo do projeto <br class=\"avia-permanent-lb\" \/><\/strong>Regionaliza\u00e7\u00e3o da Sa\u00fade na macrorregional leste do Estado do Amazonas: uma an\u00e1lise da Organiza\u00e7\u00e3o, fragilidade e potencialidades<\/p>\n<p><strong>\u00a0<\/strong><\/p>\n<p><strong><br \/>\n<br class=\"avia-permanent-lb\" \/><\/strong><\/p>\n<\/div><\/div><div class='avia-testimonial-meta'><div class='avia-testimonial-arrow-wrap'><div class='avia-arrow'><\/div><\/div><div class='avia-testimonial-meta-mini'  itemprop=\"author\" itemscope=\"itemscope\" itemtype=\"https:\/\/schema.org\/Person\" ><\/div><\/div><\/div><\/div><\/section>\n<section class ='avia-testimonial-row'><div class='avia-testimonial av_one_half flex_column no_margin avia-testimonial-row-5 avia-first-testimonial' ><div class='avia-testimonial_inner'  itemscope=\"itemscope\" itemtype=\"https:\/\/schema.org\/CreativeWork\" ><div class='avia-testimonial-image'  itemprop=\"image\"  style='background-image:url(https:\/\/amazonia.fiocruz.br\/wp-content\/uploads\/2025\/01\/Maria-Leila-180x180.jpg);'><\/div><div class='avia-testimonial-content '  ><div class='avia-testimonial-markup-entry-content'  itemprop=\"text\" ><p><strong>Maria Leila Fabar dos Santos<\/strong><\/p>\n<p><strong>Orientadora<br class=\"avia-permanent-lb\" \/><\/strong>Munique Therense Costa de Morais Pontes<\/p>\n<p><strong>T\u00edtulo do projeto <br class=\"avia-permanent-lb\" \/><\/strong>Em defini\u00e7\u00e3o<\/p>\n<p><strong>\u00a0<\/strong><\/p>\n<p><strong><br \/>\n<br class=\"avia-permanent-lb\" \/><\/strong><\/p>\n<\/div><\/div><div class='avia-testimonial-meta'><div class='avia-testimonial-arrow-wrap'><div class='avia-arrow'><\/div><\/div><div class='avia-testimonial-meta-mini'  itemprop=\"author\" itemscope=\"itemscope\" itemtype=\"https:\/\/schema.org\/Person\" ><\/div><\/div><\/div><\/div>\n<div class='avia-testimonial av_one_half flex_column no_margin avia-testimonial-row-5 avia-last-testimonial' ><div class='avia-testimonial_inner'  itemscope=\"itemscope\" itemtype=\"https:\/\/schema.org\/CreativeWork\" ><div class='avia-testimonial-image'  itemprop=\"image\"  style='background-image:url(https:\/\/amazonia.fiocruz.br\/wp-content\/uploads\/2025\/01\/Maycon-Luiz-180x180.jpg);'><\/div><div class='avia-testimonial-content '  ><div class='avia-testimonial-markup-entry-content'  itemprop=\"text\" ><p><strong>Maycon Luiz Basilio <br class=\"avia-permanent-lb\" \/><\/strong><\/p>\n<p><strong>Orientadora<br class=\"avia-permanent-lb\" \/><\/strong>Ana L\u00facia de Moura Pontes<\/p>\n<p><strong>T\u00edtulo do projeto <br class=\"avia-permanent-lb\" \/><\/strong>Racismo e Sa\u00fade<\/p>\n<p><strong>\u00a0<\/strong><\/p>\n<p><strong><br \/>\n<br class=\"avia-permanent-lb\" \/><\/strong><\/p>\n<\/div><\/div><div class='avia-testimonial-meta'><div class='avia-testimonial-arrow-wrap'><div class='avia-arrow'><\/div><\/div><div class='avia-testimonial-meta-mini'  itemprop=\"author\" itemscope=\"itemscope\" itemtype=\"https:\/\/schema.org\/Person\" ><\/div><\/div><\/div><\/div><\/section>\n<section class ='avia-testimonial-row'><div class='avia-testimonial av_one_half flex_column no_margin avia-testimonial-row-6 avia-first-testimonial' ><div class='avia-testimonial_inner'  itemscope=\"itemscope\" itemtype=\"https:\/\/schema.org\/CreativeWork\" ><div class='avia-testimonial-image'  itemprop=\"image\"  style='background-image:url(https:\/\/amazonia.fiocruz.br\/wp-content\/uploads\/2025\/01\/Rayssa-da-Conceicao-180x180.jpg);'><\/div><div class='avia-testimonial-content '  ><div class='avia-testimonial-markup-entry-content'  itemprop=\"text\" ><p><strong>Rayssa da Concei\u00e7\u00e3o Brito de Souza <\/strong><\/p>\n<p><strong>Orientadora<br class=\"avia-permanent-lb\" \/><\/strong>S\u00e2mia Feitosa Miguez<\/p>\n<p><strong>T\u00edtulo do projeto <br class=\"avia-permanent-lb\" \/><\/strong>Territ\u00f3rios e Sa\u00fade: reserva de desenvolvimento sustent\u00e1vel do Rio Negro, Amaz\u00f4nia.<\/p>\n<p><strong>\u00a0<\/strong><\/p>\n<p><strong><br \/>\n<br class=\"avia-permanent-lb\" \/><\/strong><\/p>\n<\/div><\/div><div class='avia-testimonial-meta'><div class='avia-testimonial-arrow-wrap'><div class='avia-arrow'><\/div><\/div><div class='avia-testimonial-meta-mini'  itemprop=\"author\" itemscope=\"itemscope\" itemtype=\"https:\/\/schema.org\/Person\" ><\/div><\/div><\/div><\/div>\n<div class='avia-testimonial av_one_half flex_column no_margin avia-testimonial-row-6 avia-last-testimonial' ><div class='avia-testimonial_inner'  itemscope=\"itemscope\" itemtype=\"https:\/\/schema.org\/CreativeWork\" ><div class='avia-testimonial-image'  itemprop=\"image\"  style='background-image:url(https:\/\/amazonia.fiocruz.br\/wp-content\/uploads\/2025\/01\/Stephanie-Maria-180x180.jpg);'><\/div><div class='avia-testimonial-content '  ><div class='avia-testimonial-markup-entry-content'  itemprop=\"text\" ><p><strong>Stephanie Maria do Nascimento Dias <br class=\"avia-permanent-lb\" \/><\/strong><\/p>\n<p><strong>Orientador<br class=\"avia-permanent-lb\" \/><\/strong>Fernando Jos\u00e9 Herkrath<\/p>\n<p><strong>T\u00edtulo do projeto <br class=\"avia-permanent-lb\" \/><\/strong>Em defini\u00e7\u00e3o<\/p>\n<p><strong>\u00a0<\/strong><\/p>\n<p><strong><br \/>\n<br class=\"avia-permanent-lb\" \/><\/strong><\/p>\n<\/div><\/div><div class='avia-testimonial-meta'><div class='avia-testimonial-arrow-wrap'><div class='avia-arrow'><\/div><\/div><div class='avia-testimonial-meta-mini'  itemprop=\"author\" itemscope=\"itemscope\" itemtype=\"https:\/\/schema.org\/Person\" ><\/div><\/div><\/div><\/div><\/section>\n<section class ='avia-testimonial-row'><div class='avia-testimonial av_one_half flex_column no_margin avia-testimonial-row-7 avia-first-testimonial' ><div class='avia-testimonial_inner'  itemscope=\"itemscope\" itemtype=\"https:\/\/schema.org\/CreativeWork\" ><div class='avia-testimonial-image'  itemprop=\"image\"  style='background-image:url(https:\/\/amazonia.fiocruz.br\/wp-content\/uploads\/2025\/01\/Viviane-Siqueira-180x180.png);'><\/div><div class='avia-testimonial-content '  ><div class='avia-testimonial-markup-entry-content'  itemprop=\"text\" ><p><strong>Viviane Siqueira Magalhaes Rebelo<\/strong><\/p>\n<p><strong>Orientador<br class=\"avia-permanent-lb\" \/><\/strong>Tiotrefis Gomes Fernandes<\/p>\n<p><strong>T\u00edtulo do projeto <br class=\"avia-permanent-lb\" \/><\/strong>Estudo e desenvolvimento de \u00f3rtese para tratamento de Toe-Walking Idiop\u00e1tico em crian\u00e7as com Transtorno do Espectro Autista (Tea): um ensaio cl\u00ednico randomizado<\/p>\n<p><strong>\u00a0<\/strong><\/p>\n<p><strong><br \/>\n<br class=\"avia-permanent-lb\" \/><\/strong><\/p>\n<\/div><\/div><div class='avia-testimonial-meta'><div class='avia-testimonial-arrow-wrap'><div class='avia-arrow'><\/div><\/div><div class='avia-testimonial-meta-mini'  itemprop=\"author\" itemscope=\"itemscope\" itemtype=\"https:\/\/schema.org\/Person\" ><\/div><\/div><\/div><\/div>\n<\/section><\/div>\n<\/div><\/div><\/div><div id=\"av-tab-section-1-3\" data-av-tab-section-content=\"3\" class=\"av-layout-tab av-animation-delay-container   avia-builder-el-12  el_after_av_tab_sub_section  el_before_av_tab_sub_section   \" style='vertical-align:top; '  data-tab-section-id=\"2023\"><div class='av-layout-tab-inner'><div class='container'><div   data-autoplay='1'  data-interval='5'  data-animation='fade'  data-hoverpause='1'  class='avia-testimonial-wrapper avia-grid-testimonials avia-grid-2-testimonials avia_animate_when_almost_visible   '>\n<section class ='avia-testimonial-row'><div class='avia-testimonial av_one_half flex_column no_margin avia-testimonial-row-1 avia-first-testimonial' ><div class='avia-testimonial_inner'  itemscope=\"itemscope\" itemtype=\"https:\/\/schema.org\/CreativeWork\" ><div class='avia-testimonial-image'  itemprop=\"image\"  style='background-image:url(https:\/\/amazonia.fiocruz.br\/wp-content\/uploads\/2024\/07\/Amanda-Lia-Rebelo-DASPAM-1-180x180.jpg);'><\/div><div class='avia-testimonial-content '  ><div class='avia-testimonial-markup-entry-content'  itemprop=\"text\" ><p><strong>Amanda Lia Reb\u00ealo Rabelo<\/strong><\/p>\n<p><span class=\"TextRun SCXW4289845 BCX8\" lang=\"PT-BR\" xml:lang=\"PT-BR\" data-contrast=\"none\"><span class=\"NormalTextRun SCXW4289845 BCX8\"><strong>Orientador<\/strong><br \/>\n<\/span><\/span><span class=\"TextRun SCXW4289845 BCX8\" lang=\"PT-BR\" xml:lang=\"PT-BR\" data-contrast=\"none\"><span class=\"NormalTextRun SCXW4289845 BCX8\">Janete Maria Rebelo Vieira<\/span><\/span><\/p>\n<p><strong>T\u00edtulo do Projeto<\/strong><\/p>\n<p>Avalia\u00e7\u00e3o das Descentraliza\u00e7\u00e3o do Servi\u00e7o \u00e0s Pessoas Vivendo com HIV\/Aids para a Aten\u00e7\u00e3o Prim\u00e1ria \u00e0 Sa\u00fade em Manaus.<\/p>\n<\/div><\/div><div class='avia-testimonial-meta'><div class='avia-testimonial-arrow-wrap'><div class='avia-arrow'><\/div><\/div><div class='avia-testimonial-meta-mini'  itemprop=\"author\" itemscope=\"itemscope\" itemtype=\"https:\/\/schema.org\/Person\" ><\/div><\/div><\/div><\/div>\n<div class='avia-testimonial av_one_half flex_column no_margin avia-testimonial-row-1 avia-last-testimonial' ><div class='avia-testimonial_inner'  itemscope=\"itemscope\" itemtype=\"https:\/\/schema.org\/CreativeWork\" ><div class='avia-testimonial-image'  itemprop=\"image\"  style='background-image:url(https:\/\/amazonia.fiocruz.br\/wp-content\/uploads\/2024\/07\/Amanda-Marinho-DASPAM-2023-180x180.png);'><\/div><div class='avia-testimonial-content '  ><div class='avia-testimonial-markup-entry-content'  itemprop=\"text\" ><p><strong>Amanda Marinho da Silva<\/strong><\/p>\n<p><span class=\"TextRun SCXW18630695 BCX8\" lang=\"PT-BR\" xml:lang=\"PT-BR\" data-contrast=\"none\"><span class=\"NormalTextRun SCXW18630695 BCX8\"><strong>Orientador<\/strong><br \/>\n<\/span><\/span><span class=\"TextRun SCXW18630695 BCX8\" lang=\"PT-BR\" xml:lang=\"PT-BR\" data-contrast=\"none\"><span class=\"NormalTextRun SCXW18630695 BCX8\">Rosana Cristina Pereira Parente<\/span><\/span><span class=\"EOP SCXW18630695 BCX8\" data-ccp-props=\"{\"201341983\":0,\"335551550\":2,\"335551620\":2,\"335559739\":0,\"335559740\":240}\">\u00a0<\/span><\/p>\n<p><strong>T\u00edtulo do Projeto<\/strong><\/p>\n<p>Avalia\u00e7\u00e3o da Transmiss\u00e3o Vertical do HIV e Distribui\u00e7\u00e3o Espacial no estado do Amazonas no per\u00edodo de 2017 a 2024.<\/p>\n<\/div><\/div><div class='avia-testimonial-meta'><div class='avia-testimonial-arrow-wrap'><div class='avia-arrow'><\/div><\/div><div class='avia-testimonial-meta-mini'  itemprop=\"author\" itemscope=\"itemscope\" itemtype=\"https:\/\/schema.org\/Person\" ><\/div><\/div><\/div><\/div><\/section>\n<section class ='avia-testimonial-row'><div class='avia-testimonial av_one_half flex_column no_margin avia-testimonial-row-2 avia-first-testimonial' ><div class='avia-testimonial_inner'  itemscope=\"itemscope\" itemtype=\"https:\/\/schema.org\/CreativeWork\" ><div class='avia-testimonial-image'  itemprop=\"image\"  style='background-image:url(https:\/\/amazonia.fiocruz.br\/wp-content\/uploads\/2024\/07\/Camila-Valente-Smith-DASPAM-2023-1-180x180.jpg);'><\/div><div class='avia-testimonial-content '  ><div class='avia-testimonial-markup-entry-content'  itemprop=\"text\" ><p><strong>Camila Valente Smith<\/strong><\/p>\n<p><span class=\"TextRun SCXW182456207 BCX8\" lang=\"PT-BR\" xml:lang=\"PT-BR\" data-contrast=\"none\"><span class=\"NormalTextRun SCXW182456207 BCX8\"><strong>Orientador<\/strong><br \/>\n<\/span><\/span><span class=\"TextRun SCXW182456207 BCX8\" lang=\"PT-BR\" xml:lang=\"PT-BR\" data-contrast=\"none\"><span class=\"NormalTextRun SCXW182456207 BCX8\">Ana Paula Correa de Queiroz Herkrath<\/span><\/span><span class=\"EOP SCXW182456207 BCX8\" data-ccp-props=\"{\"201341983\":0,\"335551550\":2,\"335551620\":2,\"335559739\":0,\"335559740\":240}\">\u00a0<\/span><\/p>\n<p><strong>T\u00edtulo do Projeto<\/strong><\/p>\n<p>Fatores de risco comuns de desfechos de sa\u00fade geral e bucal em comunidades rurais ribeirinhas de<\/p>\n<p>Manaus, Amazonas (t\u00edtulo provis\u00f3rio).<\/p>\n<\/div><\/div><div class='avia-testimonial-meta'><div class='avia-testimonial-arrow-wrap'><div class='avia-arrow'><\/div><\/div><div class='avia-testimonial-meta-mini'  itemprop=\"author\" itemscope=\"itemscope\" itemtype=\"https:\/\/schema.org\/Person\" ><\/div><\/div><\/div><\/div>\n<div class='avia-testimonial av_one_half flex_column no_margin avia-testimonial-row-2 avia-last-testimonial' ><div class='avia-testimonial_inner'  itemscope=\"itemscope\" itemtype=\"https:\/\/schema.org\/CreativeWork\" ><div class='avia-testimonial-image'  itemprop=\"image\"  style='background-image:url(https:\/\/amazonia.fiocruz.br\/wp-content\/uploads\/2024\/07\/Daniel-Sacramento-DASPAM-2023-180x180.png);'><\/div><div class='avia-testimonial-content '  ><div class='avia-testimonial-markup-entry-content'  itemprop=\"text\" ><p><strong>Daniel Souza Sacramento<\/strong><\/p>\n<p><span class=\"TextRun SCXW265967233 BCX8\" lang=\"PT-BR\" xml:lang=\"PT-BR\" data-contrast=\"none\"><span class=\"NormalTextRun SCXW265967233 BCX8\">Orientador:<\/span><\/span><span class=\"TextRun SCXW265967233 BCX8\" lang=\"PT-BR\" xml:lang=\"PT-BR\" data-contrast=\"none\"><span class=\"NormalTextRun SCXW265967233 BCX8\"> Vanderson de Souza Sampaio<\/span><\/span><\/p>\n<p><strong>T\u00edtulo do Projeto<\/strong><\/p>\n<p>Estudo de Modelo de Classifica\u00e7\u00e3o Progn\u00f3stica dos Casos de Tuberculose (Provis\u00f3rio).<\/p>\n<\/div><\/div><div class='avia-testimonial-meta'><div class='avia-testimonial-arrow-wrap'><div class='avia-arrow'><\/div><\/div><div class='avia-testimonial-meta-mini'  itemprop=\"author\" itemscope=\"itemscope\" itemtype=\"https:\/\/schema.org\/Person\" ><\/div><\/div><\/div><\/div><\/section>\n<section class ='avia-testimonial-row'><div class='avia-testimonial av_one_half flex_column no_margin avia-testimonial-row-3 avia-first-testimonial' ><div class='avia-testimonial_inner'  itemscope=\"itemscope\" itemtype=\"https:\/\/schema.org\/CreativeWork\" ><div class='avia-testimonial-image'  itemprop=\"image\"  style='background-image:url(https:\/\/amazonia.fiocruz.br\/wp-content\/uploads\/2024\/07\/Denise-Rodrigues-Amancio-DASPAM-2023-180x180.jpg);'><\/div><div class='avia-testimonial-content '  ><div class='avia-testimonial-markup-entry-content'  itemprop=\"text\" ><p><strong>Denise Aparecida Rodrigues Amancio<\/strong><\/p>\n<p><span class=\"TextRun SCXW82584356 BCX8\" lang=\"PT-BR\" xml:lang=\"PT-BR\" data-contrast=\"none\"><span class=\"NormalTextRun SCXW82584356 BCX8\"><strong>Orientador<\/strong><br \/>\n<\/span><\/span><span class=\"TextRun SCXW82584356 BCX8\" lang=\"PT-BR\" xml:lang=\"PT-BR\" data-contrast=\"none\"><span class=\"NormalTextRun SCXW82584356 BCX8\">Denise Machado Duran Gutierrez<\/span><\/span><\/p>\n<p><strong>T\u00edtulo do Projeto<\/strong><\/p>\n<p>Educa\u00e7\u00e3o em sa\u00fade em uma unidade de sa\u00fade da fam\u00edlia (USF)- (poss\u00edvel mudan\u00e7a).<\/p>\n<\/div><\/div><div class='avia-testimonial-meta'><div class='avia-testimonial-arrow-wrap'><div class='avia-arrow'><\/div><\/div><div class='avia-testimonial-meta-mini'  itemprop=\"author\" itemscope=\"itemscope\" itemtype=\"https:\/\/schema.org\/Person\" ><\/div><\/div><\/div><\/div>\n<div class='avia-testimonial av_one_half flex_column no_margin avia-testimonial-row-3 avia-last-testimonial' ><div class='avia-testimonial_inner'  itemscope=\"itemscope\" itemtype=\"https:\/\/schema.org\/CreativeWork\" ><div class='avia-testimonial-image'  itemprop=\"image\"  style='background-image:url(https:\/\/amazonia.fiocruz.br\/wp-content\/uploads\/2024\/07\/Gabriel-Ponce-DASPAM-2023-1-180x180.jpg);'><\/div><div class='avia-testimonial-content '  ><div class='avia-testimonial-markup-entry-content'  itemprop=\"text\" ><p><strong>Gabriel Ponce de Le\u00e3o Lima Almeida<\/strong><\/p>\n<p><span class=\"TextRun SCXW146903675 BCX8\" lang=\"PT-BR\" xml:lang=\"PT-BR\" data-contrast=\"none\"><span class=\"NormalTextRun SCXW146903675 BCX8\"><strong>Orientador<\/strong><br \/>\n<\/span><\/span><span class=\"TextRun SCXW146903675 BCX8\" lang=\"PT-BR\" xml:lang=\"PT-BR\" data-contrast=\"none\"><span class=\"NormalTextRun SCXW146903675 BCX8\">Andr\u00e9 Luiz Machado das Neves<\/span><\/span><\/p>\n<p><strong>T\u00edtulo do Projeto<\/strong><\/p>\n<p>\u201cAmiga, aceita uma camisinha?\u201d etnografia sobre o ativismo e preven\u00e7\u00e3o da sa\u00fade para mulheres trans e travestis que realizam trabalhos sexuais.<\/p>\n<\/div><\/div><div class='avia-testimonial-meta'><div class='avia-testimonial-arrow-wrap'><div class='avia-arrow'><\/div><\/div><div class='avia-testimonial-meta-mini'  itemprop=\"author\" itemscope=\"itemscope\" itemtype=\"https:\/\/schema.org\/Person\" ><\/div><\/div><\/div><\/div><\/section>\n<section class ='avia-testimonial-row'><div class='avia-testimonial av_one_half flex_column no_margin avia-testimonial-row-4 avia-first-testimonial' ><div class='avia-testimonial_inner'  itemscope=\"itemscope\" itemtype=\"https:\/\/schema.org\/CreativeWork\" ><div class='avia-testimonial-image'  itemprop=\"image\"  style='background-image:url(https:\/\/amazonia.fiocruz.br\/wp-content\/uploads\/2024\/07\/Iana-Nogueira-Rego-DASPAM-2023-180x180.jpg);'><\/div><div class='avia-testimonial-content '  ><div class='avia-testimonial-markup-entry-content'  itemprop=\"text\" ><p><strong>Iana Nogueira Rego <\/strong><\/p>\n<p><span class=\"TextRun SCXW30888193 BCX8\" lang=\"PT-BR\" xml:lang=\"PT-BR\" data-contrast=\"none\"><span class=\"NormalTextRun SCXW30888193 BCX8\"><strong>Orientador<\/strong><br \/>\n<\/span><\/span><span class=\"TextRun SCXW30888193 BCX8\" lang=\"PT-BR\" xml:lang=\"PT-BR\" data-contrast=\"none\"><span class=\"NormalTextRun SCXW30888193 BCX8\">Janete Maria Rebelo Vieira<\/span><\/span><span class=\"EOP SCXW30888193 BCX8\" data-ccp-props=\"{\"201341983\":0,\"335551550\":2,\"335551620\":2,\"335559739\":0,\"335559740\":240}\">\u00a0<\/span><\/p>\n<p><strong>T\u00edtulo do Projeto<\/strong><\/p>\n<p>A Abordagem Sociodental em Rela\u00e7\u00e3o \u00e0s Condi\u00e7\u00f5es de Sa\u00fade Bucal de Adolescentes de 12 Anos da Cidade de Manaus-AM.<\/p>\n<\/div><\/div><div class='avia-testimonial-meta'><div class='avia-testimonial-arrow-wrap'><div class='avia-arrow'><\/div><\/div><div class='avia-testimonial-meta-mini'  itemprop=\"author\" itemscope=\"itemscope\" itemtype=\"https:\/\/schema.org\/Person\" ><\/div><\/div><\/div><\/div>\n<div class='avia-testimonial av_one_half flex_column no_margin avia-testimonial-row-4 avia-last-testimonial' ><div class='avia-testimonial_inner'  itemscope=\"itemscope\" itemtype=\"https:\/\/schema.org\/CreativeWork\" ><div class='avia-testimonial-image'  itemprop=\"image\"  style='background-image:url(https:\/\/amazonia.fiocruz.br\/wp-content\/uploads\/2024\/07\/Jefter-Haad-Ruiz-da-Silva-DASPAM-2023-1-180x180.jpeg);'><\/div><div class='avia-testimonial-content '  ><div class='avia-testimonial-markup-entry-content'  itemprop=\"text\" ><p><strong>Jefter Haad Ruiz da Silva<\/strong><\/p>\n<p><span class=\"TextRun SCXW258690531 BCX8\" lang=\"PT-BR\" xml:lang=\"PT-BR\" data-contrast=\"none\"><span class=\"NormalTextRun SCXW258690531 BCX8\"><strong>Orientador<\/strong><br \/>\n<\/span><\/span><span class=\"TextRun SCXW258690531 BCX8\" lang=\"PT-BR\" xml:lang=\"PT-BR\" data-contrast=\"none\"><span class=\"NormalTextRun SCXW258690531 BCX8\">Maria Augusta Bessa Rebelo<\/span><\/span><span class=\"EOP SCXW258690531 BCX8\" data-ccp-props=\"{\"201341983\":0,\"335551550\":2,\"335551620\":2,\"335559739\":0,\"335559740\":240}\">\u00a0<\/span><\/p>\n<p><strong>T\u00edtulo do Projeto<\/strong><\/p>\n<p>Fluorose Dent\u00e1ria: Preval\u00eancia e Fatores Associados em Escolares de 12 Anos De Manaus-AM.<\/p>\n<\/div><\/div><div class='avia-testimonial-meta'><div class='avia-testimonial-arrow-wrap'><div class='avia-arrow'><\/div><\/div><div class='avia-testimonial-meta-mini'  itemprop=\"author\" itemscope=\"itemscope\" itemtype=\"https:\/\/schema.org\/Person\" ><\/div><\/div><\/div><\/div><\/section>\n<section class ='avia-testimonial-row'><div class='avia-testimonial av_one_half flex_column no_margin avia-testimonial-row-5 avia-first-testimonial' ><div class='avia-testimonial_inner'  itemscope=\"itemscope\" itemtype=\"https:\/\/schema.org\/CreativeWork\" ><div class='avia-testimonial-image'  itemprop=\"image\"  style='background-image:url(https:\/\/amazonia.fiocruz.br\/wp-content\/uploads\/2024\/07\/Marluce-Mineiro-Pereira-DASPAM-2023-180x180.png);'><\/div><div class='avia-testimonial-content '  ><div class='avia-testimonial-markup-entry-content'  itemprop=\"text\" ><p><strong>Marluce Mineiro Pereira<\/strong><\/p>\n<p><span class=\"TextRun SCXW128024118 BCX8\" lang=\"PT-BR\" xml:lang=\"PT-BR\" data-contrast=\"none\"><span class=\"NormalTextRun SCXW128024118 BCX8\"><strong>Orientador<\/strong><br \/>\n<\/span><\/span><span class=\"TextRun SCXW128024118 BCX8\" lang=\"PT-BR\" xml:lang=\"PT-BR\" data-contrast=\"none\"><span class=\"NormalTextRun SCXW128024118 BCX8\">J<\/span><span class=\"NormalTextRun SCXW128024118 BCX8\">\u00fa<\/span><span class=\"NormalTextRun SCXW128024118 BCX8\">lio Cesar Schweickardt<\/span><\/span><span class=\"EOP SCXW128024118 BCX8\" data-ccp-props=\"{\"201341983\":0,\"335551550\":2,\"335551620\":2,\"335559739\":0,\"335559740\":240}\">\u00a0<\/span><\/p>\n<p><strong>T\u00edtulo do Projeto<\/strong><\/p>\n<p>Sa\u00fade ribeirinha na Amaz\u00f4nia.<\/p>\n<\/div><\/div><div class='avia-testimonial-meta'><div class='avia-testimonial-arrow-wrap'><div class='avia-arrow'><\/div><\/div><div class='avia-testimonial-meta-mini'  itemprop=\"author\" itemscope=\"itemscope\" itemtype=\"https:\/\/schema.org\/Person\" ><\/div><\/div><\/div><\/div>\n<div class='avia-testimonial av_one_half flex_column no_margin avia-testimonial-row-5 avia-last-testimonial' ><div class='avia-testimonial_inner'  itemscope=\"itemscope\" itemtype=\"https:\/\/schema.org\/CreativeWork\" ><div class='avia-testimonial-image'  itemprop=\"image\"  style='background-image:url(https:\/\/amazonia.fiocruz.br\/wp-content\/uploads\/2024\/07\/Naiara-Lima-DASPAM-1-180x180.jpg);'><\/div><div class='avia-testimonial-content '  ><div class='avia-testimonial-markup-entry-content'  itemprop=\"text\" ><p><strong>Naiara Lima Pereira<\/strong><\/p>\n<p><span class=\"TextRun SCXW92429130 BCX8\" lang=\"PT-BR\" xml:lang=\"PT-BR\" data-contrast=\"none\"><span class=\"NormalTextRun SCXW92429130 BCX8\"><strong>Orientador<\/strong><br \/>\n<\/span><\/span><span class=\"TextRun SCXW92429130 BCX8\" lang=\"PT-BR\" xml:lang=\"PT-BR\" data-contrast=\"none\"><span class=\"NormalTextRun SCXW92429130 BCX8\">Pedro Henrique Coelho <\/span><span class=\"NormalTextRun SCXW92429130 BCX8\">Rapozo<\/span><\/span><span class=\"EOP SCXW92429130 BCX8\" data-ccp-props=\"{\"201341983\":0,\"335551550\":2,\"335551620\":2,\"335559739\":0,\"335559740\":240}\">\u00a0<\/span><\/p>\n<p><strong>T\u00edtulo do Projeto<\/strong><\/p>\n<p>Vulnerabilidades, Representa\u00e7\u00f5es e Pol\u00edticas de Vacina\u00e7\u00e3o Infantil dos Povos Tikuna na Faixa de Fronteira do Alto Solim\u00f5es.<\/p>\n<\/div><\/div><div class='avia-testimonial-meta'><div class='avia-testimonial-arrow-wrap'><div class='avia-arrow'><\/div><\/div><div class='avia-testimonial-meta-mini'  itemprop=\"author\" itemscope=\"itemscope\" itemtype=\"https:\/\/schema.org\/Person\" ><\/div><\/div><\/div><\/div><\/section>\n<\/div>\n<\/div><\/div><\/div><div id=\"av-tab-section-1-4\" data-av-tab-section-content=\"4\" class=\"av-layout-tab av-animation-delay-container   avia-builder-el-14  el_after_av_tab_sub_section  avia-builder-el-last   \" style='vertical-align:top; '  data-tab-section-id=\"2022\"><div class='av-layout-tab-inner'><div class='container'><div   data-autoplay='1'  data-interval='5'  data-animation='fade'  data-hoverpause='1'  class='avia-testimonial-wrapper avia-grid-testimonials avia-grid-2-testimonials avia_animate_when_almost_visible   '>\n<section class ='avia-testimonial-row'><div class='avia-testimonial av_one_half flex_column no_margin avia-testimonial-row-1 avia-first-testimonial' ><div class='avia-testimonial_inner'  itemscope=\"itemscope\" itemtype=\"https:\/\/schema.org\/CreativeWork\" ><div class='avia-testimonial-image'  itemprop=\"image\"  style='background-image:url(https:\/\/amazonia.fiocruz.br\/wp-content\/uploads\/2024\/07\/Anny-Beatriz-180x180.jpg);'><\/div><div class='avia-testimonial-content '  ><div class='avia-testimonial-markup-entry-content'  itemprop=\"text\" ><p><strong>Anny Beatriz Costa Antony de Andrade<\/strong><\/p>\n<p><span class=\"TextRun SCXW145862057 BCX8\" lang=\"PT-BR\" xml:lang=\"PT-BR\" data-contrast=\"none\"><span class=\"NormalTextRun SCXW145862057 BCX8\"><strong>Orientador<\/strong> <br class=\"avia-permanent-lb\" \/><\/span><\/span><span class=\"TextRun SCXW145862057 BCX8\" lang=\"PT-BR\" xml:lang=\"PT-BR\" data-contrast=\"none\"><span class=\"NormalTextRun SCXW145862057 BCX8\">Maria Luiza <\/span><span class=\"NormalTextRun SpellingErrorV2Themed SCXW145862057 BCX8\">Garnelo<\/span><span class=\"NormalTextRun SCXW145862057 BCX8\"> Pereira<\/span><\/span><\/p>\n<p><strong>T\u00edtulo do Projeto <br class=\"avia-permanent-lb\" \/><\/strong> Acesso e Integralidade no Cuidado \u00e0 Sa\u00fade da Mulher Residente em \u00c1reas Rurais Ribeirinhas Assistida por Unidade B\u00e1sica de Sa\u00fade Fluvial.<\/p>\n<\/div><\/div><div class='avia-testimonial-meta'><div class='avia-testimonial-arrow-wrap'><div class='avia-arrow'><\/div><\/div><div class='avia-testimonial-meta-mini'  itemprop=\"author\" itemscope=\"itemscope\" itemtype=\"https:\/\/schema.org\/Person\" ><\/div><\/div><\/div><\/div>\n<div class='avia-testimonial av_one_half flex_column no_margin avia-testimonial-row-1 avia-last-testimonial' ><div class='avia-testimonial_inner'  itemscope=\"itemscope\" itemtype=\"https:\/\/schema.org\/CreativeWork\" ><div class='avia-testimonial-image'  itemprop=\"image\"  style='background-image:url(https:\/\/amazonia.fiocruz.br\/wp-content\/uploads\/2024\/07\/CARLOS-AUGUSTO-DA-SILVA-ARAUJO-JUNIOR-DASPAM-2022-1-180x180.jpeg);'><\/div><div class='avia-testimonial-content '  ><div class='avia-testimonial-markup-entry-content'  itemprop=\"text\" ><p><strong>Carlos Augusto da Silva Ara\u00fajo J\u00fanior<br \/>\n<span class=\"TextRun SCXW236244992 BCX8\" lang=\"PT-BR\" xml:lang=\"PT-BR\" data-contrast=\"none\"><span class=\"NormalTextRun SCXW236244992 BCX8\"><br \/>\nOrientador<br \/>\n<\/span><\/span><\/strong><span class=\"TextRun SCXW236244992 BCX8\" lang=\"PT-BR\" xml:lang=\"PT-BR\" data-contrast=\"none\"><span class=\"NormalTextRun SCXW236244992 BCX8\">Fernando Jos\u00e9 Herkrath<\/span><\/span><span class=\"EOP SCXW236244992 BCX8\" data-ccp-props=\"{\"201341983\":0,\"335551550\":2,\"335551620\":2,\"335559739\":0,\"335559740\":240}\">\u00a0<\/span><strong><br \/>\n<\/strong><\/p>\n<p><strong>T\u00edtulo do Projeto<\/strong><br \/>\nCapital social e condi\u00e7\u00f5es de sa\u00fade bucal em localidades rurais ribeirinhas de Manaus.<\/p>\n<\/div><\/div><div class='avia-testimonial-meta'><div class='avia-testimonial-arrow-wrap'><div class='avia-arrow'><\/div><\/div><div class='avia-testimonial-meta-mini'  itemprop=\"author\" itemscope=\"itemscope\" itemtype=\"https:\/\/schema.org\/Person\" ><\/div><\/div><\/div><\/div><\/section>\n<section class ='avia-testimonial-row'><div class='avia-testimonial av_one_half flex_column no_margin avia-testimonial-row-2 avia-first-testimonial' ><div class='avia-testimonial_inner'  itemscope=\"itemscope\" itemtype=\"https:\/\/schema.org\/CreativeWork\" ><div class='avia-testimonial-image'  itemprop=\"image\"  style='background-image:url(https:\/\/amazonia.fiocruz.br\/wp-content\/uploads\/2024\/07\/Gisele-Reis-Dias-DASPAM-2022-1-180x180.jpg);'><\/div><div class='avia-testimonial-content '  ><div class='avia-testimonial-markup-entry-content'  itemprop=\"text\" ><p><strong>Gisele Reis Dias<\/strong><\/p>\n<p><strong><span class=\"TextRun SCXW208362815 BCX8\" lang=\"PT-BR\" xml:lang=\"PT-BR\" data-contrast=\"none\"><span class=\"NormalTextRun SCXW208362815 BCX8\">Orientador<\/span><\/span><\/strong><span class=\"TextRun SCXW208362815 BCX8\" lang=\"PT-BR\" xml:lang=\"PT-BR\" data-contrast=\"none\"><strong><span class=\"NormalTextRun SCXW208362815 BCX8\"><br \/>\n<\/span><\/strong><span class=\"NormalTextRun SCXW208362815 BCX8\">Wuelton<\/span><span class=\"NormalTextRun SCXW208362815 BCX8\"> Marcelo Monteiro<\/span><\/span><\/p>\n<p><strong>T\u00edtulo do Projeto<\/strong><br \/>\nSimbolismo, saberes e pr\u00e1ticas de Autoten\u00e7\u00e3o de Ind\u00edgenas Mundurukus sobre serpentes.<\/p>\n<\/div><\/div><div class='avia-testimonial-meta'><div class='avia-testimonial-arrow-wrap'><div class='avia-arrow'><\/div><\/div><div class='avia-testimonial-meta-mini'  itemprop=\"author\" itemscope=\"itemscope\" itemtype=\"https:\/\/schema.org\/Person\" ><\/div><\/div><\/div><\/div>\n<div class='avia-testimonial av_one_half flex_column no_margin avia-testimonial-row-2 avia-last-testimonial' ><div class='avia-testimonial_inner'  itemscope=\"itemscope\" itemtype=\"https:\/\/schema.org\/CreativeWork\" ><div class='avia-testimonial-image'  itemprop=\"image\"  style='background-image:url(https:\/\/amazonia.fiocruz.br\/wp-content\/uploads\/2024\/07\/Izi-Santos-DASPAM-1-180x180.jpeg);'><\/div><div class='avia-testimonial-content '  ><div class='avia-testimonial-markup-entry-content'  itemprop=\"text\" ><p><strong>Izi Caterini Paiva Alves Martinelli dos Santos<\/strong><\/p>\n<p><span class=\"TextRun SCXW136515073 BCX8\" lang=\"PT-BR\" xml:lang=\"PT-BR\" data-contrast=\"none\"><span class=\"NormalTextRun SCXW136515073 BCX8\"><strong>Orientador<\/strong><br \/>\n<\/span><\/span><span class=\"TextRun SCXW136515073 BCX8\" lang=\"PT-BR\" xml:lang=\"PT-BR\" data-contrast=\"none\"><span class=\"NormalTextRun SCXW136515073 BCX8\">J<\/span><span class=\"NormalTextRun SCXW136515073 BCX8\">\u00falio Cesar<\/span> <span class=\"NormalTextRun SCXW136515073 BCX8\">Schweickardt<\/span><\/span><\/p>\n<p><strong>T\u00edtulo do Projeto<\/strong><br \/>\nDi\u00e1logos com a medicina ind\u00edgena: uma estrat\u00e9gia decolonial.<\/p>\n<\/div><\/div><div class='avia-testimonial-meta'><div class='avia-testimonial-arrow-wrap'><div class='avia-arrow'><\/div><\/div><div class='avia-testimonial-meta-mini'  itemprop=\"author\" itemscope=\"itemscope\" itemtype=\"https:\/\/schema.org\/Person\" ><\/div><\/div><\/div><\/div><\/section>\n<section class ='avia-testimonial-row'><div class='avia-testimonial av_one_half flex_column no_margin avia-testimonial-row-3 avia-first-testimonial' ><div class='avia-testimonial_inner'  itemscope=\"itemscope\" itemtype=\"https:\/\/schema.org\/CreativeWork\" ><div class='avia-testimonial-image'  itemprop=\"image\"  style='background-image:url(https:\/\/amazonia.fiocruz.br\/wp-content\/uploads\/2024\/07\/Mayara-Ferreira-DASPAM-2022-1-180x180.jpeg);'><\/div><div class='avia-testimonial-content '  ><div class='avia-testimonial-markup-entry-content'  itemprop=\"text\" ><p><strong>Mayara dos Santos Ferreira<\/p>\n<p><span class=\"TextRun SCXW213440967 BCX8\" lang=\"PT-BR\" xml:lang=\"PT-BR\" data-contrast=\"none\"><span class=\"NormalTextRun SCXW213440967 BCX8\">Orientador<br \/>\n<\/span><\/span><\/strong><span class=\"TextRun SCXW213440967 BCX8\" lang=\"PT-BR\" xml:lang=\"PT-BR\" data-contrast=\"none\"><span class=\"NormalTextRun SCXW213440967 BCX8\">Maria Luiza Garnelo Pereira<\/span><span class=\"NormalTextRun SCXW213440967 BCX8\">\u00a0<\/span><\/span><span class=\"EOP SCXW213440967 BCX8\" data-ccp-props=\"{\"201341983\":0,\"335551550\":2,\"335551620\":2,\"335559739\":0,\"335559740\":240}\">\u00a0<\/span><strong><br \/>\n<\/strong><\/p>\n<p><strong>T\u00edtulo do Projeto<\/strong><\/p>\n<p>A\u00e7\u00f5es Afirmativas: O Processo Formativa e o Repert\u00f3rio de Atua\u00e7\u00e3o da Psicologia no Campo da Sa\u00fade Ind\u00edgena.<\/p>\n<\/div><\/div><div class='avia-testimonial-meta'><div class='avia-testimonial-arrow-wrap'><div class='avia-arrow'><\/div><\/div><div class='avia-testimonial-meta-mini'  itemprop=\"author\" itemscope=\"itemscope\" itemtype=\"https:\/\/schema.org\/Person\" ><\/div><\/div><\/div><\/div>\n<div class='avia-testimonial av_one_half flex_column no_margin avia-testimonial-row-3 avia-last-testimonial' ><div class='avia-testimonial_inner'  itemscope=\"itemscope\" itemtype=\"https:\/\/schema.org\/CreativeWork\" ><div class='avia-testimonial-image'  itemprop=\"image\"  style='background-image:url(https:\/\/amazonia.fiocruz.br\/wp-content\/uploads\/2024\/07\/Sandro-Figueira-Moreira-DASPAM-2022-180x180.jpg);'><\/div><div class='avia-testimonial-content '  ><div class='avia-testimonial-markup-entry-content'  itemprop=\"text\" ><p><strong>Sandro Figueira Moreira<\/strong><\/p>\n<p><span class=\"TextRun SCXW173657301 BCX8\" lang=\"PT-BR\" xml:lang=\"PT-BR\" data-contrast=\"none\"><span class=\"NormalTextRun SCXW173657301 BCX8\"><strong>Orientador<\/strong><br \/>\n<\/span><\/span><span class=\"TextRun SCXW173657301 BCX8\" lang=\"PT-BR\" xml:lang=\"PT-BR\" data-contrast=\"none\"><span class=\"NormalTextRun SCXW173657301 BCX8\">Vanderson de Souza Sampaio<\/span><\/span><span class=\"EOP SCXW173657301 BCX8\" data-ccp-props=\"{\"201341983\":0,\"335551550\":2,\"335551620\":2,\"335559739\":0,\"335559740\":240}\">\u00a0<\/span><\/p>\n<p><strong>T\u00edtulo do Projeto<\/strong><\/p>\n<p>Associa\u00e7\u00e3o Entre \u00d3bitos De Doen\u00e7as Cardiovasculares Em Indiv\u00edduos Expostos A Tuberculose, Fazendo Uso De T\u00e9cnicas De Linkage Dos Sistemas De Informa\u00e7\u00f5es Em Sa\u00fade Do Estado Do Amazonas.<\/p>\n<\/div><\/div><div class='avia-testimonial-meta'><div class='avia-testimonial-arrow-wrap'><div class='avia-arrow'><\/div><\/div><div class='avia-testimonial-meta-mini'  itemprop=\"author\" itemscope=\"itemscope\" itemtype=\"https:\/\/schema.org\/Person\" ><\/div><\/div><\/div><\/div><\/section>\n<\/div>\n<\/div><\/div><\/div><\/div><\/div><\/div><div id='after_submenu'  class='main_color av_default_container_wrap container_wrap sidebar_right' style=' '  ><div class='container' ><div class='template-page content  av-content-small alpha units'><div class='post-entry post-entry-type-page post-entry-46713'><div class='entry-content-wrapper clearfix'><div class=\"flex_column av_one_full  flex_column_div av-zero-column-padding first  avia-builder-el-16  el_after_av_tab_section  el_before_av_tab_section  avia-builder-el-no-sibling  \" style='border-radius:0px; ' id=\"egressos\" ><section class=\"av_textblock_section \"  itemscope=\"itemscope\" itemtype=\"https:\/\/schema.org\/CreativeWork\" ><div class='avia_textblock  '   itemprop=\"text\" ><h2><span style=\"color: #000000;\">EGRESSOS DO CURSO<\/span><\/h2>\n<hr \/>\n<h2><\/h2>\n<\/div><\/section><\/div><\/p>\n<\/div><\/div><\/div><!-- close content main div --><\/div><\/div><div id='av-tab-section-2'  class='av-tab-section-container entry-content-wrapper main_color av-tab-no-transition av-tab-content-auto  av-tab-above-content  avia-builder-el-18  el_after_av_one_full  avia-builder-el-last  submenu-not-first container_wrap sidebar_right' style=' '  ><div class='av-tab-section-outer-container'><div class='av-tab-section-tab-title-container avia-tab-title-padding-default '  role='tablist'><a href='#2022' data-av-tab-section-title='1' class='av-section-tab-title av-active-tab-title no-scroll av-tab-no-icon av-tab-no-image  ' role='tab' tabindex='0' aria-controls='av-tab-section-2-1'><span class='av-outer-tab-title'><span class='av-inner-tab-title'>2022<\/span><\/span><span class='av-tab-arrow-container'><span><\/span><\/span><\/a><a href='#2020' data-av-tab-section-title='2' class='av-section-tab-title  av-tab-no-icon av-tab-no-image  ' role='tab' tabindex='0' aria-controls='av-tab-section-2-2'><span class='av-outer-tab-title'><span class='av-inner-tab-title'>2020<\/span><\/span><span class='av-tab-arrow-container'><span><\/span><\/span><\/a><\/div><div class='av-tab-section-inner-container avia-section-default' style='width:200vw; left:0%;'><span class='av_prev_tab_section av_tab_navigation'><\/span><span class='av_next_tab_section av_tab_navigation'><\/span>\n<div id=\"av-tab-section-2-1\" data-av-tab-section-content=\"1\" class=\"av-layout-tab av-animation-delay-container av-active-tab-content __av_init_open  avia-builder-el-19  el_before_av_tab_sub_section  avia-builder-el-first   \" style='vertical-align:top; '  data-tab-section-id=\"2022\"><div class='av-layout-tab-inner'><div class='container'><p><div   data-autoplay='1'  data-interval='5'  data-animation='fade'  data-hoverpause='1'  class='avia-testimonial-wrapper avia-grid-testimonials avia-grid-2-testimonials avia_animate_when_almost_visible   '>\n<section class ='avia-testimonial-row'><div class='avia-testimonial av_one_half flex_column no_margin avia-testimonial-row-1 avia-first-testimonial' ><div class='avia-testimonial_inner'  itemscope=\"itemscope\" itemtype=\"https:\/\/schema.org\/CreativeWork\" ><div class='avia-testimonial-image'  itemprop=\"image\"  style='background-image:url(https:\/\/amazonia.fiocruz.br\/wp-content\/uploads\/2024\/08\/Maura-Nunes-Pimentel-de-Carvalho-180x180.jpeg);'><\/div><div class='avia-testimonial-content '  ><div class='avia-testimonial-markup-entry-content'  itemprop=\"text\" ><p><strong>Maura Nunes Pimentel de Carvalho<\/strong><\/p>\n<p><strong>Turma<\/strong><br \/>\n2022<\/p>\n<p><span style=\"color: #333333;\"><strong>Orientador<\/strong><\/span><b><span data-contrast=\"auto\"><span style=\"color: #333333;\">a<\/span><br \/>\n<\/span><\/b><span class=\"TextRun SCXW75657339 BCX8\" lang=\"PT-BR\" xml:lang=\"PT-BR\" data-contrast=\"none\"><span class=\"NormalTextRun SCXW75657339 BCX8\">Denise Machado Duran Gutierrez<\/span><\/span><span class=\"EOP SCXW75657339 BCX8\" data-ccp-props=\"{\">\u00a0<\/span><\/p>\n<p><span style=\"color: #000000;\"><strong>Data de defesa<\/strong><\/span><b><span data-contrast=\"auto\"><br \/>\n<\/span><\/b><span data-contrast=\"auto\">20\/10\/2025<\/span><span data-ccp-props=\"{\">\u00a0<\/span><\/p>\n<p><span style=\"color: #000000;\"><strong>T\u00edtulo da Tese <br class=\"avia-permanent-lb\" \/><\/strong><\/span><\/p>\n<p>O cuidado em sa\u00fade de mulheres negras em uma maternidade de refer\u00eancia em Manaus: uma an\u00e1lise interseccional<br \/>\n<strong><br \/>\nLINK ARCA <\/strong>&#8211;\u00a0 Obra n\u00e3o dispon\u00edvel<\/p>\n<\/div><\/div><div class='avia-testimonial-meta'><div class='avia-testimonial-arrow-wrap'><div class='avia-arrow'><\/div><\/div><div class='avia-testimonial-meta-mini'  itemprop=\"author\" itemscope=\"itemscope\" itemtype=\"https:\/\/schema.org\/Person\" ><\/div><\/div><\/div><\/div>\n<\/section><\/div><br \/>\n<div class=\"flex_column av_one_full  flex_column_div av-zero-column-padding first  avia-builder-el-21  el_after_av_testimonials  avia-builder-el-last  \" style='border-radius:0px; '><\/div><\/p>\n<\/div><\/div><\/div><div id=\"av-tab-section-2-2\" data-av-tab-section-content=\"2\" class=\"av-layout-tab av-animation-delay-container   avia-builder-el-22  el_after_av_tab_sub_section  avia-builder-el-last   \" style='vertical-align:top; '  data-tab-section-id=\"2020\"><div class='av-layout-tab-inner'><div class='container'><p><div   data-autoplay='1'  data-interval='5'  data-animation='fade'  data-hoverpause='1'  class='avia-testimonial-wrapper avia-grid-testimonials avia-grid-2-testimonials avia_animate_when_almost_visible   '>\n<section class ='avia-testimonial-row'><div class='avia-testimonial av_one_half flex_column no_margin avia-testimonial-row-1 avia-first-testimonial' ><div class='avia-testimonial_inner'  itemscope=\"itemscope\" itemtype=\"https:\/\/schema.org\/CreativeWork\" ><div class='avia-testimonial-image'  itemprop=\"image\"  style='background-image:url(https:\/\/amazonia.fiocruz.br\/wp-content\/uploads\/2024\/07\/thalita.gif__256x256_q85_crop_subsampling-2-180x180.jpg);'><\/div><div class='avia-testimonial-content '  ><div class='avia-testimonial-markup-entry-content'  itemprop=\"text\" ><p><strong>Thalita Renata Oliveira das Neves Guedes<\/strong><\/p>\n<p><strong>Turma<\/strong><br \/>\n2020<\/p>\n<p><span style=\"color: #000000;\"><strong>Orientador<\/strong><\/span><b><span data-contrast=\"auto\"><br \/>\n<\/span><\/b><span data-contrast=\"auto\">J\u00falio C\u00e9sar Schweickardt<\/span><b><span data-contrast=\"auto\">\u00a0<\/span><\/b><span data-ccp-props=\"{\">\u00a0<\/span><\/p>\n<p><span style=\"color: #000000;\"><strong>Data de defesa<\/strong><\/span><b><span data-contrast=\"auto\"><br \/>\n<\/span><\/b><span data-contrast=\"auto\">18\/01\/2023<\/span><span data-ccp-props=\"{\">\u00a0<\/span><\/p>\n<p><span style=\"color: #000000;\"><strong>T\u00edtulo da Tese<\/strong><\/span><\/p>\n<p>TERRIT\u00d3RIOS DA ATEN\u00c7\u00c3O B\u00c1SICA DE SA\u00daDE DO AMAZONAS: Transforma\u00e7\u00f5es sociais sob o signo da Pandemia de Covid-19.<br \/>\n<strong><br \/>\nLINK ARCA &#8211; <\/strong><a href=\"https:\/\/www.arca.fiocruz.br\/handle\/icict\/57668\">Clique aqui<\/a><\/p>\n<\/div><\/div><div class='avia-testimonial-meta'><div class='avia-testimonial-arrow-wrap'><div class='avia-arrow'><\/div><\/div><div class='avia-testimonial-meta-mini'  itemprop=\"author\" itemscope=\"itemscope\" itemtype=\"https:\/\/schema.org\/Person\" ><\/div><\/div><\/div><\/div>\n<div class='avia-testimonial av_one_half flex_column no_margin avia-testimonial-row-1 avia-last-testimonial' ><div class='avia-testimonial_inner'  itemscope=\"itemscope\" itemtype=\"https:\/\/schema.org\/CreativeWork\" ><div class='avia-testimonial-image'  itemprop=\"image\"  style='background-image:url(https:\/\/amazonia.fiocruz.br\/wp-content\/uploads\/2024\/07\/Rayana-Goncalves-de-Brito-DASPAM-2020-180x180.png);'><\/div><div class='avia-testimonial-content '  ><div class='avia-testimonial-markup-entry-content'  itemprop=\"text\" ><p><strong>Rayana Gon\u00e7alves de Brito<\/strong><\/p>\n<p><strong>Turma<\/strong><br class=\"avia-permanent-lb\" \/>2020<\/p>\n<p><strong>Orientador<\/strong><br class=\"avia-permanent-lb\" \/>Andr\u00e9 Luiz Machado das Neves<\/p>\n<p><strong>Data de defesa <br class=\"avia-permanent-lb\" \/><\/strong>28\/11\/2024<\/p>\n<p><strong>T\u00edtulo da tese <br class=\"avia-permanent-lb\" \/><\/strong>A\u00e7\u00e3o Pol\u00edtica no enfrentamento da viol\u00eancia obst\u00e9trica em Manaus-AM<\/p>\n<p><strong>LINK ARCA<\/strong> &#8211; Obra n\u00e3o dispon\u00edvel<\/p>\n<\/div><\/div><div class='avia-testimonial-meta'><div class='avia-testimonial-arrow-wrap'><div class='avia-arrow'><\/div><\/div><div class='avia-testimonial-meta-mini'  itemprop=\"author\" itemscope=\"itemscope\" itemtype=\"https:\/\/schema.org\/Person\" ><\/div><\/div><\/div><\/div><\/section>\n<section class ='avia-testimonial-row'><div class='avia-testimonial av_one_half flex_column no_margin avia-testimonial-row-2 avia-first-testimonial' ><div class='avia-testimonial_inner'  itemscope=\"itemscope\" itemtype=\"https:\/\/schema.org\/CreativeWork\" ><div class='avia-testimonial-image'  itemprop=\"image\"  style='background-image:url(https:\/\/amazonia.fiocruz.br\/wp-content\/uploads\/2025\/08\/Imagem2.jpg);'><\/div><div class='avia-testimonial-content '  ><div class='avia-testimonial-markup-entry-content'  itemprop=\"text\" ><p><strong>Victor da Silva Aquino<\/strong><\/p>\n<p><strong>Turma<\/strong><br class=\"avia-permanent-lb\" \/>2020<\/p>\n<p><strong>Orientador<\/strong><br class=\"avia-permanent-lb\" \/>Tiotrefis Gomes Fernandes<\/p>\n<p><strong>Data de defesa <br class=\"avia-permanent-lb\" \/><\/strong>08\/08\/2025<\/p>\n<p><strong>T\u00edtulo da tese\u00a0<br class=\"avia-permanent-lb\" \/><\/strong><span data-olk-copy-source=\"MessageBody\">AVALIA\u00c7\u00c3O DA REDE DE CUIDADOS \u00c0 PESSOA COM DEFICI\u00caNCIA: grau de implanta\u00e7\u00e3o em diferentes estados brasileiros, desafios amaz\u00f4nicos para sua operacionaliza\u00e7\u00e3o e a qualidade dos registros de prontu\u00e1rios de CER no Brasil.<\/span><\/p>\n<p><strong>LINK ARCA<\/strong> &#8211; Obra n\u00e3o dispon\u00edvel<\/p>\n<\/div><\/div><div class='avia-testimonial-meta'><div class='avia-testimonial-arrow-wrap'><div class='avia-arrow'><\/div><\/div><div class='avia-testimonial-meta-mini'  itemprop=\"author\" itemscope=\"itemscope\" itemtype=\"https:\/\/schema.org\/Person\" ><\/div><\/div><\/div><\/div>\n<div class='avia-testimonial av_one_half flex_column no_margin avia-testimonial-row-2 avia-last-testimonial' ><div class='avia-testimonial_inner'  itemscope=\"itemscope\" itemtype=\"https:\/\/schema.org\/CreativeWork\" ><div class='avia-testimonial-image'  itemprop=\"image\"  style='background-image:url(https:\/\/amazonia.fiocruz.br\/wp-content\/uploads\/2025\/08\/Imagem3.jpg);'><\/div><div class='avia-testimonial-content '  ><div class='avia-testimonial-markup-entry-content'  itemprop=\"text\" ><p><strong>Rog\u00e9rio Olmedija de Ara\u00fajo\u00a0<\/strong><\/p>\n<p><strong>Turma<\/strong><br class=\"avia-permanent-lb\" \/>2020<\/p>\n<p><strong>Orientador <br class=\"avia-permanent-lb\" \/><\/strong>Tiotrefis Gomes Fernandes<\/p>\n<p><strong>Data de defesa: <\/strong>27\/05\/2025<\/p>\n<p><strong>T\u00edtulo da tese\u00a0<br class=\"avia-permanent-lb\" \/><\/strong><span data-olk-copy-source=\"MessageBody\">NECESSIDADE DE REABILITA\u00c7\u00c3O NO BRASIL DE 1990 A 2019, A PARTIR DE ESTIMATIVAS DO GLOBAL BURDEN DISEASE STUDY, E A OPERACIONALIZA\u00c7\u00c3O DA REDE CUIDADOS \u00c0 PESSOA COM DEFICI\u00caNCIA NO AMAZONAS<\/span><\/p>\n<p><strong>LINK ARCA<\/strong> &#8211; Obra n\u00e3o dispon\u00edvel<\/p>\n<\/div><\/div><div class='avia-testimonial-meta'><div class='avia-testimonial-arrow-wrap'><div class='avia-arrow'><\/div><\/div><div class='avia-testimonial-meta-mini'  itemprop=\"author\" itemscope=\"itemscope\" itemtype=\"https:\/\/schema.org\/Person\" ><\/div><\/div><\/div><\/div><\/section>\n<section class ='avia-testimonial-row'><div class='avia-testimonial av_one_half flex_column no_margin avia-testimonial-row-3 avia-first-testimonial' ><div class='avia-testimonial_inner'  itemscope=\"itemscope\" itemtype=\"https:\/\/schema.org\/CreativeWork\" ><div class='avia-testimonial-image'  itemprop=\"image\"  style='background-image:url(https:\/\/amazonia.fiocruz.br\/wp-content\/uploads\/2025\/08\/Imagem4.jpg);'><\/div><div class='avia-testimonial-content '  ><div class='avia-testimonial-markup-entry-content'  itemprop=\"text\" ><p><strong>Roberta Aguiar Cerri\u00a0<\/strong><\/p>\n<p><strong>Turma<\/strong><br class=\"avia-permanent-lb\" \/>2020<\/p>\n<p><strong>Orientadora\u00a0<br class=\"avia-permanent-lb\" \/><\/strong>Maria Luiza Garnelo Pereira<\/p>\n<p><strong>Data de defesa: <\/strong>18\/02\/2025<\/p>\n<p><strong>T\u00edtulo da tese\u00a0<br class=\"avia-permanent-lb\" \/><\/strong>An\u00e1lise da Implementa\u00e7\u00e3o da Pol\u00edtica de Sa\u00fade Ind\u00edgena: Pr\u00e1ticas de Gest\u00e3o e Assist\u00eancia \u00e0 <span data-olk-copy-source=\"MessageBody\">Sa\u00fade na Amaz\u00f4nia<\/span><\/p>\n<p><strong>LINK ARCA<\/strong> &#8211; <a href=\"https:\/\/arca.fiocruz.br\/handle\/icict\/71191\">Clique aqui<\/a><\/p>\n<\/div><\/div><div class='avia-testimonial-meta'><div class='avia-testimonial-arrow-wrap'><div class='avia-arrow'><\/div><\/div><div class='avia-testimonial-meta-mini'  itemprop=\"author\" itemscope=\"itemscope\" itemtype=\"https:\/\/schema.org\/Person\" ><\/div><\/div><\/div><\/div>\n<div class='avia-testimonial av_one_half flex_column no_margin avia-testimonial-row-3 avia-last-testimonial' ><div class='avia-testimonial_inner'  itemscope=\"itemscope\" itemtype=\"https:\/\/schema.org\/CreativeWork\" ><div class='avia-testimonial-image'  itemprop=\"image\"  style='background-image:url(https:\/\/amazonia.fiocruz.br\/wp-content\/uploads\/2025\/08\/Imagem5.jpg);'><\/div><div class='avia-testimonial-content '  ><div class='avia-testimonial-markup-entry-content'  itemprop=\"text\" ><p><strong>Larissa Neves Quadros<\/strong><\/p>\n<p><strong>Turma<\/strong><br class=\"avia-permanent-lb\" \/>2020<\/p>\n<p><strong>Orientadora\u00a0<br class=\"avia-permanent-lb\" \/><\/strong>Maria Augusta Bessa Rebelo<\/p>\n<p><strong>Data de defesa: <\/strong>30\/05\/2025<\/p>\n<p><strong>T\u00edtulo da tese\u00a0<br class=\"avia-permanent-lb\" \/><\/strong><span data-olk-copy-source=\"MessageBody\">An\u00e1lise de recomenda\u00e7\u00f5es para o controle do consumo do a\u00e7\u00facar como medidas de interven\u00e7\u00e3o em doen\u00e7as cr\u00f4nicas n\u00e3o transmiss\u00edveis<\/span><\/p>\n<p><strong>LINK ARCA<\/strong> &#8211; Obra n\u00e3o dispon\u00edvel<\/p>\n<\/div><\/div><div class='avia-testimonial-meta'><div class='avia-testimonial-arrow-wrap'><div class='avia-arrow'><\/div><\/div><div class='avia-testimonial-meta-mini'  itemprop=\"author\" itemscope=\"itemscope\" itemtype=\"https:\/\/schema.org\/Person\" ><\/div><\/div><\/div><\/div><\/section>\n<section class ='avia-testimonial-row'><div class='avia-testimonial av_one_half flex_column no_margin avia-testimonial-row-4 avia-first-testimonial' ><div class='avia-testimonial_inner'  itemscope=\"itemscope\" itemtype=\"https:\/\/schema.org\/CreativeWork\" ><div class='avia-testimonial-image'  itemprop=\"image\"  style='background-image:url(https:\/\/amazonia.fiocruz.br\/wp-content\/uploads\/2025\/08\/Imagem6.jpg);'><\/div><div class='avia-testimonial-content '  ><div class='avia-testimonial-markup-entry-content'  itemprop=\"text\" ><p><strong>Gleica Soyan Barbosa Alves\u00a0<\/strong><\/p>\n<p><strong>Turma<\/strong><br class=\"avia-permanent-lb\" \/>2020<\/p>\n<p><strong>Orientadora<br class=\"avia-permanent-lb\" \/><\/strong>Rosana Cristina Pereira Parente<\/p>\n<p><strong>Data de defesa: <\/strong>20\/08\/2025<\/p>\n<p><strong>T\u00edtulo da tese\u00a0<br class=\"avia-permanent-lb\" \/><\/strong>Uso de Servi\u00e7os de Sa\u00fade por Pessoas Idosas de uma Comunidade Rural do M\u00e9dio Rio Amazonas<\/p>\n<p><strong>LINK ARCA<\/strong> &#8211;<a href=\"https:\/\/arca.fiocruz.br\/handle\/icict\/71800\"> Clique aqui<\/a><\/p>\n<\/div><\/div><div class='avia-testimonial-meta'><div class='avia-testimonial-arrow-wrap'><div class='avia-arrow'><\/div><\/div><div class='avia-testimonial-meta-mini'  itemprop=\"author\" itemscope=\"itemscope\" itemtype=\"https:\/\/schema.org\/Person\" ><\/div><\/div><\/div><\/div>\n<div class='avia-testimonial av_one_half flex_column no_margin avia-testimonial-row-4 avia-last-testimonial' ><div class='avia-testimonial_inner'  itemscope=\"itemscope\" itemtype=\"https:\/\/schema.org\/CreativeWork\" ><div class='avia-testimonial-image'  itemprop=\"image\"  style='background-image:url(https:\/\/amazonia.fiocruz.br\/wp-content\/uploads\/2024\/07\/Andressa-Coelho-Gomes-DASPAM-1-180x180.jpeg);'><\/div><div class='avia-testimonial-content '  ><div class='avia-testimonial-markup-entry-content'  itemprop=\"text\" ><p><strong>Andressa Coelho Gomes<\/strong><\/p>\n<p><strong>Turma<\/strong><br class=\"avia-permanent-lb\" \/>2020<\/p>\n<p><strong>Orientadora<br class=\"avia-permanent-lb\" \/><\/strong><span data-olk-copy-source=\"MessageBody\">Janete Maria Rebelo Vieira<\/span><\/p>\n<p><strong>Data de defesa: <\/strong>21\/08\/2025<\/p>\n<p><strong>T\u00edtulo da tese\u00a0<br class=\"avia-permanent-lb\" \/><\/strong><span data-olk-copy-source=\"MessageBody\">Caracter\u00edsticas associadas a utiliza\u00e7\u00e3o de servi\u00e7os odontol\u00f3gicos entre adolescentes brasileiros: An\u00e1lise a partir de dois modelos te\u00f3ricos<\/span><\/p>\n<p><strong>LINK ARCA<\/strong> &#8211; Obra n\u00e3o dispon\u00edvel<\/p>\n<\/div><\/div><div class='avia-testimonial-meta'><div class='avia-testimonial-arrow-wrap'><div class='avia-arrow'><\/div><\/div><div class='avia-testimonial-meta-mini'  itemprop=\"author\" itemscope=\"itemscope\" itemtype=\"https:\/\/schema.org\/Person\" ><\/div><\/div><\/div><\/div><\/section>\n<section class ='avia-testimonial-row'><div class='avia-testimonial av_one_half flex_column no_margin avia-testimonial-row-5 avia-first-testimonial' ><div class='avia-testimonial_inner'  itemscope=\"itemscope\" itemtype=\"https:\/\/schema.org\/CreativeWork\" ><div class='avia-testimonial-image'  itemprop=\"image\"  style='background-image:url(https:\/\/amazonia.fiocruz.br\/wp-content\/uploads\/2024\/07\/Joana-Maria-Borges-Freitas-DASPAM-2020-180x180.jpg);'><\/div><div class='avia-testimonial-content '  ><div class='avia-testimonial-markup-entry-content'  itemprop=\"text\" ><p><strong>Joana Maria Borges de Freitas\u00a0<\/strong><\/p>\n<p><strong>Turma<\/strong><br class=\"avia-permanent-lb\" \/>2020<\/p>\n<p><strong>Orientador<br class=\"avia-permanent-lb\" \/><\/strong><span data-contrast=\"none\">J\u00falio Cesar Schweickardt<\/span><span data-ccp-props=\"{\">\u00a0<\/span><\/p>\n<p><strong>Data de defesa: <\/strong>27\/10\/2025<\/p>\n<p><strong>T\u00edtulo da tese\u00a0<br class=\"avia-permanent-lb\" \/><\/strong>Vidas pretas na Amaz\u00f4nia: um estudo sobre a produ\u00e7\u00e3o de sa\u00fade das mulheres quilombolas do Rio Andir\u00e1<\/p>\n<p><strong>LINK ARCA<\/strong> &#8211; Obra n\u00e3o dispon\u00edvel<\/p>\n<\/div><\/div><div class='avia-testimonial-meta'><div class='avia-testimonial-arrow-wrap'><div class='avia-arrow'><\/div><\/div><div class='avia-testimonial-meta-mini'  itemprop=\"author\" itemscope=\"itemscope\" itemtype=\"https:\/\/schema.org\/Person\" ><\/div><\/div><\/div><\/div>\n<div class='avia-testimonial av_one_half flex_column no_margin avia-testimonial-row-5 avia-last-testimonial' ><div class='avia-testimonial_inner'  itemscope=\"itemscope\" itemtype=\"https:\/\/schema.org\/CreativeWork\" ><div class='avia-testimonial-image'  itemprop=\"image\"  style='background-image:url(https:\/\/amazonia.fiocruz.br\/wp-content\/uploads\/2024\/07\/Diego-Cordeiro-DASPAM-1-180x180.jpeg);'><\/div><div class='avia-testimonial-content '  ><div class='avia-testimonial-markup-entry-content'  itemprop=\"text\" ><p><strong>Diego dos Santos Cordeiro\u00a0 <br class=\"avia-permanent-lb\" \/><\/strong><\/p>\n<p><strong>Turma<\/strong> <br class=\"avia-permanent-lb\" \/>2020<\/p>\n<p><strong>Orientadora<br class=\"avia-permanent-lb\" \/><\/strong><span data-contrast=\"none\">Ana Paula Correa de Queiroz Herkrath<\/span><\/p>\n<p><strong>Data de defesa: <\/strong>24\/11\/2025<\/p>\n<p><strong>T\u00edtulo da tese\u00a0<br class=\"avia-permanent-lb\" \/><\/strong>Fortalecendo a promo\u00e7\u00e3o da sa\u00fade bucal em popula\u00e7\u00f5es ribeirinhas: Um estudo de interven\u00e7\u00e3o participativa de base comunit\u00e1ria<\/p>\n<p><strong>LINK ARCA<\/strong> &#8211; Obra n\u00e3o dispon\u00edvel<\/p>\n<\/div><\/div><div class='avia-testimonial-meta'><div class='avia-testimonial-arrow-wrap'><div class='avia-arrow'><\/div><\/div><div class='avia-testimonial-meta-mini'  itemprop=\"author\" itemscope=\"itemscope\" itemtype=\"https:\/\/schema.org\/Person\" ><\/div><\/div><\/div><\/div><\/section>\n<section class ='avia-testimonial-row'><div class='avia-testimonial av_one_half flex_column no_margin avia-testimonial-row-6 avia-first-testimonial' ><div class='avia-testimonial_inner'  itemscope=\"itemscope\" itemtype=\"https:\/\/schema.org\/CreativeWork\" ><div class='avia-testimonial-image'  itemprop=\"image\"  style='background-image:url(https:\/\/amazonia.fiocruz.br\/wp-content\/uploads\/2024\/07\/Joao-Carlos-Silva-de-Oliveira-DASPAM-2020-1-180x180.jpeg);'><\/div><div class='avia-testimonial-content '  ><div class='avia-testimonial-markup-entry-content'  itemprop=\"text\" ><p><strong>Jo\u00e3o Carlos Silva De Oliveira <br class=\"avia-permanent-lb\" \/><\/strong><\/p>\n<p><strong>Turma<\/strong><br class=\"avia-permanent-lb\" \/>2020<\/p>\n<p><strong>Orientador<br class=\"avia-permanent-lb\" \/><\/strong><span class=\"TextRun SCXW21256842 BCX8\" lang=\"PT-BR\" xml:lang=\"PT-BR\" data-contrast=\"none\"><span class=\"NormalTextRun SCXW21256842 BCX8\">James Lee Crainey<\/span><\/span><\/p>\n<p><strong>Data de defesa: <\/strong>28\/11\/2025<\/p>\n<p><strong>T\u00edtulo da tese\u00a0<br class=\"avia-permanent-lb\" \/><\/strong><span data-olk-copy-source=\"MessageBody\">Vigil\u00e2ncia Sustent\u00e1vel de Filarioses na Amaz\u00f4nia Brasileira<\/span><\/p>\n<p><strong>LINK ARCA<\/strong> &#8211; Obra n\u00e3o dispon\u00edvel<\/p>\n<\/div><\/div><div class='avia-testimonial-meta'><div class='avia-testimonial-arrow-wrap'><div class='avia-arrow'><\/div><\/div><div class='avia-testimonial-meta-mini'  itemprop=\"author\" itemscope=\"itemscope\" itemtype=\"https:\/\/schema.org\/Person\" ><\/div><\/div><\/div><\/div>\n<div class='avia-testimonial av_one_half flex_column no_margin avia-testimonial-row-6 avia-last-testimonial' ><div class='avia-testimonial_inner'  itemscope=\"itemscope\" itemtype=\"https:\/\/schema.org\/CreativeWork\" ><div class='avia-testimonial-image'  itemprop=\"image\"  style='background-image:url(https:\/\/amazonia.fiocruz.br\/wp-content\/uploads\/2024\/07\/Uziel-Ferreira-Suwa-DASPAM-2020-1-180x180.jpg);'><\/div><div class='avia-testimonial-content '  ><div class='avia-testimonial-markup-entry-content'  itemprop=\"text\" ><p><strong>Uziel Ferreira Suwa<\/strong><\/p>\n<p><strong>Turma<\/strong><br class=\"avia-permanent-lb\" \/>2020<\/p>\n<p><strong>Orientador<br class=\"avia-permanent-lb\" \/><\/strong><span class=\"TextRun SCXW21256842 BCX8\" lang=\"PT-BR\" xml:lang=\"PT-BR\" data-contrast=\"none\"><span class=\"NormalTextRun SCXW21256842 BCX8\">James Lee Crainey<\/span><\/span><\/p>\n<p><strong>Data de defesa: <\/strong>12\/02\/2026<\/p>\n<p><strong>T\u00edtulo da tese\u00a0<br class=\"avia-permanent-lb\" \/><\/strong><span data-olk-copy-source=\"MessageBody\">IMPORT\u00c2NCIA E VIABILIDADE DE A\u00c7\u00d5ES DE CONTROLE E DIAGN\u00d3STICO DA MANSONELOSE NA REGI\u00c3O AMAZ\u00d4NICA.<\/span><\/p>\n<p><strong>LINK ARCA<\/strong> &#8211; Obra n\u00e3o dispon\u00edvel<\/p>\n<\/div><\/div><div class='avia-testimonial-meta'><div class='avia-testimonial-arrow-wrap'><div class='avia-arrow'><\/div><\/div><div class='avia-testimonial-meta-mini'  itemprop=\"author\" itemscope=\"itemscope\" itemtype=\"https:\/\/schema.org\/Person\" ><\/div><\/div><\/div><\/div><\/section>\n<\/div><br \/>\n<div class=\"flex_column av_one_full  flex_column_div av-zero-column-padding first  avia-builder-el-24  el_after_av_testimonials  avia-builder-el-last  \" style='border-radius:0px; '><\/div><\/p>\n<\/div><\/div><\/div><\/div><\/div><\/div>\n","protected":false},"excerpt":{"rendered":"","protected":false},"author":69,"featured_media":0,"parent":0,"menu_order":0,"comment_status":"closed","ping_status":"closed","template":"","meta":{"footnotes":""},"class_list":["post-46713","page","type-page","status-publish","hentry"],"_links":{"self":[{"href":"https:\/\/amazonia.fiocruz.br\/index.php?rest_route=\/wp\/v2\/pages\/46713","targetHints":{"allow":["GET"]}}],"collection":[{"href":"https:\/\/amazonia.fiocruz.br\/index.php?rest_route=\/wp\/v2\/pages"}],"about":[{"href":"https:\/\/amazonia.fiocruz.br\/index.php?rest_route=\/wp\/v2\/types\/page"}],"author":[{"embeddable":true,"href":"https:\/\/amazonia.fiocruz.br\/index.php?rest_route=\/wp\/v2\/users\/69"}],"replies":[{"embeddable":true,"href":"https:\/\/amazonia.fiocruz.br\/index.php?rest_route=%2Fwp%2Fv2%2Fcomments&post=46713"}],"version-history":[{"count":45,"href":"https:\/\/amazonia.fiocruz.br\/index.php?rest_route=\/wp\/v2\/pages\/46713\/revisions"}],"predecessor-version":[{"id":58361,"href":"https:\/\/amazonia.fiocruz.br\/index.php?rest_route=\/wp\/v2\/pages\/46713\/revisions\/58361"}],"wp:attachment":[{"href":"https:\/\/amazonia.fiocruz.br\/index.php?rest_route=%2Fwp%2Fv2%2Fmedia&parent=46713"}],"curies":[{"name":"wp","href":"https:\/\/api.w.org\/{rel}","templated":true}]}}