{"id":44273,"date":"2024-05-20T15:40:33","date_gmt":"2024-05-20T19:40:33","guid":{"rendered":"https:\/\/amazonia.fiocruz.br\/?page_id=44273"},"modified":"2026-04-27T16:36:53","modified_gmt":"2026-04-27T20:36:53","slug":"ppgbio-3-2","status":"publish","type":"page","link":"https:\/\/amazonia.fiocruz.br\/?page_id=44273","title":{"rendered":"PPGBIO &#8211; O Programa"},"content":{"rendered":"<div id='av_section_1'  class='avia-section main_color avia-section-default avia-no-shadow  avia-full-stretch avia-bg-style-scroll  avia-builder-el-0  el_before_av_submenu  avia-builder-el-first   av-minimum-height av-minimum-height-50  container_wrap sidebar_right' style='background-repeat: no-repeat; background-image: url(https:\/\/amazonia.fiocruz.br\/wp-content\/uploads\/2024\/06\/Capa-FotoDestaque_1.png);background-attachment: scroll; background-position: top left;  '  data-section-bg-repeat='stretch' data-av_minimum_height_pc='50'><div class='container' ><main  role=\"main\" itemprop=\"mainContentOfPage\"  class='template-page content  av-content-small alpha units'><div class='post-entry post-entry-type-page post-entry-44273'><div class='entry-content-wrapper clearfix'>\n<\/div><\/div><\/main><!-- close content main element --><\/div><\/div><div class='clear'><\/div><div id='sub_menu1'  class='av-submenu-container header_color  avia-builder-el-1  el_after_av_section  el_before_av_four_fifth  av-sticky-submenu  submenu-not-first container_wrap sidebar_right' style='  z-index:301' ><div class='container av-menu-mobile-disabled '><ul id=\"menu-menu-ppgbio\" class=\"av-subnav-menu av-submenu-pos-center\"><li id=\"menu-item-44532\" class=\"menu-item menu-item-type-custom menu-item-object-custom menu-item-has-children menu-item-top-level menu-item-top-level-1\"><a href=\"https:\/\/amazonia.fiocruz.br\/?page_id=44273#oprograma\" itemprop=\"url\"><span class=\"avia-bullet\"><\/span><span class=\"avia-menu-text\">Programa<\/span><span class=\"avia-menu-fx\"><span class=\"avia-arrow-wrap\"><span class=\"avia-arrow\"><\/span><\/span><\/span><\/a>\n\n\n<ul class=\"sub-menu\">\n\t<li id=\"menu-item-44543\" class=\"menu-item menu-item-type-custom menu-item-object-custom\"><a href=\"https:\/\/amazonia.fiocruz.br\/?page_id=44273#historico\" itemprop=\"url\"><span class=\"avia-bullet\"><\/span><span class=\"avia-menu-text\">Hist\u00f3rico<\/span><\/a><\/li>\n\t<li id=\"menu-item-44544\" class=\"menu-item menu-item-type-custom menu-item-object-custom\"><a href=\"https:\/\/amazonia.fiocruz.br\/?page_id=44273#area\" itemprop=\"url\"><span class=\"avia-bullet\"><\/span><span class=\"avia-menu-text\">\u00c1rea de Concentra\u00e7\u00e3o e Linhas de Pesquisa<\/span><\/a><\/li>\n\t<li id=\"menu-item-44545\" class=\"menu-item menu-item-type-custom menu-item-object-custom\"><a href=\"https:\/\/amazonia.fiocruz.br\/?page_id=44273#coordenacao\" itemprop=\"url\"><span class=\"avia-bullet\"><\/span><span class=\"avia-menu-text\">Coordena\u00e7\u00e3o e Secretaria<\/span><\/a><\/li>\n\t<li id=\"menu-item-44546\" class=\"menu-item menu-item-type-custom menu-item-object-custom\"><a href=\"https:\/\/amazonia.fiocruz.br\/?page_id=44273#marca\" itemprop=\"url\"><span class=\"avia-bullet\"><\/span><span class=\"avia-menu-text\">Marca do Programa<\/span><\/a><\/li>\n\t<li id=\"menu-item-44547\" class=\"menu-item menu-item-type-custom menu-item-object-custom\"><a href=\"https:\/\/amazonia.fiocruz.br\/?page_id=41689#documentos\" itemprop=\"url\"><span class=\"avia-bullet\"><\/span><span class=\"avia-menu-text\">Regimento e Regulamento<\/span><\/a><\/li>\n\t<li id=\"menu-item-44548\" class=\"menu-item menu-item-type-custom menu-item-object-custom\"><a href=\"https:\/\/amazonia.fiocruz.br\/?page_id=44273#projetopesquisa\" itemprop=\"url\"><span class=\"avia-bullet\"><\/span><span class=\"avia-menu-text\">Projetos de Pesquisa<\/span><\/a><\/li>\n\t<li id=\"menu-item-44549\" class=\"menu-item menu-item-type-custom menu-item-object-custom\"><a href=\"https:\/\/amazonia.fiocruz.br\/?page_id=44273#portarias\" itemprop=\"url\"><span class=\"avia-bullet\"><\/span><span class=\"avia-menu-text\">Portarias e Legisla\u00e7\u00e3o<\/span><\/a><\/li>\n\t<li id=\"menu-item-44550\" class=\"menu-item menu-item-type-custom menu-item-object-custom\"><a href=\"https:\/\/amazonia.fiocruz.br\/?page_id=44273#atas\" itemprop=\"url\"><span class=\"avia-bullet\"><\/span><span class=\"avia-menu-text\">Atas de Reuni\u00e3o<\/span><\/a><\/li>\n\t<li id=\"menu-item-44551\" class=\"menu-item menu-item-type-custom menu-item-object-custom\"><a href=\"https:\/\/amazonia.fiocruz.br\/?page_id=44273#calendario\" itemprop=\"url\"><span class=\"avia-bullet\"><\/span><span class=\"avia-menu-text\">Calend\u00e1rio \u2013 Reuni\u00e3o Coordena\u00e7\u00e3o e Colegiado<\/span><\/a><\/li>\n\t<li id=\"menu-item-44552\" class=\"menu-item menu-item-type-custom menu-item-object-custom\"><a href=\"https:\/\/amazonia.fiocruz.br\/?page_id=44273#comissoes\" itemprop=\"url\"><span class=\"avia-bullet\"><\/span><span class=\"avia-menu-text\">Comiss\u00f5es\/Grupos de trabalho<\/span><\/a><\/li>\n<\/ul>\n<\/li>\n<li id=\"menu-item-44581\" class=\"menu-item menu-item-type-custom menu-item-object-custom menu-item-has-children menu-item-top-level menu-item-top-level-2\"><a href=\"https:\/\/amazonia.fiocruz.br\/?page_id=44569\" itemprop=\"url\"><span class=\"avia-bullet\"><\/span><span class=\"avia-menu-text\">Estrutura e Organiza\u00e7\u00e3o<\/span><span class=\"avia-menu-fx\"><span class=\"avia-arrow-wrap\"><span class=\"avia-arrow\"><\/span><\/span><\/span><\/a>\n\n\n<ul class=\"sub-menu\">\n\t<li id=\"menu-item-44601\" class=\"menu-item menu-item-type-custom menu-item-object-custom menu-item-has-children\"><a href=\"https:\/\/amazonia.fiocruz.br\/?page_id=44569#1\" itemprop=\"url\"><span class=\"avia-bullet\"><\/span><span class=\"avia-menu-text\">Cursos<\/span><\/a>\n\t<ul class=\"sub-menu\">\n\t\t<li id=\"menu-item-44585\" class=\"menu-item menu-item-type-custom menu-item-object-custom\"><a href=\"https:\/\/amazonia.fiocruz.br\/?page_id=44569\" itemprop=\"url\"><span class=\"avia-bullet\"><\/span><span class=\"avia-menu-text\">Mestrado<\/span><\/a><\/li>\n\t\t<li id=\"menu-item-44586\" class=\"menu-item menu-item-type-custom menu-item-object-custom\"><a href=\"https:\/\/amazonia.fiocruz.br\/?page_id=32125\" itemprop=\"url\"><span class=\"avia-bullet\"><\/span><span class=\"avia-menu-text\">Doutorado<\/span><\/a><\/li>\n\t<\/ul>\n<\/li>\n\t<li id=\"menu-item-44587\" class=\"menu-item menu-item-type-custom menu-item-object-custom\"><a href=\"https:\/\/amazonia.fiocruz.br\/?page_id=44569\" itemprop=\"url\"><span class=\"avia-bullet\"><\/span><span class=\"avia-menu-text\">Objetivo do curso \/ Miss\u00e3o<\/span><\/a><\/li>\n\t<li id=\"menu-item-44588\" class=\"menu-item menu-item-type-custom menu-item-object-custom\"><a href=\"https:\/\/amazonia.fiocruz.br\/?page_id=44569\" itemprop=\"url\"><span class=\"avia-bullet\"><\/span><span class=\"avia-menu-text\">Estrutura Curricular<\/span><\/a><\/li>\n\t<li id=\"menu-item-44590\" class=\"menu-item menu-item-type-custom menu-item-object-custom\"><a href=\"https:\/\/amazonia.fiocruz.br\/?page_id=44569\" itemprop=\"url\"><span class=\"avia-bullet\"><\/span><span class=\"avia-menu-text\">Ementas \u2013 Disciplinas ofertadas<\/span><\/a><\/li>\n\t<li id=\"menu-item-44591\" class=\"menu-item menu-item-type-custom menu-item-object-custom\"><a href=\"https:\/\/amazonia.fiocruz.br\/?page_id=44569\" itemprop=\"url\"><span class=\"avia-bullet\"><\/span><span class=\"avia-menu-text\">Est\u00e1gio Doc\u00eancia (Requerimento)<\/span><\/a><\/li>\n\t<li id=\"menu-item-44592\" class=\"menu-item menu-item-type-custom menu-item-object-custom\"><a href=\"http:\/\/Est\u00e1gio%20Doc\u00eancia%20(requerimento)\" itemprop=\"url\"><span class=\"avia-bullet\"><\/span><span class=\"avia-menu-text\">ACC<\/span><\/a><\/li>\n\t<li id=\"menu-item-44593\" class=\"menu-item menu-item-type-custom menu-item-object-custom\"><a href=\"https:\/\/amazonia.fiocruz.br\/?page_id=44569\" itemprop=\"url\"><span class=\"avia-bullet\"><\/span><span class=\"avia-menu-text\">Infraestrutura<\/span><\/a><\/li>\n\t<li id=\"menu-item-44594\" class=\"menu-item menu-item-type-custom menu-item-object-custom\"><a href=\"https:\/\/amazonia.fiocruz.br\/?page_id=44569\" itemprop=\"url\"><span class=\"avia-bullet\"><\/span><span class=\"avia-menu-text\">Pesquisadores Visitantes<\/span><\/a><\/li>\n\t<li id=\"menu-item-44595\" class=\"menu-item menu-item-type-custom menu-item-object-custom\"><a href=\"https:\/\/amazonia.fiocruz.br\/?page_id=44569\" itemprop=\"url\"><span class=\"avia-bullet\"><\/span><span class=\"avia-menu-text\">Colaboradores \u2013 Ag\u00eancias de fomento (Bolsas e PDPG)<\/span><\/a><\/li>\n\t<li id=\"menu-item-44596\" class=\"menu-item menu-item-type-custom menu-item-object-custom\"><a href=\"https:\/\/amazonia.fiocruz.br\/?page_id=44569\" itemprop=\"url\"><span class=\"avia-bullet\"><\/span><span class=\"avia-menu-text\">Recursos captados \u2013 Pesquisadores<\/span><\/a><\/li>\n\t<li id=\"menu-item-44597\" class=\"menu-item menu-item-type-custom menu-item-object-custom\"><a href=\"https:\/\/amazonia.fiocruz.br\/?page_id=44569\" itemprop=\"url\"><span class=\"avia-bullet\"><\/span><span class=\"avia-menu-text\">Coopera\u00e7\u00e3o cient\u00edfica<\/span><\/a><\/li>\n\t<li id=\"menu-item-44598\" class=\"menu-item menu-item-type-custom menu-item-object-custom\"><a href=\"https:\/\/amazonia.fiocruz.br\/?page_id=44569\" itemprop=\"url\"><span class=\"avia-bullet\"><\/span><span class=\"avia-menu-text\">P\u00f3s-doutoramento<\/span><\/a><\/li>\n\t<li id=\"menu-item-44599\" class=\"menu-item menu-item-type-custom menu-item-object-custom\"><a href=\"https:\/\/amazonia.fiocruz.br\/?page_id=44569\" itemprop=\"url\"><span class=\"avia-bullet\"><\/span><span class=\"avia-menu-text\">Avalia\u00e7\u00e3o CAPES<\/span><\/a><\/li>\n<\/ul>\n<\/li>\n<li id=\"menu-item-44433\" class=\"menu-item menu-item-type-custom menu-item-object-custom menu-item-top-level menu-item-top-level-3\"><a href=\"https:\/\/amazonia.fiocruz.br\/?page_id=20049\" itemprop=\"url\"><span class=\"avia-bullet\"><\/span><span class=\"avia-menu-text\">Docentes<\/span><span class=\"avia-menu-fx\"><span class=\"avia-arrow-wrap\"><span class=\"avia-arrow\"><\/span><\/span><\/span><\/a><\/li>\n<li id=\"menu-item-44434\" class=\"menu-item menu-item-type-custom menu-item-object-custom menu-item-has-children menu-item-top-level menu-item-top-level-4\"><a href=\"https:\/\/amazonia.fiocruz.br\/?page_id=44574\" itemprop=\"url\"><span class=\"avia-bullet\"><\/span><span class=\"avia-menu-text\">Discentes<\/span><span class=\"avia-menu-fx\"><span class=\"avia-arrow-wrap\"><span class=\"avia-arrow\"><\/span><\/span><\/span><\/a>\n\n\n<ul class=\"sub-menu\">\n\t<li id=\"menu-item-44723\" class=\"menu-item menu-item-type-custom menu-item-object-custom\"><a href=\"https:\/\/amazonia.fiocruz.br\/?page_id=44574#mestrado\" itemprop=\"url\"><span class=\"avia-bullet\"><\/span><span class=\"avia-menu-text\">Mestrado<\/span><\/a><\/li>\n\t<li id=\"menu-item-44724\" class=\"menu-item menu-item-type-custom menu-item-object-custom\"><a href=\"https:\/\/amazonia.fiocruz.br\/?page_id=44574#doutorado\" itemprop=\"url\"><span class=\"avia-bullet\"><\/span><span class=\"avia-menu-text\">Doutorado<\/span><\/a><\/li>\n\t<li id=\"menu-item-44729\" class=\"menu-item menu-item-type-custom menu-item-object-custom\"><a href=\"https:\/\/amazonia.fiocruz.br\/?page_id=44574#egressos\" itemprop=\"url\"><span class=\"avia-bullet\"><\/span><span class=\"avia-menu-text\">Alunos Egressos<\/span><\/a><\/li>\n\t<li id=\"menu-item-44726\" class=\"menu-item menu-item-type-custom menu-item-object-custom\"><a href=\"https:\/\/amazonia.fiocruz.br\/?page_id=44574#links\" itemprop=\"url\"><span class=\"avia-bullet\"><\/span><span class=\"avia-menu-text\">Prazos Importantes<\/span><\/a><\/li>\n\t<li id=\"menu-item-44730\" class=\"menu-item menu-item-type-custom menu-item-object-custom\"><a href=\"https:\/\/amazonia.fiocruz.br\/?page_id=44574#links\" itemprop=\"url\"><span class=\"avia-bullet\"><\/span><span class=\"avia-menu-text\">Manual do aluno<\/span><\/a><\/li>\n\t<li id=\"menu-item-44731\" class=\"menu-item menu-item-type-custom menu-item-object-custom\"><a href=\"https:\/\/amazonia.fiocruz.br\/?page_id=44574#links\" itemprop=\"url\"><span class=\"avia-bullet\"><\/span><span class=\"avia-menu-text\">Pol\u00edtica de apoio ao estudante<\/span><\/a><\/li>\n<\/ul>\n<\/li>\n<li id=\"menu-item-44820\" class=\"menu-item menu-item-type-custom menu-item-object-custom menu-item-top-level menu-item-top-level-5\"><a href=\"https:\/\/amazonia.fiocruz.br\/?page_id=44566\" itemprop=\"url\"><span class=\"avia-bullet\"><\/span><span class=\"avia-menu-text\">Editais e Ingresso<\/span><span class=\"avia-menu-fx\"><span class=\"avia-arrow-wrap\"><span class=\"avia-arrow\"><\/span><\/span><\/span><\/a><\/li>\n<li id=\"menu-item-44436\" class=\"menu-item menu-item-type-custom menu-item-object-custom menu-item-top-level menu-item-top-level-6\"><a href=\"https:\/\/amazonia.fiocruz.br\/?page_id=44858\" itemprop=\"url\"><span class=\"avia-bullet\"><\/span><span class=\"avia-menu-text\">Publica\u00e7\u00e3o Cient\u00edfica<\/span><span class=\"avia-menu-fx\"><span class=\"avia-arrow-wrap\"><span class=\"avia-arrow\"><\/span><\/span><\/span><\/a><\/li>\n<li id=\"menu-item-44438\" class=\"menu-item menu-item-type-custom menu-item-object-custom menu-item-top-level menu-item-top-level-7\"><a href=\"https:\/\/amazonia.fiocruz.br\/?page_id=44877\" itemprop=\"url\"><span class=\"avia-bullet\"><\/span><span class=\"avia-menu-text\">Divulga\u00e7\u00e3o Cient\u00edfica<\/span><span class=\"avia-menu-fx\"><span class=\"avia-arrow-wrap\"><span class=\"avia-arrow\"><\/span><\/span><\/span><\/a><\/li>\n<li id=\"menu-item-44439\" class=\"menu-item menu-item-type-custom menu-item-object-custom menu-item-top-level menu-item-top-level-8\"><a href=\"https:\/\/amazonia.fiocruz.br\/?page_id=44887\" itemprop=\"url\"><span class=\"avia-bullet\"><\/span><span class=\"avia-menu-text\">Planejamento Estrat\u00e9gico<\/span><span class=\"avia-menu-fx\"><span class=\"avia-arrow-wrap\"><span class=\"avia-arrow\"><\/span><\/span><\/span><\/a><\/li>\n<li id=\"menu-item-44440\" class=\"menu-item menu-item-type-custom menu-item-object-custom menu-item-top-level menu-item-top-level-9\"><a href=\"https:\/\/amazonia.fiocruz.br\/?page_id=44893\" itemprop=\"url\"><span class=\"avia-bullet\"><\/span><span class=\"avia-menu-text\">Internacionaliza\u00e7\u00e3o<\/span><span class=\"avia-menu-fx\"><span class=\"avia-arrow-wrap\"><span class=\"avia-arrow\"><\/span><\/span><\/span><\/a><\/li>\n<li id=\"menu-item-44441\" class=\"menu-item menu-item-type-custom menu-item-object-custom menu-item-top-level menu-item-top-level-10\"><a href=\"https:\/\/amazonia.fiocruz.br\/?page_id=44895\" itemprop=\"url\"><span class=\"avia-bullet\"><\/span><span class=\"avia-menu-text\">Fale Conosco<\/span><span class=\"avia-menu-fx\"><span class=\"avia-arrow-wrap\"><span class=\"avia-arrow\"><\/span><\/span><\/span><\/a><\/li>\n<li id=\"menu-item-52263\" class=\"menu-item menu-item-type-custom menu-item-object-custom menu-item-top-level menu-item-top-level-11\"><a href=\"https:\/\/amazonia.fiocruz.br\/?page_id=52260\" itemprop=\"url\"><span class=\"avia-bullet\"><\/span><span class=\"avia-menu-text\">Not\u00edcias<\/span><span class=\"avia-menu-fx\"><span class=\"avia-arrow-wrap\"><span class=\"avia-arrow\"><\/span><\/span><\/span><\/a><\/li>\n<\/ul><\/div><\/div><div class='sticky_placeholder'><\/div><div id='after_submenu'  class='main_color av_default_container_wrap container_wrap sidebar_right' style=' '  ><div class='container' ><div class='template-page content  av-content-small alpha units'><div class='post-entry post-entry-type-page post-entry-44273'><div class='entry-content-wrapper clearfix'>\n<div class=\"flex_column av_four_fifth  flex_column_div av-zero-column-padding first  avia-builder-el-2  el_after_av_submenu  el_before_av_four_fifth  avia-builder-el-first  \" style='border-radius:0px; '><section class=\"av_textblock_section \"  itemscope=\"itemscope\" itemtype=\"https:\/\/schema.org\/CreativeWork\" ><div class='avia_textblock  '   itemprop=\"text\" ><h2><span style=\"color: #000000;\">\u2800\u2800\u2800\u2800\u2800\u2800\u2800\u2800\u2800<\/span><\/h2>\n<h2><\/h2>\n<\/div><\/section><br \/>\n<section class=\"av_textblock_section \"  itemscope=\"itemscope\" itemtype=\"https:\/\/schema.org\/CreativeWork\" ><div class='avia_textblock  '   itemprop=\"text\" ><h2><span style=\"color: #000000;\">\u2800\u2800\u2800\u2800\u2800\u2800\u2800\u2800\u2800<\/span><\/h2>\n<h2><\/h2>\n<\/div><\/section><\/p><\/div>\n<div class=\"flex_column av_four_fifth  flex_column_div first  avia-builder-el-5  el_after_av_four_fifth  el_before_av_four_fifth  \" ><section class=\"av_textblock_section \"  itemscope=\"itemscope\" itemtype=\"https:\/\/schema.org\/CreativeWork\" ><div class='avia_textblock  '   itemprop=\"text\" ><h2><span style=\"color: #000000;\">O Programa<\/span><\/h2>\n<hr \/>\n<h2><\/h2>\n<\/div><\/section><br \/>\n<section class=\"av_textblock_section \"  itemscope=\"itemscope\" itemtype=\"https:\/\/schema.org\/CreativeWork\" ><div class='avia_textblock  '  style='font-size:15px; '  itemprop=\"text\" ><p style=\"text-align: justify;\"><span style=\"color: #808080;\">O Programa de P\u00f3s-gradua\u00e7\u00e3o <em>Stricto sensu<\/em> em Biologia da Intera\u00e7\u00e3o Pat\u00f3geno Hospedeiro (PPGBIO-Intera\u00e7\u00e3o) est\u00e1 vinculado ao Instituto Le\u00f4nidas &#038; Maria Deane (ILMD\/Fiocruz Amaz\u00f4nia), Unidade T\u00e9cnico Cient\u00edfica da Funda\u00e7\u00e3o Oswaldo Cruz (FIOCRUZ) em Manaus, Amazonas, Brasil. \u00c9 um curso para forma\u00e7\u00e3o de Mestres e Doutores na \u00e1rea de Ci\u00eancias Biol\u00f3gicas III, que est\u00e1 credenciado na\u00a0Coordena\u00e7\u00e3o de Aperfei\u00e7oamento de Pessoal de N\u00edvel Superior\u00a0(Capes\/MEC) com conceito 4, com enfoque principal na sub\u00e1rea de Parasitologia.<\/span><\/p>\n<p style=\"text-align: justify;\"><span style=\"color: #808080;\">O PPGBIO-Intera\u00e7\u00e3o tem como objetivo contribuir na forma\u00e7\u00e3o de pesquisadores qualificados para a investiga\u00e7\u00e3o das intera\u00e7\u00f5es biol\u00f3gicas, ecol\u00f3gicas e fisiopatol\u00f3gicas das endemias de alta relev\u00e2ncia no cen\u00e1rio amaz\u00f4nico. Outro prop\u00f3sito do Programa \u00e9 promover o incremento da produ\u00e7\u00e3o acad\u00eamica e o desenvolvimento cient\u00edfico e tecnol\u00f3gico regional, al\u00e9m de contribuir para a diminui\u00e7\u00e3o das desigualdades regionais quanto \u00e0 capacita\u00e7\u00e3o dos recursos humanos da regi\u00e3o.<\/span><\/p>\n<p style=\"text-align: justify;\"><span style=\"color: #808080;\">O Programa possui uma \u00fanica \u00e1rea de concentra\u00e7\u00e3o, Biologia da Intera\u00e7\u00e3o Pat\u00f3geno Hospedeiro, que englobam duas linhas de pesquisa: Eco-epidemiologia das Doen\u00e7as Transmiss\u00edveis e Bioqu\u00edmica, Biologia Celular e Molecular de Pat\u00f3genos e seus Vetores.<\/span><\/p>\n<p style=\"text-align: justify;\"><span style=\"color: #808080;\">Ao egresso desse curso ser\u00e1 outorgado o Diploma de Mestre ou Doutor em Ci\u00eancias e espera-se que os egressos do Programa sejam capazes de atuar na pesquisa e doc\u00eancia, com \u00eanfase na produ\u00e7\u00e3o de conhecimentos baseados em biologia parasit\u00e1ria, na elabora\u00e7\u00e3o de perfis epidemiol\u00f3gicos e diagn\u00f3sticos de situa\u00e7\u00f5es de sa\u00fade que contribuam para o controle de agentes e vetores de endemias de interesse sanit\u00e1rio.<\/span><\/p>\n<\/div><\/section><\/p><\/div>\n<div class=\"flex_column av_four_fifth  flex_column_div av-zero-column-padding first  avia-builder-el-8  el_after_av_four_fifth  el_before_av_four_fifth  \" style='border-radius:0px; '><section class=\"av_textblock_section \"  itemscope=\"itemscope\" itemtype=\"https:\/\/schema.org\/CreativeWork\" ><div class='avia_textblock  '   itemprop=\"text\" ><h2><span style=\"color: #000000;\">\u2800\u2800\u2800\u2800\u2800\u2800\u2800\u2800\u2800<\/span><\/h2>\n<h2><\/h2>\n<\/div><\/section><br \/>\n<section class=\"av_textblock_section \"  itemscope=\"itemscope\" itemtype=\"https:\/\/schema.org\/CreativeWork\" ><div class='avia_textblock  '   itemprop=\"text\" ><h2><span style=\"color: #000000;\">\u2800\u2800\u2800\u2800\u2800\u2800\u2800\u2800\u2800<\/span><\/h2>\n<h2><\/h2>\n<\/div><\/section><\/p><\/div>\n<div class=\"flex_column av_four_fifth  flex_column_div first  avia-builder-el-11  el_after_av_four_fifth  el_before_av_four_fifth  \" ><section class=\"av_textblock_section \"  itemscope=\"itemscope\" itemtype=\"https:\/\/schema.org\/CreativeWork\" ><div class='avia_textblock  '   itemprop=\"text\" ><h2><span style=\"color: #000000;\">Hist\u00f3rico<\/span><\/h2>\n<hr \/>\n<h2><\/h2>\n<\/div><\/section><br \/>\n<section class=\"av_textblock_section \"  itemscope=\"itemscope\" itemtype=\"https:\/\/schema.org\/CreativeWork\" ><div class='avia_textblock  '  style='font-size:15px; '  itemprop=\"text\" ><p style=\"text-align: justify;\"><span style=\"color: #808080;\">A ideia da cria\u00e7\u00e3o do PPGBIO-Intera\u00e7\u00e3o surgiu de uma percep\u00e7\u00e3o de que a Fiocruz Amaz\u00f4nia possu\u00eda capacidade instalada, incluindo infraestrutura e pesquisadores qualificados, para contribuir com a mitiga\u00e7\u00e3o de uma assimetria regional no que tange ao desenvolvimento cient\u00edfico e tecnol\u00f3gico para o enfrentamento de doen\u00e7as infecciosas atrav\u00e9s da forma\u00e7\u00e3o e qualifica\u00e7\u00e3o de pessoas.<\/span><\/p>\n<p style=\"text-align: justify;\"><span style=\"color: #808080;\">Diante desta percep\u00e7\u00e3o, a institui\u00e7\u00e3o debru\u00e7ou-se na elabora\u00e7\u00e3o de uma Proposta de curso novo (APCN) Stricto Sensu na \u00e1rea de Ci\u00eancias Biol\u00f3gicas III, que foi apresentada \u00e0 Coordena\u00e7\u00e3o de Aperfei\u00e7oamento de N\u00edvel Superior (CAPES) no ano de 2016. Esta APCN foi aprovada parcialmente neste mesmo ano, com a aprova\u00e7\u00e3o da instala\u00e7\u00e3o do Programa inicialmente restrito ao n\u00edvel de Mestrado.<\/span><\/p>\n<p style=\"text-align: justify;\"><span style=\"color: #808080;\">A partir da\u00ed, foi elaborada uma Chamada P\u00fablica para realiza\u00e7\u00e3o do primeiro Processo Seletivo do PPGBIO-Intera\u00e7\u00e3o, que culminou com a sele\u00e7\u00e3o e matr\u00edcula de 14 discentes de Mestrado. O Programa ent\u00e3o iniciou suas atividades em mar\u00e7o de 2017.<\/span><\/p>\n<p style=\"text-align: justify;\"><span style=\"color: #808080;\">Ap\u00f3s dois anos de atividades (2017- 2019), foi realizada uma avalia\u00e7\u00e3o interna sobre o andamento do Programa, em especial seus \u00eaxitos, desafios e obst\u00e1culos para atingimento de sua miss\u00e3o e objetivos. Esta avalia\u00e7\u00e3o interna foi realizada tendo como norteador o relat\u00f3rio quadrienal (2013- 2016) da \u00e1rea CBIII, na qual o Programa se classifica, e\u00a0 os dados quantitativos e qualitativos do Programa neste per\u00edodo de dois anos. Durante este processo, foi verificado que a aus\u00eancia do curso no n\u00edvel de Doutorado era um limitante para o pleno atingimento de objetivo principal do PPGBIO-Intera\u00e7\u00e3o, em especial, devido \u00e0 expressiva desigualdade e necessidade de se formar Doutores para a regi\u00e3o.<\/span><\/p>\n<p style=\"text-align: justify;\"><span style=\"color: #808080;\">Diante desta reflex\u00e3o, a Coordena\u00e7\u00e3o do Programa junto a seus docentes, e com anu\u00eancia da Coordena\u00e7\u00e3o Geral da Educa\u00e7\u00e3o da Fiocruz (CGE), elaborou e submeteu, em 2019, a proposta para instala\u00e7\u00e3o do Doutorado no \u00e2mbito do PPGBIO-Intera\u00e7\u00e3o. Esta proposta foi avaliada e aprovada em 2020, culminando na obten\u00e7\u00e3o da nota 4 pelo Programa. No ano seguinte, 2021, deu-se o in\u00edcio do Curso de Doutorado no Programa. Importante salientar que esta aprova\u00e7\u00e3o da oferta do Curso a n\u00edvel de Doutorado deu-se antes mesmo da avalia\u00e7\u00e3o regular (quadrienal) das atividades do PPGBIO-Intera\u00e7\u00e3o pela CAPES.<\/span><\/p>\n<\/div><\/section><\/p><\/div>\n<div class=\"flex_column av_four_fifth  flex_column_div av-zero-column-padding first  avia-builder-el-14  el_after_av_four_fifth  el_before_av_four_fifth  \" style='border-radius:0px; '><section class=\"av_textblock_section \"  itemscope=\"itemscope\" itemtype=\"https:\/\/schema.org\/CreativeWork\" ><div class='avia_textblock  '   itemprop=\"text\" ><h2><span style=\"color: #000000;\">\u2800\u2800\u2800\u2800\u2800\u2800\u2800\u2800\u2800<\/span><\/h2>\n<h2><\/h2>\n<\/div><\/section><br \/>\n<section class=\"av_textblock_section \"  itemscope=\"itemscope\" itemtype=\"https:\/\/schema.org\/CreativeWork\" ><div class='avia_textblock  '   itemprop=\"text\" ><h2><span style=\"color: #000000;\">\u2800\u2800\u2800\u2800\u2800\u2800\u2800\u2800\u2800<\/span><\/h2>\n<h2><\/h2>\n<\/div><\/section><\/p><\/div>\n<div class=\"flex_column av_four_fifth  flex_column_div first  avia-builder-el-17  el_after_av_four_fifth  el_before_av_four_fifth  \" ><p><div  id=\"avia-timeline-1\"  class='avia-timeline-container avia-slideshow-carousel   avia-builder-el-18  el_before_av_textblock  avia-builder-el-first ' avia-data-slides='5'><ul class='avia-timeline avia-timeline-horizontal av-milestone-placement-top avia-timeline-boxshadow avia_animate_when_almost_visible avia-timeline-animate'>\n<li  class='av-milestone av-animated-generic fade-in av-milestone-odd  '><h2 class='av-milestone-date  ' style='font-size:20px; color:#83a846; ' id='milestone-2016'><strong>2016<span class='av-milestone-indicator'style='background-color:#4ecac2; '><\/span><\/strong><\/h2><div class=\"av-milestone-icon-wrap\"><span class='milestone_icon avia-font-fontello' ><span class='milestone_inner' style='background-color:#4ecac2; color:#f9f9f9; '><i class='milestone-char' aria-hidden='true' data-av_icon='\ue8d2' data-av_iconfont='fontello'><\/i><\/span><\/span><\/div><article class='av-milestone-content-wrap'><div class='av-milestone-contentbox' ><div class='av-milestone-content' style='font-size:30px; '><p><img decoding=\"async\" class=\"alignnone wp-image-45119 size-full\" src=\"https:\/\/amazonia.fiocruz.br\/wp-content\/uploads\/2024\/05\/Captura-de-tela-2024-05-22-144818-e1716403868701.png\" alt=\"\" width=\"160\" height=\"75\" \/><\/p>\n<\/div><\/div><footer style='background-color:#4ecac2; ' class='entry-footer'><\/footer><\/article><\/li>\n<li  class='av-milestone av-animated-generic fade-in av-milestone-even  '><h2 class='av-milestone-date  ' style='font-size:20px; color:#83a846; ' id='milestone-2017'><strong>2017<span class='av-milestone-indicator'style='background-color:#5f8789; '><\/span><\/strong><\/h2><div class=\"av-milestone-icon-wrap\"><span class='milestone_icon avia-font-fontello' ><span class='milestone_inner' style='background-color:#5f8789; color:#f9f9f9; '><i class='milestone-char' aria-hidden='true' data-av_icon='\ue8d2' data-av_iconfont='fontello'><\/i><\/span><\/span><\/div><article class='av-milestone-content-wrap'><div class='av-milestone-contentbox' ><div class='av-milestone-content' style='font-size:30px; '><p><img decoding=\"async\" class=\"alignnone size-full wp-image-45122\" src=\"https:\/\/amazonia.fiocruz.br\/wp-content\/uploads\/2024\/05\/Captura-de-tela-2024-05-22-145206-1.png\" alt=\"\" width=\"150\" height=\"81\" \/><\/p>\n<\/div><\/div><footer style='background-color:#5f8789; ' class='entry-footer'><\/footer><\/article><\/li>\n<li  class='av-milestone av-animated-generic fade-in av-milestone-odd  '><h2 class='av-milestone-date  ' style='font-size:20px; color:#83a846; ' id='milestone-2019'><strong>2019<span class='av-milestone-indicator'style='background-color:#83a846; '><\/span><\/strong><\/h2><div class=\"av-milestone-icon-wrap\"><span class='milestone_icon avia-font-fontello' ><span class='milestone_inner' style='background-color:#83a846; color:#f9f9f9; '><i class='milestone-char' aria-hidden='true' data-av_icon='\ue8d2' data-av_iconfont='fontello'><\/i><\/span><\/span><\/div><article class='av-milestone-content-wrap'><div class='av-milestone-contentbox' ><div class='av-milestone-content' style='font-size:30px; '><p><img decoding=\"async\" class=\"alignnone size-full wp-image-45119\" src=\"https:\/\/amazonia.fiocruz.br\/wp-content\/uploads\/2024\/05\/Captura-de-tela-2024-05-22-144818-e1716403868701.png\" alt=\"\" width=\"160\" height=\"75\" \/><\/p>\n<\/div><\/div><footer style='background-color:#83a846; ' class='entry-footer'><\/footer><\/article><\/li>\n<li  class='av-milestone av-animated-generic fade-in av-milestone-even  '><h2 class='av-milestone-date  ' style='font-size:20px; color:#83a846; ' id='milestone-2020'><strong>2020<span class='av-milestone-indicator'style='background-color:#eeee22; '><\/span><\/strong><\/h2><div class=\"av-milestone-icon-wrap\"><span class='milestone_icon avia-font-fontello' ><span class='milestone_inner' style='background-color:#eeee22; color:#f9f9f9; '><i class='milestone-char' aria-hidden='true' data-av_icon='\ue8d2' data-av_iconfont='fontello'><\/i><\/span><\/span><\/div><article class='av-milestone-content-wrap'><div class='av-milestone-contentbox' ><div class='av-milestone-content' style='font-size:30px; '><p><img decoding=\"async\" class=\"alignnone size-full wp-image-45123\" src=\"https:\/\/amazonia.fiocruz.br\/wp-content\/uploads\/2024\/05\/Captura-de-tela-2024-05-22-145512.png\" alt=\"\" width=\"177\" height=\"62\" \/><\/p>\n<\/div><\/div><footer style='background-color:#eeee22; ' class='entry-footer'><\/footer><\/article><\/li>\n<li  class='av-milestone av-animated-generic fade-in av-milestone-odd  '><h2 class='av-milestone-date  ' style='font-size:20px; color:#83a846; ' id='milestone-2021'><strong>2021<span class='av-milestone-indicator'style='background-color:#9b8f23; '><\/span><\/strong><\/h2><div class=\"av-milestone-icon-wrap\"><span class='milestone_icon avia-font-fontello' ><span class='milestone_inner' style='background-color:#9b8f23; color:#f9f9f9; '><i class='milestone-char' aria-hidden='true' data-av_icon='\ue8d2' data-av_iconfont='fontello'><\/i><\/span><\/span><\/div><article class='av-milestone-content-wrap'><div class='av-milestone-contentbox' ><div class='av-milestone-content' style='font-size:30px; '><p><img decoding=\"async\" class=\"alignnone size-full wp-image-45124\" src=\"https:\/\/amazonia.fiocruz.br\/wp-content\/uploads\/2024\/05\/Captura-de-tela-2024-05-22-145615.png\" alt=\"\" width=\"142\" height=\"86\" \/><\/p>\n<\/div><\/div><footer style='background-color:#9b8f23; ' class='entry-footer'><\/footer><\/article><\/li>\n<\/ul><div class='av-timeline-nav '><a href='#prev' class='prev-slide av-timeline-nav-prev'><span aria-hidden='true' data-av_icon='\ue87c' data-av_iconfont='entypo-fontello'>Anterior<\/span><\/a><a href='#next' class='next-slide av-timeline-nav-next'><span aria-hidden='true' data-av_icon='\ue87d' data-av_iconfont='entypo-fontello'>Pr\u00f3ximo<\/span><\/a><\/div><\/div><br \/>\n<section class=\"av_textblock_section \"  itemscope=\"itemscope\" itemtype=\"https:\/\/schema.org\/CreativeWork\" ><div class='avia_textblock  '   itemprop=\"text\" ><p style=\"text-align: justify;\"><span style=\"color: #000000;\">Time Line:<\/span> <span style=\"color: #808080;\">Linha do Tempo de atua\u00e7\u00e3o do Programa de P\u00f3s-gradua\u00e7\u00e3o <em>Stricto Sensu<\/em> em Biologia da Intera\u00e7\u00e3o Pat\u00f3geno Hospedeiro \u2013 PPGBIO-Intera\u00e7\u00e3o do ILMD\/Fiocruz Amaz\u00f4nia<strong>. <\/strong>Fonte: Coordena\u00e7\u00e3o do PPGBIO-Intera\u00e7\u00e3o, Semin\u00e1rio Interno do Ensino do ILMD\/Fiocruz Amaz\u00f4nia, setembro de 2021.<\/span><\/p>\n<\/div><\/section><\/p><\/div>\n<div class=\"flex_column av_four_fifth  flex_column_div av-zero-column-padding first  avia-builder-el-20  el_after_av_four_fifth  el_before_av_four_fifth  \" style='border-radius:0px; '><section class=\"av_textblock_section \"  itemscope=\"itemscope\" itemtype=\"https:\/\/schema.org\/CreativeWork\" ><div class='avia_textblock  '   itemprop=\"text\" ><h2><span style=\"color: #000000;\">\u2800\u2800\u2800\u2800\u2800\u2800\u2800\u2800\u2800<\/span><\/h2>\n<h2><\/h2>\n<\/div><\/section><br \/>\n<section class=\"av_textblock_section \"  itemscope=\"itemscope\" itemtype=\"https:\/\/schema.org\/CreativeWork\" ><div class='avia_textblock  '   itemprop=\"text\" ><h2><span style=\"color: #000000;\">\u2800\u2800\u2800\u2800\u2800\u2800\u2800\u2800\u2800<\/span><\/h2>\n<h2><\/h2>\n<\/div><\/section><\/p><\/div>\n<div class=\"flex_column av_four_fifth  flex_column_div av-zero-column-padding first  avia-builder-el-23  el_after_av_four_fifth  el_before_av_four_fifth  \" style='border-radius:0px; ' id=\"area\" ><section class=\"av_textblock_section \"  itemscope=\"itemscope\" itemtype=\"https:\/\/schema.org\/CreativeWork\" ><div class='avia_textblock  '   itemprop=\"text\" ><h2><span class=\"TextRun SCXP257780221 BCX2\" lang=\"PT-BR\" style=\"color: #000000;\" xml:lang=\"PT-BR\" data-usefontface=\"false\" data-contrast=\"none\"><span class=\"NormalTextRun SCXP257780221 BCX2\"><span class=\"TextRun SCXP89698651 BCX2\" lang=\"PT-BR\" xml:lang=\"PT-BR\" data-usefontface=\"false\" data-contrast=\"none\"><span class=\"NormalTextRun SCXP89698651 BCX2\">\u00c1rea de Concentra\u00e7\u00e3o e Linhas de Pesquisa<\/span><\/span><\/span><\/span><\/h2>\n<hr \/>\n<h2><\/h2>\n<\/div><\/section><br \/>\n<section class=\"av_textblock_section \"  itemscope=\"itemscope\" itemtype=\"https:\/\/schema.org\/CreativeWork\" ><div class='avia_textblock  '   itemprop=\"text\" ><p style=\"text-align: justify;\"><span style=\"color: #808080;\"><span style=\"color: #000000;\">\u00c1rea de concentra\u00e7\u00e3o:<\/span> <\/span><\/p>\n<p style=\"text-align: justify;\"><span style=\"color: #808080;\">Biologia da Intera\u00e7\u00e3o Pat\u00f3geno Hospedeiro<\/span><\/p>\n<p><span data-olk-copy-source=\"MessageBody\">1- Eco-epidemiologia das Doen\u00e7as Transmiss\u00edveis:<\/span><br \/>\n<span style=\"color: #808080;\">A <span class=\"markhogluc126\" data-markjs=\"true\" data-ogac=\"\" data-ogab=\"\" data-ogsc=\"\" data-ogsb=\"\">linha<\/span> abordar\u00e1 pesquisas que investiguem a influ\u00eancia das altera\u00e7\u00f5es antr\u00f3picas, ambientais e clim\u00e1ticas no perfil epidemiol\u00f3gico das doen\u00e7as e na din\u00e2mica da transmiss\u00e3o dos pat\u00f3genos. Ela tamb\u00e9m contemplar\u00e1 estudos que investiguem a biodiversidade dos organismos hospedeiros e dos agentes patog\u00eanicos e a compreens\u00e3o dos fatores ecol\u00f3gicos, biol\u00f3gicos e comportamentais. Ainda nesta <span class=\"markhogluc126\" data-markjs=\"true\" data-ogac=\"\" data-ogab=\"\" data-ogsc=\"\" data-ogsb=\"\">linha<\/span>, outros estudos abordar\u00e3o os fatores cl\u00ednicos e\/ou biol\u00f3gicos associados \u00e0 aplica\u00e7\u00e3o de m\u00e9todos de preven\u00e7\u00e3o e\/ou controle das doen\u00e7as transmiss\u00edveis, bem como a investiga\u00e7\u00e3o de determinantes epidemiol\u00f3gicos e fisiopatol\u00f3gicos associados aos agravos das doen\u00e7as infecto-parasit\u00e1rias<\/span><\/p>\n<p><span data-olk-copy-source=\"MessageBody\">2 &#8211; Bioqu\u00edmica, Biologia Celular e Molecular de Pat\u00f3genos e seus Hospedeiros:<\/span><br \/>\nA <span class=\"markhogluc126\" data-markjs=\"true\" data-ogac=\"\" data-ogab=\"\" data-ogsc=\"\" data-ogsb=\"\">linha<\/span> abordar\u00e1 estudos que investiguem mecanismos celulares e moleculares associados na intera\u00e7\u00e3o parasito-hospedeiro. A <span class=\"markhogluc126\" data-markjs=\"true\" data-ogac=\"\" data-ogab=\"\" data-ogsc=\"\" data-ogsb=\"\">linha<\/span> compreender\u00e1 estudos que utilizem metodologias tradicionais e de alto desempenho, como as ci\u00eancias \u00f4micas.\u00a0 Esta <span class=\"markhogluc126\" data-markjs=\"true\" data-ogac=\"\" data-ogab=\"\" data-ogsc=\"\" data-ogsb=\"\">linha<\/span> abordar\u00e1 tamb\u00e9m pesquisas aplicadas para o desenvolvimento de metodologias e insumos de diagn\u00f3stico molecular e imunol\u00f3gicos de agentes infecciosos, bem como a busca de princ\u00edpios ativos como potenciais agentes vacinais e terap\u00eauticos.<\/p>\n<p style=\"text-align: justify;\"><span class=\"TextRun SCXP257780221 BCX2\" lang=\"PT-BR\" style=\"color: #808080;\" xml:lang=\"PT-BR\" data-usefontface=\"false\" data-contrast=\"none\"><span class=\"NormalTextRun SCXP257780221 BCX2\">\u00a0<\/span><\/span><\/p>\n<\/div><\/section><\/p><\/div>\n<div class=\"flex_column av_four_fifth  flex_column_div av-zero-column-padding first  avia-builder-el-26  el_after_av_four_fifth  el_before_av_four_fifth  \" style='border-radius:0px; '><section class=\"av_textblock_section \"  itemscope=\"itemscope\" itemtype=\"https:\/\/schema.org\/CreativeWork\" ><div class='avia_textblock  '   itemprop=\"text\" ><h2><span style=\"color: #000000;\">\u2800\u2800\u2800\u2800\u2800\u2800\u2800\u2800\u2800<\/span><\/h2>\n<h2><\/h2>\n<\/div><\/section><br \/>\n<section class=\"av_textblock_section \"  itemscope=\"itemscope\" itemtype=\"https:\/\/schema.org\/CreativeWork\" ><div class='avia_textblock  '   itemprop=\"text\" ><h2><span style=\"color: #000000;\">\u2800\u2800\u2800\u2800\u2800\u2800\u2800\u2800\u2800<\/span><\/h2>\n<h2><\/h2>\n<\/div><\/section><\/p><\/div>\n<div class=\"flex_column av_four_fifth  flex_column_div av-zero-column-padding first  avia-builder-el-29  el_after_av_four_fifth  el_before_av_four_fifth  \" style='border-radius:0px; ' id=\"coordenacao\" ><section class=\"av_textblock_section \"  itemscope=\"itemscope\" itemtype=\"https:\/\/schema.org\/CreativeWork\" ><div class='avia_textblock  '   itemprop=\"text\" ><h2><span class=\"TextRun SCXP257780221 BCX2\" lang=\"PT-BR\" style=\"color: #000000;\" xml:lang=\"PT-BR\" data-usefontface=\"false\" data-contrast=\"none\"><span class=\"NormalTextRun SCXP257780221 BCX2\">Coordena\u00e7\u00e3o do Curso<\/span><\/span><\/h2>\n<hr \/>\n<h2><\/h2>\n<\/div><\/section><br \/>\n<section class=\"av_textblock_section \"  itemscope=\"itemscope\" itemtype=\"https:\/\/schema.org\/CreativeWork\" ><div class='avia_textblock  '   itemprop=\"text\" ><p><span class=\"TextRun SCXP257780221 BCX2\" lang=\"PT-BR\" xml:lang=\"PT-BR\" data-usefontface=\"false\" data-contrast=\"none\"><span class=\"NormalTextRun SCXP257780221 BCX2\">\u00a0<\/span><\/span><\/p>\n<\/div><\/section><br \/>\n<div   data-autoplay='1'  data-interval='4'  data-animation='fade'  data-hoverpause='1'  class='avia-testimonial-wrapper avia-grid-testimonials avia-grid-4-testimonials avia_animate_when_almost_visible   '>\n<section class ='avia-testimonial-row'><div class='avia-testimonial av_one_fourth flex_column no_margin avia-testimonial-row-1 avia-first-testimonial' ><div class='avia-testimonial_inner'  itemscope=\"itemscope\" itemtype=\"https:\/\/schema.org\/CreativeWork\" ><div class='avia-testimonial-image'  itemprop=\"image\"  style='background-image:url(https:\/\/amazonia.fiocruz.br\/wp-content\/uploads\/2024\/06\/Imagem1-1.jpg);'><\/div><div class='avia-testimonial-content '  ><div class='avia-testimonial-markup-entry-content'  itemprop=\"text\" ><\/div><\/div><div class='avia-testimonial-meta'><div class='avia-testimonial-arrow-wrap'><div class='avia-arrow'><\/div><\/div><div class='avia-testimonial-meta-mini'  itemprop=\"author\" itemscope=\"itemscope\" itemtype=\"https:\/\/schema.org\/Person\" ><strong  class='avia-testimonial-name'    itemprop=\"name\" >Priscila Ferreira de Aquino<\/strong><span  class='avia-testimonial-subtitle '    itemprop=\"jobTitle\" >Coordenadora<\/span><\/div><\/div><\/div><\/div>\n<div class='avia-testimonial av_one_fourth flex_column no_margin avia-testimonial-row-1 ' ><div class='avia-testimonial_inner'  itemscope=\"itemscope\" itemtype=\"https:\/\/schema.org\/CreativeWork\" ><div class='avia-testimonial-image'  itemprop=\"image\"  style='background-image:url(https:\/\/amazonia.fiocruz.br\/wp-content\/uploads\/2024\/06\/Imagem3-1.jpg);'><\/div><div class='avia-testimonial-content '  ><div class='avia-testimonial-markup-entry-content'  itemprop=\"text\" ><\/div><\/div><div class='avia-testimonial-meta'><div class='avia-testimonial-arrow-wrap'><div class='avia-arrow'><\/div><\/div><div class='avia-testimonial-meta-mini'  itemprop=\"author\" itemscope=\"itemscope\" itemtype=\"https:\/\/schema.org\/Person\" ><strong  class='avia-testimonial-name'    itemprop=\"name\" >Claudia Mar\u00eda R\u00edos Vel\u00e1squez<\/strong><span  class='avia-testimonial-subtitle '    itemprop=\"jobTitle\" >Vice Coordenadora<\/span><\/div><\/div><\/div><\/div>\n<div class='avia-testimonial av_one_fourth flex_column no_margin avia-testimonial-row-1 ' ><div class='avia-testimonial_inner'  itemscope=\"itemscope\" itemtype=\"https:\/\/schema.org\/CreativeWork\" ><div class='avia-testimonial-image'  itemprop=\"image\"  style='background-image:url(https:\/\/amazonia.fiocruz.br\/wp-content\/uploads\/2017\/05\/lee.png);'><\/div><div class='avia-testimonial-content '  ><div class='avia-testimonial-markup-entry-content'  itemprop=\"text\" ><\/div><\/div><div class='avia-testimonial-meta'><div class='avia-testimonial-arrow-wrap'><div class='avia-arrow'><\/div><\/div><div class='avia-testimonial-meta-mini'  itemprop=\"author\" itemscope=\"itemscope\" itemtype=\"https:\/\/schema.org\/Person\" ><strong  class='avia-testimonial-name'    itemprop=\"name\" >James Lee Crainey<\/strong><span  class='avia-testimonial-subtitle '    itemprop=\"jobTitle\" >Membro Titular<\/span><\/div><\/div><\/div><\/div>\n<div class='avia-testimonial av_one_fourth flex_column no_margin avia-testimonial-row-1 avia-last-testimonial' ><div class='avia-testimonial_inner'  itemscope=\"itemscope\" itemtype=\"https:\/\/schema.org\/CreativeWork\" ><div class='avia-testimonial-image'  itemprop=\"image\"  style='background-image:url(https:\/\/amazonia.fiocruz.br\/wp-content\/uploads\/2024\/06\/Imagem14.png);'><\/div><div class='avia-testimonial-content '  ><div class='avia-testimonial-markup-entry-content'  itemprop=\"text\" ><\/div><\/div><div class='avia-testimonial-meta'><div class='avia-testimonial-arrow-wrap'><div class='avia-arrow'><\/div><\/div><div class='avia-testimonial-meta-mini'  itemprop=\"author\" itemscope=\"itemscope\" itemtype=\"https:\/\/schema.org\/Person\" ><strong  class='avia-testimonial-name'    itemprop=\"name\" >Felipe Arley Costa Pessoa<\/strong><span  class='avia-testimonial-subtitle '    itemprop=\"jobTitle\" >Membro Titular<\/span><\/div><\/div><\/div><\/div><\/section>\n<section class ='avia-testimonial-row'><div class='avia-testimonial av_one_fourth flex_column no_margin avia-testimonial-row-2 avia-first-testimonial' ><div class='avia-testimonial_inner'  itemscope=\"itemscope\" itemtype=\"https:\/\/schema.org\/CreativeWork\" ><div class='avia-testimonial-image'  itemprop=\"image\"  style='background-image:url(https:\/\/amazonia.fiocruz.br\/wp-content\/uploads\/2025\/09\/Elerson-180x180.jpg);'><\/div><div class='avia-testimonial-content '  ><div class='avia-testimonial-markup-entry-content'  itemprop=\"text\" ><\/div><\/div><div class='avia-testimonial-meta'><div class='avia-testimonial-arrow-wrap'><div class='avia-arrow'><\/div><\/div><div class='avia-testimonial-meta-mini'  itemprop=\"author\" itemscope=\"itemscope\" itemtype=\"https:\/\/schema.org\/Person\" ><strong  class='avia-testimonial-name'    itemprop=\"name\" >Elerson Matos Rocha<\/strong><span  class='avia-testimonial-subtitle '    itemprop=\"jobTitle\" >Membro Suplente<\/span><\/div><\/div><\/div><\/div>\n<div class='avia-testimonial av_one_fourth flex_column no_margin avia-testimonial-row-2 ' ><div class='avia-testimonial_inner'  itemscope=\"itemscope\" itemtype=\"https:\/\/schema.org\/CreativeWork\" ><div class='avia-testimonial-image'  itemprop=\"image\"  style='background-image:url(https:\/\/amazonia.fiocruz.br\/wp-content\/uploads\/2026\/02\/Simone-180x180.jpg);'><\/div><div class='avia-testimonial-content '  ><div class='avia-testimonial-markup-entry-content'  itemprop=\"text\" ><\/div><\/div><div class='avia-testimonial-meta'><div class='avia-testimonial-arrow-wrap'><div class='avia-arrow'><\/div><\/div><div class='avia-testimonial-meta-mini'  itemprop=\"author\" itemscope=\"itemscope\" itemtype=\"https:\/\/schema.org\/Person\" ><strong  class='avia-testimonial-name'    itemprop=\"name\" >Simone Silveira <\/strong><span  class='avia-testimonial-subtitle '    itemprop=\"jobTitle\" >Membro Suplente<\/span><\/div><\/div><\/div><\/div>\n<\/section><\/div><br \/>\n<section class=\"av_textblock_section \"  itemscope=\"itemscope\" itemtype=\"https:\/\/schema.org\/CreativeWork\" ><div class='avia_textblock  '   itemprop=\"text\" ><p>Per\u00edodo de vig\u00eancia: 6 de abril de 2026 a 6 de abril de 2030 (Portaria N\u00ba 99\/2026)<\/p>\n<\/div><\/section><\/p><\/div><div class=\"flex_column av_four_fifth  flex_column_div av-zero-column-padding first  avia-builder-el-34  el_after_av_four_fifth  el_before_av_four_fifth  \" style='border-radius:0px; '><section class=\"av_textblock_section \"  itemscope=\"itemscope\" itemtype=\"https:\/\/schema.org\/CreativeWork\" ><div class='avia_textblock  '   itemprop=\"text\" ><h2><span style=\"color: #000000;\">\u2800\u2800\u2800\u2800\u2800\u2800\u2800\u2800\u2800<\/span><\/h2>\n<h2><\/h2>\n<\/div><\/section><br \/>\n<section class=\"av_textblock_section \"  itemscope=\"itemscope\" itemtype=\"https:\/\/schema.org\/CreativeWork\" ><div class='avia_textblock  '   itemprop=\"text\" ><h2><span style=\"color: #000000;\">\u2800\u2800\u2800\u2800\u2800\u2800\u2800\u2800\u2800<\/span><\/h2>\n<h2><\/h2>\n<\/div><\/section><\/p><\/div><\/p>\n<div class=\"flex_column av_four_fifth  flex_column_div av-zero-column-padding first  avia-builder-el-37  el_after_av_four_fifth  el_before_av_four_fifth  \" style='border-radius:0px; ' id=\"coordenacao\" ><section class=\"av_textblock_section \"  itemscope=\"itemscope\" itemtype=\"https:\/\/schema.org\/CreativeWork\" ><div class='avia_textblock  '   itemprop=\"text\" ><h2><span style=\"color: #000000;\"><strong>Representante discente &#8211; mestrado:<\/strong><\/span><\/h2>\n<hr \/>\n<h2><span class=\"TextRun SCXP257780221 BCX2\" lang=\"PT-BR\" xml:lang=\"PT-BR\" data-usefontface=\"false\" data-contrast=\"none\"><span class=\"NormalTextRun SCXP257780221 BCX2\">\u00a0<\/span><\/span><\/h2>\n<\/div><\/section><br \/>\n<section class=\"av_textblock_section \"  itemscope=\"itemscope\" itemtype=\"https:\/\/schema.org\/CreativeWork\" ><div class='avia_textblock  '   itemprop=\"text\" ><p><span class=\"TextRun SCXP257780221 BCX2\" lang=\"PT-BR\" xml:lang=\"PT-BR\" data-usefontface=\"false\" data-contrast=\"none\"><span class=\"NormalTextRun SCXP257780221 BCX2\">\u00a0<\/span><\/span><\/p>\n<\/div><\/section><br \/>\n<div   data-autoplay='1'  data-interval='4'  data-animation='fade'  data-hoverpause='1'  class='avia-testimonial-wrapper avia-grid-testimonials avia-grid-4-testimonials avia_animate_when_almost_visible   '>\n<section class ='avia-testimonial-row'><div class='avia-testimonial av_one_fourth flex_column no_margin avia-testimonial-row-1 avia-first-testimonial' ><div class='avia-testimonial_inner'  itemscope=\"itemscope\" itemtype=\"https:\/\/schema.org\/CreativeWork\" ><div class='avia-testimonial-image'  itemprop=\"image\"  style='background-image:url(https:\/\/amazonia.fiocruz.br\/wp-content\/uploads\/2024\/06\/Imagem4-1.jpg);'><\/div><div class='avia-testimonial-content '  ><div class='avia-testimonial-markup-entry-content'  itemprop=\"text\" ><\/div><\/div><div class='avia-testimonial-meta'><div class='avia-testimonial-arrow-wrap'><div class='avia-arrow'><\/div><\/div><div class='avia-testimonial-meta-mini'  itemprop=\"author\" itemscope=\"itemscope\" itemtype=\"https:\/\/schema.org\/Person\" ><strong  class='avia-testimonial-name'    itemprop=\"name\" >Rondienny Andrade Filgueiras<\/strong><span  class='avia-testimonial-subtitle '    itemprop=\"jobTitle\" >Membro Titular<\/span><\/div><\/div><\/div><\/div>\n<div class='avia-testimonial av_one_fourth flex_column no_margin avia-testimonial-row-1 ' ><div class='avia-testimonial_inner'  itemscope=\"itemscope\" itemtype=\"https:\/\/schema.org\/CreativeWork\" ><div class='avia-testimonial-image'  itemprop=\"image\"  style='background-image:url(https:\/\/amazonia.fiocruz.br\/wp-content\/uploads\/2024\/06\/Imagem5-1-180x180.jpg);'><\/div><div class='avia-testimonial-content '  ><div class='avia-testimonial-markup-entry-content'  itemprop=\"text\" ><\/div><\/div><div class='avia-testimonial-meta'><div class='avia-testimonial-arrow-wrap'><div class='avia-arrow'><\/div><\/div><div class='avia-testimonial-meta-mini'  itemprop=\"author\" itemscope=\"itemscope\" itemtype=\"https:\/\/schema.org\/Person\" ><strong  class='avia-testimonial-name'    itemprop=\"name\" >Victor Calebe Alves da Costa<\/strong><span  class='avia-testimonial-subtitle '    itemprop=\"jobTitle\" >Membro Suplente <\/span><\/div><\/div><\/div><\/div>\n<\/section><\/div><br \/>\n<section class=\"av_textblock_section \"  itemscope=\"itemscope\" itemtype=\"https:\/\/schema.org\/CreativeWork\" ><div class='avia_textblock  '   itemprop=\"text\" ><p><span style=\"color: #808080;\">Per\u00edodo de vig\u00eancia: 25 de abril de 2024 a 25 de abril de 2025 (Portaria N\u00ba 87\/2024)<\/span><\/p>\n<\/div><\/section><\/p><\/div>\n<div class=\"flex_column av_four_fifth  flex_column_div av-zero-column-padding first  avia-builder-el-42  el_after_av_four_fifth  el_before_av_four_fifth  \" style='border-radius:0px; '><section class=\"av_textblock_section \"  itemscope=\"itemscope\" itemtype=\"https:\/\/schema.org\/CreativeWork\" ><div class='avia_textblock  '   itemprop=\"text\" ><h2><span style=\"color: #000000;\">\u2800\u2800\u2800\u2800\u2800\u2800\u2800\u2800\u2800<\/span><\/h2>\n<h2><\/h2>\n<\/div><\/section><br \/>\n<section class=\"av_textblock_section \"  itemscope=\"itemscope\" itemtype=\"https:\/\/schema.org\/CreativeWork\" ><div class='avia_textblock  '   itemprop=\"text\" ><h2><span style=\"color: #000000;\">\u2800\u2800\u2800\u2800\u2800\u2800\u2800\u2800\u2800<\/span><\/h2>\n<h2><\/h2>\n<\/div><\/section><\/p><\/div>\n<div class=\"flex_column av_four_fifth  flex_column_div first  avia-builder-el-45  el_after_av_four_fifth  el_before_av_four_fifth  \" ><section class=\"av_textblock_section \"  itemscope=\"itemscope\" itemtype=\"https:\/\/schema.org\/CreativeWork\" ><div class='avia_textblock  '   itemprop=\"text\" ><h2><span style=\"color: #000000;\"><strong>Representante discente &#8211; doutorado:<\/strong><\/span><\/h2>\n<hr \/>\n<h2><span class=\"TextRun SCXP257780221 BCX2\" lang=\"PT-BR\" xml:lang=\"PT-BR\" data-usefontface=\"false\" data-contrast=\"none\"><span class=\"NormalTextRun SCXP257780221 BCX2\">\u00a0<\/span><\/span><\/h2>\n<\/div><\/section><br \/>\n<div   data-autoplay='1'  data-interval='4'  data-animation='fade'  data-hoverpause='1'  class='avia-testimonial-wrapper avia-grid-testimonials avia-grid-4-testimonials avia_animate_when_almost_visible   '>\n<section class ='avia-testimonial-row'><div class='avia-testimonial av_one_fourth flex_column no_margin avia-testimonial-row-1 avia-first-testimonial' ><div class='avia-testimonial_inner'  itemscope=\"itemscope\" itemtype=\"https:\/\/schema.org\/CreativeWork\" ><div class='avia-testimonial-image'  itemprop=\"image\"  style='background-image:url(https:\/\/amazonia.fiocruz.br\/wp-content\/uploads\/2026\/04\/Victor-Calebe-180x180.jpeg);'><\/div><div class='avia-testimonial-content '  ><div class='avia-testimonial-markup-entry-content'  itemprop=\"text\" ><\/div><\/div><div class='avia-testimonial-meta'><div class='avia-testimonial-arrow-wrap'><div class='avia-arrow'><\/div><\/div><div class='avia-testimonial-meta-mini'  itemprop=\"author\" itemscope=\"itemscope\" itemtype=\"https:\/\/schema.org\/Person\" ><strong  class='avia-testimonial-name'    itemprop=\"name\" >Victor Calebe Alves da Costa<\/strong><span  class='avia-testimonial-subtitle '    itemprop=\"jobTitle\" >Membro Titular <\/span><\/div><\/div><\/div><\/div>\n<div class='avia-testimonial av_one_fourth flex_column no_margin avia-testimonial-row-1 ' ><div class='avia-testimonial_inner'  itemscope=\"itemscope\" itemtype=\"https:\/\/schema.org\/CreativeWork\" ><div class='avia-testimonial-image'  itemprop=\"image\"  style='background-image:url(https:\/\/amazonia.fiocruz.br\/wp-content\/uploads\/2026\/04\/Ana-Carolina.png);'><\/div><div class='avia-testimonial-content '  ><div class='avia-testimonial-markup-entry-content'  itemprop=\"text\" ><\/div><\/div><div class='avia-testimonial-meta'><div class='avia-testimonial-arrow-wrap'><div class='avia-arrow'><\/div><\/div><div class='avia-testimonial-meta-mini'  itemprop=\"author\" itemscope=\"itemscope\" itemtype=\"https:\/\/schema.org\/Person\" ><strong  class='avia-testimonial-name'    itemprop=\"name\" >Ana Carolina Monteiro Ferreira<\/strong><span  class='avia-testimonial-subtitle '    itemprop=\"jobTitle\" >Membro Suplente <\/span><\/div><\/div><\/div><\/div>\n<\/section><\/div><br \/>\n<section class=\"av_textblock_section \"  itemscope=\"itemscope\" itemtype=\"https:\/\/schema.org\/CreativeWork\" ><div class='avia_textblock  '   itemprop=\"text\" ><p><span style=\"color: #808080;\">Per\u00edodo de vig\u00eancia: 26 de abril de 2026 a 26 de abril de 2028 (Portaria N\u00ba 102\/2026)<\/span><\/p>\n<h2><span class=\"TextRun SCXP257780221 BCX2\" lang=\"PT-BR\" xml:lang=\"PT-BR\" data-usefontface=\"false\" data-contrast=\"none\"><span class=\"NormalTextRun SCXP257780221 BCX2\">\u00a0<\/span><\/span><\/h2>\n<\/div><\/section><\/p><\/div><div class=\"flex_column av_four_fifth  flex_column_div av-zero-column-padding first  avia-builder-el-49  el_after_av_four_fifth  el_before_av_four_fifth  \" style='border-radius:0px; '><section class=\"av_textblock_section \"  itemscope=\"itemscope\" itemtype=\"https:\/\/schema.org\/CreativeWork\" ><div class='avia_textblock  '   itemprop=\"text\" ><h2><span style=\"color: #000000;\">\u2800\u2800\u2800\u2800\u2800\u2800\u2800\u2800\u2800<\/span><\/h2>\n<h2><\/h2>\n<\/div><\/section><br \/>\n<section class=\"av_textblock_section \"  itemscope=\"itemscope\" itemtype=\"https:\/\/schema.org\/CreativeWork\" ><div class='avia_textblock  '   itemprop=\"text\" ><h2><span style=\"color: #000000;\">\u2800\u2800\u2800\u2800\u2800\u2800\u2800\u2800\u2800<\/span><\/h2>\n<h2><\/h2>\n<\/div><\/section><\/p><\/div><\/p>\n<div class=\"flex_column av_four_fifth  flex_column_div first  avia-builder-el-52  el_after_av_four_fifth  el_before_av_four_fifth  \" ><section class=\"av_textblock_section \"  itemscope=\"itemscope\" itemtype=\"https:\/\/schema.org\/CreativeWork\" ><div class='avia_textblock  '   itemprop=\"text\" ><h2><span style=\"color: #000000;\"><strong>Contatos<\/strong><\/span><\/h2>\n<hr \/>\n<h2><span class=\"TextRun SCXP257780221 BCX2\" lang=\"PT-BR\" xml:lang=\"PT-BR\" data-usefontface=\"false\" data-contrast=\"none\"><span class=\"NormalTextRun SCXP257780221 BCX2\">\u00a0<\/span><\/span><\/h2>\n<\/div><\/section><br \/>\n<section class=\"av_textblock_section \"  itemscope=\"itemscope\" itemtype=\"https:\/\/schema.org\/CreativeWork\" ><div class='avia_textblock  '   itemprop=\"text\" ><p><span style=\"color: #000000;\">Secretaria acad\u00eamica \u2013 SECA:<\/span><\/p>\n<p><span style=\"color: #808080;\">seca.ilmd@fiocruz.br<\/span><br \/>\n<span style=\"color: #808080;\"> (92) 3621-2350\/ (92) 3621-2302<\/span><\/p>\n<p><span style=\"color: #000000;\">Servi\u00e7o de P\u00f3s-Gradua\u00e7\u00e3o \u2013\u00a0POSGRAD:<\/span><\/p>\n<p><span style=\"color: #808080;\">posgrad.ilmd@fiocruz.br<\/span><br \/>\n<span class=\"TextRun SCXP257780221 BCX2\" lang=\"PT-BR\" style=\"color: #808080;\" xml:lang=\"PT-BR\" data-usefontface=\"false\" data-contrast=\"none\"> <span class=\"NormalTextRun SCXP257780221 BCX2\">(92) 3621-2357\/2375<\/span><\/span><\/p>\n<\/div><\/section><\/p><\/div>\n<div class=\"flex_column av_four_fifth  flex_column_div first  avia-builder-el-55  el_after_av_four_fifth  el_before_av_four_fifth  \" ><section class=\"av_textblock_section \"  itemscope=\"itemscope\" itemtype=\"https:\/\/schema.org\/CreativeWork\" ><div class='avia_textblock  '   itemprop=\"text\" ><h2><span style=\"color: #000000;\">\u2800\u2800\u2800\u2800\u2800\u2800\u2800\u2800\u2800<\/span><\/h2>\n<h2><\/h2>\n<\/div><\/section><br \/>\n<section class=\"av_textblock_section \"  itemscope=\"itemscope\" itemtype=\"https:\/\/schema.org\/CreativeWork\" ><div class='avia_textblock  '   itemprop=\"text\" ><h2><span style=\"color: #000000;\">\u2800\u2800\u2800\u2800\u2800\u2800\u2800\u2800\u2800<\/span><\/h2>\n<h2><\/h2>\n<\/div><\/section><\/p><\/div>\n<div class=\"flex_column av_four_fifth  flex_column_div av-zero-column-padding first  avia-builder-el-58  el_after_av_four_fifth  el_before_av_one_fourth  \" style='border-radius:0px; ' id=\"marca\" ><section class=\"av_textblock_section \"  itemscope=\"itemscope\" itemtype=\"https:\/\/schema.org\/CreativeWork\" ><div class='avia_textblock  '   itemprop=\"text\" ><h2><span class=\"TextRun SCXP257780221 BCX2\" lang=\"PT-BR\" style=\"color: #000000;\" xml:lang=\"PT-BR\" data-usefontface=\"false\" data-contrast=\"none\"><span class=\"NormalTextRun SCXP257780221 BCX2\">Marca do Programa<\/span><\/span><\/h2>\n<hr \/>\n<h2><\/h2>\n<\/div><\/section><\/div>\n<div class=\"flex_column av_one_fourth  flex_column_div av-zero-column-padding first  avia-builder-el-60  el_after_av_four_fifth  el_before_av_three_fifth  \" style='border-radius:0px; '><div  class='avia-image-container  av-styling-circle    avia-builder-el-61  avia-builder-el-no-sibling  avia-align-center '  itemprop=\"image\" itemscope=\"itemscope\" itemtype=\"https:\/\/schema.org\/ImageObject\"  ><div class='avia-image-container-inner'><div class='avia-image-overlay-wrap'><img decoding=\"async\" class='wp-image-44454 avia-img-lazy-loading-not-44454 avia_image' src=\"https:\/\/amazonia.fiocruz.br\/wp-content\/uploads\/2024\/05\/4.-JPG-IMAGEM-PPG-BIO-INTERACAO-1.jpg\" alt='' title='4. JPG IMAGEM PPG BIO INTERA\u00c7\u00c3O (1)' height=\"1000\" width=\"1000\"  itemprop=\"thumbnailUrl\" srcset=\"https:\/\/amazonia.fiocruz.br\/wp-content\/uploads\/2024\/05\/4.-JPG-IMAGEM-PPG-BIO-INTERACAO-1.jpg 1000w, https:\/\/amazonia.fiocruz.br\/wp-content\/uploads\/2024\/05\/4.-JPG-IMAGEM-PPG-BIO-INTERACAO-1-300x300.jpg 300w, https:\/\/amazonia.fiocruz.br\/wp-content\/uploads\/2024\/05\/4.-JPG-IMAGEM-PPG-BIO-INTERACAO-1-80x80.jpg 80w, https:\/\/amazonia.fiocruz.br\/wp-content\/uploads\/2024\/05\/4.-JPG-IMAGEM-PPG-BIO-INTERACAO-1-768x768.jpg 768w, https:\/\/amazonia.fiocruz.br\/wp-content\/uploads\/2024\/05\/4.-JPG-IMAGEM-PPG-BIO-INTERACAO-1-36x36.jpg 36w, https:\/\/amazonia.fiocruz.br\/wp-content\/uploads\/2024\/05\/4.-JPG-IMAGEM-PPG-BIO-INTERACAO-1-180x180.jpg 180w, https:\/\/amazonia.fiocruz.br\/wp-content\/uploads\/2024\/05\/4.-JPG-IMAGEM-PPG-BIO-INTERACAO-1-705x705.jpg 705w\" sizes=\"(max-width: 1000px) 100vw, 1000px\" \/><\/div><\/div><\/div><\/div>\n<div class=\"flex_column av_three_fifth  flex_column_div av-zero-column-padding   avia-builder-el-62  el_after_av_one_fourth  el_before_av_four_fifth  \" style='border-radius:0px; '><section class=\"av_textblock_section \"  itemscope=\"itemscope\" itemtype=\"https:\/\/schema.org\/CreativeWork\" ><div class='avia_textblock  '   itemprop=\"text\" ><p style=\"text-align: justify;\"><span style=\"color: #808080;\">O conceito da imagem \u00e9 caracterizado pela sua repeti\u00e7\u00e3o regular, muitas vezes seguindo um padr\u00e3o espec\u00edfico. Eles podem ser influenciados por uma variedade de fatores internos e externos, nesse contexto a marca do PPGBIO-Intera\u00e7\u00e3o foi feita a partir de s\u00edmbolos que representam as diferentes interfaces do estudo de pat\u00f3genos no estado do Amazonas. Assim os s\u00edmbolos s\u00e3o:<\/span><\/p>\n<ul>\n<li style=\"text-align: justify;\"><span style=\"color: #808080;\">Hospedeiro humano, tamb\u00e9m considerado hospedeiro definitivo, onde os pat\u00f3genos se desenvolvem.<\/span><\/li>\n<li style=\"text-align: justify;\"><span style=\"color: #808080;\">Pat\u00f3genos s\u00e3o os organismos microsc\u00f3picos, como uma bact\u00e9ria, v\u00edrus, fungo ou parasita, que causam doen\u00e7as em seres vivos.<\/span><\/li>\n<li style=\"text-align: justify;\"><span style=\"color: #808080;\">Hospedeiros n\u00e3o humanos ou hospedeiros reservat\u00f3rios os quais mant\u00e9m fontes ex\u00f3genas de infec\u00e7\u00f5es.<\/span><\/li>\n<li style=\"text-align: justify;\"><span style=\"color: #808080;\">Vetores s\u00e3o os organismos que transmitem agentes infecciosos ou parasitas de um hospedeiro para outro.<\/span><\/li>\n<li style=\"text-align: justify;\"><span style=\"color: #808080;\">Tanto o DNA quanto o RNA de agentes infecciosos desempenham pap\u00e9is essenciais em seu ciclo de vida, replica\u00e7\u00e3o e na resposta imunol\u00f3gica do hospedeiro. Compreender a estrutura gen\u00e9tica desses organismos \u00e9 fundamental para o desenvolvimento de estrat\u00e9gias eficazes de preven\u00e7\u00e3o, diagn\u00f3stico e tratamento das doen\u00e7as tropicais.<\/span><\/li>\n<\/ul>\n<\/div><\/section><br \/>\n<div  class='avia-buttonrow-wrap avia-buttonrow-left   avia-builder-el-64  el_after_av_textblock  avia-builder-el-last '>\n<a href='https:\/\/amazonia.fiocruz.br\/wp-content\/uploads\/2024\/05\/1.-Manual-de-Aplicacao-PPGBIO-INTERACAO.pdf'  class='avia-button  avia-color-theme-color  avia-icon_select-yes-left-icon avia-size-small '  style='margin-bottom:5px; margin-right:5px; ' ><span class='avia_button_icon avia_button_icon_left ' aria-hidden='true' data-av_icon='\ue82d' data-av_iconfont='entypo-fontello'><\/span><span class='avia_iconbox_title' >Identidade Visual<\/span><\/a>\n<a href='https:\/\/amazonia.fiocruz.br\/wp-content\/uploads\/2024\/05\/5.-PNG-IMAGEM-PPG-BIO-INTERACAO-.png'  class='avia-button  avia-color-theme-color  avia-icon_select-yes-left-icon avia-size-small '  style='margin-bottom:5px; margin-right:5px; ' ><span class='avia_button_icon avia_button_icon_left ' aria-hidden='true' data-av_icon='\ue82d' data-av_iconfont='entypo-fontello'><\/span><span class='avia_iconbox_title' >Marca - PNG<\/span><\/a>\n<a href='https:\/\/amazonia.fiocruz.br\/wp-content\/uploads\/2024\/05\/marca-ppgbio-pdf.pdf'  class='avia-button  avia-color-theme-color  avia-icon_select-yes-left-icon avia-size-small '  style='margin-bottom:5px; margin-right:5px; ' ><span class='avia_button_icon avia_button_icon_left ' aria-hidden='true' data-av_icon='\ue82d' data-av_iconfont='entypo-fontello'><\/span><span class='avia_iconbox_title' >Marca - PDF<\/span><\/a>\n<\/div><\/p><\/div>\n<div class=\"flex_column av_four_fifth  flex_column_div first  avia-builder-el-65  el_after_av_three_fifth  el_before_av_section  avia-builder-el-last  \" ><section class=\"av_textblock_section \"  itemscope=\"itemscope\" itemtype=\"https:\/\/schema.org\/CreativeWork\" ><div class='avia_textblock  '   itemprop=\"text\" ><h2><span style=\"color: #000000;\">\u2800\u2800\u2800\u2800\u2800\u2800\u2800\u2800\u2800<\/span><\/h2>\n<h2><\/h2>\n<\/div><\/section><br \/>\n<section class=\"av_textblock_section \"  itemscope=\"itemscope\" itemtype=\"https:\/\/schema.org\/CreativeWork\" ><div class='avia_textblock  '   itemprop=\"text\" ><h2><span style=\"color: #000000;\">\u2800\u2800\u2800\u2800\u2800\u2800\u2800\u2800\u2800<\/span><\/h2>\n<h2><\/h2>\n<\/div><\/section><\/p><\/div>\n<\/div><\/div><\/div><!-- close content main div --><\/div><\/div><div id='regimento'  class='avia-section main_color avia-section-large avia-no-border-styling  avia-full-stretch av-section-color-overlay-active avia-bg-style-scroll  avia-builder-el-68  el_after_av_four_fifth  el_before_av_four_fifth   av-minimum-height av-minimum-height-50  container_wrap sidebar_right' style='background-repeat: no-repeat; background-image: url(https:\/\/amazonia.fiocruz.br\/wp-content\/uploads\/2017\/05\/IMG_0870.jpg);background-attachment: scroll; background-position: top left;  '  data-section-bg-repeat='stretch' data-av_minimum_height_pc='50'><div class='av-section-color-overlay-wrap'><div class='av-section-color-overlay' style='opacity: 0.8; background-color: #ffffff; '><\/div><div class='container' ><div class='template-page content  av-content-small alpha units'><div class='post-entry post-entry-type-page post-entry-44273'><div class='entry-content-wrapper clearfix'>\n<div class=\"flex_column av_one_half  flex_column_div av-zero-column-padding first  avia-builder-el-69  el_before_av_one_half  avia-builder-el-first  \" style='border-radius:0px; '><p><div  style='padding-bottom:13px; color:#67a800;' class='av-special-heading av-special-heading-h3 custom-color-heading blockquote modern-quote modern-centered  avia-builder-el-70  el_before_av_button  avia-builder-el-first  '><h3 class='av-special-heading-tag '  itemprop=\"headline\"  ><b><color=#ffffff>Regimento do PPGBIO-Intera\u00e7\u00e3o <\/color><\/b><\/h3><div class='special-heading-border'><div class='special-heading-inner-border' style='border-color:#67a800'><\/div><\/div><\/div><br \/>\n<div  class='avia-button-wrap avia-button-center  avia-builder-el-71  el_after_av_heading  avia-builder-el-last ' ><a href='https:\/\/amazonia.fiocruz.br\/wp-content\/uploads\/2023\/01\/regimento_ppgbio_drms.pdf'  class='avia-button  avia-color-theme-color   avia-icon_select-yes-left-icon avia-size-small avia-position-center '  target=\"_blank\"  rel=\"noopener noreferrer\"  ><span class='avia_button_icon avia_button_icon_left ' aria-hidden='true' data-av_icon='\ue826' data-av_iconfont='entypo-fontello'><\/span><span class='avia_iconbox_title' >Visualizar<\/span><\/a><\/div><\/p><\/div><div class=\"flex_column av_one_half  flex_column_div av-zero-column-padding   avia-builder-el-72  el_after_av_one_half  el_before_av_one_half  \" style='border-radius:0px; '><p><div  style='padding-bottom:13px; color:#67a800;' class='av-special-heading av-special-heading-h3 custom-color-heading blockquote modern-quote modern-centered  avia-builder-el-73  el_before_av_button  avia-builder-el-first  '><h3 class='av-special-heading-tag '  itemprop=\"headline\"  ><b><color=#ffffff>Regulamento do PPGBIO-Intera\u00e7\u00e3o <\/color><\/b><\/h3><div class ='av-subheading av-subheading_below av_custom_color ' style='font-size:15px;'><p>(Turmas a partir de 2025)<\/p>\n<\/div><div class='special-heading-border'><div class='special-heading-inner-border' style='border-color:#67a800'><\/div><\/div><\/div><br \/>\n<div  class='avia-button-wrap avia-button-center  avia-builder-el-74  el_after_av_heading  avia-builder-el-last ' ><a href='https:\/\/amazonia.fiocruz.br\/wp-content\/uploads\/2025\/06\/Regulamento_PPGBIO-Interacao_final.pdf'  class='avia-button  avia-color-theme-color   avia-icon_select-yes-left-icon avia-size-small avia-position-center '  target=\"_blank\"  rel=\"noopener noreferrer\"  ><span class='avia_button_icon avia_button_icon_left ' aria-hidden='true' data-av_icon='\ue826' data-av_iconfont='entypo-fontello'><\/span><span class='avia_iconbox_title' >Visualizar<\/span><\/a><\/div><\/p><\/div><div class=\"flex_column av_one_half  flex_column_div av-zero-column-padding first  avia-builder-el-75  el_after_av_one_half  avia-builder-el-last  column-top-margin\" style='border-radius:0px; '><p><div  style='padding-bottom:13px; color:#ffffff;' class='av-special-heading av-special-heading-h3 custom-color-heading blockquote modern-quote modern-centered  avia-builder-el-76  el_before_av_button  avia-builder-el-first  '><h3 class='av-special-heading-tag '  itemprop=\"headline\"  ><b>Regulamento do ensino \u2013 ILMD\/Fiocruz Amaz\u00f4nia <\/b><\/h3><div class='special-heading-border'><div class='special-heading-inner-border' style='border-color:#ffffff'><\/div><\/div><\/div><br \/>\n<div  class='avia-button-wrap avia-button-center  avia-builder-el-77  el_after_av_heading  avia-builder-el-last ' ><a href='https:\/\/amazonia.fiocruz.br\/wp-content\/uploads\/2024\/06\/Regulamento_ensino_ILMD_vigente.pdf'  class='avia-button  avia-color-theme-color   avia-icon_select-yes-left-icon avia-size-small avia-position-center '  target=\"_blank\"  rel=\"noopener noreferrer\"  ><span class='avia_button_icon avia_button_icon_left ' aria-hidden='true' data-av_icon='\ue84d' data-av_iconfont='entypo-fontello'><\/span><span class='avia_iconbox_title' >Clique aqui<\/span><\/a><\/div><\/p><\/div>\n<\/div><\/div><\/div><!-- close content main div --><\/div><\/div><\/div><div id='after_section_2'  class='main_color av_default_container_wrap container_wrap sidebar_right' style=' '  ><div class='container' ><div class='template-page content  av-content-small alpha units'><div class='post-entry post-entry-type-page post-entry-44273'><div class='entry-content-wrapper clearfix'>\n<div class=\"flex_column av_four_fifth  flex_column_div first  avia-builder-el-78  el_after_av_section  el_before_av_four_fifth  avia-builder-el-first  \" ><section class=\"av_textblock_section \"  itemscope=\"itemscope\" itemtype=\"https:\/\/schema.org\/CreativeWork\" ><div class='avia_textblock  '   itemprop=\"text\" ><h2><span style=\"color: #000000;\">\u2800\u2800\u2800\u2800\u2800\u2800\u2800\u2800\u2800<\/span><\/h2>\n<h2><\/h2>\n<\/div><\/section><br \/>\n<section class=\"av_textblock_section \"  itemscope=\"itemscope\" itemtype=\"https:\/\/schema.org\/CreativeWork\" ><div class='avia_textblock  '   itemprop=\"text\" ><h2><span style=\"color: #000000;\">\u2800\u2800\u2800\u2800\u2800\u2800\u2800\u2800\u2800<\/span><\/h2>\n<h2><\/h2>\n<\/div><\/section><\/p><\/div>\n<div class=\"flex_column av_four_fifth  flex_column_div first  avia-builder-el-81  el_after_av_four_fifth  el_before_av_four_fifth  \" ><section class=\"av_textblock_section \"  itemscope=\"itemscope\" itemtype=\"https:\/\/schema.org\/CreativeWork\" ><div class='avia_textblock  '   itemprop=\"text\" ><h2><span class=\"TextRun SCXP257780221 BCX2\" lang=\"PT-BR\" style=\"color: #000000;\" xml:lang=\"PT-BR\" data-usefontface=\"false\" data-contrast=\"none\"><span class=\"NormalTextRun SCXP257780221 BCX2\">Projeto de pesquisa<\/span><\/span><\/h2>\n<hr \/>\n<h2><\/h2>\n<\/div><\/section><br \/>\n<div   class=\"togglecontainer   toggle_close_all  avia-builder-el-83  el_after_av_textblock  avia-builder-el-last \" >\n<section class=\"av_toggle_section\"  itemscope=\"itemscope\" itemtype=\"https:\/\/schema.org\/CreativeWork\"  >    <div role=\"tablist\" class=\"single_toggle\" data-tags=\"{Todos} \"  >        <p data-fake-id=\"#toggle-id-1\" class=\"toggler \"  itemprop=\"headline\"    role=\"tab\" tabindex=\"0\" aria-controls=\"toggle-id-1\">Linha de pesquisa 1: Eco-epidemiologia das Doen\u00e7as Transmiss\u00edveis<span class=\"toggle_icon\" >        <span class=\"vert_icon\"><\/span><span class=\"hor_icon\"><\/span><\/span><\/p>        <div id=\"toggle-id-1\" class=\"toggle_wrap \"   >            <div class=\"toggle_content invers-color \"  itemprop=\"text\"   ><table style=\"height: 99px;\" width=\"1222\">\n<tbody>\n<tr>\n<td>Avalia\u00e7\u00e3o de fatores epidemiol\u00f3gicos, vetoriais e humanos, ligados \u00e0 transmiss\u00e3o do v\u00edrus Zika e outros arbov\u00edrus emergentes ou reemergentes em dois estados da Amaz\u00f4nia ocidental brasileira<\/p>\n<p><strong>Docente respons\u00e1vel: Felipe Gomes Naveca<\/strong><\/p>\n<p><strong>Natureza: Pesquisa<\/strong><\/p>\n<p><strong>Status: Em andamento<\/strong><\/td>\n<\/tr>\n<tr>\n<td>Ci\u00eancia da Elimina\u00e7\u00e3o da Mal\u00e1ria (ELIMINA)<\/p>\n<p><strong>Docente respons\u00e1vel: Marcus Vinicius Guimar\u00e3es de Lacerda<\/strong><\/p>\n<p><strong>Natureza: Pesquisa<\/strong><\/p>\n<p><strong>Status: Em andamento<\/strong><\/td>\n<\/tr>\n<tr>\n<td>Controle vetorial com esta\u00e7\u00f5es disseminadoras de larvicida<\/p>\n<p><strong>Docente respons\u00e1vel: S\u00e9rgio Luiz Bessa Luz<\/strong><\/p>\n<p><strong>Natureza: Pesquisa<\/strong><\/p>\n<p><strong>Status: Em andamento<\/strong><\/td>\n<\/tr>\n<tr>\n<td>Detec\u00e7\u00e3o de fil\u00e1rias zoon\u00f3ticas em Primatas n\u00e3o humanos<\/p>\n<p><strong>Docente respons\u00e1vel: Alessandra Ferreira Dales Nava<\/strong><\/p>\n<p><strong>Natureza: Pesquisa<\/strong><\/p>\n<p><strong>Status: Conclu\u00eddo em 2022.<\/strong><\/td>\n<\/tr>\n<tr>\n<td>Eco-epidemiologia de doen\u00e7as transmiss\u00edveis na Amaz\u00f4nia<\/p>\n<p><strong>Docente respons\u00e1vel: Felipe Arley Costa Pessoa<\/strong><\/p>\n<p><strong>Natureza: Pesquisa<\/strong><\/p>\n<p><strong>Status: Em andamento<\/strong><\/td>\n<\/tr>\n<tr>\n<td>Implementa\u00e7\u00e3o de PREP: avaliando ades\u00e3o e novas ferramentas de comunica\u00e7\u00e3o para melhoria da ades\u00e3o medicamentosa<\/p>\n<p><strong>Docente respons\u00e1vel: Djane Clarys Baia da Silva<\/strong><\/p>\n<p><strong>Natureza: Pesquisa<\/strong><\/p>\n<p><strong>Status: Em andamento<\/strong><\/td>\n<\/tr>\n<tr>\n<td>Inqu\u00e9rito sobre a preval\u00eancia de G6PD no Amazonas resolvendo uma lacuna para a seguran\u00e7a da cura radical da mal\u00e1ria pelo P. vivax<\/p>\n<p><strong>Docente respons\u00e1vel: Wuelton Marcelo Monteiro<\/strong><\/p>\n<p><strong>Natureza: Pesquisa<\/strong><\/p>\n<p><strong>Status: Conclu\u00eddo em 2021<\/strong><\/td>\n<\/tr>\n<tr>\n<td>Instituto Nacional de Epidemiologia da Amazo\u0302nia Ocidental INCT-EpiAmO<\/p>\n<p><strong>Docente respons\u00e1vel: Lu\u00eds Marcelo Aranha Camargo<\/strong><\/p>\n<p><strong>Natureza: Pesquisa<\/strong><\/p>\n<p><strong>Status: Em andamento<\/strong><\/td>\n<\/tr>\n<tr>\n<td>Investiga\u00e7\u00e3o de acidentes por animais pe\u00e7onhentos na Amaz\u00f4nia Ocidental: dados epidemiol\u00f3gicos e terapias associadas<\/p>\n<p><strong>Docente respons\u00e1vel: Felipe Gomes Naveca<\/strong><\/p>\n<p><strong>Natureza: Pesquisa<\/strong><\/p>\n<p><strong>Status: Em andamento<\/strong><\/td>\n<\/tr>\n<tr>\n<td>Pesquisa cl\u00ednica em doen\u00e7as infecciosas de relev\u00e2ncia na Amaz\u00f4nia brasileira<\/p>\n<p><strong>Docente respons\u00e1vel: Marcus Vinicius Guimar\u00e3es de Lacerda<\/strong><\/p>\n<p><strong>Natureza: Pesquisa<\/strong><\/p>\n<p><strong>Status: Em andamento<\/strong><\/td>\n<\/tr>\n<tr>\n<td>Sa\u00fade \u00fanica na Amaz\u00f4nia<\/p>\n<p><strong>Docente respons\u00e1vel: Alessandra Ferreira Dales Nava<\/strong><\/p>\n<p><strong>Natureza: Pesquisa<\/strong><\/p>\n<p><strong>Status: Em andamento<\/strong><\/td>\n<\/tr>\n<tr>\n<td>Taban\u00eddeos da regi\u00e3o central de Rond\u00f4nia: biologia, ecologia e pat\u00f3genos<\/p>\n<p><strong>Docente respons\u00e1vel: Lu\u00eds Marcelo Aranha Camargo<\/strong><\/p>\n<p><strong>Natureza: Pesquisa<\/strong><\/p>\n<p><strong>Status: Conclu\u00eddo em 2022.<\/strong><\/td>\n<\/tr>\n<tr>\n<td>Investiga\u00e7\u00e3o de acidentes por animais pe\u00e7onhentos na Amaz\u00f4nia Ocidental: dados epidemiol\u00f3gicos e terapias associadas<\/p>\n<p><strong>Docente respons\u00e1vel: Wuelton Marcelo Monteiro<\/strong><\/p>\n<p><strong>Natureza: Pesquisa<\/strong><\/p>\n<p><strong>Status: Conclu\u00eddo em 2021<\/strong><\/td>\n<\/tr>\n<tr>\n<td>Morbimortalidade por doen\u00e7as e agravos transmiss\u00edveis e n\u00e3o transmiss\u00edveis na Amaz\u00f4nia brasileira: aspectos hidro-clim\u00e1ticos, socio-sanit\u00e1rios, espa\u00e7o-temporais e terap\u00eauticos<\/p>\n<p><strong>Docente respons\u00e1vel: Ant\u00f4nio Alcirley da Silva Balieiro<\/strong><\/p>\n<p><strong>Natureza: Pesquisa<\/strong><\/p>\n<p><strong>Status: Em andamento<\/strong><\/td>\n<\/tr>\n<tr>\n<td>Vigil\u00e2ncia gen\u00f4mica de v\u00edrus negligenciados, emergentes e\/ou reemergentes na Amaz\u00f4nia: antecipando poss\u00edveis emerg\u00eancias sanit\u00e1rias<\/td>\n<\/tr>\n<\/tbody>\n<\/table>\n            <\/div>        <\/div>    <\/div><\/section>\n<section class=\"av_toggle_section\"  itemscope=\"itemscope\" itemtype=\"https:\/\/schema.org\/CreativeWork\"  >    <div role=\"tablist\" class=\"single_toggle\" data-tags=\"{Todos} \"  >        <p data-fake-id=\"#toggle-id-2\" class=\"toggler \"  itemprop=\"headline\"    role=\"tab\" tabindex=\"0\" aria-controls=\"toggle-id-2\">Linha de pesquisa 2: Bioqu\u00edmica, Biologia Celular e Molecular de Pat\u00f3genos e seus Vetores<span class=\"toggle_icon\" >        <span class=\"vert_icon\"><\/span><span class=\"hor_icon\"><\/span><\/span><\/p>        <div id=\"toggle-id-2\" class=\"toggle_wrap \"   >            <div class=\"toggle_content invers-color \"  itemprop=\"text\"   ><table style=\"height: 99px;\" width=\"1222\">\n<tbody>\n<tr>\n<td>Aspectos cl\u00ednicos, imunol\u00f3gicos e virol\u00f3gicos de pessoas vivendo com HIV sob o uso de TARV em Manaus, Amazonas<br \/>\n<strong>Docente respons\u00e1vel: Paulo Afonso Nogueira<\/strong><br \/>\n<strong> Natureza: Pesquisa<\/strong><br \/>\n<strong> Status: Em andamento <\/strong><\/td>\n<\/tr>\n<tr>\n<td>Avalia\u00e7\u00e3o do potencial biotecnol\u00f3gico e qu\u00edmico de plantas e microrganismos e seus bioprodutos isolados de diferentes ambientes do Amazonas<\/p>\n<p><strong>Docente respons\u00e1vel: Priscila Ferreira de Aquino<\/strong><\/p>\n<p><strong>Natureza: Pesquisa<\/strong><\/p>\n<p><strong>Status: Em andamento<\/strong><\/td>\n<\/tr>\n<tr>\n<td>Biomarcadores de imunidade e de processos fisiopatol\u00f3gicos associados \u00e0 malaria<\/p>\n<p><strong>Docente respons\u00e1vel: Paulo Afonso Nogueira<\/strong><\/p>\n<p><strong>Natureza: Pesquisa<\/strong><\/p>\n<p><strong>Status: Em andamento<\/strong><\/td>\n<\/tr>\n<tr>\n<td><em>Coordinating Research on Emerging Arboviral Threats Encompassing the Neotropics<\/em> &#8211; CREATE-NEO<\/p>\n<p><strong>Docente respons\u00e1vel: Marcus Vinicius Guimar\u00e3es de Lacerda<\/strong><\/p>\n<p><strong>Natureza: Pesquisa<\/strong><\/p>\n<p><strong>Status: Conclu\u00eddo em 2022.<\/strong><\/td>\n<\/tr>\n<tr>\n<td>Desenvolvimento de novas ferramentas para o estudo do bloqueio de transmiss\u00e3o na mal\u00e1ria vivax<\/p>\n<p><strong>Docente respons\u00e1vel: Stefanie Costa Pinto Lopes<\/strong><\/p>\n<p><strong>Natureza: Pesquisa<\/strong><\/p>\n<p><strong>Status: Conclu\u00eddo em 2021.<\/strong><\/td>\n<\/tr>\n<tr>\n<td>Biotecnologia aplicada ao desenvolvimento de ferramentas de diagn\u00f3stico e controle de doen\u00e7as infecciosas<\/p>\n<p><strong>Docente respons\u00e1vel: Lu\u00eds Andr\u00e9 Morais Mari\u00faba\u00a0 <\/strong><\/p>\n<p><strong>Natureza: Pesquisa<\/strong><\/p>\n<p><strong>Status: Em andamento<\/strong><\/td>\n<\/tr>\n<tr>\n<td>Desenvolvimento de todos os est\u00e1gios de vida de <em>Plasmodium vivax<\/em> em laborat\u00f3rio para estudos de intera\u00e7\u00e3o pat\u00f3geno-hospedeiro e pat\u00f3geno-vetor e como uma ferramenta para a busca de novas estrat\u00e9gias para controle e elimina\u00e7\u00e3o de mal\u00e1ria<\/p>\n<p><strong>Docente respons\u00e1vel: Stefanie Costa Pinto Lopes<\/strong><\/p>\n<p><strong>Natureza: Pesquisa<\/strong><\/p>\n<p><strong>Status: Em andamento<\/strong><\/td>\n<\/tr>\n<tr>\n<td>Epidemiologia de v\u00edrus emergentes e reemergentes na regi\u00e3o Amaz\u00f4nica: desenvolvimento de ferramentas para o diagn\u00f3stico e avalia\u00e7\u00e3o do impacto ambiental na din\u00e2mica de circula\u00e7\u00e3o<\/p>\n<p><strong>Docente respons\u00e1vel: Pritesh Jaychand Lalwani<\/strong><\/p>\n<p><strong>Natureza: Pesquisa<\/strong><\/p>\n<p><strong>Status: Em andamento<\/strong><\/td>\n<\/tr>\n<tr>\n<td>Fragmenta\u00e7\u00e3o de plaquetas associadas ao \u00f3bito em pacientes coinfectados HIV-TB<\/p>\n<p><strong>Docente respons\u00e1vel: Paulo Afonso Nogueira<\/strong><\/p>\n<p><strong>Natureza: Pesquisa<\/strong><\/p>\n<p><strong>Status: Conclu\u00eddo em 2021.<\/strong><\/td>\n<\/tr>\n<tr>\n<td>Genetica e gen\u00f4mica de microrganismos patog\u00eanicos<\/p>\n<p><strong>Docente respons\u00e1vel: <\/strong>Ana Carolina Paulo Vicente<\/p>\n<p><strong>Natureza: Pesquisa<\/strong><\/p>\n<p><strong>Status: Conclu\u00eddo em 2021.<\/strong><\/td>\n<\/tr>\n<tr>\n<td>Mecanismos de defesa contra <em>Plasmodium vivax<\/em> em <em>Anopheles aquasalis<\/em> e <em>Anopheles darlingi<\/em> (Diptera: Culicidae), vetores de mal\u00e1ria na regi\u00e3o amaz\u00f4nica<\/p>\n<p><strong>Docente respons\u00e1vel: Claudia Maria Rios Velasquez<\/strong><\/p>\n<p><strong>Natureza: Pesquisa<\/strong><\/p>\n<p><strong>Status: Conclu\u00eddo em 2021.<\/strong><\/td>\n<\/tr>\n<tr>\n<td>Estudo da resposta imune e microbiota de insetos vetores da regi\u00e3o amaz\u00f4nica frente \u00e0 infec\u00e7\u00e3o pelos pat\u00f3genos causadores de mal\u00e1ria e leishmaniose<\/p>\n<p><strong>Docente respons\u00e1vel: Claudia Maria Rios Velasquez<\/strong><\/p>\n<p><strong>Natureza: Pesquisa<\/strong><\/p>\n<p><strong>Status: Em andamento<\/strong><\/td>\n<\/tr>\n<tr>\n<td>Estudos prospectivos de coorte para a avalia\u00e7\u00e3o da din\u00e2mica da infec\u00e7\u00e3o por SARS-CoV2 e os aspectos imunol\u00f3gicos da infec\u00e7\u00e3o aguda, vacina\u00e7\u00e3o e da COVID longa<\/p>\n<p><strong>Docente respons\u00e1vel: Pritesh Jaychand Lalwani<\/strong><\/p>\n<p><strong>Natureza: Pesquisa<\/strong><\/p>\n<p><strong>Status: Em andamento<\/strong><\/td>\n<\/tr>\n<tr>\n<td>Identifica\u00e7\u00e3o de marcadores celulares e moleculares associados com a resist\u00eancia a doen\u00e7as infecciosas e n\u00e3o infecciosas no Estado do Amazonas<\/p>\n<p><strong>Docente respons\u00e1vel: George Allan Villarouco Da Silva\u00a0<\/strong><\/p>\n<p><strong>Natureza: Pesquisa<\/strong><\/p>\n<p><strong>Status: Em andamento<\/strong><\/td>\n<\/tr>\n<tr>\n<td>Identifica\u00e7\u00e3o de prote\u00ednas diferenciais associadas a a\u00e7\u00e3o do veneno em v\u00edtimas de acidentes of\u00eddicos no Amazonas<\/p>\n<p><strong>Docente respons\u00e1vel: Priscila Ferreira de Aquino<\/strong><\/p>\n<p><strong>Natureza: Pesquisa<\/strong><\/p>\n<p><strong>Status: Em andamento<\/strong><\/td>\n<\/tr>\n<tr>\n<td>Monitoramento da resist\u00eancia microbiana sist\u00eamica no contexto amaz\u00f4nico e prospec\u00e7\u00e3o de novas op\u00e7\u00f5es terap\u00eauticas<\/p>\n<p><strong>Docente respons\u00e1vel: Patr\u00edcia Puccinelli Orlandi Nogueira<\/strong><\/p>\n<p><strong>Natureza: Pesquisa<\/strong><\/p>\n<p><strong>Status: Em andamento<\/strong><\/td>\n<\/tr>\n<tr>\n<td>PROVID19 &#8211; Caracteriza\u00e7\u00e3o de painel proteico associado a diferentes caracter\u00edsticas de pacientes infectados com SARS-CoV2<\/p>\n<p><strong>Docente respons\u00e1vel: Priscila Ferreira de Aquino<\/strong><\/p>\n<p><strong>Natureza: Pesquisa<\/strong><\/p>\n<p><strong>Status: Em andamento<\/strong><\/td>\n<\/tr>\n<tr>\n<td>Transmiss\u00e3o, sistem\u00e1tica molecular dos vetores e endossimbiontes: uma tr\u00edade das filarioses na Amaz\u00f4nia<\/p>\n<p><strong>Docente respons\u00e1vel: James Lee Crainey <\/strong><\/p>\n<p><strong>Natureza: Pesquisa<\/strong><\/p>\n<p><strong>Status: Em andamento<\/strong><\/td>\n<\/tr>\n<tr>\n<td>Utiliza\u00e7\u00e3o de ci\u00eancias \u00d4micas para a identifica\u00e7\u00e3o de biomarcadores oncol\u00f3gicos<\/p>\n<p><strong>Docente respons\u00e1vel: Priscila Ferreira de Aquino<\/strong><\/p>\n<p><strong>Natureza: Pesquisa<\/strong><\/p>\n<p><strong>Status: Em andamento<\/strong><\/td>\n<\/tr>\n<tr>\n<td>Vigil\u00e2ncia gen\u00f4mica de v\u00edrus negligenciados, emergentes e\/ou reemergentes na Amaz\u00f4nia: antecipando poss\u00edveis emerg\u00eancias sanit\u00e1rias<\/p>\n<p><strong>Docente respons\u00e1vel: Felipe Gomes Naveca<\/strong><\/p>\n<p><strong>Natureza: Pesquisa<\/strong><\/p>\n<p><strong>Status: Em andamento<\/strong><\/td>\n<\/tr>\n<\/tbody>\n<\/table>\n            <\/div>        <\/div>    <\/div><\/section>\n<\/div><\/p><\/div>\n<div class=\"flex_column av_four_fifth  flex_column_div first  avia-builder-el-84  el_after_av_four_fifth  el_before_av_four_fifth  \" ><section class=\"av_textblock_section \"  itemscope=\"itemscope\" itemtype=\"https:\/\/schema.org\/CreativeWork\" ><div class='avia_textblock  '   itemprop=\"text\" ><h2><span style=\"color: #000000;\">\u2800\u2800\u2800\u2800\u2800\u2800\u2800\u2800\u2800<\/span><\/h2>\n<h2><\/h2>\n<\/div><\/section><br \/>\n<section class=\"av_textblock_section \"  itemscope=\"itemscope\" itemtype=\"https:\/\/schema.org\/CreativeWork\" ><div class='avia_textblock  '   itemprop=\"text\" ><h2><span style=\"color: #000000;\">\u2800\u2800\u2800\u2800\u2800\u2800\u2800\u2800\u2800<\/span><\/h2>\n<h2><\/h2>\n<\/div><\/section><\/p><\/div>\n<div class=\"flex_column av_four_fifth  flex_column_div av-zero-column-padding first  avia-builder-el-87  el_after_av_four_fifth  el_before_av_four_fifth  \" style='border-radius:0px; ' id=\"portarias\" ><section class=\"av_textblock_section \"  itemscope=\"itemscope\" itemtype=\"https:\/\/schema.org\/CreativeWork\" ><div class='avia_textblock  '   itemprop=\"text\" ><h2><span class=\"TextRun SCXP257780221 BCX2\" lang=\"PT-BR\" style=\"color: #000000;\" xml:lang=\"PT-BR\" data-usefontface=\"false\" data-contrast=\"none\"><span class=\"NormalTextRun SCXP257780221 BCX2\">Portarias e Legisla\u00e7\u00e3o<\/span><\/span><\/h2>\n<hr \/>\n<h2><\/h2>\n<\/div><\/section><br \/>\n<div   class=\"togglecontainer   toggle_close_all  avia-builder-el-89  el_after_av_textblock  avia-builder-el-last \" >\n<section class=\"av_toggle_section\"  itemscope=\"itemscope\" itemtype=\"https:\/\/schema.org\/CreativeWork\"  >    <div role=\"tablist\" class=\"single_toggle\" data-tags=\"{Todos} \"  >        <p data-fake-id=\"#toggle-id-3\" class=\"toggler \"  itemprop=\"headline\"    role=\"tab\" tabindex=\"0\" aria-controls=\"toggle-id-3\">CAPES\/VDEIC<span class=\"toggle_icon\" >        <span class=\"vert_icon\"><\/span><span class=\"hor_icon\"><\/span><\/span><\/p>        <div id=\"toggle-id-3\" class=\"toggle_wrap \"   >            <div class=\"toggle_content invers-color \"  itemprop=\"text\"   ><table style=\"height: 99px;\" width=\"1222\">\n<tbody>\n<tr>\n<td><a href=\"https:\/\/amazonia.fiocruz.br\/wp-content\/uploads\/2024\/06\/Comissao-de-Bolsas-Revoga-Portaria-n.89_2024.pdf\">Comiss\u00e3o de Bolsas Revoga Portaria n.89 2024<\/a><\/td>\n<\/tr>\n<tr>\n<td><a href=\"https:\/\/amazonia.fiocruz.br\/wp-content\/uploads\/2024\/06\/Comissao-de-Selecao-Pos-Doc-Estrategico-n.021_2023.pdf\">Comiss\u00e3o de Sele\u00e7\u00e3o Pos Doc Estrat\u00e9gico n.021 2023<\/a><\/td>\n<\/tr>\n<tr>\n<td><a href=\"https:\/\/amazonia.fiocruz.br\/wp-content\/uploads\/2024\/06\/Comissao-de-Selecao-Pos-Doc-Estrategico-n.067_2024.pdf\">Comiss\u00e3o de Sele\u00e7\u00e3o Pos Doc Estrat\u00e9gico n.067 2024<\/a><\/td>\n<\/tr>\n<tr>\n<td><a href=\"https:\/\/amazonia.fiocruz.br\/wp-content\/uploads\/2024\/06\/Comissao_Planejamento-Estrategico-do-PPGBIO-Interacao-2022-2025_n.093_2022.pdf\">Comiss\u00e3o Planejamento Estrat\u00e9gico do PPGBIO Interacao-2022-2025 n.093 2022<\/a><\/td>\n<\/tr>\n<tr>\n<td><a href=\"https:\/\/amazonia.fiocruz.br\/wp-content\/uploads\/2024\/06\/Comissao-Processo-seletivo-2023-Turma-2024_n.195_2023.pdf\">Comiss\u00e3o Processo seletivo 2023 &#8211; Turma 2024 n.195 2023<\/a><\/td>\n<\/tr>\n<tr>\n<td><a href=\"https:\/\/amazonia.fiocruz.br\/wp-content\/uploads\/2024\/06\/Nova-Coordenacao_PPGBIO_Interacao_n.036_2022.pdf\">Nova Coordena\u00e7\u00e3o PPGBIO Intera\u00e7\u00e3o n.036 2022<\/a><\/td>\n<\/tr>\n<tr>\n<td><a href=\"https:\/\/amazonia.fiocruz.br\/wp-content\/uploads\/2024\/06\/Orientacoes-CGE-Adequacoes-PPG-Portaria-133-CAPES.pdf\">Orienta\u00e7\u00f5es CGE Adequa\u00e7\u00f5es PPG Portaria 133 CAPES<\/a><\/td>\n<\/tr>\n<tr>\n<td><a href=\"https:\/\/amazonia.fiocruz.br\/wp-content\/uploads\/2024\/06\/Representante-Discente-do-Doutorado_n.088_2024-.pdf\">Representante Discente do Doutorado n.088 2024<\/a><\/td>\n<\/tr>\n<tr>\n<td><a href=\"https:\/\/amazonia.fiocruz.br\/wp-content\/uploads\/2024\/06\/Representante-Discente-do-Mestrado_n.087_2024.pdf\">Representante Discente do Mestrado n.087 2024<\/a><\/td>\n<\/tr>\n<\/tbody>\n<\/table>\n            <\/div>        <\/div>    <\/div><\/section>\n<\/div><\/p><\/div>\n<div class=\"flex_column av_four_fifth  flex_column_div first  avia-builder-el-90  el_after_av_four_fifth  el_before_av_four_fifth  \" ><section class=\"av_textblock_section \"  itemscope=\"itemscope\" itemtype=\"https:\/\/schema.org\/CreativeWork\" ><div class='avia_textblock  '   itemprop=\"text\" ><h2><span style=\"color: #000000;\">\u2800\u2800\u2800\u2800\u2800\u2800\u2800\u2800\u2800<\/span><\/h2>\n<h2><\/h2>\n<\/div><\/section><br \/>\n<section class=\"av_textblock_section \"  itemscope=\"itemscope\" itemtype=\"https:\/\/schema.org\/CreativeWork\" ><div class='avia_textblock  '   itemprop=\"text\" ><h2><span style=\"color: #000000;\">\u2800\u2800\u2800\u2800\u2800\u2800\u2800\u2800\u2800<\/span><\/h2>\n<h2><\/h2>\n<\/div><\/section><\/p><\/div>\n<div class=\"flex_column av_four_fifth  flex_column_div av-zero-column-padding first  avia-builder-el-93  el_after_av_four_fifth  el_before_av_four_fifth  \" style='border-radius:0px; ' id=\"atas\" ><section class=\"av_textblock_section \"  itemscope=\"itemscope\" itemtype=\"https:\/\/schema.org\/CreativeWork\" ><div class='avia_textblock  '   itemprop=\"text\" ><h2><span class=\"TextRun SCXP257780221 BCX2\" lang=\"PT-BR\" style=\"color: #000000;\" xml:lang=\"PT-BR\" data-usefontface=\"false\" data-contrast=\"none\"><span class=\"NormalTextRun SCXP257780221 BCX2\">Atas de Reuni\u00e3o \u2013 Coordena\u00e7\u00e3o e Colegiado<\/span><\/span><\/h2>\n<hr \/>\n<h2><\/h2>\n<\/div><\/section><br \/>\n<div   class=\"togglecontainer   toggle_close_all  avia-builder-el-95  el_after_av_textblock  avia-builder-el-last \" >\n<section class=\"av_toggle_section\"  itemscope=\"itemscope\" itemtype=\"https:\/\/schema.org\/CreativeWork\"  >    <div role=\"tablist\" class=\"single_toggle\" data-tags=\"{Todos} \"  >        <p data-fake-id=\"#toggle-id-4\" class=\"toggler \"  itemprop=\"headline\"    role=\"tab\" tabindex=\"0\" aria-controls=\"toggle-id-4\">2025<span class=\"toggle_icon\" >        <span class=\"vert_icon\"><\/span><span class=\"hor_icon\"><\/span><\/span><\/p>        <div id=\"toggle-id-4\" class=\"toggle_wrap \"   >            <div class=\"toggle_content invers-color \"  itemprop=\"text\"   ><table style=\"height: 99px;\" width=\"1222\">\n<tbody>\n<tr>\n<td><a href=\"https:\/\/amazonia.fiocruz.br\/wp-content\/uploads\/2026\/03\/Ata_da_Reuniao_do_Colegiado_07_03_2025__assinado_assinado_assinado.pdf\">Ata de reuni\u00e3o do Colegiado &#8211;\u00a0 7 de Mar\u00e7o<\/a><\/td>\n<\/tr>\n<tr>\n<td><a href=\"https:\/\/amazonia.fiocruz.br\/wp-content\/uploads\/2026\/03\/Ata_reuniao_15_08_2025_Coordenacao_assinado_todos.pdf\">Ata de reuni\u00e3o da Coordena\u00e7\u00e3o &#8211;\u00a0 15 de Agosto<\/a><\/td>\n<\/tr>\n<tr>\n<td><a href=\"https:\/\/amazonia.fiocruz.br\/wp-content\/uploads\/2026\/03\/Ata_reuniao_01_09_2025_Coordenacao_assinado_todos.pdf\">Ata de reuni\u00e3o da Coordena\u00e7\u00e3o &#8211; 01 de Setembro<\/a><\/td>\n<\/tr>\n<tr>\n<td><a href=\"https:\/\/amazonia.fiocruz.br\/wp-content\/uploads\/2026\/03\/1-Ata_reuniao_15_09_2025_Coordenacao_Final_assinada.pdf\">Ata de reuni\u00e3o da Coordena\u00e7\u00e3o &#8211; 15 de Setembro<\/a><\/td>\n<\/tr>\n<tr>\n<td><a href=\"https:\/\/amazonia.fiocruz.br\/wp-content\/uploads\/2026\/03\/Ata_30_09_2025_assinado_Final.pdf\">Ata de reuni\u00e3o da Coordena\u00e7\u00e3o &#8211; 30 de Setembro<\/a><\/td>\n<\/tr>\n<tr>\n<td><a href=\"https:\/\/amazonia.fiocruz.br\/wp-content\/uploads\/2026\/03\/Ata__15_10_2025_assinado_Final.pdf\">Ata de reuni\u00e3o da Coordena\u00e7\u00e3o &#8211; 15 de Outubro<\/a><\/td>\n<\/tr>\n<tr>\n<td><a href=\"https:\/\/amazonia.fiocruz.br\/wp-content\/uploads\/2026\/03\/Ata_30_10_2025_assinado_Final.pdf\">Ata de reuni\u00e3o da Coordena\u00e7\u00e3o &#8211; 30 de Outubro<\/a><\/td>\n<\/tr>\n<tr>\n<td><a href=\"https:\/\/amazonia.fiocruz.br\/wp-content\/uploads\/2026\/03\/Ata_17_11_2025_assinado_Final.pdf\">Ata de reuni\u00e3o da Coordena\u00e7\u00e3o &#8211; 17 de Novembro<\/a><\/td>\n<\/tr>\n<tr>\n<td><a href=\"https:\/\/amazonia.fiocruz.br\/wp-content\/uploads\/2026\/03\/Ata_01_12_2025_assinado_Final.pdf\">Ata de reuni\u00e3o da Coordena\u00e7\u00e3o &#8211; 01 de Dezembro<\/a><\/td>\n<\/tr>\n<tr>\n<td><a href=\"https:\/\/amazonia.fiocruz.br\/wp-content\/uploads\/2026\/03\/Ata_15_12_2025_assinado_Final-1.pdf\">Ata de reuni\u00e3o da Coordena\u00e7\u00e3o &#8211; 15 de Dezembro<\/a><\/td>\n<\/tr>\n<\/tbody>\n<\/table>\n            <\/div>        <\/div>    <\/div><\/section>\n<section class=\"av_toggle_section\"  itemscope=\"itemscope\" itemtype=\"https:\/\/schema.org\/CreativeWork\"  >    <div role=\"tablist\" class=\"single_toggle\" data-tags=\"{Todos} \"  >        <p data-fake-id=\"#toggle-id-5\" class=\"toggler \"  itemprop=\"headline\"    role=\"tab\" tabindex=\"0\" aria-controls=\"toggle-id-5\">2026<span class=\"toggle_icon\" >        <span class=\"vert_icon\"><\/span><span class=\"hor_icon\"><\/span><\/span><\/p>        <div id=\"toggle-id-5\" class=\"toggle_wrap \"   >            <div class=\"toggle_content invers-color \"  itemprop=\"text\"   ><table style=\"height: 99px;\" width=\"1222\">\n<tbody>\n<tr>\n<td><a href=\"https:\/\/amazonia.fiocruz.br\/wp-content\/uploads\/2026\/03\/Ata_15_01_2026_assinado_Final.pdf\">Ata de reuni\u00e3o da Coordena\u00e7\u00e3o &#8211;\u00a0 15 de Janeiro<\/a><\/td>\n<\/tr>\n<tr>\n<td><a href=\"https:\/\/amazonia.fiocruz.br\/wp-content\/uploads\/2026\/03\/Ata_30_01_2026_assinado_Final.pdf\">Ata de reuni\u00e3o da Coordena\u00e7\u00e3o &#8211; 30 de Janeiro<\/a><\/td>\n<\/tr>\n<tr>\n<td><a href=\"https:\/\/amazonia.fiocruz.br\/wp-content\/uploads\/2026\/03\/Ata_19_02_2026_Assinada_Final-1.pdf\">Ata de reuni\u00e3o da Coordena\u00e7\u00e3o &#8211; 19 de Fevereiro<\/a><\/td>\n<\/tr>\n<\/tbody>\n<\/table>\n            <\/div>        <\/div>    <\/div><\/section>\n<\/div><\/p><\/div>\n<div class=\"flex_column av_four_fifth  flex_column_div first  avia-builder-el-96  el_after_av_four_fifth  el_before_av_four_fifth  \" ><section class=\"av_textblock_section \"  itemscope=\"itemscope\" itemtype=\"https:\/\/schema.org\/CreativeWork\" ><div class='avia_textblock  '   itemprop=\"text\" ><h2><span style=\"color: #000000;\">\u2800\u2800\u2800\u2800\u2800\u2800\u2800\u2800\u2800<\/span><\/h2>\n<h2><\/h2>\n<\/div><\/section><br \/>\n<section class=\"av_textblock_section \"  itemscope=\"itemscope\" itemtype=\"https:\/\/schema.org\/CreativeWork\" ><div class='avia_textblock  '   itemprop=\"text\" ><h2><span style=\"color: #000000;\">\u2800\u2800\u2800\u2800\u2800\u2800\u2800\u2800\u2800<\/span><\/h2>\n<h2><\/h2>\n<\/div><\/section><\/p><\/div>\n<div class=\"flex_column av_four_fifth  flex_column_div av-zero-column-padding first  avia-builder-el-99  el_after_av_four_fifth  el_before_av_four_fifth  \" style='border-radius:0px; ' id=\"calendario\" ><section class=\"av_textblock_section \"  itemscope=\"itemscope\" itemtype=\"https:\/\/schema.org\/CreativeWork\" ><div class='avia_textblock  '   itemprop=\"text\" ><h2><span class=\"TextRun SCXP257780221 BCX2\" lang=\"PT-BR\" style=\"color: #000000;\" xml:lang=\"PT-BR\" data-usefontface=\"false\" data-contrast=\"none\"><span class=\"NormalTextRun SCXP257780221 BCX2\">Calend\u00e1rio \u2013 Reuni\u00e3o Coordena\u00e7\u00e3o e Colegiado<\/span><\/span><\/h2>\n<hr \/>\n<h2><\/h2>\n<\/div><\/section><br \/>\n<section class=\"av_textblock_section \"  itemscope=\"itemscope\" itemtype=\"https:\/\/schema.org\/CreativeWork\" ><div class='avia_textblock  '   itemprop=\"text\" ><p><a href=\"https:\/\/amazonia.fiocruz.br\/wp-content\/uploads\/2026\/03\/Cronograma-de-Reuniao-PPGBIO-2025.pdf\"><span class=\"TextRun SCXP257780221 BCX2\" lang=\"PT-BR\" xml:lang=\"PT-BR\" data-usefontface=\"false\" data-contrast=\"none\"><span class=\"NormalTextRun SCXP257780221 BCX2\">Cronograma de Reuni\u00e3o do Colegiado e Coordena\u00e7\u00e3o &#8211; 2025\u00a0<\/span><\/span><\/a><\/p>\n<p><a href=\"https:\/\/amazonia.fiocruz.br\/wp-content\/uploads\/2026\/03\/Calendario-de-reunioes-ordinarias-do-Colegiado-2026.pdf\">Cronograma de Reuni\u00e3o do Colegiado &#8211; 2026<\/a><\/p>\n<p><a href=\"https:\/\/amazonia.fiocruz.br\/wp-content\/uploads\/2026\/03\/Calendario-de-reunioes-ordinarias-da-Coordenacao-2026.pdf\">Cronograma de Reuni\u00e3o da Coordena\u00e7\u00e3o &#8211; 2026<\/a><\/p>\n<\/div><\/section><\/p><\/div>\n<div class=\"flex_column av_four_fifth  flex_column_div first  avia-builder-el-102  el_after_av_four_fifth  el_before_av_four_fifth  \" ><section class=\"av_textblock_section \"  itemscope=\"itemscope\" itemtype=\"https:\/\/schema.org\/CreativeWork\" ><div class='avia_textblock  '   itemprop=\"text\" ><h2><span style=\"color: #000000;\">\u2800\u2800\u2800\u2800\u2800\u2800\u2800\u2800\u2800<\/span><\/h2>\n<h2><\/h2>\n<\/div><\/section><br \/>\n<section class=\"av_textblock_section \"  itemscope=\"itemscope\" itemtype=\"https:\/\/schema.org\/CreativeWork\" ><div class='avia_textblock  '   itemprop=\"text\" ><h2><span style=\"color: #000000;\">\u2800\u2800\u2800\u2800\u2800\u2800\u2800\u2800\u2800<\/span><\/h2>\n<h2><\/h2>\n<\/div><\/section><\/p><\/div>\n<div class=\"flex_column av_four_fifth  flex_column_div av-zero-column-padding first  avia-builder-el-105  el_after_av_four_fifth  el_before_av_four_fifth  \" style='border-radius:0px; ' id=\"comissoes\" ><section class=\"av_textblock_section \"  itemscope=\"itemscope\" itemtype=\"https:\/\/schema.org\/CreativeWork\" ><div class='avia_textblock  '   itemprop=\"text\" ><h2><span class=\"TextRun SCXP257780221 BCX2\" lang=\"PT-BR\" style=\"color: #000000;\" xml:lang=\"PT-BR\" data-usefontface=\"false\" data-contrast=\"none\"><span class=\"NormalTextRun SCXP257780221 BCX2\">Comiss\u00f5es\/Grupos de trabalho<\/span><\/span><\/h2>\n<hr \/>\n<h2><\/h2>\n<\/div><\/section><br \/>\n<section class=\"av_textblock_section \"  itemscope=\"itemscope\" itemtype=\"https:\/\/schema.org\/CreativeWork\" ><div class='avia_textblock  '   itemprop=\"text\" ><p><span style=\"color: #000000;\"><u>Comiss\u00e3o\/grupo de trabalho de atualiza\u00e7\u00e3o do Regimento do Programa<\/u><\/span><\/p>\n<p><span style=\"color: #808080;\">Priscila Ferreira de Aquino \u2013 Coordenadora do Programa<\/span><br \/>\n<span style=\"color: #808080;\"> Stefanie Costa Pinto Lopes \u2013 Coordenadora Adjunta<\/span><br \/>\n<span style=\"color: #808080;\"> Claudia Maria Rios Vel\u00e1squez \u2013 Docente Permanente<\/span><br \/>\n<span style=\"color: #808080;\"> Pritesh Jaychand Lalwani \u2013 Docente Permanente<\/span><br \/>\n<span style=\"color: #808080;\"> Lu\u00eds Andr\u00e9 Morais Mari\u00faba \u2013 Docente Permanente<\/span><br \/>\n<span style=\"color: #808080;\"> Elen Sabrina dos Reis Martins \u2013 Representa\u00e7\u00e3o Discente<\/span><br \/>\n<span style=\"color: #808080;\"> Rondienny Andrade Filgueiras \u2013 Representa\u00e7\u00e3o e Discente<\/span><br \/>\n<span style=\"color: #808080;\"> Eric Fabr\u00edcio Marialva dos Santos\u2013 Representa\u00e7\u00e3o Discente<\/span><br \/>\n<span style=\"color: #808080;\"> Gabrielle Sales de Medeiros \u2013 Representa\u00e7\u00e3o Discente<\/span><br \/>\n<span style=\"color: #808080;\"> Victor Calebe Alves da Costa\u2013 Representa\u00e7\u00e3o Discente<\/span><\/p>\n<p><span style=\"color: #000000;\"><u>Comiss\u00e3o\/grupo de trabalho de elabora\u00e7\u00e3o do site<\/u><\/span><\/p>\n<p><span style=\"color: #808080;\">Priscila Ferreira de Aquino \u2013 Coordenadora do Programa<\/span><br \/>\n<span style=\"color: #808080;\"> Stefanie Costa Pinto Lopes \u2013 Coordenadora Adjunta<\/span><br \/>\n<span style=\"color: #808080;\"> Claudia Maria Rios Vel\u00e1squez \u2013 Docente Permanente<\/span><br \/>\n<span style=\"color: #808080;\"> Yury Oliveira Chaves \u2013 Docente Permanente<\/span><br \/>\n<span style=\"color: #808080;\"> Elen Sabrina dos Reis Martins \u2013 Representa\u00e7\u00e3o Discente<\/span><br \/>\n<span style=\"color: #808080;\"> Rondienny Andrade Filgueiras \u2013 Representa\u00e7\u00e3o e Discente<\/span><br \/>\n<span style=\"color: #808080;\"> Eric Fabr\u00edcio Marialva dos Santos\u2013 Representa\u00e7\u00e3o Discente<\/span><br \/>\n<span style=\"color: #808080;\"> Gabrielle Sales de Medeiros \u2013 Representa\u00e7\u00e3o Discente<\/span><br \/>\n<span style=\"color: #808080;\"> Victor Calebe Alves da Costa\u2013 Representa\u00e7\u00e3o Discente<\/span><\/p>\n<p><span class=\"TextRun SCXP257780221 BCX2\" lang=\"PT-BR\" style=\"color: #808080;\" xml:lang=\"PT-BR\" data-usefontface=\"false\" data-contrast=\"none\"><span class=\"NormalTextRun SCXP257780221 BCX2\">\u00a0<\/span><\/span><\/p>\n<\/div><\/section><\/p><\/div>\n<div class=\"flex_column av_four_fifth  flex_column_div first  avia-builder-el-108  el_after_av_four_fifth  avia-builder-el-last  \" ><section class=\"av_textblock_section \"  itemscope=\"itemscope\" itemtype=\"https:\/\/schema.org\/CreativeWork\" ><div class='avia_textblock  '   itemprop=\"text\" ><h2><span style=\"color: #000000;\">\u2800\u2800\u2800\u2800\u2800\u2800\u2800\u2800\u2800<\/span><\/h2>\n<h2><\/h2>\n<\/div><\/section><br \/>\n<section class=\"av_textblock_section \"  itemscope=\"itemscope\" itemtype=\"https:\/\/schema.org\/CreativeWork\" ><div class='avia_textblock  '   itemprop=\"text\" ><h2><span style=\"color: #000000;\">\u2800\u2800\u2800\u2800\u2800\u2800\u2800\u2800\u2800<\/span><\/h2>\n<h2><\/h2>\n<\/div><\/section><\/p><\/div>\n","protected":false},"excerpt":{"rendered":"","protected":false},"author":69,"featured_media":0,"parent":0,"menu_order":0,"comment_status":"closed","ping_status":"closed","template":"","meta":{"footnotes":""},"class_list":["post-44273","page","type-page","status-publish","hentry"],"_links":{"self":[{"href":"https:\/\/amazonia.fiocruz.br\/index.php?rest_route=\/wp\/v2\/pages\/44273","targetHints":{"allow":["GET"]}}],"collection":[{"href":"https:\/\/amazonia.fiocruz.br\/index.php?rest_route=\/wp\/v2\/pages"}],"about":[{"href":"https:\/\/amazonia.fiocruz.br\/index.php?rest_route=\/wp\/v2\/types\/page"}],"author":[{"embeddable":true,"href":"https:\/\/amazonia.fiocruz.br\/index.php?rest_route=\/wp\/v2\/users\/69"}],"replies":[{"embeddable":true,"href":"https:\/\/amazonia.fiocruz.br\/index.php?rest_route=%2Fwp%2Fv2%2Fcomments&post=44273"}],"version-history":[{"count":136,"href":"https:\/\/amazonia.fiocruz.br\/index.php?rest_route=\/wp\/v2\/pages\/44273\/revisions"}],"predecessor-version":[{"id":59211,"href":"https:\/\/amazonia.fiocruz.br\/index.php?rest_route=\/wp\/v2\/pages\/44273\/revisions\/59211"}],"wp:attachment":[{"href":"https:\/\/amazonia.fiocruz.br\/index.php?rest_route=%2Fwp%2Fv2%2Fmedia&parent=44273"}],"curies":[{"name":"wp","href":"https:\/\/api.w.org\/{rel}","templated":true}]}}