{"id":27092,"date":"2019-08-08T15:59:44","date_gmt":"2019-08-08T19:59:44","guid":{"rendered":"https:\/\/amazonia.fiocruz.br\/?page_id=27092"},"modified":"2026-04-09T10:36:29","modified_gmt":"2026-04-09T14:36:29","slug":"eventos-3-2-2","status":"publish","type":"page","link":"https:\/\/amazonia.fiocruz.br\/?page_id=27092","title":{"rendered":"PPGBIO-Intera\u00e7\u00e3o &#8211; Defesas e Qualifica\u00e7\u00f5es"},"content":{"rendered":"<div id='av_section_1'  class='avia-section main_color avia-section-default avia-no-shadow  avia-full-stretch avia-bg-style-scroll  avia-builder-el-0  el_before_av_submenu  avia-builder-el-first   av-minimum-height av-minimum-height-50  container_wrap sidebar_right' style='background-repeat: no-repeat; background-image: url(https:\/\/amazonia.fiocruz.br\/wp-content\/uploads\/2024\/12\/generico-2.jpg);background-attachment: scroll; background-position: top left;  '  data-section-bg-repeat='stretch' data-av_minimum_height_pc='50'><div class='container' ><main  role=\"main\" itemprop=\"mainContentOfPage\"  class='template-page content  av-content-small alpha units'><div class='post-entry post-entry-type-page post-entry-27092'><div class='entry-content-wrapper clearfix'>\n<div class=\"flex_column av_one_half  flex_column_div av-zero-column-padding first  avia-builder-el-1  avia-builder-el-no-sibling  \" style='border-radius:0px; '><div  style='padding-bottom:10px; color:#ffffff;font-size:30px;' class='av-special-heading av-special-heading-h3 custom-color-heading blockquote modern-quote  avia-builder-el-2  avia-builder-el-no-sibling  av-inherit-size '><h3 class='av-special-heading-tag '  itemprop=\"headline\"  >PPGBIO-INTERA\u00c7\u00c3O <br \/> DEFESAS E QUALIFICA\u00c7\u00d5ES<\/h3><div class ='av-subheading av-subheading_below av_custom_color ' style='font-size:18px;'><p>ILMD\/Fiocruz Amaz\u00f4nia<\/p>\n<\/div><div class='special-heading-border'><div class='special-heading-inner-border' style='border-color:#ffffff'><\/div><\/div><\/div><\/div>\n\n<\/div><\/div><\/main><!-- close content main element --><\/div><\/div><div class='clear'><\/div><div id='sub_menu1'  class='av-submenu-container header_color  avia-builder-el-3  el_after_av_section  el_before_av_tab_section  av-sticky-submenu  submenu-not-first container_wrap sidebar_right' style='  z-index:301' ><div class='container av-menu-mobile-disabled '><ul id=\"menu-educacao\" class=\"av-subnav-menu av-submenu-pos-center\"><li id=\"menu-item-49955\" class=\"menu-item menu-item-type-custom menu-item-object-custom menu-item-top-level menu-item-top-level-1\"><a href=\"https:\/\/amazonia.fiocruz.br\/?page_id=15858\" itemprop=\"url\"><span class=\"avia-bullet\"><\/span><span class=\"avia-menu-text\">In\u00edcio<\/span><span class=\"avia-menu-fx\"><span class=\"avia-arrow-wrap\"><span class=\"avia-arrow\"><\/span><\/span><\/span><\/a><\/li>\n<li id=\"menu-item-49953\" class=\"menu-item menu-item-type-custom menu-item-object-custom menu-item-has-children menu-item-top-level menu-item-top-level-2\"><a href=\"https:\/\/amazonia.fiocruz.br\/?page_id=49950\" itemprop=\"url\"><span class=\"avia-bullet\"><\/span><span class=\"avia-menu-text\">Apresenta\u00e7\u00e3o<\/span><span class=\"avia-menu-fx\"><span class=\"avia-arrow-wrap\"><span class=\"avia-arrow\"><\/span><\/span><\/span><\/a>\n\n\n<ul class=\"sub-menu\">\n\t<li id=\"menu-item-49989\" class=\"menu-item menu-item-type-custom menu-item-object-custom\"><a href=\"https:\/\/amazonia.fiocruz.br\/?page_id=49987\" itemprop=\"url\"><span class=\"avia-bullet\"><\/span><span class=\"avia-menu-text\">Estrutura Administrativa e Or\u00e7amento<\/span><\/a><\/li>\n\t<li id=\"menu-item-52299\" class=\"menu-item menu-item-type-custom menu-item-object-custom\"><a href=\"https:\/\/amazonia.fiocruz.br\/?page_id=52297\" itemprop=\"url\"><span class=\"avia-bullet\"><\/span><span class=\"avia-menu-text\">Planos e Manuais<\/span><\/a><\/li>\n\t<li id=\"menu-item-50009\" class=\"menu-item menu-item-type-custom menu-item-object-custom\"><a href=\"https:\/\/amazonia.fiocruz.br\/?page_id=50007\" itemprop=\"url\"><span class=\"avia-bullet\"><\/span><span class=\"avia-menu-text\">Regimentos, Regulamentos e Resolu\u00e7\u00f5es<\/span><\/a><\/li>\n\t<li id=\"menu-item-50017\" class=\"menu-item menu-item-type-custom menu-item-object-custom\"><a href=\"https:\/\/amazonia.fiocruz.br\/?page_id=50015\" itemprop=\"url\"><span class=\"avia-bullet\"><\/span><span class=\"avia-menu-text\">Relat\u00f3rios e Revistas<\/span><\/a><\/li>\n<\/ul>\n<\/li>\n<li id=\"menu-item-49967\" class=\"menu-item menu-item-type-custom menu-item-object-custom menu-item-has-children menu-item-top-level menu-item-top-level-3\"><a href=\"https:\/\/amazonia.fiocruz.br\/?page_id=50359\" itemprop=\"url\"><span class=\"avia-bullet\"><\/span><span class=\"avia-menu-text\">\u00c1rea do Discente<\/span><span class=\"avia-menu-fx\"><span class=\"avia-arrow-wrap\"><span class=\"avia-arrow\"><\/span><\/span><\/span><\/a>\n\n\n<ul class=\"sub-menu\">\n\t<li id=\"menu-item-50114\" class=\"menu-item menu-item-type-custom menu-item-object-custom\"><a href=\"https:\/\/amazonia.fiocruz.br\/?page_id=41689\" itemprop=\"url\"><span class=\"avia-bullet\"><\/span><span class=\"avia-menu-text\">Secretaria Acad\u00eamica &#8211; SECA<\/span><\/a><\/li>\n\t<li id=\"menu-item-50115\" class=\"menu-item menu-item-type-custom menu-item-object-custom\"><a href=\"https:\/\/amazonia.fiocruz.br\/?page_id=41734\" itemprop=\"url\"><span class=\"avia-bullet\"><\/span><span class=\"avia-menu-text\">Servi\u00e7o de P\u00f3s-gradua\u00e7\u00e3o -POSGRAD<\/span><\/a><\/li>\n\t<li id=\"menu-item-50116\" class=\"menu-item menu-item-type-custom menu-item-object-custom\"><a href=\"https:\/\/amazonia.fiocruz.br\/?page_id=41333\" itemprop=\"url\"><span class=\"avia-bullet\"><\/span><span class=\"avia-menu-text\">Biblioteca<\/span><\/a><\/li>\n\t<li id=\"menu-item-50840\" class=\"menu-item menu-item-type-custom menu-item-object-custom\"><a href=\"https:\/\/amazonia.fiocruz.br\/?page_id=43883\" itemprop=\"url\"><span class=\"avia-bullet\"><\/span><span class=\"avia-menu-text\">Calend\u00e1rio Acad\u00eamico<\/span><\/a><\/li>\n\t<li id=\"menu-item-50142\" class=\"menu-item menu-item-type-custom menu-item-object-custom\"><a href=\"https:\/\/amazonia.fiocruz.br\/?page_id=27035\" itemprop=\"url\"><span class=\"avia-bullet\"><\/span><span class=\"avia-menu-text\">Defesas e Qualifica\u00e7\u00f5es<\/span><\/a><\/li>\n\t<li id=\"menu-item-50118\" class=\"menu-item menu-item-type-custom menu-item-object-custom\"><a href=\"https:\/\/amazonia.fiocruz.br\/?page_id=41689#regulamentos\" itemprop=\"url\"><span class=\"avia-bullet\"><\/span><span class=\"avia-menu-text\">Regulamentos dos Cursos<\/span><\/a><\/li>\n\t<li id=\"menu-item-51889\" class=\"menu-item menu-item-type-custom menu-item-object-custom\"><a href=\"https:\/\/amazonia.fiocruz.br\/?page_id=51882\" itemprop=\"url\"><span class=\"avia-bullet\"><\/span><span class=\"avia-menu-text\">Apoio ao Estudante<\/span><\/a><\/li>\n\t<li id=\"menu-item-52253\" class=\"menu-item menu-item-type-custom menu-item-object-custom\"><a href=\"https:\/\/amazonia.fiocruz.br\/?page_id=52239\" itemprop=\"url\"><span class=\"avia-bullet\"><\/span><span class=\"avia-menu-text\">Manual do Aluno<\/span><\/a><\/li>\n\t<li id=\"menu-item-50143\" class=\"menu-item menu-item-type-custom menu-item-object-custom\"><a href=\"https:\/\/amazonia.fiocruz.br\/?page_id=42865\" itemprop=\"url\"><span class=\"avia-bullet\"><\/span><span class=\"avia-menu-text\">Perguntas Frequentes<\/span><\/a><\/li>\n<\/ul>\n<\/li>\n<li id=\"menu-item-49958\" class=\"menu-item menu-item-type-custom menu-item-object-custom menu-item-has-children menu-item-top-level menu-item-top-level-4\"><a href=\"https:\/\/amazonia.fiocruz.br\/?page_id=49956\" itemprop=\"url\"><span class=\"avia-bullet\"><\/span><span class=\"avia-menu-text\">Cursos<\/span><span class=\"avia-menu-fx\"><span class=\"avia-arrow-wrap\"><span class=\"avia-arrow\"><\/span><\/span><\/span><\/a>\n\n\n<ul class=\"sub-menu\">\n\t<li id=\"menu-item-50158\" class=\"menu-item menu-item-type-custom menu-item-object-custom menu-item-has-children\"><a href=\"https:\/\/amazonia.fiocruz.br\/?page_id=15915\" itemprop=\"url\"><span class=\"avia-bullet\"><\/span><span class=\"avia-menu-text\">Doutorado<\/span><\/a>\n\t<ul class=\"sub-menu\">\n\t\t<li id=\"menu-item-50161\" class=\"menu-item menu-item-type-custom menu-item-object-custom\"><a href=\"https:\/\/amazonia.fiocruz.br\/?page_id=46033\" itemprop=\"url\"><span class=\"avia-bullet\"><\/span><span class=\"avia-menu-text\">Sa\u00fade P\u00fablica na Amaz\u00f4nia \u2013 DASPAM<\/span><\/a><\/li>\n\t\t<li id=\"menu-item-50162\" class=\"menu-item menu-item-type-custom menu-item-object-custom\"><a href=\"https:\/\/amazonia.fiocruz.br\/?page_id=44273\" itemprop=\"url\"><span class=\"avia-bullet\"><\/span><span class=\"avia-menu-text\">Biologia da Intera\u00e7\u00e3o Pat\u00f3geno Hospedeiro &#8211; PPGBIO-Intera\u00e7\u00e3o<\/span><\/a><\/li>\n\t\t<li id=\"menu-item-50159\" class=\"menu-item menu-item-type-custom menu-item-object-custom\"><a href=\"https:\/\/amazonia.fiocruz.br\/?page_id=22404\" itemprop=\"url\"><span class=\"avia-bullet\"><\/span><span class=\"avia-menu-text\">Ci\u00eancia (Encerrado)<\/span><\/a><\/li>\n\t\t<li id=\"menu-item-50160\" class=\"menu-item menu-item-type-custom menu-item-object-custom\"><a href=\"https:\/\/amazonia.fiocruz.br\/?page_id=22411\" itemprop=\"url\"><span class=\"avia-bullet\"><\/span><span class=\"avia-menu-text\">Sa\u00fade P\u00fablica (Encerrado)<\/span><\/a><\/li>\n\t<\/ul>\n<\/li>\n\t<li id=\"menu-item-50163\" class=\"menu-item menu-item-type-custom menu-item-object-custom menu-item-has-children\"><a href=\"https:\/\/amazonia.fiocruz.br\/?page_id=20466\" itemprop=\"url\"><span class=\"avia-bullet\"><\/span><span class=\"avia-menu-text\">Mestrado<\/span><\/a>\n\t<ul class=\"sub-menu\">\n\t\t<li id=\"menu-item-50164\" class=\"menu-item menu-item-type-custom menu-item-object-custom\"><a href=\"https:\/\/amazonia.fiocruz.br\/?page_id=47536\" itemprop=\"url\"><span class=\"avia-bullet\"><\/span><span class=\"avia-menu-text\">Profissional em Sa\u00fade da Fam\u00edlia &#8211; PROFSA\u00daDE<\/span><\/a><\/li>\n\t\t<li id=\"menu-item-50165\" class=\"menu-item menu-item-type-custom menu-item-object-custom\"><a href=\"https:\/\/amazonia.fiocruz.br\/?page_id=46054\" itemprop=\"url\"><span class=\"avia-bullet\"><\/span><span class=\"avia-menu-text\">Acad\u00eamico em Condi\u00e7\u00f5es de Vida e Situa\u00e7\u00f5es de Sa\u00fade na Amaz\u00f4nia &#8211; PPGVIDA<\/span><\/a><\/li>\n\t\t<li id=\"menu-item-50026\" class=\"menu-item menu-item-type-custom menu-item-object-custom\"><a href=\"https:\/\/amazonia.fiocruz.br\/?page_id=50553\" itemprop=\"url\"><span class=\"avia-bullet\"><\/span><span class=\"avia-menu-text\">Acad\u00eamico em Condi\u00e7\u00f5es de Vida e Situa\u00e7\u00f5es de Sa\u00fade na Amaz\u00f4nia &#8211; PPGVIDA: Sanitarista Ind\u00edgena<\/span><\/a><\/li>\n\t\t<li id=\"menu-item-50326\" class=\"menu-item menu-item-type-custom menu-item-object-custom\"><a href=\"https:\/\/amazonia.fiocruz.br\/?page_id=50555\" itemprop=\"url\"><span class=\"avia-bullet\"><\/span><span class=\"avia-menu-text\">Acad\u00eamico em Condi\u00e7\u00f5es de Vida e Situa\u00e7\u00f5es de Sa\u00fade na Amaz\u00f4nia &#8211; PPGVIDA: VIGIFRONTEIRAS<\/span><\/a><\/li>\n\t\t<li id=\"menu-item-50166\" class=\"menu-item menu-item-type-custom menu-item-object-custom\"><a href=\"https:\/\/amazonia.fiocruz.br\/?page_id=44273\" itemprop=\"url\"><span class=\"avia-bullet\"><\/span><span class=\"avia-menu-text\">Acad\u00eamico em Biologia da Intera\u00e7\u00e3o Pat\u00f3geno Hospedeiro &#8211; PPGBIO-Intera\u00e7\u00e3o<\/span><\/a><\/li>\n\t<\/ul>\n<\/li>\n\t<li id=\"menu-item-50066\" class=\"menu-item menu-item-type-custom menu-item-object-custom\"><a href=\"https:\/\/amazonia.fiocruz.br\/?page_id=50061\" itemprop=\"url\"><span class=\"avia-bullet\"><\/span><span class=\"avia-menu-text\">Est\u00e1gio P\u00f3s Doutoral<\/span><\/a><\/li>\n\t<li id=\"menu-item-50167\" class=\"menu-item menu-item-type-custom menu-item-object-custom\"><a href=\"https:\/\/amazonia.fiocruz.br\/?page_id=15875\" itemprop=\"url\"><span class=\"avia-bullet\"><\/span><span class=\"avia-menu-text\">Especializa\u00e7\u00e3o Lato Sensu<\/span><\/a><\/li>\n\t<li id=\"menu-item-50049\" class=\"menu-item menu-item-type-custom menu-item-object-custom\"><a href=\"https:\/\/amazonia.fiocruz.br\/?page_id=50047\" itemprop=\"url\"><span class=\"avia-bullet\"><\/span><span class=\"avia-menu-text\">Qualifica\u00e7\u00e3o Profissional<\/span><\/a><\/li>\n\t<li id=\"menu-item-50038\" class=\"menu-item menu-item-type-custom menu-item-object-custom\"><a href=\"https:\/\/amazonia.fiocruz.br\/?page_id=43523\" itemprop=\"url\"><span class=\"avia-bullet\"><\/span><span class=\"avia-menu-text\">Projeto QUALIFICASUS<\/span><\/a><\/li>\n<\/ul>\n<\/li>\n<li id=\"menu-item-49961\" class=\"menu-item menu-item-type-custom menu-item-object-custom menu-item-top-level menu-item-top-level-5\"><a href=\"https:\/\/amazonia.fiocruz.br\/?page_id=37110\" itemprop=\"url\"><span class=\"avia-bullet\"><\/span><span class=\"avia-menu-text\">Planejamento Estrat\u00e9gico e Autoavalia\u00e7\u00e3o<\/span><span class=\"avia-menu-fx\"><span class=\"avia-arrow-wrap\"><span class=\"avia-arrow\"><\/span><\/span><\/span><\/a><\/li>\n<li id=\"menu-item-49964\" class=\"menu-item menu-item-type-custom menu-item-object-custom menu-item-top-level menu-item-top-level-6\"><a href=\"https:\/\/amazonia.fiocruz.br\/?page_id=16314\" itemprop=\"url\"><span class=\"avia-bullet\"><\/span><span class=\"avia-menu-text\">Chamadas P\u00fablicas<\/span><span class=\"avia-menu-fx\"><span class=\"avia-arrow-wrap\"><span class=\"avia-arrow\"><\/span><\/span><\/span><\/a><\/li>\n<li id=\"menu-item-50105\" class=\"menu-item menu-item-type-custom menu-item-object-custom menu-item-top-level menu-item-top-level-7\"><a href=\"https:\/\/amazonia.fiocruz.br\/?page_id=50103\" itemprop=\"url\"><span class=\"avia-bullet\"><\/span><span class=\"avia-menu-text\">Acompanhamento de Egressos<\/span><span class=\"avia-menu-fx\"><span class=\"avia-arrow-wrap\"><span class=\"avia-arrow\"><\/span><\/span><\/span><\/a><\/li>\n<li id=\"menu-item-49970\" class=\"menu-item menu-item-type-custom menu-item-object-custom menu-item-top-level menu-item-top-level-8\"><a href=\"https:\/\/amazonia.fiocruz.br\/?page_id=49968\" itemprop=\"url\"><span class=\"avia-bullet\"><\/span><span class=\"avia-menu-text\">Fale Conosco<\/span><span class=\"avia-menu-fx\"><span class=\"avia-arrow-wrap\"><span class=\"avia-arrow\"><\/span><\/span><\/span><\/a><\/li>\n<\/ul><\/div><\/div><div class='sticky_placeholder'><\/div>\n<div id='av-tab-section-1'  class='av-tab-section-container entry-content-wrapper main_color av-tab-slide-transition av-tab-content-auto  av-tab-above-content  avia-builder-el-4  el_after_av_submenu  avia-builder-el-last  submenu-not-first container_wrap sidebar_right' style=' '  ><div class='av-tab-section-outer-container'><div class='av-tab-section-tab-title-container avia-tab-title-padding-none '  role='tablist'><a href='#2026' data-av-tab-section-title='1' class='av-section-tab-title av-active-tab-title no-scroll av-tab-with-icon av-tab-no-image  ' role='tab' tabindex='0' aria-controls='av-tab-section-1-1'><span class='av-tab-section-icon' aria-hidden='true' data-av_icon='\ue85b' data-av_iconfont='entypo-fontello'><\/span><span class='av-outer-tab-title'><span class='av-inner-tab-title'>2026<\/span><\/span><span class='av-tab-arrow-container'><span><\/span><\/span><\/a><a href='#2025' data-av-tab-section-title='2' class='av-section-tab-title  av-tab-with-icon av-tab-no-image  ' role='tab' tabindex='0' aria-controls='av-tab-section-1-2'><span class='av-tab-section-icon' aria-hidden='true' data-av_icon='\ue851' data-av_iconfont='entypo-fontello'><\/span><span class='av-outer-tab-title'><span class='av-inner-tab-title'>2025<\/span><\/span><span class='av-tab-arrow-container'><span><\/span><\/span><\/a><a href='#2024' data-av-tab-section-title='3' class='av-section-tab-title  av-tab-with-icon av-tab-no-image  ' role='tab' tabindex='0' aria-controls='av-tab-section-1-3'><span class='av-tab-section-icon' aria-hidden='true' data-av_icon='\ue851' data-av_iconfont='entypo-fontello'><\/span><span class='av-outer-tab-title'><span class='av-inner-tab-title'>2024<\/span><\/span><span class='av-tab-arrow-container'><span><\/span><\/span><\/a><a href='#2023' data-av-tab-section-title='4' class='av-section-tab-title  av-tab-with-icon av-tab-no-image  ' role='tab' tabindex='0' aria-controls='av-tab-section-1-4'><span class='av-tab-section-icon' aria-hidden='true' data-av_icon='\ue851' data-av_iconfont='entypo-fontello'><\/span><span class='av-outer-tab-title'><span class='av-inner-tab-title'>2023<\/span><\/span><span class='av-tab-arrow-container'><span><\/span><\/span><\/a><a href='#2022' data-av-tab-section-title='5' class='av-section-tab-title  av-tab-with-icon av-tab-no-image  ' role='tab' tabindex='0' aria-controls='av-tab-section-1-5'><span class='av-tab-section-icon' aria-hidden='true' data-av_icon='\ue851' data-av_iconfont='entypo-fontello'><\/span><span class='av-outer-tab-title'><span class='av-inner-tab-title'>2022<\/span><\/span><span class='av-tab-arrow-container'><span><\/span><\/span><\/a><\/div><div class='av-tab-section-inner-container avia-section-small' style='width:500vw; left:0%;'><span class='av_prev_tab_section av_tab_navigation'><\/span><span class='av_next_tab_section av_tab_navigation'><\/span>\n<div id=\"av-tab-section-1-1\" data-av-tab-section-content=\"1\" class=\"av-layout-tab av-animation-delay-container av-active-tab-content __av_init_open  avia-builder-el-5  el_before_av_tab_sub_section  avia-builder-el-first   \" style='vertical-align:top; '  data-tab-section-id=\"2026\"><div class='av-layout-tab-inner'><div class='container'><div   class=\"togglecontainer  av-elegant-toggle toggle_close_all  avia-builder-el-6  avia-builder-el-no-sibling \" data-currentstyle='background-color:#83a846; '>\n<section class=\"av_toggle_section\"  itemscope=\"itemscope\" itemtype=\"https:\/\/schema.org\/CreativeWork\"  >    <div role=\"tablist\" class=\"single_toggle\" data-tags=\"{Todos} \"  >        <p data-fake-id=\"#toggle-id-1\" class=\"toggler  av-inherit-border-color \"  itemprop=\"headline\"  style='border-color: #83a846; ' data-hoverstyle='background-color: #4ecac2; ' role=\"tab\" tabindex=\"0\" aria-controls=\"toggle-id-1\">29\/abr | Qualifica\u00e7\u00e3o de Doutorado | Emmily Myrella Vasconcelos Mourao<span class=\"toggle_icon\" >        <span class=\"vert_icon\"><\/span><span class=\"hor_icon\"><\/span><\/span><\/p>        <div id=\"toggle-id-1\" class=\"toggle_wrap \"   >            <div class=\"toggle_content invers-color  av-inherit-border-color \"  itemprop=\"text\"  style='border-color: #83a846; ' ><p><strong>T\u00edtulo do Projeto: <\/strong><span data-olk-copy-source=\"MessageBody\">AVALIA\u00c7\u00c3O DA RESPOSTA IMUNE CONTRA A PROTE\u00cdNA CIRCUNSPOROZOITA DE<i>\u00a0Plasmodium vivax<\/i>\u00a0UTILIZANDO DIFERENTES ESTRATEGIAS DE Delivery VACINAL EM MURINOS<\/span><\/p>\n<p><strong>Orientador:<\/strong> <span data-olk-copy-source=\"MessageBody\">\u00a0Dr. Lu\u00eds Andr\u00e9 Morais Mari\u00faba<\/span><br class=\"avia-permanent-lb\" \/><strong>Coorientadores:<\/strong> <span data-olk-copy-source=\"MessageBody\">Dr.\u00aa K\u00e9ssia Caroline Souza Alves<\/span> e <span data-olk-copy-source=\"MessageBody\">Dr. Gemilson Soares Pontes<\/span><\/p>\n<p><strong>Banca Avaliadora estabelecida pela <a href=\"https:\/\/amazonia.fiocruz.br\/wp-content\/uploads\/2026\/04\/portaria078-2026_biodr_qualif_emmily.pdf\">Portaria n\u00ba 078\/2026:<\/a><br class=\"avia-permanent-lb\" \/><\/strong><span data-olk-copy-source=\"MessageBody\">Dr. Lu\u00eds Andr\u00e9 Morais Mari\u00faba (ILMD\/FIOCRUZ Amaz\u00f4nia)<\/span><br class=\"avia-permanent-lb\" \/><span data-olk-copy-source=\"MessageBody\">Dr. Yury Oliveira Chaves (INPA) <br class=\"avia-permanent-lb\" \/><\/span><span data-olk-copy-source=\"MessageBody\">Dr.\u00aa Isabelle Freire Tabosa Viana (UFPE) <br class=\"avia-permanent-lb\" \/><\/span>Dr. Allyson Guimar\u00e3es da Costa (UFAM) <br class=\"avia-permanent-lb\" \/>Dr. Alex Sander Rodrigues Cangussu (UFT)<\/p>\n<p><a href=\"https:\/\/conferenciaweb.rnp.br\/fiocruz\/ilmd-spg1\">Link da sess\u00e3o virtual<\/a><\/p>\n<p><strong>Hor\u00e1rio:<\/strong> 08h00min (Manaus)<\/p>\n            <\/div>        <\/div>    <\/div><\/section>\n<section class=\"av_toggle_section\"  itemscope=\"itemscope\" itemtype=\"https:\/\/schema.org\/CreativeWork\"  >    <div role=\"tablist\" class=\"single_toggle\" data-tags=\"{Todos} \"  >        <p data-fake-id=\"#toggle-id-2\" class=\"toggler  av-inherit-border-color \"  itemprop=\"headline\"  style='border-color: #83a846; ' data-hoverstyle='background-color: #4ecac2; ' role=\"tab\" tabindex=\"0\" aria-controls=\"toggle-id-2\">29\/abr | Qualifica\u00e7\u00e3o de Mestrado | Eliza Raquel Duarte da Silva<span class=\"toggle_icon\" >        <span class=\"vert_icon\"><\/span><span class=\"hor_icon\"><\/span><\/span><\/p>        <div id=\"toggle-id-2\" class=\"toggle_wrap \"   >            <div class=\"toggle_content invers-color  av-inherit-border-color \"  itemprop=\"text\"  style='border-color: #83a846; ' ><p><strong>T\u00edtulo do Projeto: <\/strong>Desenvolvimento e avalia\u00e7\u00e3o de anticorpos \u201cscFv\u201d contra a prote\u00edna NS1 aplic\u00e1veis ao diagn\u00f3stico de dengue<\/p>\n<p><strong>Orientador:\u00a0<\/strong>Dr. Lu\u00eds Andr\u00e9 Morais Mari\u00faba<\/p>\n<p><strong>Banca Avaliadora estabelecida pela <a href=\"https:\/\/amazonia.fiocruz.br\/wp-content\/uploads\/2026\/04\/portaria075-2026_bioms_qualif_eliza.pdf\">Portaria n\u00ba 075\/2026:<\/a><br class=\"avia-permanent-lb\" \/><\/strong>Dr. Lu\u00eds Andr\u00e9 Morais Mari\u00faba (ILMD\/FIOCRUZ Amaz\u00f4nia)<br \/>\nDr. George Allan Villarouco da Silva (HEMOAM)<br \/>\nDr. Marcos Roberto Lourenzon (FIOCRUZ\/CE)<\/p>\n<p><span style=\"color: #99cc00;\">Banca Fechada<\/span><\/p>\n<p><strong>Hor\u00e1rio:<\/strong> 13h00min (Manaus)<\/p>\n            <\/div>        <\/div>    <\/div><\/section>\n<section class=\"av_toggle_section\"  itemscope=\"itemscope\" itemtype=\"https:\/\/schema.org\/CreativeWork\"  >    <div role=\"tablist\" class=\"single_toggle\" data-tags=\"{Todos} \"  >        <p data-fake-id=\"#toggle-id-3\" class=\"toggler  av-inherit-border-color \"  itemprop=\"headline\"  style='border-color: #83a846; ' data-hoverstyle='background-color: #4ecac2; ' role=\"tab\" tabindex=\"0\" aria-controls=\"toggle-id-3\">24\/abr | Qualifica\u00e7\u00e3o de Mestrado | Eva Leticia Camara Lacerda<span class=\"toggle_icon\" >        <span class=\"vert_icon\"><\/span><span class=\"hor_icon\"><\/span><\/span><\/p>        <div id=\"toggle-id-3\" class=\"toggle_wrap \"   >            <div class=\"toggle_content invers-color  av-inherit-border-color \"  itemprop=\"text\"  style='border-color: #83a846; ' ><p><strong>T\u00edtulo do Projeto:\u00a0<\/strong><b><\/b>An\u00e1lise Comparativa da Express\u00e3o G\u00eanica em Cepas Cl\u00ednicas e de refer\u00eancia de <i>Shigella boydii<\/i>\u00a0sob estresse por Merc\u00fario (Hg)<\/p>\n<p><strong>Orientadora:<\/strong> <span data-olk-copy-source=\"MessageBody\">Dr.\u00aa Patr\u00edcia Puccinelli Orlandi <\/span><br class=\"avia-permanent-lb\" \/><strong>Coorientadora:<\/strong> <span data-olk-copy-source=\"MessageBody\">Ivanildes dos Santos Bastos<\/span><\/p>\n<p><strong>Banca Avaliadora estabelecida pela <a href=\"https:\/\/amazonia.fiocruz.br\/wp-content\/uploads\/2026\/04\/portaria080-2026_bioms_qualif_eva.pdf\">Portaria n\u00ba 080\/2026:<\/a><br class=\"avia-permanent-lb\" \/><\/strong><span data-olk-copy-source=\"MessageBody\">Dr.\u00aa Patr\u00edcia Puccinelli Orlandi (IAM\/FIOCRUZ)<\/span><br class=\"avia-permanent-lb\" \/><span data-olk-copy-source=\"MessageBody\">Dr. Elerson Matos Rocha (ILMD\/FIOCRUZ Amaz\u00f4nia)<\/span><br class=\"avia-permanent-lb\" \/><span data-olk-copy-source=\"MessageBody\">Dr. Whendel Mesquita do Nascimento (UFAM)<\/span><\/p>\n<p><a href=\"https:\/\/conferenciaweb.rnp.br\/fiocruz\/ilmd-spg1\">Link da sess\u00e3o virtual<\/a><\/p>\n<p><strong>Hor\u00e1rio:<\/strong> 09h00min (Manaus)<\/p>\n            <\/div>        <\/div>    <\/div><\/section>\n<section class=\"av_toggle_section\"  itemscope=\"itemscope\" itemtype=\"https:\/\/schema.org\/CreativeWork\"  >    <div role=\"tablist\" class=\"single_toggle\" data-tags=\"{Todos} \"  >        <p data-fake-id=\"#toggle-id-4\" class=\"toggler  av-inherit-border-color \"  itemprop=\"headline\"  style='border-color: #83a846; ' data-hoverstyle='background-color: #4ecac2; ' role=\"tab\" tabindex=\"0\" aria-controls=\"toggle-id-4\">24\/abr | Qualifica\u00e7\u00e3o de Mestrado | Joyce Marinho Melo<span class=\"toggle_icon\" >        <span class=\"vert_icon\"><\/span><span class=\"hor_icon\"><\/span><\/span><\/p>        <div id=\"toggle-id-4\" class=\"toggle_wrap \"   >            <div class=\"toggle_content invers-color  av-inherit-border-color \"  itemprop=\"text\"  style='border-color: #83a846; ' ><p><strong>T\u00edtulo do Projeto: <\/strong>DESENVOLVIMENTO DE UM IMUNOENSAIO DE AGLUTINA\u00c7\u00c3O EM L\u00c1TEX PARA DIAGN\u00d3STICO DA ESPOROTRICOSE<\/p>\n<p><strong>Orientadora:<\/strong>\u00a0 Dr. Luis Andr\u00e9 Morais Mari\u00faba<br class=\"avia-permanent-lb\" \/><strong>Coorientador:<\/strong> Dr. Jo\u00e3o Victor de Melo Ver\u00e7osa<\/p>\n<p><strong>Banca Avaliadora estabelecida pela <a href=\"https:\/\/amazonia.fiocruz.br\/wp-content\/uploads\/2026\/04\/portaria076-2026_bioms_qualif_joyce.pdf\">Portaria n\u00ba 076\/2026:<\/a><br class=\"avia-permanent-lb\" \/><\/strong>Dr. Luis Andr\u00e9 Morais Mari\u00faba (ILMD\/FIOCRUZ Amaz\u00f4nia)<br class=\"avia-permanent-lb\" \/>Dr. Elerson Matos Rocha \u00a0(ILMD\/FIOCRUZ Amaz\u00f4nia)<br class=\"avia-permanent-lb\" \/><span data-olk-copy-source=\"MessageBody\">Dr.\u00aa<\/span> Aline de Oliveira Albuquerque (FIOCRUZ\/CE)<\/p>\n<p><span style=\"color: #99cc00;\">Banca Fechada<\/span><\/p>\n<p><strong>Hor\u00e1rio:<\/strong> 14h00min (Manaus)<\/p>\n            <\/div>        <\/div>    <\/div><\/section>\n<section class=\"av_toggle_section\"  itemscope=\"itemscope\" itemtype=\"https:\/\/schema.org\/CreativeWork\"  >    <div role=\"tablist\" class=\"single_toggle\" data-tags=\"{Todos} \"  >        <p data-fake-id=\"#toggle-id-5\" class=\"toggler  av-inherit-border-color \"  itemprop=\"headline\"  style='border-color: #83a846; ' data-hoverstyle='background-color: #4ecac2; ' role=\"tab\" tabindex=\"0\" aria-controls=\"toggle-id-5\">23\/abr | Defesa de Tese | Wlademir Braga Salgado Sobrinho  <span class=\"toggle_icon\" >        <span class=\"vert_icon\"><\/span><span class=\"hor_icon\"><\/span><\/span><\/p>        <div id=\"toggle-id-5\" class=\"toggle_wrap \"   >            <div class=\"toggle_content invers-color  av-inherit-border-color \"  itemprop=\"text\"  style='border-color: #83a846; ' ><p><strong>T\u00edtulo da Tese: <\/strong>Efeitos imunol\u00f3gicos do boost vacinal em indiv\u00edduos imunizados contra SARS-CoV-2<\/p>\n<p><strong>Orientador:<\/strong> <span data-olk-copy-source=\"MessageBody\">Dr. Pritesh Jaychand Lalwani<\/span><\/p>\n<p><strong>Banca Avaliadora estabelecida pela <a href=\"https:\/\/amazonia.fiocruz.br\/wp-content\/uploads\/2026\/04\/portaria079-2026_biodr_defesa_wlademir.pdf\">Portaria n\u00ba 079\/2026:<\/a><br class=\"avia-permanent-lb\" \/><\/strong><span data-olk-copy-source=\"MessageBody\">Dr. Pritesh Jaychand Lalwani (ILMD\/FIOCRUZ Amaz\u00f4nia)<\/span><br class=\"avia-permanent-lb\" \/><span data-olk-copy-source=\"MessageBody\">Dr.\u00aa Simone Silveira (ILMD\/FIOCRUZ Amaz\u00f4nia)<\/span><br class=\"avia-permanent-lb\" \/><span data-olk-copy-source=\"MessageBody\">Dr. Elerson Matos Rocha (ILMD\/FIOCRUZ Amaz\u00f4nia) <br class=\"avia-permanent-lb\" \/>Dr. Jos\u00e9 Luiz Proen\u00e7a Modena (UNICAMP) <br class=\"avia-permanent-lb\" \/><\/span>Dr. Josu\u00e9 da Costa Lima Junior (IOC\/FIOCRUZ)<\/p>\n<p><span data-olk-copy-source=\"MessageBody\"><strong>Local:<\/strong> Sala de aula 101 &#8211; 1\u00ba andar &#8211; \u00c1rea Rio Amazonas, ILMD-FIOCRUZ &#8211; Rua Teresina, 476, Adrian\u00f3polis\/ Manaus-AM CEP 69057 070.<\/span><\/p>\n<p><strong>Hor\u00e1rio:<\/strong> 13h00min (Manaus)<\/p>\n            <\/div>        <\/div>    <\/div><\/section>\n<section class=\"av_toggle_section\"  itemscope=\"itemscope\" itemtype=\"https:\/\/schema.org\/CreativeWork\"  >    <div role=\"tablist\" class=\"single_toggle\" data-tags=\"{Todos} \"  >        <p data-fake-id=\"#toggle-id-6\" class=\"toggler  av-inherit-border-color \"  itemprop=\"headline\"  style='border-color: #83a846; ' data-hoverstyle='background-color: #4ecac2; ' role=\"tab\" tabindex=\"0\" aria-controls=\"toggle-id-6\">13\/abr | Qualifica\u00e7\u00e3o de Mestrado | Mesaqueuri Mota Nonato<span class=\"toggle_icon\" >        <span class=\"vert_icon\"><\/span><span class=\"hor_icon\"><\/span><\/span><\/p>        <div id=\"toggle-id-6\" class=\"toggle_wrap \"   >            <div class=\"toggle_content invers-color  av-inherit-border-color \"  itemprop=\"text\"  style='border-color: #83a846; ' ><p><strong>T\u00edtulo do Projeto: <\/strong>Investiga\u00e7\u00e3o do potencial larvicida de esp\u00e9cies amaz\u00f4nicas de <i>Trichoderma<\/i>\u00a0contra <i>Aedes aegypti<\/i><\/p>\n<p><strong>Orientadora:<\/strong> <span data-olk-copy-source=\"MessageBody\">Dr.\u00aa Priscila Ferreira de Aquino<\/span><\/p>\n<p><strong>Banca Avaliadora estabelecida pela <a href=\"https:\/\/amazonia.fiocruz.br\/wp-content\/uploads\/2026\/04\/portaria077-2026_bioms_qualif_mesaqueuri.pdf\">Portaria n\u00ba 077\/2026:<\/a><br class=\"avia-permanent-lb\" \/><\/strong><span data-olk-copy-source=\"MessageBody\">Dr.\u00aa Priscila Ferreira de Aquino (ILMD\/FIOCRUZ Amaz\u00f4nia)<\/span><br class=\"avia-permanent-lb\" \/><span data-olk-copy-source=\"MessageBody\">Dr. Ricardo de Melo Katak (INPA)<\/span><br class=\"avia-permanent-lb\" \/><span data-olk-copy-source=\"MessageBody\">Dr.\u00aa Ani Beatriz Jackisch Matsuura (ILMD\/FIOCRUZ Amaz\u00f4nia)<\/span><\/p>\n<p><a href=\"https:\/\/conferenciaweb.rnp.br\/fiocruz\/ilmd-spg1\">Link da sess\u00e3o virtual<\/a><\/p>\n<p><strong>Hor\u00e1rio:<\/strong> 09h00min (Manaus) <span data-olk-copy-source=\"MessageBody\">10h00 (Bras\u00edlia)<\/span><\/p>\n            <\/div>        <\/div>    <\/div><\/section>\n<section class=\"av_toggle_section\"  itemscope=\"itemscope\" itemtype=\"https:\/\/schema.org\/CreativeWork\"  >    <div role=\"tablist\" class=\"single_toggle\" data-tags=\"{Todos} \"  >        <p data-fake-id=\"#toggle-id-7\" class=\"toggler  av-inherit-border-color \"  itemprop=\"headline\"  style='border-color: #83a846; ' data-hoverstyle='background-color: #4ecac2; ' role=\"tab\" tabindex=\"0\" aria-controls=\"toggle-id-7\">08\/abr | Qualifica\u00e7\u00e3o de Doutorado | Lorena Paola Mesa Arciniegas<span class=\"toggle_icon\" >        <span class=\"vert_icon\"><\/span><span class=\"hor_icon\"><\/span><\/span><\/p>        <div id=\"toggle-id-7\" class=\"toggle_wrap \"   >            <div class=\"toggle_content invers-color  av-inherit-border-color \"  itemprop=\"text\"  style='border-color: #83a846; ' ><p><strong>T\u00edtulo do Projeto: <\/strong><span data-olk-copy-source=\"MessageBody\">Din\u00e2mica da transmiss\u00e3o da mal\u00e1ria em \u00e1rea end\u00eamica do estado do Amazonas: avalia\u00e7\u00e3o de interven\u00e7\u00f5es de controle sob uma abordagem de m\u00e9todos mistos<\/span><\/p>\n<p><strong>Orientadora:<\/strong> <span data-olk-copy-source=\"MessageBody\">Dr.\u00aa Claudia Maria Rios Vel\u00e1squez <\/span><br class=\"avia-permanent-lb\" \/><strong>Coorientadora:<\/strong> Dr.\u00aa<b> <\/b>Maisa da Silva Araujo<\/p>\n<p><strong>Banca Avaliadora estabelecida pela <a href=\"https:\/\/amazonia.fiocruz.br\/wp-content\/uploads\/2026\/03\/portaria065-2026_biodr_qualif_lorena.pdf\">Portaria n\u00ba 065\/2026:<\/a><br class=\"avia-permanent-lb\" \/><\/strong><span data-olk-copy-source=\"MessageBody\">Dr.\u00aa Claudia Maria Rios Vel\u00e1squez (ILMD\/FIOCRUZ Amaz\u00f4nia)<\/span><br class=\"avia-permanent-lb\" \/><span data-olk-copy-source=\"MessageBody\">Dr. Jos\u00e9 Joaquin Carvajal Cortes (ILMD\/FIOCRUZ Amaz\u00f4nia)<\/span><br class=\"avia-permanent-lb\" \/><span data-olk-copy-source=\"MessageBody\">Dr. Jos\u00e9 Bento Pereira Lima (IOC\/FIOCRUZ)<\/span> <br class=\"avia-permanent-lb\" \/><span data-olk-copy-source=\"MessageBody\">Dr.\u00aa Sara Maria Robledo Restrepo (Universidade de Antioqu\u00eda)<\/span> <br class=\"avia-permanent-lb\" \/><span data-olk-copy-source=\"MessageBody\">Dr. Leandro Luiz Giatti (USP)<\/span> <br class=\"avia-permanent-lb\" \/><span data-olk-copy-source=\"MessageBody\">Dr.\u00aa Martha Cecilia Suarez Mutis (IOC\/FIOCRUZ)<\/span><\/p>\n<p><a href=\"https:\/\/conferenciaweb.rnp.br\/fiocruz\/ilmd-spg1\">Link da sess\u00e3o virtual<\/a><\/p>\n<p><strong>Hor\u00e1rio:<\/strong> 08h00min (Manaus)<\/p>\n            <\/div>        <\/div>    <\/div><\/section>\n<section class=\"av_toggle_section\"  itemscope=\"itemscope\" itemtype=\"https:\/\/schema.org\/CreativeWork\"  >    <div role=\"tablist\" class=\"single_toggle\" data-tags=\"{Todos} \"  >        <p data-fake-id=\"#toggle-id-8\" class=\"toggler  av-inherit-border-color \"  itemprop=\"headline\"  style='border-color: #83a846; ' data-hoverstyle='background-color: #4ecac2; ' role=\"tab\" tabindex=\"0\" aria-controls=\"toggle-id-8\">31\/mar | Qualifica\u00e7\u00e3o de Mestrado | Fransuellem Batista de Moura Brito<span class=\"toggle_icon\" >        <span class=\"vert_icon\"><\/span><span class=\"hor_icon\"><\/span><\/span><\/p>        <div id=\"toggle-id-8\" class=\"toggle_wrap \"   >            <div class=\"toggle_content invers-color  av-inherit-border-color \"  itemprop=\"text\"  style='border-color: #83a846; ' ><p><strong>T\u00edtulo do Projeto: <\/strong>Rastreio Sorol\u00f3gico de <em>Plasmodium spp.<\/em> em pacientes inaptos \u00e0 Doa\u00e7\u00e3o de Sangue na Funda\u00e7\u00e3o de Hematologia e Hemoterapia do Amazonas (HEMOAM): Contribui\u00e7\u00f5es para Seguran\u00e7a e Amplia\u00e7\u00e3o do Estoque de Sangue no SUS<\/p>\n<p><strong>Orientador:<\/strong> <span data-olk-copy-source=\"MessageBody\">Dr. Yury Oliveira Chaves\u00a0 <br class=\"avia-permanent-lb\" \/><strong>Coorientadora:<\/strong> Dr.\u00aa Gisely Cardoso de Melo\u00a0<\/span><\/p>\n<p><strong>Banca Avaliadora estabelecida pela <a href=\"..\/wp-content\/uploads\/2026\/03\/portaria063-2026_bioms_qualif_fransuellem.pdf\">Portaria n\u00ba 063\/2026:<\/a><br class=\"avia-permanent-lb\" \/><\/strong><span data-olk-copy-source=\"MessageBody\">Dr. Yury Oliveira Chaves (INPA)<\/span><br class=\"avia-permanent-lb\" \/><span data-olk-copy-source=\"MessageBody\">Dr. Paulo Afonso Nogueira (ILMD\/FIOCRUZ Amaz\u00f4nia)<\/span><br class=\"avia-permanent-lb\" \/><span data-olk-copy-source=\"MessageBody\">Dr. Marcelo Addas de Carvalho (UNICAMP)<\/span><\/p>\n<p><a href=\"https:\/\/conferenciaweb.rnp.br\/fiocruz\/ilmd-spg5\">Link da sess\u00e3o virtual<\/a><\/p>\n<p><strong>Hor\u00e1rio:<\/strong> 09h00min (Manaus)<\/p>\n            <\/div>        <\/div>    <\/div><\/section>\n<section class=\"av_toggle_section\"  itemscope=\"itemscope\" itemtype=\"https:\/\/schema.org\/CreativeWork\"  >    <div role=\"tablist\" class=\"single_toggle\" data-tags=\"{Todos} \"  >        <p data-fake-id=\"#toggle-id-9\" class=\"toggler  av-inherit-border-color \"  itemprop=\"headline\"  style='border-color: #83a846; ' data-hoverstyle='background-color: #4ecac2; ' role=\"tab\" tabindex=\"0\" aria-controls=\"toggle-id-9\">31\/mar | Defesa de Tese | Cleudecir Siqueira Portela<span class=\"toggle_icon\" >        <span class=\"vert_icon\"><\/span><span class=\"hor_icon\"><\/span><\/span><\/p>        <div id=\"toggle-id-9\" class=\"toggle_wrap \"   >            <div class=\"toggle_content invers-color  av-inherit-border-color \"  itemprop=\"text\"  style='border-color: #83a846; ' ><p><strong>T\u00edtulo da Tese: <\/strong><span data-olk-copy-source=\"MessageBody\">Epidemiologia e patologia da mansonelose na Regi\u00e3o Amaz\u00f4nica<\/span><\/p>\n<p><strong>Orientador:<\/strong>\u00a0<span data-olk-copy-source=\"MessageBody\">Dr. James Lee Crainey<\/span><\/p>\n<p><strong>Banca Avaliadora estabelecida pela <a href=\"https:\/\/amazonia.fiocruz.br\/wp-content\/uploads\/2026\/03\/portaria062-2026_biodr_defesa_cleudecir.pdf\">Portaria n\u00ba 062\/2026:<\/a><br class=\"avia-permanent-lb\" \/><\/strong><span data-olk-copy-source=\"MessageBody\">Dr. James Lee Crainey (ILMD\/FIOCRUZ Amaz\u00f4nia) <br class=\"avia-permanent-lb\" \/><\/span>Dr. Felipe Arley Costa Pessoa (ILMD\/FIOCRUZ Amaz\u00f4nia) <br class=\"avia-permanent-lb\" \/>Dr. Ulysses Carvalho Barbosa (INPA)<\/p>\n<p><a href=\"https:\/\/conferenciaweb.rnp.br\/fiocruz\/ilmd-spg1\">Link da sess\u00e3o virtual<\/a><\/p>\n<p><strong>Hor\u00e1rio:<\/strong> 13h00min (Manaus)<\/p>\n            <\/div>        <\/div>    <\/div><\/section>\n<section class=\"av_toggle_section\"  itemscope=\"itemscope\" itemtype=\"https:\/\/schema.org\/CreativeWork\"  >    <div role=\"tablist\" class=\"single_toggle\" data-tags=\"{Todos} \"  >        <p data-fake-id=\"#toggle-id-10\" class=\"toggler  av-inherit-border-color \"  itemprop=\"headline\"  style='border-color: #83a846; ' data-hoverstyle='background-color: #4ecac2; ' role=\"tab\" tabindex=\"0\" aria-controls=\"toggle-id-10\">30\/mar | Defesa de Tese | Fernanda de Almeida Batalha<span class=\"toggle_icon\" >        <span class=\"vert_icon\"><\/span><span class=\"hor_icon\"><\/span><\/span><\/p>        <div id=\"toggle-id-10\" class=\"toggle_wrap \"   >            <div class=\"toggle_content invers-color  av-inherit-border-color \"  itemprop=\"text\"  style='border-color: #83a846; ' ><p><strong>T\u00edtulo da\u00a0 Tese: <\/strong><span data-olk-copy-source=\"MessageBody\">Teste R\u00e1pido de fluxo lateral baseado na identifica\u00e7\u00e3o de indiv\u00edduos assintom\u00e1ticos a partir da detec\u00e7\u00e3o de anticorpos IgG3 contra prote\u00ednas recombinantes quim\u00e9ricas contendo variantes da \u201cMerozoite surface protein 1\u201d de Plasmodium vivax<\/span><\/p>\n<p><strong>Orientador:<\/strong>\u00a0<span data-olk-copy-source=\"MessageBody\">Dr. Paulo Afonso Nogueira <br class=\"avia-permanent-lb\" \/><\/span><\/p>\n<p><strong>Banca Avaliadora estabelecida pela <a href=\"https:\/\/amazonia.fiocruz.br\/wp-content\/uploads\/2026\/03\/portaria069-2026_biodr_defesa_fernanda.pdf\">Portaria n\u00ba 069\/2026: <br class=\"avia-permanent-lb\" \/><\/a><\/strong><span data-olk-copy-source=\"MessageBody\">Dr. Paulo Afonso Nogueira (ILMD\/FIOCRUZ Amaz\u00f4nia) <br class=\"avia-permanent-lb\" \/><\/span>Dr.\u00aa Djane Clarys Baia da Silva (ILMD\/FIOCRUZ Amaz\u00f4nia) <br class=\"avia-permanent-lb\" \/>Dr.\u00aa Rafaella Oliveira dos Santos (HEMOAM) <br class=\"avia-permanent-lb\" \/>Dr. Fabio Trindade Maranh\u00e3o Costa (UNICAMP) <br class=\"avia-permanent-lb\" \/>Dr.\u00aa Luciana Pereira de Sousa Vieira (IOC\/FIOCRUZ)<\/p>\n<p><span style=\"color: #99cc00;\">Banca Fechada<\/span><\/p>\n<p><strong>Hor\u00e1rio:<\/strong> 08h30min (Manaus)<\/p>\n            <\/div>        <\/div>    <\/div><\/section>\n<section class=\"av_toggle_section\"  itemscope=\"itemscope\" itemtype=\"https:\/\/schema.org\/CreativeWork\"  >    <div role=\"tablist\" class=\"single_toggle\" data-tags=\"{Todos} \"  >        <p data-fake-id=\"#toggle-id-11\" class=\"toggler  av-inherit-border-color \"  itemprop=\"headline\"  style='border-color: #83a846; ' data-hoverstyle='background-color: #4ecac2; ' role=\"tab\" tabindex=\"0\" aria-controls=\"toggle-id-11\">30\/mar | Qualifica\u00e7\u00e3o de Doutorado | Cristiane Nazar\u00e9 Fidelis Apar\u00edcio<span class=\"toggle_icon\" >        <span class=\"vert_icon\"><\/span><span class=\"hor_icon\"><\/span><\/span><\/p>        <div id=\"toggle-id-11\" class=\"toggle_wrap \"   >            <div class=\"toggle_content invers-color  av-inherit-border-color \"  itemprop=\"text\"  style='border-color: #83a846; ' ><p><strong>T\u00edtulo do Projeto: <\/strong>Abordagem One Health na Amaz\u00f4nia Brasileira: Caracteriza\u00e7\u00e3o fenot\u00edpica, genot\u00edpica e rela\u00e7\u00e3o clonal de <i>Escherichia coli<\/i> isoladas de fauna silvestre, matrizes ambientais e ambientes hospitalares<\/p>\n<p><strong>Orientadora:\u00a0<\/strong><span data-olk-copy-source=\"MessageBody\">Dr.\u00aa Patr\u00edcia Puccinelli Orlandi <\/span><br class=\"avia-permanent-lb\" \/><strong>Coorientadoras:<\/strong> Dr<span data-olk-copy-source=\"MessageBody\">\u00aa<\/span>. Ivanildes dos Santos Bastos e Dr<span data-olk-copy-source=\"MessageBody\">\u00aa<\/span>. Alessandra Ferreira Dales Nava<\/p>\n<p><strong>Banca Avaliadora estabelecida pela <a href=\"https:\/\/amazonia.fiocruz.br\/wp-content\/uploads\/2026\/03\/portaria066-2026_biodr_qualif_cristiane.pdf\">Portaria n\u00ba 066\/2026:<\/a><br class=\"avia-permanent-lb\" \/><\/strong><span data-olk-copy-source=\"MessageBody\">Dr.\u00aa Patr\u00edcia Puccinelli Orlandi (IAM\/FIOCRUZ PE)<\/span><br class=\"avia-permanent-lb\" \/><span data-olk-copy-source=\"MessageBody\">Dr. Elerson Matos Rocha (ILMD\/FIOCRUZ Amaz\u00f4nia)<\/span><br class=\"avia-permanent-lb\" \/><span data-olk-copy-source=\"MessageBody\">Dr. George Allan Villarouco da Silva (HEMOAM)<\/span> <br class=\"avia-permanent-lb\" \/><span data-olk-copy-source=\"MessageBody\">Dr.\u00aa Michele Bastos Barrionuevo (FMT\/HVD)<\/span> <br class=\"avia-permanent-lb\" \/><span data-olk-copy-source=\"MessageBody\">Dr.\u00aa L\u00facia Alves da Rocha (Faculdade Santa Teresa)<\/span><\/p>\n<p><a href=\"https:\/\/conferenciaweb.rnp.br\/fiocruz\/ilmd-spg1\">Link da sess\u00e3o virtual<\/a><\/p>\n<p><strong>Hor\u00e1rio:<\/strong> 08h30min (Manaus)<\/p>\n            <\/div>        <\/div>    <\/div><\/section>\n<section class=\"av_toggle_section\"  itemscope=\"itemscope\" itemtype=\"https:\/\/schema.org\/CreativeWork\"  >    <div role=\"tablist\" class=\"single_toggle\" data-tags=\"{Todos} \"  >        <p data-fake-id=\"#toggle-id-12\" class=\"toggler  av-inherit-border-color \"  itemprop=\"headline\"  style='border-color: #83a846; ' data-hoverstyle='background-color: #4ecac2; ' role=\"tab\" tabindex=\"0\" aria-controls=\"toggle-id-12\">26\/mar | Qualifica\u00e7\u00e3o de Mestrado | Paulo Tar\u00e7o Marinho Pereira Neto<span class=\"toggle_icon\" >        <span class=\"vert_icon\"><\/span><span class=\"hor_icon\"><\/span><\/span><\/p>        <div id=\"toggle-id-12\" class=\"toggle_wrap \"   >            <div class=\"toggle_content invers-color  av-inherit-border-color \"  itemprop=\"text\"  style='border-color: #83a846; ' ><p><strong>T\u00edtulo do Projeto: <\/strong>Caracteriza\u00e7\u00e3o fenot\u00edpica da <i>Escherichia coli <\/i>Resistentes em Pessoas Vivendo com HIV com CD4+ abaixo de 350 em Parintins: Estudo de Caso-Controle<\/p>\n<p><strong>Orientadora:<\/strong> <span data-olk-copy-source=\"MessageBody\">Dr.\u00aa Patr\u00edcia Puccinelli Orlandi <\/span><br class=\"avia-permanent-lb\" \/><strong>Coorientador:<\/strong> Dr.\u00aa<b> <\/b>Ivanildes dos Santos Bastos<\/p>\n<p><strong>Banca Avaliadora estabelecida pela <a href=\"https:\/\/amazonia.fiocruz.br\/wp-content\/uploads\/2026\/03\/portaria067-2026_bioms_qualif_paulo-tarco.pdf\">Portaria n\u00ba 067\/2026:<\/a><br class=\"avia-permanent-lb\" \/><\/strong><span data-olk-copy-source=\"MessageBody\">Dr.\u00aa Patr\u00edcia Puccinelli Orlandi (IAM\/FIOCRUZ)<\/span><br class=\"avia-permanent-lb\" \/><span data-olk-copy-source=\"MessageBody\">Dr. Yury Oliveira Chaves (INPA)<\/span><br class=\"avia-permanent-lb\" \/><span data-olk-copy-source=\"MessageBody\">Dr. Andr\u00e9 de Lima Guerra Corado (Centro Universit\u00e1rio Nilton Lins)<\/span><\/p>\n<p><a href=\"https:\/\/conferenciaweb.rnp.br\/fiocruz\/ilmd-spg1\">Link da sess\u00e3o virtual<\/a><\/p>\n<p><strong>Hor\u00e1rio:<\/strong> 14h00min (Manaus)<\/p>\n            <\/div>        <\/div>    <\/div><\/section>\n<section class=\"av_toggle_section\"  itemscope=\"itemscope\" itemtype=\"https:\/\/schema.org\/CreativeWork\"  >    <div role=\"tablist\" class=\"single_toggle\" data-tags=\"{Todos} \"  >        <p data-fake-id=\"#toggle-id-13\" class=\"toggler  av-inherit-border-color \"  itemprop=\"headline\"  style='border-color: #83a846; ' data-hoverstyle='background-color: #4ecac2; ' role=\"tab\" tabindex=\"0\" aria-controls=\"toggle-id-13\">23\/mar | Qualifica\u00e7\u00e3o de Doutorado | Val\u00e9ria Silva Santos<span class=\"toggle_icon\" >        <span class=\"vert_icon\"><\/span><span class=\"hor_icon\"><\/span><\/span><\/p>        <div id=\"toggle-id-13\" class=\"toggle_wrap \"   >            <div class=\"toggle_content invers-color  av-inherit-border-color \"  itemprop=\"text\"  style='border-color: #83a846; ' ><p><strong>T\u00edtulo do Projeto: <\/strong><span data-olk-copy-source=\"MessageBody\">Caracteriza\u00e7\u00e3o do perfil proteico e metab\u00f3lico de amostras de pacientes infectados pelo v\u00edrus Oropouche (OROV) no estado do Amazonas<\/span><\/p>\n<p><strong>Orientadora:<\/strong> <span data-olk-copy-source=\"MessageBody\">Dr.\u00aa Priscila Ferreira de Aquino <\/span><br class=\"avia-permanent-lb\" \/><strong>Coorientadores:<\/strong> <span data-olk-copy-source=\"MessageBody\">\u00a0Dr. Felipe Gomes Naveca e Dr.\u00aa Marina Alves Amaral<\/span><\/p>\n<p><strong>Banca Avaliadora\u00a0<\/strong><strong>estabelecida pela <a href=\"https:\/\/amazonia.fiocruz.br\/wp-content\/uploads\/2026\/03\/portaria064-2026_biodr_qualif_valeria.pdf\">Portaria n\u00ba 064\/2026:<\/a> <br class=\"avia-permanent-lb\" \/><\/strong><span data-olk-copy-source=\"MessageBody\">Dr.\u00aa Priscila Ferreira de Aquino (ILMD\/FIOCRUZ Amaz\u00f4nia)<\/span><br class=\"avia-permanent-lb\" \/><span data-olk-copy-source=\"MessageBody\">Dr. Yury Oliveira Chaves (INPA)<\/span><br class=\"avia-permanent-lb\" \/><span data-olk-copy-source=\"MessageBody\">Dr. Lu\u00eds Andr\u00e9 Morais Mari\u00faba (ILMD\/FIOCRUZ Amaz\u00f4nia)<\/span> <br class=\"avia-permanent-lb\" \/><span data-olk-copy-source=\"MessageBody\">Dr. Giuseppe Palmisano (USP)<\/span> <br class=\"avia-permanent-lb\" \/><span data-olk-copy-source=\"MessageBody\">Dr. Guilherme Reis de Oliveira (UNICAMP)<\/span><\/p>\n<p><a href=\"https:\/\/conferenciaweb.rnp.br\/fiocruz\/ilmd-spg1\">Link da sess\u00e3o virtual<\/a><\/p>\n<p><strong>Hor\u00e1rio:<\/strong> 09h00min <span data-olk-copy-source=\"MessageBody\">(Bras\u00edlia)<\/span><\/p>\n            <\/div>        <\/div>    <\/div><\/section>\n<section class=\"av_toggle_section\"  itemscope=\"itemscope\" itemtype=\"https:\/\/schema.org\/CreativeWork\"  >    <div role=\"tablist\" class=\"single_toggle\" data-tags=\"{Todos} \"  >        <p data-fake-id=\"#toggle-id-14\" class=\"toggler  av-inherit-border-color \"  itemprop=\"headline\"  style='border-color: #83a846; ' data-hoverstyle='background-color: #4ecac2; ' role=\"tab\" tabindex=\"0\" aria-controls=\"toggle-id-14\">06\/mar | Qualifica\u00e7\u00e3o de Mestrado | Maria Raiana Andrade dos Santos <span class=\"toggle_icon\" >        <span class=\"vert_icon\"><\/span><span class=\"hor_icon\"><\/span><\/span><\/p>        <div id=\"toggle-id-14\" class=\"toggle_wrap \"   >            <div class=\"toggle_content invers-color  av-inherit-border-color \"  itemprop=\"text\"  style='border-color: #83a846; ' ><p><strong>T\u00edtulo do Projeto: <\/strong>INVESTIGA\u00c7\u00c3O SOROL\u00d3GICA DE HANTAVIROSE E LEPTOSPIROSE EM PEQUENOS E M\u00c9DIOS MAM\u00cdFEROS TERRESTRES E ANIMAIS DE COMPANHIA EM \u00c1REAS ADJASCENTES \u00c0 BR-319<\/p>\n<p><strong>Orientador:<\/strong> <span data-olk-copy-source=\"MessageBody\">Dr. Pritesh Jaychand Lalwani <\/span><br class=\"avia-permanent-lb\" \/><strong>Coorientadora:<\/strong> <span data-olk-copy-source=\"MessageBody\">Dr.\u00aa Luciete Almeida Silva <\/span><\/p>\n<p><strong>Banca Avaliadora:\u00a0<br class=\"avia-permanent-lb\" \/><\/strong><span data-olk-copy-source=\"MessageBody\">Dr. Pritesh Jaychand Lalwani (ILMD\/FIOCRUZ Amaz\u00f4nia)<\/span><br class=\"avia-permanent-lb\" \/><span data-olk-copy-source=\"MessageBody\">Dr.\u00aa Patr\u00edcia Puccinelli Orlandi (IAM\/FIOCRUZ PE)<\/span><br class=\"avia-permanent-lb\" \/><span data-olk-copy-source=\"MessageBody\">Dr.\u00aa Luiza Aym\u00e9e Pires Soares Virgilio (IOC\/FIOCRUZ)<\/span><\/p>\n<p><a href=\"https:\/\/conferenciaweb.rnp.br\/fiocruz\/ilmd-spg1\">Link da sess\u00e3o virtual<\/a><\/p>\n<p><strong>Hor\u00e1rio:<\/strong> 13h00min (Manaus)<\/p>\n            <\/div>        <\/div>    <\/div><\/section>\n<section class=\"av_toggle_section\"  itemscope=\"itemscope\" itemtype=\"https:\/\/schema.org\/CreativeWork\"  >    <div role=\"tablist\" class=\"single_toggle\" data-tags=\"{Todos} \"  >        <p data-fake-id=\"#toggle-id-15\" class=\"toggler  av-inherit-border-color \"  itemprop=\"headline\"  style='border-color: #83a846; ' data-hoverstyle='background-color: #4ecac2; ' role=\"tab\" tabindex=\"0\" aria-controls=\"toggle-id-15\">27\/fev | Qualifica\u00e7\u00e3o de Mestrado | Victoria Amanda Barreto de Arruda<span class=\"toggle_icon\" >        <span class=\"vert_icon\"><\/span><span class=\"hor_icon\"><\/span><\/span><\/p>        <div id=\"toggle-id-15\" class=\"toggle_wrap \"   >            <div class=\"toggle_content invers-color  av-inherit-border-color \"  itemprop=\"text\"  style='border-color: #83a846; ' ><p><strong>T\u00edtulo do Projeto: <\/strong><span data-olk-copy-source=\"MessageBody\">ECOEPIDEMIOLOGIA DE Hepatozoon (APICOMPLEXA: HEPATOZOIDAE) EM ROEDORES E MARSUPIAIS DE \u00c1REAS FLORESTADAS E ANTROPIZADAS NA AMAZ\u00d4NIA CENTRAL BRASILEIRA<\/span><\/p>\n<p><strong>Orientador<\/strong>:\u00a0<span data-olk-copy-source=\"MessageBody\">Dr. Felipe Arley Arley Costa Pessoa <br class=\"avia-permanent-lb\" \/><\/span><strong>Coorientadora:<\/strong> Dr.\u00aa Amanda Maria Picelli<\/p>\n<p><strong>Banca Avaliadora estabelecida pela <a href=\"https:\/\/amazonia.fiocruz.br\/wp-content\/uploads\/2026\/02\/portaria035-2026_bioms_qualif_victoria.pdf\">Portaria n\u00ba 035\/2026:<\/a><br class=\"avia-permanent-lb\" \/><\/strong><span data-olk-copy-source=\"MessageBody\">Dr. Felipe Arley Arley Costa Pessoa (ILMD\/FIOCRUZ Amaz\u00f4nia)<\/span><br class=\"avia-permanent-lb\" \/><span data-olk-copy-source=\"MessageBody\">Dr. Andr\u00e9 de Abreu Rangel Aguirre (Fiocruz Rond\u00f4nia)<\/span><br class=\"avia-permanent-lb\" \/><span data-olk-copy-source=\"MessageBody\">Dr.\u00aa Lourdes Marina Bezerra Pessoa (UFOB)<\/span><\/p>\n<div class=\"x_elementToProof\">\n<div><\/div>\n<div><a href=\"https:\/\/us06web.zoom.us\/j\/85288181598?pwd=csGVFQz4WVF6YrtPgbXFCMLUgyFSCG.1\">Link da sess\u00e3o virtual<\/a><\/div>\n<\/div>\n<p><strong>Hor\u00e1rio:<\/strong> 14h00min (Manaus)<\/p>\n            <\/div>        <\/div>    <\/div><\/section>\n<section class=\"av_toggle_section\"  itemscope=\"itemscope\" itemtype=\"https:\/\/schema.org\/CreativeWork\"  >    <div role=\"tablist\" class=\"single_toggle\" data-tags=\"{Todos} \"  >        <p data-fake-id=\"#toggle-id-16\" class=\"toggler  av-inherit-border-color \"  itemprop=\"headline\"  style='border-color: #83a846; ' data-hoverstyle='background-color: #4ecac2; ' role=\"tab\" tabindex=\"0\" aria-controls=\"toggle-id-16\">27\/fev | Defesa de Disserta\u00e7\u00e3o | Dione Darlgton Maciel de Menezes<span class=\"toggle_icon\" >        <span class=\"vert_icon\"><\/span><span class=\"hor_icon\"><\/span><\/span><\/p>        <div id=\"toggle-id-16\" class=\"toggle_wrap \"   >            <div class=\"toggle_content invers-color  av-inherit-border-color \"  itemprop=\"text\"  style='border-color: #83a846; ' ><p><strong>T\u00edtulo da Disserta\u00e7\u00e3o:\u00a0<\/strong>AVALIA\u00c7\u00c3O DA ATIVIDADE<i>\u00a0IN VIVO <\/i>E <i>EX VIVO<\/i>\u00a0DE AN\u00c1LOGOS DA QUINAZOLINA EM <i>Plasmodium vivax <br class=\"avia-permanent-lb\" \/><\/i><\/p>\n<p><strong>Orientadora:<\/strong> Dr.\u00aa Stefanie Costa Pinto Lopes\u00a0 <br class=\"avia-permanent-lb\" \/><strong>Coorientadora:<\/strong> Dr.\u00aa Camila Fabbri<\/p>\n<p><strong>Banca Avaliadora estabelecida pela <a href=\"https:\/\/amazonia.fiocruz.br\/wp-content\/uploads\/2026\/02\/portaria027-2026_bioms_defesa_dione.pdf\">Portaria n\u00ba 027\/2026:<\/a>\u00a0<br class=\"avia-permanent-lb\" \/><\/strong>Dr.\u00aa Stefanie Costa Pinto Lopes (ILMD\/FIOCRUZ Amaz\u00f4nia) <br class=\"avia-permanent-lb\" \/>Dr. Elerson Matos Rocha (ILMD\/FIOCRUZ Amaz\u00f4nia) <br class=\"avia-permanent-lb\" \/>Dr.\u00aa Helenita Costa Quadros (UNEB)<\/p>\n<div class=\"x_elementToProof\">\n<div><\/div>\n<div><a href=\"https:\/\/us06web.zoom.us\/j\/87842440777?pwd=wufE4IhvqeE4d69aBEhGERdTobZFW7.1\">Link da sess\u00e3o virtual<\/a><\/div>\n<\/div>\n<p><strong>Hor\u00e1rio:<\/strong> 13h30min (Manaus)<\/p>\n            <\/div>        <\/div>    <\/div><\/section>\n<section class=\"av_toggle_section\"  itemscope=\"itemscope\" itemtype=\"https:\/\/schema.org\/CreativeWork\"  >    <div role=\"tablist\" class=\"single_toggle\" data-tags=\"{Todos} \"  >        <p data-fake-id=\"#toggle-id-17\" class=\"toggler  av-inherit-border-color \"  itemprop=\"headline\"  style='border-color: #83a846; ' data-hoverstyle='background-color: #4ecac2; ' role=\"tab\" tabindex=\"0\" aria-controls=\"toggle-id-17\">25\/fev | Defesa de Disserta\u00e7\u00e3o | Victor Calebe Alves da Costa<span class=\"toggle_icon\" >        <span class=\"vert_icon\"><\/span><span class=\"hor_icon\"><\/span><\/span><\/p>        <div id=\"toggle-id-17\" class=\"toggle_wrap \"   >            <div class=\"toggle_content invers-color  av-inherit-border-color \"  itemprop=\"text\"  style='border-color: #83a846; ' ><p><strong>T\u00edtulo da Disserta\u00e7\u00e3o:\u00a0<\/strong>Avalia\u00e7\u00e3o<i>\u00a0in vitro<\/i>\u00a0da entrega e express\u00e3o do gene sint\u00e9tico da prote\u00edna CSP de <i>Plasmodium vivax<\/i> (PvCSP) utilizando um plasm\u00eddeo vacinal de DNA em modelos de c\u00e9lulas de mam\u00edferos.<\/p>\n<p><strong>Orientador:<\/strong><b data-olk-copy-source=\"MessageBody\">\u00a0<\/b>Dr. Luis Andr\u00e9 Morais Mari\u00faba <br class=\"avia-permanent-lb\" \/><strong>Coorientadora: <\/strong>Dr.\u00aa K\u00e9ssia Caroline Souza Alves<\/p>\n<p><strong>Banca Avaliadora estabelecida pela <a href=\"https:\/\/amazonia.fiocruz.br\/wp-content\/uploads\/2026\/02\/portaria031-2026_bioms_defesa_victor.pdf\">Portaria n\u00ba 031\/2026:<\/a>\u00a0<br class=\"avia-permanent-lb\" \/><\/strong>Dr. Luis Andr\u00e9 Morais Mari\u00faba (ILMD\/FIOCRUZ Amaz\u00f4nia) <br class=\"avia-permanent-lb\" \/>Dr.\u00aa Camila Fabbri (UFAM) <br class=\"avia-permanent-lb\" \/>Dr. Daniel Sol Sol de Medeiros (FIOCRUZ\/ROND\u00d4NIA)<\/p>\n<div class=\"x_elementToProof\">\n<div><\/div>\n<div><a href=\"https:\/\/us06web.zoom.us\/j\/84110773294?pwd=SffUgkw5W3M0VQZHqJc9csFWMkblNU.1\">Link da sess\u00e3o virtual<\/a><\/div>\n<\/div>\n<p><strong>Hor\u00e1rio:<\/strong> 14h00min (Manaus)<\/p>\n            <\/div>        <\/div>    <\/div><\/section>\n<section class=\"av_toggle_section\"  itemscope=\"itemscope\" itemtype=\"https:\/\/schema.org\/CreativeWork\"  >    <div role=\"tablist\" class=\"single_toggle\" data-tags=\"{Todos} \"  >        <p data-fake-id=\"#toggle-id-18\" class=\"toggler  av-inherit-border-color \"  itemprop=\"headline\"  style='border-color: #83a846; ' data-hoverstyle='background-color: #4ecac2; ' role=\"tab\" tabindex=\"0\" aria-controls=\"toggle-id-18\">25\/fev | Defesa de Disserta\u00e7\u00e3o | Alice Pereira de Alencar<span class=\"toggle_icon\" >        <span class=\"vert_icon\"><\/span><span class=\"hor_icon\"><\/span><\/span><\/p>        <div id=\"toggle-id-18\" class=\"toggle_wrap \"   >            <div class=\"toggle_content invers-color  av-inherit-border-color \"  itemprop=\"text\"  style='border-color: #83a846; ' ><p><strong>T\u00edtulo da Disserta\u00e7\u00e3o: <\/strong>Desenvolvimento e avalia\u00e7\u00e3o de anticorpos \u201cscFv\u201d direcionados ao diagn\u00f3stico de H5N1<\/p>\n<p><strong>Orientador: <\/strong><span data-olk-copy-source=\"MessageBody\">Dr. Luis Andr\u00e9 Morais Mari\u00faba <br class=\"avia-permanent-lb\" \/><\/span><strong>Coorientadora: <\/strong><span data-olk-copy-source=\"MessageBody\">Dr.\u00aa Juliane Corr\u00eaa Gl\u00f3ria<\/span><\/p>\n<p><strong>Banca Avaliadora estabelecida pela <a href=\"https:\/\/amazonia.fiocruz.br\/wp-content\/uploads\/2026\/02\/portaria025-2026_bioms_defesa_alice.pdf\">Portaria n\u00ba 025\/2026:<\/a><br class=\"avia-permanent-lb\" \/><\/strong>Dr. Luis Andr\u00e9 Morais Mari\u00faba (ILMD\/FIOCRUZ Amaz\u00f4nia) <br class=\"avia-permanent-lb\" \/>Dr. Yury Oliveira Chaves (INPA) <br class=\"avia-permanent-lb\" \/>Dr.\u00aa Ana Clara Barbosa Antonelli (UNB)<\/p>\n<div class=\"x_elementToProof\">\n<div><\/div>\n<div><a href=\"https:\/\/us06web.zoom.us\/j\/86339099411?pwd=bQBfen0sLpZGtjobaRuOgjc14vBdZa.1\">Link da sess\u00e3o virtual<\/a><\/div>\n<\/div>\n<p><strong>Hor\u00e1rio:<\/strong> 09h00min (Manaus)<\/p>\n            <\/div>        <\/div>    <\/div><\/section>\n<section class=\"av_toggle_section\"  itemscope=\"itemscope\" itemtype=\"https:\/\/schema.org\/CreativeWork\"  >    <div role=\"tablist\" class=\"single_toggle\" data-tags=\"{Todos} \"  >        <p data-fake-id=\"#toggle-id-19\" class=\"toggler  av-inherit-border-color \"  itemprop=\"headline\"  style='border-color: #83a846; ' data-hoverstyle='background-color: #4ecac2; ' role=\"tab\" tabindex=\"0\" aria-controls=\"toggle-id-19\">23\/fev | Defesa de Disserta\u00e7\u00e3o | La\u00eds Braga do Espirito Santo<span class=\"toggle_icon\" >        <span class=\"vert_icon\"><\/span><span class=\"hor_icon\"><\/span><\/span><\/p>        <div id=\"toggle-id-19\" class=\"toggle_wrap \"   >            <div class=\"toggle_content invers-color  av-inherit-border-color \"  itemprop=\"text\"  style='border-color: #83a846; ' ><p><strong>T\u00edtulo da Disserta\u00e7\u00e3o:\u00a0<\/strong><span data-olk-copy-source=\"MessageBody\">TAXONOMIA INTEGRATIVA DA HELMINTOFAUNA DE Neacomys guianae (RODENTIA: CRICETIDAE) NA AMAZ\u00d4NIA CENTRAL: DESCRI\u00c7\u00c3O DE DUAS NOVAS ESP\u00c9CIES<\/span><\/p>\n<p><strong>Orientador:<\/strong> <span data-olk-copy-source=\"MessageBody\">Dr. Felipe Arley Arley Costa Pessoa\u00a0<br class=\"avia-permanent-lb\" \/><\/span><span data-olk-copy-source=\"MessageBody\"><strong>Coorientador:<\/strong>\u00a0Dr.\u00aa Marilaine Martins<\/span><\/p>\n<p><strong>Banca Avaliadora estabelecida pela <a href=\"https:\/\/amazonia.fiocruz.br\/wp-content\/uploads\/2026\/02\/portaria030-2026_bioms_defesa_lais.pdf\">Portaria n\u00ba 030\/2026:<\/a> \u00a0<br class=\"avia-permanent-lb\" \/><\/strong>Dr. Felipe Arley Arley Costa Pessoa (ILMD\/FIOCRUZ Amaz\u00f4nia) <br class=\"avia-permanent-lb\" \/>Dr.\u00aa Alessandra Ferreira Dales Nava (ILMD\/FIOCRUZ Amaz\u00f4nia) <br class=\"avia-permanent-lb\" \/>Dr. Francisco Agust\u00edn Jim\u00e9nez Ruiz (Southern Illinois University Carbondale)<\/p>\n<div class=\"x_elementToProof\">\n<div><\/div>\n<div><a href=\"https:\/\/us06web.zoom.us\/j\/85405277024?pwd=hgnaU1vv65FKa6Y5Fj3X3Ug3IUHSCM.1\">Link da sess\u00e3o virtual<\/a><\/div>\n<\/div>\n<p><strong>Hor\u00e1rio:<\/strong> 12h00min (Manaus)<\/p>\n            <\/div>        <\/div>    <\/div><\/section>\n<section class=\"av_toggle_section\"  itemscope=\"itemscope\" itemtype=\"https:\/\/schema.org\/CreativeWork\"  >    <div role=\"tablist\" class=\"single_toggle\" data-tags=\"{Todos} \"  >        <p data-fake-id=\"#toggle-id-20\" class=\"toggler  av-inherit-border-color \"  itemprop=\"headline\"  style='border-color: #83a846; ' data-hoverstyle='background-color: #4ecac2; ' role=\"tab\" tabindex=\"0\" aria-controls=\"toggle-id-20\">23\/fev | Defesa de Disserta\u00e7\u00e3o | Darleide dos Santos Braga<span class=\"toggle_icon\" >        <span class=\"vert_icon\"><\/span><span class=\"hor_icon\"><\/span><\/span><\/p>        <div id=\"toggle-id-20\" class=\"toggle_wrap \"   >            <div class=\"toggle_content invers-color  av-inherit-border-color \"  itemprop=\"text\"  style='border-color: #83a846; ' ><p><strong>T\u00edtulo da Disserta\u00e7\u00e3o:\u00a0<\/strong><span data-olk-copy-source=\"MessageBody\">Avalia\u00e7\u00e3o do uso de ensaio isot\u00e9rmico multienzim\u00e1tico para diagnostico molecular do H5N1<\/span><\/p>\n<p><strong>Orientador:<\/strong>\u00a0<span data-olk-copy-source=\"MessageBody\">Dr. Luis Andr\u00e9 Morais Mari\u00faba<\/span><br class=\"avia-permanent-lb\" \/><strong>Coorientadora:<\/strong> <span data-olk-copy-source=\"MessageBody\">Dr.\u00aa Juliane Corr\u00eaa Gl\u00f3ria <\/span><\/p>\n<p><strong>Banca Avaliadora estabelecida pela <a href=\"https:\/\/amazonia.fiocruz.br\/wp-content\/uploads\/2026\/03\/portaria066-2026_bioms_defesa_darleide.pdf\">Portaria n\u00ba 066\/2026:<\/a><br class=\"avia-permanent-lb\" \/><\/strong><span data-olk-copy-source=\"MessageBody\">Dr. Luis Andr\u00e9 Morais Mari\u00faba (ILMD\/FIOCRUZ Amaz\u00f4nia)<\/span><br class=\"avia-permanent-lb\" \/><span data-olk-copy-source=\"MessageBody\">Dr. George Allan Villarouco da Silva (HEMOAM)<\/span><br class=\"avia-permanent-lb\" \/><span data-olk-copy-source=\"MessageBody\">Dr. Joao Victor de Melo Ver\u00e7osa (Ezscience Biotecnologia)<\/span><\/p>\n<p><span style=\"color: #99cc00;\">Banca Fechada<\/span><\/p>\n<p><strong>Hor\u00e1rio:<\/strong> 14h00min (Manaus)<\/p>\n            <\/div>        <\/div>    <\/div><\/section>\n<section class=\"av_toggle_section\"  itemscope=\"itemscope\" itemtype=\"https:\/\/schema.org\/CreativeWork\"  >    <div role=\"tablist\" class=\"single_toggle\" data-tags=\"{Todos} \"  >        <p data-fake-id=\"#toggle-id-21\" class=\"toggler  av-inherit-border-color \"  itemprop=\"headline\"  style='border-color: #83a846; ' data-hoverstyle='background-color: #4ecac2; ' role=\"tab\" tabindex=\"0\" aria-controls=\"toggle-id-21\">20\/fev | Defesa de Disserta\u00e7\u00e3o | Jhonata Andrade Santiago<span class=\"toggle_icon\" >        <span class=\"vert_icon\"><\/span><span class=\"hor_icon\"><\/span><\/span><\/p>        <div id=\"toggle-id-21\" class=\"toggle_wrap \"   >            <div class=\"toggle_content invers-color  av-inherit-border-color \"  itemprop=\"text\"  style='border-color: #83a846; ' ><p><strong>T\u00edtulo da Disserta\u00e7\u00e3o:\u00a0<\/strong><i>Leptoconops brasiliensis<\/i>\u00a0(DIPTERA: CERATOPOGONIDAE) DE DIFERENTES REGI\u00d5ES DA AMAZ\u00d4NIA \u00c9 UM COMPLEXO DE ESP\u00c9CIES?<\/p>\n<p><strong>Orientadora: <\/strong><span data-olk-copy-source=\"MessageBody\">Dr.\u00aa Emanuelle de Sousa Faria <br class=\"avia-permanent-lb\" \/><strong>Coorientador:<\/strong><\/span><strong>\u00a0<\/strong>Dr. Felipe Arley Arley Costa Pessoa<\/p>\n<p><strong>Banca Avaliadora estabelecida pela <a href=\"https:\/\/amazonia.fiocruz.br\/wp-content\/uploads\/2026\/02\/portaria028-2026_bioms_defesa_jhonata.pdf\">Portaria n\u00ba 028\/2026:<\/a><br class=\"avia-permanent-lb\" \/><\/strong>Dr.\u00aa Emanuelle de Sousa Farias (ILMD\/FIOCRUZ Amaz\u00f4nia) <br class=\"avia-permanent-lb\" \/>Dr. Jos\u00e9 Joaqu\u00edn Carvajal Cort\u00e9s (ILMD\/FIOCRUZ Amaz\u00f4nia) <br class=\"avia-permanent-lb\" \/>Dr. Francisco Augusto da Silva Ferreira (INPA)<\/p>\n<div class=\"x_elementToProof\">\n<div><\/div>\n<div><a href=\"https:\/\/us06web.zoom.us\/j\/82575377710?pwd=W9wCl4rGXirReDvQcd1pJJmYYVbWY1.1\">Link da sess\u00e3o virtual<\/a><\/div>\n<\/div>\n<p><strong>Hor\u00e1rio:<\/strong> 14h00min (Manaus)<\/p>\n            <\/div>        <\/div>    <\/div><\/section>\n<section class=\"av_toggle_section\"  itemscope=\"itemscope\" itemtype=\"https:\/\/schema.org\/CreativeWork\"  >    <div role=\"tablist\" class=\"single_toggle\" data-tags=\"{Todos} \"  >        <p data-fake-id=\"#toggle-id-22\" class=\"toggler  av-inherit-border-color \"  itemprop=\"headline\"  style='border-color: #83a846; ' data-hoverstyle='background-color: #4ecac2; ' role=\"tab\" tabindex=\"0\" aria-controls=\"toggle-id-22\">20\/fev | Defesa de Disserta\u00e7\u00e3o | Aretuza Ribeiro Montenegro<span class=\"toggle_icon\" >        <span class=\"vert_icon\"><\/span><span class=\"hor_icon\"><\/span><\/span><\/p>        <div id=\"toggle-id-22\" class=\"toggle_wrap \"   >            <div class=\"toggle_content invers-color  av-inherit-border-color \"  itemprop=\"text\"  style='border-color: #83a846; ' ><p><strong>T\u00edtulo da Disserta\u00e7\u00e3o: <\/strong>INFEC\u00c7\u00c3O NATURAL POR TRIPANOSSOMAT\u00cdDEOS (KINETOPLASTEA: TRYPANOSSOMATIDA) EM PEQUENOS MAM\u00cdFEROS SILVESTRES (MAMMALIA: CHIROPTERA) NO BIOMA DE MATA ATL\u00c2NTICA DE ALTITUDE DO ESTADO DO CEAR\u00c1<\/p>\n<p><strong>Orientadora:<\/strong> Dr.\u00aa Cl\u00e1udia Mar\u00eda R\u00edos Vel\u00e1squez<\/p>\n<p><strong>Banca Avaliadora estabelecida pela <a href=\"https:\/\/amazonia.fiocruz.br\/wp-content\/uploads\/2026\/02\/portaria014-2026_bioms_defesa_aretuza.pdf\">Portaria n\u00ba 014\/2026<\/a>:<\/strong><\/p>\n<div class=\"x_elementToProof\" data-olk-copy-source=\"MessageBody\">Dr.\u00aa Cl\u00e1udia Mar\u00eda R\u00edos Vel\u00e1squez (ILMD\/FIOCRUZ Amaz\u00f4nia)<\/div>\n<div class=\"x_elementToProof\">Dr.\u00aa Simone Silveira (ILMD\/FIOCRUZ Amaz\u00f4nia)<\/div>\n<div class=\"x_elementToProof\">Dr. Artur Gomes Dias Lima (UNEB)<\/div>\n<p><a href=\"https:\/\/us06web.zoom.us\/j\/89888715989?pwd=aoCmgnXA7HReSayROl0H5aqB3MQh4c.1\">Link da sess\u00e3o virtual<\/a><\/p>\n<p><strong>Hor\u00e1rio:<\/strong> 09h00min (Bras\u00edlia)<\/p>\n            <\/div>        <\/div>    <\/div><\/section>\n<section class=\"av_toggle_section\"  itemscope=\"itemscope\" itemtype=\"https:\/\/schema.org\/CreativeWork\"  >    <div role=\"tablist\" class=\"single_toggle\" data-tags=\"{Todos} \"  >        <p data-fake-id=\"#toggle-id-23\" class=\"toggler  av-inherit-border-color \"  itemprop=\"headline\"  style='border-color: #83a846; ' data-hoverstyle='background-color: #4ecac2; ' role=\"tab\" tabindex=\"0\" aria-controls=\"toggle-id-23\">19\/fev | Defesa de Disserta\u00e7\u00e3o | Josinei Silva Nunes<span class=\"toggle_icon\" >        <span class=\"vert_icon\"><\/span><span class=\"hor_icon\"><\/span><\/span><\/p>        <div id=\"toggle-id-23\" class=\"toggle_wrap \"   >            <div class=\"toggle_content invers-color  av-inherit-border-color \"  itemprop=\"text\"  style='border-color: #83a846; ' ><p><strong>T\u00edtulo da Disserta\u00e7\u00e3o:\u00a0<\/strong><span data-olk-copy-source=\"MessageBody\">ASPECTOS ECOL\u00d3GICOS DE ANOFELINOS, VETORES DE MAL\u00c1RIA, NA \u00c1REA END\u00caMICA DE SANTO ANT\u00d4NIO DO I\u00c7\u00c1, ALTO RIO SOLIM\u00d5ES \u2013 AMAZONAS<\/span><\/p>\n<p><strong>Orientadora:<\/strong> Dr.\u00aa Cl\u00e1udia Mar\u00eda R\u00edos Vel\u00e1squez <br class=\"avia-permanent-lb\" \/><strong>Coorientador:<\/strong> Dr. Ronildo Baiatone Alencar<\/p>\n<p><strong>Banca Avaliadora estabelecida pela <a href=\"https:\/\/amazonia.fiocruz.br\/wp-content\/uploads\/2026\/02\/portaria029-2026_bioms_defesa_josinei.pdf\">Portaria n\u00ba 029\/2026:<\/a><br class=\"avia-permanent-lb\" \/><\/strong>Dr.\u00aa Cl\u00e1udia Mar\u00eda R\u00edos Vel\u00e1squez (ILMD\/FIOCRUZ Amaz\u00f4nia) <br class=\"avia-permanent-lb\" \/>Dr.\u00aa Camila Fabbri (UFAM) <br class=\"avia-permanent-lb\" \/>Dr. Paulino Siqueira Ribeiro (Harvard University)<\/p>\n<p><a href=\"https:\/\/us06web.zoom.us\/j\/87332828107?pwd=hGdm4Ub1AAIxYw7Vm0cBzBeWNgewq1.1\">Link da sess\u00e3o virtual<\/a><\/p>\n<p><strong>Hor\u00e1rio:<\/strong> 14h00min (Manaus)<\/p>\n            <\/div>        <\/div>    <\/div><\/section>\n<\/div>\n<\/div><\/div><\/div><div id=\"av-tab-section-1-2\" data-av-tab-section-content=\"2\" class=\"av-layout-tab av-animation-delay-container   avia-builder-el-7  el_after_av_tab_sub_section  el_before_av_tab_sub_section   \" style='vertical-align:top; '  data-tab-section-id=\"2025\"><div class='av-layout-tab-inner'><div class='container'><div   class=\"togglecontainer  av-elegant-toggle toggle_close_all  avia-builder-el-8  avia-builder-el-no-sibling \" data-currentstyle='background-color:#83a846; '>\n<section class=\"av_toggle_section\"  itemscope=\"itemscope\" itemtype=\"https:\/\/schema.org\/CreativeWork\"  >    <div role=\"tablist\" class=\"single_toggle\" data-tags=\"{Todos} \"  >        <p data-fake-id=\"#toggle-id-24\" class=\"toggler  av-inherit-border-color \"  itemprop=\"headline\"  style='border-color: #83a846; ' data-hoverstyle='background-color: #4ecac2; ' role=\"tab\" tabindex=\"0\" aria-controls=\"toggle-id-24\">16\/dez | Defesa de Tese | Lina Maria Pelaez Cortes<span class=\"toggle_icon\" >        <span class=\"vert_icon\"><\/span><span class=\"hor_icon\"><\/span><\/span><\/p>        <div id=\"toggle-id-24\" class=\"toggle_wrap \"   >            <div class=\"toggle_content invers-color  av-inherit-border-color \"  itemprop=\"text\"  style='border-color: #83a846; ' ><p><strong>T\u00edtulo da Tese: <\/strong><span data-olk-copy-source=\"MessageBody\">Diversidade de parasitos protistas que infectam anuros e r\u00e9pteis, em ambientes florestados e antropizados do Estado do Amazonas, Brasil<\/span>.<\/p>\n<p><strong>Orientadora:<\/strong> <span data-olk-copy-source=\"MessageBody\">Dr.\u00aa Cl\u00e1udia Mar\u00eda R\u00edos Vel\u00e1squez<\/span><\/p>\n<p><strong>Banca Avaliadora estabelecida pela <a href=\"https:\/\/amazonia.fiocruz.br\/wp-content\/uploads\/2025\/12\/portaria283-2025_biodr_defesa_lina.pdf\">Portaria n\u00ba 283\/2025:<\/a><\/strong><br \/>\n<span data-olk-copy-source=\"MessageBody\">Dr.\u00aa Cl\u00e1udia Mar\u00eda R\u00edos Vel\u00e1squez (ILMD\/FIOCRUZ Amaz\u00f4nia)<\/span><br \/>\n<span data-olk-copy-source=\"MessageBody\">Dr. Luis Marcelo Aranha Camargo (USP)<\/span><br \/>\n<span data-olk-copy-source=\"MessageBody\">Dr. Andr\u00e9 Luiz Rodrigues Roque (IOC\/FIOCRUZ)<\/span> <br class=\"avia-permanent-lb\" \/><span data-olk-copy-source=\"MessageBody\">Dr. Omar Cantillo (Universidad de Antioquia Medellin\/Col\u00f4mbia)<\/span> <br class=\"avia-permanent-lb\" \/><span data-olk-copy-source=\"MessageBody\">Dr. L\u00facio Andr\u00e9 Viana Dias (UNIFAP)<\/span> <br class=\"avia-permanent-lb\" \/><a href=\"https:\/\/us06web.zoom.us\/j\/85345699022?pwd=P988jjlA7ynwz8PjxsCbKZNh8f2QUK.1\">Link da sess\u00e3o virtual<\/a><\/p>\n<p><strong>Hor\u00e1rio:<\/strong> 14h00min (Bras\u00edlia)<\/p>\n            <\/div>        <\/div>    <\/div><\/section>\n<section class=\"av_toggle_section\"  itemscope=\"itemscope\" itemtype=\"https:\/\/schema.org\/CreativeWork\"  >    <div role=\"tablist\" class=\"single_toggle\" data-tags=\"{Todos} \"  >        <p data-fake-id=\"#toggle-id-25\" class=\"toggler  av-inherit-border-color \"  itemprop=\"headline\"  style='border-color: #83a846; ' data-hoverstyle='background-color: #4ecac2; ' role=\"tab\" tabindex=\"0\" aria-controls=\"toggle-id-25\">05\/dez | Defesa de Tese | Tatiana Amaral Pires de Almeida<span class=\"toggle_icon\" >        <span class=\"vert_icon\"><\/span><span class=\"hor_icon\"><\/span><\/span><\/p>        <div id=\"toggle-id-25\" class=\"toggle_wrap \"   >            <div class=\"toggle_content invers-color  av-inherit-border-color \"  itemprop=\"text\"  style='border-color: #83a846; ' ><p><strong>T\u00edtulo da Tese: <\/strong>Carateriza\u00e7\u00e3o gen\u00e9tica e din\u00e2mica de dispers\u00e3o dos v\u00edrus Oropouche circulantes na Amaz\u00f4nia Ocidental Brasileira<\/p>\n<p><strong>Orientador:<\/strong> <span data-olk-copy-source=\"MessageBody\">Dr. Felipe Gomes Naveca<\/span><br \/>\n<strong>Coorientadora: <\/strong><span data-olk-copy-source=\"MessageBody\">Dr.\u00aa Valdinete Alves do Nascimento<\/span><\/p>\n<p><strong>Banca Avaliadora estabelecida pela <a href=\"https:\/\/amazonia.fiocruz.br\/wp-content\/uploads\/2025\/12\/portaria284-2025_biodr_qualif_tatiana.pdf\">Portaria n\u00ba 284\/2025:<\/a><\/strong><br \/>\n<span data-olk-copy-source=\"MessageBody\">Dr. Felipe Gomes Naveca (ILMD\/FIOCRUZ Amaz\u00f4nia)<\/span><br \/>\n<span data-olk-copy-source=\"MessageBody\"> Dr. Felipe Arley Costa Pessoa (ILMD\/FIOCRUZ)<\/span><br \/>\n<span data-olk-copy-source=\"MessageBody\">Dr.\u00aa Livia Medeiros Neves Casseb (Instituto Evandro Chagas &#8211; IEC)<\/span> <br class=\"avia-permanent-lb\" \/><span data-olk-copy-source=\"MessageBody\">Dr.\u00aa Valqu\u00edria do Carmo Alves Martins (FCECON)<\/span> <br class=\"avia-permanent-lb\" \/><span data-olk-copy-source=\"MessageBody\">Dr. Ighor Leonardo Arantes Gomes (IOC\/Fiocruz) <br class=\"avia-permanent-lb\" \/><\/span><\/p>\n<p><a href=\"https:\/\/us06web.zoom.us\/j\/83628606958?pwd=Ck8eGT6iQ2AKFMmm5ktNKrclQ9iGYX.1\">Link da sess\u00e3o virtual<\/a><\/p>\n<p><strong>Hor\u00e1rio:<\/strong> 08h00min (Manaus)<\/p>\n            <\/div>        <\/div>    <\/div><\/section>\n<section class=\"av_toggle_section\"  itemscope=\"itemscope\" itemtype=\"https:\/\/schema.org\/CreativeWork\"  >    <div role=\"tablist\" class=\"single_toggle\" data-tags=\"{Todos} \"  >        <p data-fake-id=\"#toggle-id-26\" class=\"toggler  av-inherit-border-color \"  itemprop=\"headline\"  style='border-color: #83a846; ' data-hoverstyle='background-color: #4ecac2; ' role=\"tab\" tabindex=\"0\" aria-controls=\"toggle-id-26\">31\/out | Defesa de Tese | Eric Fabr\u00edcio Marialva dos Santos<span class=\"toggle_icon\" >        <span class=\"vert_icon\"><\/span><span class=\"hor_icon\"><\/span><\/span><\/p>        <div id=\"toggle-id-26\" class=\"toggle_wrap \"   >            <div class=\"toggle_content invers-color  av-inherit-border-color \"  itemprop=\"text\"  style='border-color: #83a846; ' ><p><strong>T\u00edtulo da Tese: <\/strong>Caracteriza\u00e7\u00e3o de duas popula\u00e7\u00f5es de\u00a0<i>Nyssomyia umbratilis<\/i>: composi\u00e7\u00e3o da microbiota bacteriana e aspectos morfol\u00f3gicos e proteicos da gl\u00e2ndula salivar<\/p>\n<p><strong>Orientador:<\/strong> <b data-olk-copy-source=\"MessageBody\">\u00a0<\/b>Dr. Felipe Arley Costa Pessoa<br \/>\n<strong>Coorientadora:\u00a0<\/strong><span data-olk-copy-source=\"MessageBody\">Dr.\u00aa Yara Maria Traub-Cseko<\/span><\/p>\n<p><strong>Banca Avaliadora estabelecida pela <a href=\"https:\/\/amazonia.fiocruz.br\/wp-content\/uploads\/2025\/10\/portaria255-2025_biodr_defesa_eric.pdf\">Portaria n\u00ba 255\/2025:<\/a><\/strong><br \/>\n<span data-olk-copy-source=\"MessageBody\">Dr. Felipe Arley Arley Costa Pessoa (ILMD\/FIOCRUZ Amaz\u00f4nia)<\/span><br \/>\n<span data-olk-copy-source=\"MessageBody\">Dr.\u00aa Stefanie Costa Pinto Lopes (ILMD\/FIOCRUZ Amaz\u00f4nia) <\/span><br \/>\n<span data-olk-copy-source=\"MessageBody\">Dr. Elerson Matos Rocha (ILMD\/FIOCRUZ Amaz\u00f4nia)<\/span> <br class=\"avia-permanent-lb\" \/><span data-olk-copy-source=\"MessageBody\">Dr. Ricardo de Melo Katak (UFAM) <\/span> <br class=\"avia-permanent-lb\" \/><span data-olk-copy-source=\"MessageBody\">Dr. Israel de Souza Pinto (IFES)<\/span><br \/>\n<a href=\"https:\/\/us06web.zoom.us\/j\/86210947545?pwd=bNDykuIf3acUbgjMbb6SqF1wVgzbx6.1\">Link da sess\u00e3o virtual<\/a><\/p>\n<p><strong>Hor\u00e1rio:<\/strong> 13h00min (Manaus)<\/p>\n            <\/div>        <\/div>    <\/div><\/section>\n<section class=\"av_toggle_section\"  itemscope=\"itemscope\" itemtype=\"https:\/\/schema.org\/CreativeWork\"  >    <div role=\"tablist\" class=\"single_toggle\" data-tags=\"{Todos} \"  >        <p data-fake-id=\"#toggle-id-27\" class=\"toggler  av-inherit-border-color \"  itemprop=\"headline\"  style='border-color: #83a846; ' data-hoverstyle='background-color: #4ecac2; ' role=\"tab\" tabindex=\"0\" aria-controls=\"toggle-id-27\">29\/ago | Defesa de Disserta\u00e7\u00e3o | Rami de Souza Colares<span class=\"toggle_icon\" >        <span class=\"vert_icon\"><\/span><span class=\"hor_icon\"><\/span><\/span><\/p>        <div id=\"toggle-id-27\" class=\"toggle_wrap \"   >            <div class=\"toggle_content invers-color  av-inherit-border-color \"  itemprop=\"text\"  style='border-color: #83a846; ' ><p><strong>T\u00edtulo da Disserta\u00e7\u00e3o: <\/strong><span data-olk-copy-source=\"MessageBody\">An\u00e1lise do Perfil de Citocinas em Pessoas Vivendo com HIV\/AIDS e sua Rela\u00e7\u00e3o com Dist\u00farbios Neurocognitivos Associados ao HIV<\/span><\/p>\n<p><strong>Orientador:<\/strong> <span data-olk-copy-source=\"MessageBody\">Dr. Yury Oliveira Chaves <\/span><br \/>\n<strong>Coorientador: <\/strong><span data-olk-copy-source=\"MessageBody\">Dr. Paulo Afonso Nogueira<\/span><\/p>\n<p><strong>Banca Avaliadora estabelecida pela <a href=\"https:\/\/amazonia.fiocruz.br\/wp-content\/uploads\/2025\/08\/portaria186-2025_bioms_defesa_rami.pdf\">Portaria n\u00ba 186\/2025:<\/a><\/strong><br \/>\n<span data-olk-copy-source=\"MessageBody\">Dr. Yury Oliveira Chaves (INPA)<\/span><br \/>\n<span data-olk-copy-source=\"MessageBody\">Dr.\u00aa Adriana Malheiro Alle Marie (UFAM) <\/span><br \/>\n<span data-olk-copy-source=\"MessageBody\">Dr.\u00aa Ana Carolina Soares de Oliveira (USP) <\/span><br \/>\n<a href=\"https:\/\/us06web.zoom.us\/j\/83342618381?pwd=V0exjIvH8eSLyFVQ5BVSVFxMIKlypB.1\">Link da sess\u00e3o virtual<\/a><\/p>\n<p><strong>Hor\u00e1rio:<\/strong> 09h00min (Manaus)<\/p>\n            <\/div>        <\/div>    <\/div><\/section>\n<section class=\"av_toggle_section\"  itemscope=\"itemscope\" itemtype=\"https:\/\/schema.org\/CreativeWork\"  >    <div role=\"tablist\" class=\"single_toggle\" data-tags=\"{Todos} \"  >        <p data-fake-id=\"#toggle-id-28\" class=\"toggler  av-inherit-border-color \"  itemprop=\"headline\"  style='border-color: #83a846; ' data-hoverstyle='background-color: #4ecac2; ' role=\"tab\" tabindex=\"0\" aria-controls=\"toggle-id-28\">29\/ago | Defesa de Tese | Jo\u00e3o Hugo Abdalla Santos<span class=\"toggle_icon\" >        <span class=\"vert_icon\"><\/span><span class=\"hor_icon\"><\/span><\/span><\/p>        <div id=\"toggle-id-28\" class=\"toggle_wrap \"   >            <div class=\"toggle_content invers-color  av-inherit-border-color \"  itemprop=\"text\"  style='border-color: #83a846; ' ><p><strong>T\u00edtulo da Tese: <\/strong><span data-olk-copy-source=\"MessageBody\">CT-PCR COMO PREDITOR DE GRAVIDADE NA COVID-19 EM DUAS ONDAS EPID\u00caMICAS: CORRELA\u00c7\u00c3O COM ACHADOS CL\u00cdNICOS, LABORATORIAIS E DE IMAGEM, COM DESCRI\u00c7\u00c3O DE CASOS CL\u00cdNICOS AT\u00cdPICOS<\/span><\/p>\n<p><strong>Orientador:<\/strong> <span data-olk-copy-source=\"MessageBody\">Dr. Felipe Gomes Naveca<\/span><br \/>\n<strong>Coorientadora:\u00a0<\/strong><span data-olk-copy-source=\"MessageBody\">Dr.\u00aa Ligia Fernandes Abdalla<\/span><\/p>\n<p><strong>Banca Avaliadora estabelecida pela <a href=\"https:\/\/amazonia.fiocruz.br\/wp-content\/uploads\/2025\/09\/portaria194-2025_biodr_defesa_joao.pdf.pdf\">Portaria n\u00ba 194\/2025:<\/a><\/strong><br \/>\n<span data-olk-copy-source=\"MessageBody\">Dr. Felipe Gomes Naveca (ILMD\/FIOCRUZ Amaz\u00f4nia) <\/span><br \/>\n<span data-olk-copy-source=\"MessageBody\">Dr. Priscila Ferreira de Aquino (ILMD\/FIOCRUZ Amaz\u00f4nia) <\/span><br \/>\n<span data-olk-copy-source=\"MessageBody\">Dr.\u00aa Valdinete Alves do Nascimento (ILMD\/FIOCRUZ Amaz\u00f4nia) <br class=\"avia-permanent-lb\" \/><\/span><span data-olk-copy-source=\"MessageBody\">Dr. Diego Monteiro de Carvalho (UFAM)<\/span><br class=\"avia-permanent-lb\" \/><span data-olk-copy-source=\"MessageBody\">Dr.\u00aa Narjara de Oliveira Bo\u00ebchat (Hospital Adventista de Manaus)<\/span><br \/>\n<a href=\"https:\/\/us06web.zoom.us\/j\/86806101159?pwd=HKYEVx6bVJxLqapDF2uH5dym6mND40.1\">Link da sess\u00e3o virtual<\/a><\/p>\n<p><strong>Hor\u00e1rio:<\/strong> 13h30min (Manaus)<\/p>\n            <\/div>        <\/div>    <\/div><\/section>\n<section class=\"av_toggle_section\"  itemscope=\"itemscope\" itemtype=\"https:\/\/schema.org\/CreativeWork\"  >    <div role=\"tablist\" class=\"single_toggle\" data-tags=\"{Todos} \"  >        <p data-fake-id=\"#toggle-id-29\" class=\"toggler  av-inherit-border-color \"  itemprop=\"headline\"  style='border-color: #83a846; ' data-hoverstyle='background-color: #4ecac2; ' role=\"tab\" tabindex=\"0\" aria-controls=\"toggle-id-29\">27\/ago | Defesa de Disserta\u00e7\u00e3o | Stephanne Cortez\u00e3o Oliveira<span class=\"toggle_icon\" >        <span class=\"vert_icon\"><\/span><span class=\"hor_icon\"><\/span><\/span><\/p>        <div id=\"toggle-id-29\" class=\"toggle_wrap \"   >            <div class=\"toggle_content invers-color  av-inherit-border-color \"  itemprop=\"text\"  style='border-color: #83a846; ' ><p><strong>T\u00edtulo da Disserta\u00e7\u00e3o: <\/strong>Avalia\u00e7\u00e3o de polimorfismos gen\u00e9ticos da Indoleamina-2,3-dioxigenase (IDO1) em pacientes internados por COVID-19<\/p>\n<p><strong>Orientador:<\/strong> <span data-olk-copy-source=\"MessageBody\">Dr. George Allan Villarouco da Silva<\/span><\/p>\n<p><strong>Banca Avaliadora estabelecida pela <a href=\"https:\/\/amazonia.fiocruz.br\/wp-content\/uploads\/2025\/08\/portaria187-2025_bioms_defesa_Stephanne.pdf\">Portaria n\u00ba 187\/2025:<\/a><\/strong><br \/>\n<span data-olk-copy-source=\"MessageBody\">Dr. George Allan Villarouco da Silva (HEMOAM)<\/span><br \/>\n<span data-olk-copy-source=\"MessageBody\">Dr. Paulo Afonso Nogueira (ILMD\/FIOCRUZ Amaz\u00f4nia) <\/span><br \/>\n<span data-olk-copy-source=\"MessageBody\">Dr.\u00aa Rafaella Oliveira dos Santos (HEMOAM)<\/span><br \/>\n<a href=\"https:\/\/us06web.zoom.us\/j\/81772855204?pwd=Cuak5FpwLbplN6Re7yPb9mvgapC9As.1\">Link da sess\u00e3o virtual<\/a><\/p>\n<p><strong>Hor\u00e1rio:<\/strong> 14h00min (Manaus)<\/p>\n            <\/div>        <\/div>    <\/div><\/section>\n<section class=\"av_toggle_section\"  itemscope=\"itemscope\" itemtype=\"https:\/\/schema.org\/CreativeWork\"  >    <div role=\"tablist\" class=\"single_toggle\" data-tags=\"{Todos} \"  >        <p data-fake-id=\"#toggle-id-30\" class=\"toggler  av-inherit-border-color \"  itemprop=\"headline\"  style='border-color: #83a846; ' data-hoverstyle='background-color: #4ecac2; ' role=\"tab\" tabindex=\"0\" aria-controls=\"toggle-id-30\">27\/ago | Defesa de Disserta\u00e7\u00e3o | Priscila Saraiva Becil<span class=\"toggle_icon\" >        <span class=\"vert_icon\"><\/span><span class=\"hor_icon\"><\/span><\/span><\/p>        <div id=\"toggle-id-30\" class=\"toggle_wrap \"   >            <div class=\"toggle_content invers-color  av-inherit-border-color \"  itemprop=\"text\"  style='border-color: #83a846; ' ><p><strong>T\u00edtulo da Disserta\u00e7\u00e3o: <\/strong><span data-olk-copy-source=\"MessageBody\">Mal\u00e1ria Na Gravidez: Aspectos Epidemiol\u00f3gicos e Tratamento<\/span><\/p>\n<p><strong>Orientadora:<\/strong> <span data-olk-copy-source=\"MessageBody\">Dr.\u00aa Djane Clarys Ba\u00eda da Silva<\/span><\/p>\n<p><strong>Banca Avaliadora estabelecida pela <a href=\"https:\/\/amazonia.fiocruz.br\/wp-content\/uploads\/2025\/08\/portaria185-2025_bioms_defesa_priscila.pdf\">Portaria n\u00ba 185\/2025:<\/a><\/strong><br \/>\n<span data-olk-copy-source=\"MessageBody\">Dr.\u00aa Djane Clarys Ba\u00eda da Silva (FMT\/HVD)<\/span><br \/>\n<span data-olk-copy-source=\"MessageBody\">Dr.\u00aa Flor Ernestina Martinez Espinoza (FMT\/HVD)<\/span><br \/>\n<span data-olk-copy-source=\"MessageBody\">Dr. Salom\u00e3o Rocha Martim (UNINILTONLINS)<\/span> <br class=\"avia-permanent-lb\" \/><a href=\"https:\/\/us06web.zoom.us\/j\/84831319968?pwd=cm4dAjb3mXsUbFiUlDlu9tzEdaPjz2.1\">Link da sess\u00e3o virtual<\/a><\/p>\n<p><strong>Hor\u00e1rio:<\/strong> 14h00min (Manaus)<\/p>\n            <\/div>        <\/div>    <\/div><\/section>\n<section class=\"av_toggle_section\"  itemscope=\"itemscope\" itemtype=\"https:\/\/schema.org\/CreativeWork\"  >    <div role=\"tablist\" class=\"single_toggle\" data-tags=\"{Todos} \"  >        <p data-fake-id=\"#toggle-id-31\" class=\"toggler  av-inherit-border-color \"  itemprop=\"headline\"  style='border-color: #83a846; ' data-hoverstyle='background-color: #4ecac2; ' role=\"tab\" tabindex=\"0\" aria-controls=\"toggle-id-31\">22\/ago | Defesa de Tese | Mar\u00edlia Andreza da Silva Ferreira<span class=\"toggle_icon\" >        <span class=\"vert_icon\"><\/span><span class=\"hor_icon\"><\/span><\/span><\/p>        <div id=\"toggle-id-31\" class=\"toggle_wrap \"   >            <div class=\"toggle_content invers-color  av-inherit-border-color \"  itemprop=\"text\"  style='border-color: #83a846; ' ><p><strong>T\u00edtulo da Tese: <\/strong>VALIA\u00c7\u00c3O DO EFEITO DE Serratia ureilytica Su_YN1 NO FITNESS E DESENVOLVIMENTO DA INFEC\u00c7\u00c3O POR\u00a0<i>Plasmodium vivax<\/i>\u00a0EM\u00a0<i>Anopheles aquasalis<\/i>\u00a0E\u00a0<i>Anopheles darlingi<\/i><\/p>\n<p><strong>Orientadora:\u00a0<\/strong><span data-olk-copy-source=\"MessageBody\">Dr.\u00aa Claudia Mar\u00eda R\u00edos Vel\u00e1squez <\/span><br \/>\n<strong>Coorientador:<\/strong> Dr.<b>\u00a0<\/b>Marcelo Jacobs-Lorena<\/p>\n<p><strong>Banca Avaliadora estabelecida pela <a href=\"https:\/\/amazonia.fiocruz.br\/wp-content\/uploads\/2025\/08\/portaria180-2025_defesa_biodr_marilia.pdf\">Portaria n\u00ba 180\/2025:<\/a><\/strong><br \/>\n<span data-olk-copy-source=\"MessageBody\">Dr.\u00aa Claudia Mar\u00eda R\u00edos Vel\u00e1squez (ILMD\/ FIOCRUZ Amaz\u00f4nia)<\/span><br \/>\n<span data-olk-copy-source=\"MessageBody\">Dr.\u00aa Stefanie Costa Pinto Lopes (ILMD\/FIOCRUZ Amaz\u00f4nia)<\/span><br \/>\n<span data-olk-copy-source=\"MessageBody\">Dr.\u00aa Vanessa Rafaela de Carvalho (UNESP) <\/span> <br class=\"avia-permanent-lb\" \/><span data-olk-copy-source=\"MessageBody\">Dr. Pedro Amado Cecilio (NIAID) <\/span> <br class=\"avia-permanent-lb\" \/><span data-olk-copy-source=\"MessageBody\">Dr.\u00aa Yara Maria Traub-Cseko (IOC\/FIOCRUZ) <br class=\"avia-permanent-lb\" \/>Dr.\u00aa Djane Clarys Ba\u00eda da Silva (FMT\/HVD)<\/span><\/p>\n<p><a href=\"https:\/\/us06web.zoom.us\/j\/81398606459?pwd=R417ZBIKsTHNtzea90MCn1ZtArV0AV.1\">Link da sess\u00e3o virtual<\/a><\/p>\n<p><strong>Hor\u00e1rio:<\/strong> 14h00min (Manaus)<\/p>\n            <\/div>        <\/div>    <\/div><\/section>\n<section class=\"av_toggle_section\"  itemscope=\"itemscope\" itemtype=\"https:\/\/schema.org\/CreativeWork\"  >    <div role=\"tablist\" class=\"single_toggle\" data-tags=\"{Todos} \"  >        <p data-fake-id=\"#toggle-id-32\" class=\"toggler  av-inherit-border-color \"  itemprop=\"headline\"  style='border-color: #83a846; ' data-hoverstyle='background-color: #4ecac2; ' role=\"tab\" tabindex=\"0\" aria-controls=\"toggle-id-32\">25\/jul | Defesa de Disserta\u00e7\u00e3o | Caroline Sousa Martins de Almeida<span class=\"toggle_icon\" >        <span class=\"vert_icon\"><\/span><span class=\"hor_icon\"><\/span><\/span><\/p>        <div id=\"toggle-id-32\" class=\"toggle_wrap \"   >            <div class=\"toggle_content invers-color  av-inherit-border-color \"  itemprop=\"text\"  style='border-color: #83a846; ' ><p><strong>T\u00edtulo da Disserta\u00e7\u00e3o: <\/strong>Resist\u00eancia de\u00a0<i>Staphylococcus sp.<\/i>\u00a0em Ambientes Hospitalares P\u00fablicos de Manaus, Amazonas: Avalia\u00e7\u00e3o da Preval\u00eancia e Perfil de Resist\u00eancia<\/p>\n<p><strong>Orientadora:<\/strong> <span data-olk-copy-source=\"MessageBody\">Dr.\u00aa Patr\u00edcia Puccinelli Orlandi<\/span><br \/>\n<strong>Coorientadora: <\/strong><span data-olk-copy-source=\"MessageBody\">Dr.\u00aa Ivanildes dos Santos Bastos<\/span><\/p>\n<p><strong>Banca Avaliadora estabelecida pela <a href=\"https:\/\/amazonia.fiocruz.br\/wp-content\/uploads\/2025\/07\/portaria136-2025_bioms_qualif_caroline.pdf\">Portaria n\u00ba 136\/2025:<\/a><\/strong><br \/>\n<span data-olk-copy-source=\"MessageBody\">Dr.\u00aa Patr\u00edcia Puccinelli Orlandi (IAM\/FIOCRUZ)<\/span><br \/>\n<span data-olk-copy-source=\"MessageBody\">Dr. Luis Andre Moraes Mariuba (ILMD\/FIOCRUZ Amaz\u00f4nia)<\/span><br \/>\n<span data-olk-copy-source=\"MessageBody\">Dr.\u00aa Paula Taquita Serra (Ezscience bioctenologia) <\/span><br \/>\n<a href=\"https:\/\/us06web.zoom.us\/j\/82524086362?pwd=IubCwDdLGVDzzuOPt5VPbcbob5MUVC.1\">Link da sess\u00e3o virtual<\/a><\/p>\n<p><strong>Hor\u00e1rio:<\/strong> 09h00min (Manaus)<\/p>\n            <\/div>        <\/div>    <\/div><\/section>\n<section class=\"av_toggle_section\"  itemscope=\"itemscope\" itemtype=\"https:\/\/schema.org\/CreativeWork\"  >    <div role=\"tablist\" class=\"single_toggle\" data-tags=\"{Todos} \"  >        <p data-fake-id=\"#toggle-id-33\" class=\"toggler  av-inherit-border-color \"  itemprop=\"headline\"  style='border-color: #83a846; ' data-hoverstyle='background-color: #4ecac2; ' role=\"tab\" tabindex=\"0\" aria-controls=\"toggle-id-33\">04\/jul | Defesa de Disserta\u00e7\u00e3o | Lucas de Souza Andrade<span class=\"toggle_icon\" >        <span class=\"vert_icon\"><\/span><span class=\"hor_icon\"><\/span><\/span><\/p>        <div id=\"toggle-id-33\" class=\"toggle_wrap \"   >            <div class=\"toggle_content invers-color  av-inherit-border-color \"  itemprop=\"text\"  style='border-color: #83a846; ' ><p><strong>T\u00edtulo da Disserta\u00e7\u00e3o: <\/strong>Avalia\u00e7\u00e3o da resist\u00eancia antimicrobiana de\u00a0<i>Klebsiella<\/i>\u00a0spp. em ambientes hospitalares p\u00fablicos de Manaus, Amazonas, com \u00canfase no perfil de resist\u00eancia \u00e0 azitromicina<\/p>\n<p><strong>Orientadora:<\/strong> <span data-olk-copy-source=\"MessageBody\">Dr.\u00aa Patr\u00edcia Puccinelli Orlandi<\/span><br \/>\n<strong>Coorientadora: <\/strong><span data-olk-copy-source=\"MessageBody\">Dr.\u00aa Ivanildes dos Santos Bastos <\/span><\/p>\n<p><strong>Banca Avaliadora estabelecida pela <a href=\"https:\/\/amazonia.fiocruz.br\/wp-content\/uploads\/2025\/07\/portaria129-2025_bioms_defesa_lucas.pdf\">Portaria n\u00ba 129\/2025:<\/a><\/strong><br \/>\n<span data-olk-copy-source=\"MessageBody\">Dr.\u00aa Patr\u00edcia Puccinelli Orlandi (IAM\/FIOCRUZ<\/span>)<br \/>\n<span data-olk-copy-source=\"MessageBody\">Dr. Yuri Oliveira Chaves (ILMD\/FIOCRUZ Amaz\u00f4nia)<\/span><br \/>\n<span data-olk-copy-source=\"MessageBody\">Dr.\u00aa Paula Taquita Serra (Ezscience bioctenologia) <\/span><br \/>\n<a href=\"https:\/\/us06web.zoom.us\/j\/87127223046?pwd=OfznGLPamNWXffoHsGhHQqE4OBdxa7.1\">Link da sess\u00e3o virtual<\/a><\/p>\n<p><strong>Hor\u00e1rio:<\/strong> 09h00min (Manaus)<\/p>\n            <\/div>        <\/div>    <\/div><\/section>\n<section class=\"av_toggle_section\"  itemscope=\"itemscope\" itemtype=\"https:\/\/schema.org\/CreativeWork\"  >    <div role=\"tablist\" class=\"single_toggle\" data-tags=\"{Todos} \"  >        <p data-fake-id=\"#toggle-id-34\" class=\"toggler  av-inherit-border-color \"  itemprop=\"headline\"  style='border-color: #83a846; ' data-hoverstyle='background-color: #4ecac2; ' role=\"tab\" tabindex=\"0\" aria-controls=\"toggle-id-34\">27\/jun | Defesa de Disserta\u00e7\u00e3o | Beatriz Dias Leal<span class=\"toggle_icon\" >        <span class=\"vert_icon\"><\/span><span class=\"hor_icon\"><\/span><\/span><\/p>        <div id=\"toggle-id-34\" class=\"toggle_wrap \"   >            <div class=\"toggle_content invers-color  av-inherit-border-color \"  itemprop=\"text\"  style='border-color: #83a846; ' ><p><strong>T\u00edtulo da Disserta\u00e7\u00e3o: <\/strong>Avalia\u00e7\u00e3o de uma dieta artificial sem sangue humano para a produ\u00e7\u00e3o e mosquitos\u00a0<i>Anopheles darlingi<\/i>\u00a0com vista a pesquisa e controle da mal\u00e1ria<\/p>\n<p><strong>Orientadora:<\/strong> <span data-olk-copy-source=\"MessageBody\">Dr.\u00aa Stefanie Costa Pinto Lopes <\/span><br \/>\n<strong>Coorientadora: <\/strong>Dr.\u00aa Rosa Am\u00e9lia Gon\u00e7alves Santana<\/p>\n<p><strong>Banca Avaliadora estabelecida pela <a href=\"https:\/\/amazonia.fiocruz.br\/wp-content\/uploads\/2025\/06\/portaria128-2025_bioms_defesa_beatriz.pdf\">Portaria n\u00ba 128\/2025:<\/a><\/strong><br \/>\n<span data-olk-copy-source=\"MessageBody\">Dr.\u00aa Stefanie Costa Pinto Lopes (ILMD\/FIOCRUZ Amaz\u00f4nia)<\/span><br \/>\n<span data-olk-copy-source=\"MessageBody\">Dr.\u00aa Glenda Quaresma Ramos (CMABIO-UEA)<\/span><br \/>\n<span data-olk-copy-source=\"MessageBody\">Dr.\u00aa Silvia C\u00e1ssia Brand\u00e3o Justiniano (FMT\/HVD)<\/span><br \/>\n<a href=\"https:\/\/us06web.zoom.us\/j\/85068795310?pwd=ctbWyYsF0gJZFzrbhiX20OiccuTSyH.1\">Link da sess\u00e3o virtual<\/a><\/p>\n<p><strong>Hor\u00e1rio:<\/strong> 09h00min (Manaus)<\/p>\n            <\/div>        <\/div>    <\/div><\/section>\n<section class=\"av_toggle_section\"  itemscope=\"itemscope\" itemtype=\"https:\/\/schema.org\/CreativeWork\"  >    <div role=\"tablist\" class=\"single_toggle\" data-tags=\"{Todos} \"  >        <p data-fake-id=\"#toggle-id-35\" class=\"toggler  av-inherit-border-color \"  itemprop=\"headline\"  style='border-color: #83a846; ' data-hoverstyle='background-color: #4ecac2; ' role=\"tab\" tabindex=\"0\" aria-controls=\"toggle-id-35\">17\/jun | Qualifica\u00e7\u00e3o de Mestrado | Deulizangela Serr\u00e3o Borborema de Medeiros<span class=\"toggle_icon\" >        <span class=\"vert_icon\"><\/span><span class=\"hor_icon\"><\/span><\/span><\/p>        <div id=\"toggle-id-35\" class=\"toggle_wrap \"   >            <div class=\"toggle_content invers-color  av-inherit-border-color \"  itemprop=\"text\"  style='border-color: #83a846; ' ><p><strong>T\u00edtulo do Projeto: <\/strong><span data-olk-copy-source=\"MessageBody\">Ecologia de Corethrella ( Diptera: Corethrellidae) e seus parasitos tripanossomat\u00eddeos em ambientes florestados e antropizados em um assentamento agr\u00edcola Amaz\u00f4nico<\/span><\/p>\n<p><strong>Orientador:\u00a0<\/strong><span data-olk-copy-source=\"MessageBody\">Dr. Felipe Arley Pessoa Costa Pessoa<\/span><\/p>\n<p><strong>Banca Avaliadora estabelecida pela <a href=\"https:\/\/amazonia.fiocruz.br\/wp-content\/uploads\/2025\/06\/portaria126-2025_bioms_qualif_deulizangela.pdf\">Portaria n\u00ba 126\/2025:<\/a><\/strong><br \/>\n<span data-olk-copy-source=\"MessageBody\">Dr. Felipe Arley Pessoa Costa Pessoa (ILMD\/FIOCRUZ Amaz\u00f4nia)<\/span><br \/>\n<span data-olk-copy-source=\"MessageBody\">Dr. Ronildo Baiatone Alencar (FVS-RCP) <\/span><br \/>\n<span data-olk-copy-source=\"MessageBody\">Dr. Luiz Carlos de Pinho (UFSC)<\/span><br \/>\n<a href=\"https:\/\/us06web.zoom.us\/j\/89021351515?pwd=6ICpBxVYO9DcRSzkebNbNPzvtlc5do.1\">Link da sess\u00e3o virtual<\/a><\/p>\n<p><strong>Hor\u00e1rio:<\/strong> 08h00min (Manaus)<\/p>\n            <\/div>        <\/div>    <\/div><\/section>\n<section class=\"av_toggle_section\"  itemscope=\"itemscope\" itemtype=\"https:\/\/schema.org\/CreativeWork\"  >    <div role=\"tablist\" class=\"single_toggle\" data-tags=\"{Todos} \"  >        <p data-fake-id=\"#toggle-id-36\" class=\"toggler  av-inherit-border-color \"  itemprop=\"headline\"  style='border-color: #83a846; ' data-hoverstyle='background-color: #4ecac2; ' role=\"tab\" tabindex=\"0\" aria-controls=\"toggle-id-36\">17\/jun | Qualifica\u00e7\u00e3o de Doutorado | Fernanda Oliveira do Nascimento<span class=\"toggle_icon\" >        <span class=\"vert_icon\"><\/span><span class=\"hor_icon\"><\/span><\/span><\/p>        <div id=\"toggle-id-36\" class=\"toggle_wrap \"   >            <div class=\"toggle_content invers-color  av-inherit-border-color \"  itemprop=\"text\"  style='border-color: #83a846; ' ><p><strong>T\u00edtulo do Projeto: <\/strong>\u00a0Caracteriza\u00e7\u00e3o gen\u00e9tica do V\u00edrus Sincicial Respirat\u00f3rio no Amazonas e avalia\u00e7\u00e3o da compet\u00eancia viral\u00a0<i>in vitro<\/i><\/p>\n<p><strong>Orientador:<\/strong> <span data-olk-copy-source=\"MessageBody\">Dr. Felipe Gomes Naveca<\/span><\/p>\n<p><strong>Banca Avaliadora estabelecida pela <a href=\"https:\/\/amazonia.fiocruz.br\/wp-content\/uploads\/2025\/06\/portaria122-2025_biodr_qualif_fernanda.pdf\">Portaria n\u00ba 122\/2025:<\/a><\/strong><br \/>\n<span data-olk-copy-source=\"MessageBody\">Dr. Felipe Gomes Naveca (ILMD\/FIOCRUZ Amaz\u00f4nia) <\/span><br \/>\n<span data-olk-copy-source=\"MessageBody\">Dr. Lu\u00eds Andr\u00e9 Morais Mari\u00faba (ILMD\/FIOCRUZ Amaz\u00f4nia) <\/span><br \/>\n<span data-olk-copy-source=\"MessageBody\">Dr. Eurico de Arruda Neto (USP) <\/span> <br class=\"avia-permanent-lb\" \/><span data-olk-copy-source=\"MessageBody\">Dr. Anderson Fernandes de Brito (ITpS)<\/span> <br class=\"avia-permanent-lb\" \/><span data-olk-copy-source=\"MessageBody\">Dr.\u00aa Paola Cristina Resende Silva (IOC\/FIOCRUZ) <\/span><br \/>\n<a href=\"https:\/\/us06web.zoom.us\/j\/85084934505?pwd=CUiSmtzykJhaLgNCPo9K27rghN7lRf.1\">Link da sess\u00e3o virtual<\/a><\/p>\n<p><strong>Hor\u00e1rio:<\/strong> 08h00min (Manaus)<\/p>\n            <\/div>        <\/div>    <\/div><\/section>\n<section class=\"av_toggle_section\"  itemscope=\"itemscope\" itemtype=\"https:\/\/schema.org\/CreativeWork\"  >    <div role=\"tablist\" class=\"single_toggle\" data-tags=\"{Todos} \"  >        <p data-fake-id=\"#toggle-id-37\" class=\"toggler  av-inherit-border-color \"  itemprop=\"headline\"  style='border-color: #83a846; ' data-hoverstyle='background-color: #4ecac2; ' role=\"tab\" tabindex=\"0\" aria-controls=\"toggle-id-37\">12\/jun | Defesa de Tese | Samylla Suany de Souza Soares<span class=\"toggle_icon\" >        <span class=\"vert_icon\"><\/span><span class=\"hor_icon\"><\/span><\/span><\/p>        <div id=\"toggle-id-37\" class=\"toggle_wrap \"   >            <div class=\"toggle_content invers-color  av-inherit-border-color \"  itemprop=\"text\"  style='border-color: #83a846; ' ><p><strong>T\u00edtulo da Tese: <\/strong>Avalia\u00e7\u00e3o da estrat\u00e9gia de implanta\u00e7\u00e3o Esta\u00e7\u00e3o Disseminadora de larvicida no Controle de\u00a0<i>Aedes spp<\/i>. (D\u00edptera: Culicidae) em \u00e1reas sucessivas na cidade de Manaus \u2013 AM<\/p>\n<p><strong>Orientador:<\/strong> <span data-olk-copy-source=\"MessageBody\">Dr. S\u00e9rgio Luiz Bessa Luz\u00a0<\/span><br \/>\n<strong>Coorientador: <\/strong><span data-olk-copy-source=\"MessageBody\">Dr. Jos\u00e9 Joaquin Carvajal Cortes <\/span><\/p>\n<p><strong>Banca Avaliadora estabelecida pela <a href=\"https:\/\/amazonia.fiocruz.br\/wp-content\/uploads\/2025\/05\/portaria117-2025_biodr_defesa_samylla.pdf\">Portaria n\u00ba 117\/2025:<\/a><\/strong><br \/>\n<span data-olk-copy-source=\"MessageBody\">Dr. S\u00e9rgio Luiz Bessa Luz (ILMD\/FIOCRUZ Amaz\u00f4nia)<\/span><br \/>\n<span data-olk-copy-source=\"MessageBody\">Dr.\u00aa Alessandra Ferreira Dales Nava (ILMD\/FIOCRUZ Amaz\u00f4nia)<\/span><br \/>\n<span data-olk-copy-source=\"MessageBody\">Dr. Carlos Frederico Campelo de Albuquerque e Melo (OPAS)<\/span> <br class=\"avia-permanent-lb\" \/><span data-olk-copy-source=\"MessageBody\">Dr. Giovanini Evelim Coelho (Minist\u00e9rio da Sa\u00fade)<\/span> <br class=\"avia-permanent-lb\" \/><span data-olk-copy-source=\"MessageBody\">Dr. Hermano Gomes Albuquerque (FIOCRUZ\/RJ)<\/span><br \/>\n<a href=\"https:\/\/us06web.zoom.us\/j\/87653577219?pwd=vzRbNv2ThsZAFHkE0buKVrPyUMOkaT.1\">Link da sess\u00e3o virtual<\/a><\/p>\n<p><strong>Hor\u00e1rio:<\/strong> 13h00min (Manaus)\/ 14h00min (Bras\u00edlia)<\/p>\n            <\/div>        <\/div>    <\/div><\/section>\n<section class=\"av_toggle_section\"  itemscope=\"itemscope\" itemtype=\"https:\/\/schema.org\/CreativeWork\"  >    <div role=\"tablist\" class=\"single_toggle\" data-tags=\"{Todos} \"  >        <p data-fake-id=\"#toggle-id-38\" class=\"toggler  av-inherit-border-color \"  itemprop=\"headline\"  style='border-color: #83a846; ' data-hoverstyle='background-color: #4ecac2; ' role=\"tab\" tabindex=\"0\" aria-controls=\"toggle-id-38\">27\/mai | Defesa de Disserta\u00e7\u00e3o | Ana Carolina Monteiro Ferreira<span class=\"toggle_icon\" >        <span class=\"vert_icon\"><\/span><span class=\"hor_icon\"><\/span><\/span><\/p>        <div id=\"toggle-id-38\" class=\"toggle_wrap \"   >            <div class=\"toggle_content invers-color  av-inherit-border-color \"  itemprop=\"text\"  style='border-color: #83a846; ' ><p><strong>T\u00edtulo da Disserta\u00e7\u00e3o:\u00a0<\/strong>Avalia\u00e7\u00e3o do efeito de uma refei\u00e7\u00e3o sangu\u00ednea adicional na infectividade de\u00a0<i>Plasmodium vivax<\/i>\u00a0em\u00a0<i>Anopheles darlingi<\/i>\u00a0colonizado<\/p>\n<p><strong>Orientadora:<\/strong> <span data-olk-copy-source=\"MessageBody\">Dr.\u00aa Stefanie Costa Pinto Lopes <\/span><br \/>\n<strong>Coorientadora:\u00a0<\/strong><span data-olk-copy-source=\"MessageBody\">Dr.\u00aa Camila Fabbri<\/span><\/p>\n<p><strong>Banca Avaliadora estabelecida pela <a href=\"https:\/\/amazonia.fiocruz.br\/wp-content\/uploads\/2025\/05\/portaria105-2025_bioms_defesa_anacalorina.pdf\">Portaria n\u00ba 105\/2025:<\/a><\/strong><br \/>\n<span data-olk-copy-source=\"MessageBody\">Dr.\u00aa Stefanie Costa Pinto Lopes (ILMD\/FIOCRUZ Amaz\u00f4nia) <\/span><br \/>\n<span data-olk-copy-source=\"MessageBody\">Dr. Alexandre de Almeida e Silva (UNIR)<\/span><br \/>\n<span data-olk-copy-source=\"MessageBody\">Dr. F\u00e1bio Mendon\u00e7a Gomes (UFRJ) <\/span><br \/>\n<a href=\"https:\/\/us06web.zoom.us\/j\/89813951266?pwd=UDO2OzBQxf7loqZXN9a8Qvqf7Vn7Zi.1\">Link da sess\u00e3o virtual<\/a><\/p>\n<p><strong>Hor\u00e1rio:<\/strong> 09h00min (Manaus)<\/p>\n            <\/div>        <\/div>    <\/div><\/section>\n<section class=\"av_toggle_section\"  itemscope=\"itemscope\" itemtype=\"https:\/\/schema.org\/CreativeWork\"  >    <div role=\"tablist\" class=\"single_toggle\" data-tags=\"{Todos} \"  >        <p data-fake-id=\"#toggle-id-39\" class=\"toggler  av-inherit-border-color \"  itemprop=\"headline\"  style='border-color: #83a846; ' data-hoverstyle='background-color: #4ecac2; ' role=\"tab\" tabindex=\"0\" aria-controls=\"toggle-id-39\">19\/mai | Defesa de Disserta\u00e7\u00e3o | Juliana Correa Romaina<span class=\"toggle_icon\" >        <span class=\"vert_icon\"><\/span><span class=\"hor_icon\"><\/span><\/span><\/p>        <div id=\"toggle-id-39\" class=\"toggle_wrap \"   >            <div class=\"toggle_content invers-color  av-inherit-border-color \"  itemprop=\"text\"  style='border-color: #83a846; ' ><p><strong>T\u00edtulo da Disserta\u00e7\u00e3o :\u00a0<\/strong>Desenvolvimento de Teste R\u00e1pido para o Diagn\u00f3stico de\u00a0<i>Orthohantav\u00edrus<\/i><\/p>\n<p><strong>Orientador:<\/strong> <span data-olk-copy-source=\"MessageBody\">\u00a0Dr. Pritesh Jaychand Lalwani<\/span><br \/>\n<strong>Coorientadora:\u00a0<\/strong><span data-olk-copy-source=\"MessageBody\">Dr.\u00aa B\u00e1rbara Batista Salgado<\/span><\/p>\n<p><strong>Banca Avaliadora estabelecida pela <a href=\"https:\/\/amazonia.fiocruz.br\/wp-content\/uploads\/2025\/05\/portaria101-2025_bioms_defesa_juliana.pdf\">Portaria n\u00ba 101\/2025:<\/a><\/strong><br \/>\n<span data-olk-copy-source=\"MessageBody\">Dr. Pritesh Jaychand Lalwani (ILMD\/FIOCRUZ Amaz\u00f4nia)<\/span><br \/>\n<span data-olk-copy-source=\"MessageBody\">Dr. Christian Robson de Souza Reis (FIOCRUZ\/PE<\/span>)<br \/>\n<span data-olk-copy-source=\"MessageBody\">Dr.\u00aa Renata Carvalho de Oliveira Pires dos Santos (IOC FIOCRUZ)<\/span>\u00a0 <br class=\"avia-permanent-lb\" \/>Dr. Toni Ricardo Martins (UFAM) <br class=\"avia-permanent-lb\" \/>Dr. George Allan Villarouco da Silva (HEMOAM)<\/p>\n<p><a href=\"https:\/\/us06web.zoom.us\/j\/84312841132?pwd=UMeyxioGdpdePnIztONAlHE7orSvP4.1\">Link da sess\u00e3o virtual<\/a><\/p>\n<p><strong>Hor\u00e1rio:<\/strong> 14h00min <span data-olk-copy-source=\"MessageBody\">(Bras\u00edlia)<\/span><\/p>\n            <\/div>        <\/div>    <\/div><\/section>\n<section class=\"av_toggle_section\"  itemscope=\"itemscope\" itemtype=\"https:\/\/schema.org\/CreativeWork\"  >    <div role=\"tablist\" class=\"single_toggle\" data-tags=\"{Todos} \"  >        <p data-fake-id=\"#toggle-id-40\" class=\"toggler  av-inherit-border-color \"  itemprop=\"headline\"  style='border-color: #83a846; ' data-hoverstyle='background-color: #4ecac2; ' role=\"tab\" tabindex=\"0\" aria-controls=\"toggle-id-40\">16\/mai | Qualifica\u00e7\u00e3o de Doutorado | Massanobu Takatani<span class=\"toggle_icon\" >        <span class=\"vert_icon\"><\/span><span class=\"hor_icon\"><\/span><\/span><\/p>        <div id=\"toggle-id-40\" class=\"toggle_wrap \"   >            <div class=\"toggle_content invers-color  av-inherit-border-color \"  itemprop=\"text\"  style='border-color: #83a846; ' ><p><strong>T\u00edtulo do Projeto de Qualifica\u00e7\u00e3o: <\/strong><span data-olk-copy-source=\"MessageBody\">Avalia\u00e7\u00e3o da Preval\u00eancia de Dist\u00farbios Neurocognitivos em Pessoas Vivendo com HIV Associada a Biomarcadores de Inflama\u00e7\u00e3o e Transloca\u00e7\u00e3o Microbiana<\/span><\/p>\n<p><strong>Orientador:<\/strong> <span data-olk-copy-source=\"MessageBody\">Dr. Paulo Afonso Nogueira <br class=\"avia-permanent-lb\" \/><strong>Coorientador:<\/strong> Dr. Yury Oliveira Chaves<\/span><\/p>\n<p><strong>Banca Avaliadora estabelecida pela <a href=\"https:\/\/amazonia.fiocruz.br\/wp-content\/uploads\/2025\/05\/portaria099-2025_biodr_qualif_massanobu.pdf\">Portaria n\u00ba 099\/2025:<\/a><\/strong><br \/>\n<span data-olk-copy-source=\"MessageBody\">Dr. Paulo Afonso Nogueira (ILMD\/FIOCRUZ Amaz\u00f4nia) <\/span><br \/>\n<span data-olk-copy-source=\"MessageBody\">Dr. George Allan Villarouco da Silva (HEMOAM)<\/span><br \/>\n<span data-olk-copy-source=\"MessageBody\">Dr. Pablo Vin\u00edcius Silveira Feitoza (UFAM)<\/span> <br class=\"avia-permanent-lb\" \/><span data-olk-copy-source=\"MessageBody\">Dr.\u00aa Solange Dourado de Andrade (FMT\/HVD)<\/span> <br class=\"avia-permanent-lb\" \/><span data-olk-copy-source=\"MessageBody\">Dr.\u00aa Sandra Wagner Cardoso (INI\/FIOCRUZ)<\/span><br \/>\n<a href=\"https:\/\/us06web.zoom.us\/j\/88074289679?pwd=JbAfPdtlJXUtOjZnTU6U0pNfQHCfhv.1\">Link da sess\u00e3o virtual<\/a><\/p>\n<p><strong>Hor\u00e1rio:<\/strong> 09h30min (<span data-olk-copy-source=\"MessageBody\">Bras\u00edlia<\/span>)<\/p>\n            <\/div>        <\/div>    <\/div><\/section>\n<section class=\"av_toggle_section\"  itemscope=\"itemscope\" itemtype=\"https:\/\/schema.org\/CreativeWork\"  >    <div role=\"tablist\" class=\"single_toggle\" data-tags=\"{Todos} \"  >        <p data-fake-id=\"#toggle-id-41\" class=\"toggler  av-inherit-border-color \"  itemprop=\"headline\"  style='border-color: #83a846; ' data-hoverstyle='background-color: #4ecac2; ' role=\"tab\" tabindex=\"0\" aria-controls=\"toggle-id-41\">15\/mai | Qualifica\u00e7\u00e3o de Doutorado | Kemily Nunes da Silva Moya<span class=\"toggle_icon\" >        <span class=\"vert_icon\"><\/span><span class=\"hor_icon\"><\/span><\/span><\/p>        <div id=\"toggle-id-41\" class=\"toggle_wrap \"   >            <div class=\"toggle_content invers-color  av-inherit-border-color \"  itemprop=\"text\"  style='border-color: #83a846; ' ><p><strong>T\u00edtulo do Projeto de Qualifica\u00e7\u00e3o: <\/strong>Caracteriza\u00e7\u00e3o proteica da intera\u00e7\u00e3o de fungos isolados do bioma Amaz\u00f4nico com os ovos de <i>Aedes<\/i>\u00a0(<i>Stegomyia<\/i>)\u00a0<i>aegypti\u00a0<\/i>Linnaeus, 1762 (Diptera: Culicidae)<\/p>\n<p><strong>Orientadora:<\/strong> <span data-olk-copy-source=\"MessageBody\">Dr.\u00aa Priscila Ferreira de Aquino<\/span><\/p>\n<p><strong>Banca Avaliadora estabelecida pela <a href=\"https:\/\/amazonia.fiocruz.br\/wp-content\/uploads\/2025\/05\/portaria098-2025_biodr_qualif_kemily.pdf\">Portaria n\u00ba 098\/2025:<\/a><\/strong><br \/>\n<span data-olk-copy-source=\"MessageBody\">Dr.\u00aa Priscila Ferreira de Aquino (ILMD\/FIOCRUZ)<\/span><br \/>\n<span data-olk-copy-source=\"MessageBody\">Dr.\u00aa Claudia Maria Rios Velasquez (ILMD\/FIOCRUZ Amaz\u00f4nia) <\/span><br \/>\n<span data-olk-copy-source=\"MessageBody\">Dr. Walter Orlando Beys da Silva (UFRGS) <br class=\"avia-permanent-lb\" \/><\/span><span data-olk-copy-source=\"MessageBody\">Dr. Giuseppe Palmisano (USP) <\/span> <br class=\"avia-permanent-lb\" \/><span data-olk-copy-source=\"MessageBody\">Dr. Juscelino Rodrigues Filho (UFG<\/span>)<br \/>\n<a href=\"https:\/\/us06web.zoom.us\/j\/87435074814?pwd=7TeoMHzaoJyMKaWTRpaOfgJs9iPHA2.1\">Link da sess\u00e3o virtual<\/a><\/p>\n<p><strong>Hor\u00e1rio:<\/strong> 09h30min (Manaus) \/ 10h30min <span data-olk-copy-source=\"MessageBody\">(Bras\u00edlia)<\/span><\/p>\n            <\/div>        <\/div>    <\/div><\/section>\n<section class=\"av_toggle_section\"  itemscope=\"itemscope\" itemtype=\"https:\/\/schema.org\/CreativeWork\"  >    <div role=\"tablist\" class=\"single_toggle\" data-tags=\"{Todos} \"  >        <p data-fake-id=\"#toggle-id-42\" class=\"toggler  av-inherit-border-color \"  itemprop=\"headline\"  style='border-color: #83a846; ' data-hoverstyle='background-color: #4ecac2; ' role=\"tab\" tabindex=\"0\" aria-controls=\"toggle-id-42\">12\/mai | Qualifica\u00e7\u00e3o de Mestrado | Jhonata Andrade Santiago<span class=\"toggle_icon\" >        <span class=\"vert_icon\"><\/span><span class=\"hor_icon\"><\/span><\/span><\/p>        <div id=\"toggle-id-42\" class=\"toggle_wrap \"   >            <div class=\"toggle_content invers-color  av-inherit-border-color \"  itemprop=\"text\"  style='border-color: #83a846; ' ><p><strong>T\u00edtulo do Projeto de Qualifica\u00e7\u00e3o:\u00a0<\/strong><i data-olk-copy-source=\"MessageBody\">Leptoconops brasiliensis<\/i>\u00a0(DIPTERA: CERATOPOGONIDAE) DE DIFERENTES REGI\u00d5ES DA AMAZ\u00d4NIA \u00c9 UM COMPLEXO DE ESP\u00c9CIES?<\/p>\n<p><strong>Orientador:<\/strong> <span data-olk-copy-source=\"MessageBody\">Dr. Felipe Arley Costa Pessoa<\/span><br \/>\n<strong>Coorientadora:\u00a0<\/strong><span data-olk-copy-source=\"MessageBody\">Dr.\u00aa Emanuelle de Sousa Farias<\/span><\/p>\n<p><strong>Banca Avaliadora estabelecida pela <a href=\"https:\/\/amazonia.fiocruz.br\/wp-content\/uploads\/2025\/05\/portaria096-2025_bioms_qualif_Jhonata.pdf\">Portaria n\u00ba 096\/2025:<\/a><\/strong><br \/>\n<span data-olk-copy-source=\"MessageBody\">Dr. Felipe Arley Costa Pessoa (ILMD\/FIOCRUZ)<\/span><br \/>\n<span data-olk-copy-source=\"MessageBody\">Dr. Lucas Christian de Sousa Paula (NIAID)<\/span><br \/>\n<span data-olk-copy-source=\"MessageBody\">Dr. Francisco Augusto da Silva Ferreira (ILMD\/FIOCRUZ)<\/span><br \/>\n<a href=\"https:\/\/us06web.zoom.us\/j\/86565231658?pwd=LSI375XjnhZWsMX6juHXMU2DUuu7iU.1\">Link da sess\u00e3o virtual<\/a><\/p>\n<p><strong>Hor\u00e1rio:<\/strong> 14h00min (Manaus)<\/p>\n            <\/div>        <\/div>    <\/div><\/section>\n<section class=\"av_toggle_section\"  itemscope=\"itemscope\" itemtype=\"https:\/\/schema.org\/CreativeWork\"  >    <div role=\"tablist\" class=\"single_toggle\" data-tags=\"{Todos} \"  >        <p data-fake-id=\"#toggle-id-43\" class=\"toggler  av-inherit-border-color \"  itemprop=\"headline\"  style='border-color: #83a846; ' data-hoverstyle='background-color: #4ecac2; ' role=\"tab\" tabindex=\"0\" aria-controls=\"toggle-id-43\">25\/abr | Qualifica\u00e7\u00e3o de Mestrado  | Michele Silva de Jesus <span class=\"toggle_icon\" >        <span class=\"vert_icon\"><\/span><span class=\"hor_icon\"><\/span><\/span><\/p>        <div id=\"toggle-id-43\" class=\"toggle_wrap \"   >            <div class=\"toggle_content invers-color  av-inherit-border-color \"  itemprop=\"text\"  style='border-color: #83a846; ' ><p><strong>T\u00edtulo do Projeto: <\/strong><b data-olk-copy-source=\"MessageBody\">\u00a0<\/b>Express\u00e3o e avalia\u00e7\u00e3o vacinal de uma prote\u00edna recombinante baseada em dom\u00ednios antig\u00eanicos de lipoprote\u00ednas de leptospira patog\u00eanica associada a esporos de\u00a0<i>Bacillus subtilis<\/i><\/p>\n<p><strong>Orientador:<\/strong> <span data-olk-copy-source=\"MessageBody\">Dr. Lu\u00eds Andr\u00e9 Morais Mari\u00faba<\/span><br \/>\n<strong>Coorientadora:\u00a0<\/strong><span data-olk-copy-source=\"MessageBody\">Dr.\u00aa Maria Edilene Martins de Almeida<\/span><\/p>\n<p><strong>Banca Avaliadora estabelecida pela <a href=\"https:\/\/amazonia.fiocruz.br\/wp-content\/uploads\/2025\/05\/portaria084-2025_biodr_qualif_michele.pdf\">Portaria n\u00ba 084\/2025:<\/a><\/strong><br \/>\n<span data-olk-copy-source=\"MessageBody\">Dr. Lu\u00eds Andr\u00e9 Morais Mari\u00faba (ILMD\/FIOCRUZ Amaz\u00f4nia)<\/span><br \/>\n<span data-olk-copy-source=\"MessageBody\">Dr. George Allan Villarouco da Silva (HEMOAM)\u00a0<\/span><br \/>\n<span data-olk-copy-source=\"MessageBody\">Dr.\u00aa Jaqueline Silva Cruz (IGM\/FIOCRUZ BA)\u00a0 <br class=\"avia-permanent-lb\" \/>Dr. Helber Abellini Astolpho (CMM) <br class=\"avia-permanent-lb\" \/>Dr.\u00aa Thayana Cruz de Souza (Est\u00e1cio do Amazonas) <\/span><\/p>\n<p><strong>Hor\u00e1rio:<\/strong> 09h00min (Manaus)<\/p>\n            <\/div>        <\/div>    <\/div><\/section>\n<section class=\"av_toggle_section\"  itemscope=\"itemscope\" itemtype=\"https:\/\/schema.org\/CreativeWork\"  >    <div role=\"tablist\" class=\"single_toggle\" data-tags=\"{Todos} \"  >        <p data-fake-id=\"#toggle-id-44\" class=\"toggler  av-inherit-border-color \"  itemprop=\"headline\"  style='border-color: #83a846; ' data-hoverstyle='background-color: #4ecac2; ' role=\"tab\" tabindex=\"0\" aria-controls=\"toggle-id-44\">16\/abr | Defesa de Disserta\u00e7\u00e3o | Fl\u00e1via Beatriz Oliveira de Souza<span class=\"toggle_icon\" >        <span class=\"vert_icon\"><\/span><span class=\"hor_icon\"><\/span><\/span><\/p>        <div id=\"toggle-id-44\" class=\"toggle_wrap \"   >            <div class=\"toggle_content invers-color  av-inherit-border-color \"  itemprop=\"text\"  style='border-color: #83a846; ' ><p><strong>T\u00edtulo da Disserta\u00e7\u00e3o: <\/strong>An\u00e1lise da Preval\u00eancia e Persist\u00eancia de Anticorpos IgA E IgG Contra os V\u00edrus Influenza A e B e Sincicial Respirat\u00f3rio em Leite Materno<\/p>\n<p><strong>Orientador: <\/strong><span data-olk-copy-source=\"MessageBody\">Dr. Pritesh Jaychand Lalwani<\/span><br \/>\n<strong>Coorientadora:\u00a0<\/strong><span data-olk-copy-source=\"MessageBody\">Dr.\u00aa Concei\u00e7\u00e3o Maria Guedes Crozara<\/span><\/p>\n<p><strong>Banca Avaliadora estabelecida pela <a href=\"https:\/\/amazonia.fiocruz.br\/wp-content\/uploads\/2025\/04\/portaria080-2025_bioms_defesa_flavia.pdf\">Portaria n\u00ba 080\/2025:<\/a><\/strong><br \/>\n<span data-olk-copy-source=\"MessageBody\">Dr. Pritesh Jaychand Lalwani (ILMD\/FIOCRUZ Amaz\u00f4nia)<\/span><br \/>\n<span data-olk-copy-source=\"MessageBody\">Dr. Jos\u00e9 Luiz Proen\u00e7a M\u00f3dena (UNICAMP) <\/span><br \/>\n<span data-olk-copy-source=\"MessageBody\">Dr.\u00aa Priscilla Gomes da Silva (KTH)<\/span><br \/>\n<a href=\"https:\/\/us06web.zoom.us\/j\/84123618280?pwd=ClAJvP5w9gCGHWBePSbaz4GYWzM27T.1\">Link da sess\u00e3o virtual<\/a><\/p>\n<p><strong>Hor\u00e1rio:<\/strong> 12h00min (Manaus)<\/p>\n            <\/div>        <\/div>    <\/div><\/section>\n<section class=\"av_toggle_section\"  itemscope=\"itemscope\" itemtype=\"https:\/\/schema.org\/CreativeWork\"  >    <div role=\"tablist\" class=\"single_toggle\" data-tags=\"{Todos} \"  >        <p data-fake-id=\"#toggle-id-45\" class=\"toggler  av-inherit-border-color \"  itemprop=\"headline\"  style='border-color: #83a846; ' data-hoverstyle='background-color: #4ecac2; ' role=\"tab\" tabindex=\"0\" aria-controls=\"toggle-id-45\">08\/abr | Qualifica\u00e7\u00e3o de Doutorado | Wlademir Braga Salgado Sobrinho<span class=\"toggle_icon\" >        <span class=\"vert_icon\"><\/span><span class=\"hor_icon\"><\/span><\/span><\/p>        <div id=\"toggle-id-45\" class=\"toggle_wrap \"   >            <div class=\"toggle_content invers-color  av-inherit-border-color \"  itemprop=\"text\"  style='border-color: #83a846; ' ><p><strong>T\u00edtulo do Projeto de Qualifica\u00e7\u00e3o:\u00a0<\/strong>Efeitos imunol\u00f3gicos do boost vacinal em indiv\u00edduos imunizados contra SARS-CoV-2<\/p>\n<p><strong>Orientador:<\/strong> <span data-olk-copy-source=\"MessageBody\">Dr. Pritesh Jaychand Lalwani<\/span><\/p>\n<p><strong>Banca Avaliadora estabelecida pela <a href=\"https:\/\/amazonia.fiocruz.br\/wp-content\/uploads\/2025\/03\/portaria69-2025_biodr_qualif_wlademir.pdf\">Portaria n\u00ba 069\/2025:<\/a><\/strong><br \/>\n<span data-olk-copy-source=\"MessageBody\">Dr. Pritesh Jaychand Lalwani (ILMD\/FIOCRUZ Amaz\u00f4nia) <\/span><br \/>\n<span data-olk-copy-source=\"MessageBody\">Dr. Paulo Afonso Nogueira (ILMD\/ FIOCRUZ Amaz\u00f4nia)<\/span><br \/>\n<span data-olk-copy-source=\"MessageBody\">Dr. George Allan Villarouco da Silva (HEMOAM)<\/span> <br class=\"avia-permanent-lb\" \/><span data-olk-copy-source=\"MessageBody\">Dr. Josu\u00e9 da Costa Lima Junior (IOC\/FIOCRUZ)<\/span> <br class=\"avia-permanent-lb\" \/><span data-olk-copy-source=\"MessageBody\">Dr. Jos\u00e9 Luiz Proen\u00e7a Modena (UNICAMP)<\/span><br \/>\n<a href=\"https:\/\/us06web.zoom.us\/j\/86309143056?pwd=b6qC32KxyZof4ZrzaA42D8kZwybMFT.1\">Link da sess\u00e3o virtual<\/a><\/p>\n<p><strong>Hor\u00e1rio:<\/strong> 13h00min (Manaus)<\/p>\n            <\/div>        <\/div>    <\/div><\/section>\n<section class=\"av_toggle_section\"  itemscope=\"itemscope\" itemtype=\"https:\/\/schema.org\/CreativeWork\"  >    <div role=\"tablist\" class=\"single_toggle\" data-tags=\"{Todos} \"  >        <p data-fake-id=\"#toggle-id-46\" class=\"toggler  av-inherit-border-color \"  itemprop=\"headline\"  style='border-color: #83a846; ' data-hoverstyle='background-color: #4ecac2; ' role=\"tab\" tabindex=\"0\" aria-controls=\"toggle-id-46\">31\/mar | Qualifica\u00e7\u00e3o de Mestrado | Victor Calebe Alves da Costa<span class=\"toggle_icon\" >        <span class=\"vert_icon\"><\/span><span class=\"hor_icon\"><\/span><\/span><\/p>        <div id=\"toggle-id-46\" class=\"toggle_wrap \"   >            <div class=\"toggle_content invers-color  av-inherit-border-color \"  itemprop=\"text\"  style='border-color: #83a846; ' ><p><strong>T\u00edtulo do Projeto de <span data-olk-copy-source=\"MessageBody\">Qualifica\u00e7\u00e3o<\/span>: <\/strong>AVALIA\u00c7\u00c3O DA RESPOSTA IMUNE \u00c0 PROTE\u00cdNA DE SUPERF\u00cdCIE DE CIRCUNSPOROZO\u00cdTO (CSP) RECOMBINANTE DE\u00a0<i>Plasmodium vivax\u00a0<\/i>COM USO DE NOVOS VE\u00cdCULOS VACINAIS<\/p>\n<p><strong>Orientador:<\/strong> <span data-olk-copy-source=\"MessageBody\">Dr. Lu\u00eds Andr\u00e9 Morais Mari\u00faba<\/span><br \/>\n<strong>Coorientadora:<\/strong> Dr.\u00aa K\u00e9ssia Caroline Souza Alves<\/p>\n<p><strong>Banca Avaliadora estabelecida pela <a href=\"https:\/\/amazonia.fiocruz.br\/wp-content\/uploads\/2025\/03\/portaria68-2025_bioms_qualif_victor.pdf\">Portaria n\u00ba 068\/2025:<\/a><\/strong><br \/>\n<span data-olk-copy-source=\"MessageBody\">Dr. Lu\u00eds Andr\u00e9 Morais Mari\u00faba\u00a0(ILMD\/FIOCRUZ Amaz\u00f4nia)<\/span><br \/>\n<span data-olk-copy-source=\"MessageBody\">Dr.\u00aa Camila Fabbri (FMT\/HVD_IPCCB)<\/span><br \/>\n<span data-olk-copy-source=\"MessageBody\">Dr. Daniel Sol Sol de Medeiros (FIOCRUZ\/ROND\u00d4NIA)<\/span><br \/>\n<a href=\"https:\/\/us06web.zoom.us\/j\/81434587683?pwd=2jFubpavieu5E2alnw9CVxkTCIkDZ0.1\">Link da sess\u00e3o virtual<\/a><\/p>\n<p><strong>Hor\u00e1rio:<\/strong> 14h00min (Manaus)<\/p>\n            <\/div>        <\/div>    <\/div><\/section>\n<section class=\"av_toggle_section\"  itemscope=\"itemscope\" itemtype=\"https:\/\/schema.org\/CreativeWork\"  >    <div role=\"tablist\" class=\"single_toggle\" data-tags=\"{Todos} \"  >        <p data-fake-id=\"#toggle-id-47\" class=\"toggler  av-inherit-border-color \"  itemprop=\"headline\"  style='border-color: #83a846; ' data-hoverstyle='background-color: #4ecac2; ' role=\"tab\" tabindex=\"0\" aria-controls=\"toggle-id-47\">28\/mar | Qualifica\u00e7\u00e3o de Mestrado | Dione Darlgton Maciel de Menezes<span class=\"toggle_icon\" >        <span class=\"vert_icon\"><\/span><span class=\"hor_icon\"><\/span><\/span><\/p>        <div id=\"toggle-id-47\" class=\"toggle_wrap \"   >            <div class=\"toggle_content invers-color  av-inherit-border-color \"  itemprop=\"text\"  style='border-color: #83a846; ' ><p><strong>T\u00edtulo do Projeto de <span data-olk-copy-source=\"MessageBody\">Qualifica\u00e7\u00e3o<\/span>: <\/strong>AVALIA\u00c7\u00c3O DA ATIVIDADE\u00a0<i>IN VIVO<\/i>\u00a0E\u00a0<i>EX VIVO<\/i>\u00a0DE AN\u00c1LOGOS DA QUINAZOLINA EM\u00a0<i>Plasmodium vivax<\/i><\/p>\n<p><strong>Orientadora:<\/strong> <span data-olk-copy-source=\"MessageBody\">Dr.\u00aa Stefanie Costa Pinto Lopes<\/span><br \/>\n<strong>Coorientadora:\u00a0<\/strong><span data-olk-copy-source=\"MessageBody\">Dra. Camila Fabbri<\/span><\/p>\n<p><strong>Banca Avaliadora estabelecida pela <a href=\"https:\/\/amazonia.fiocruz.br\/wp-content\/uploads\/2025\/03\/portaria64-2025_bioms-qualif-dione.pdf\">Portaria n\u00ba 064\/2025:<\/a><\/strong><br \/>\n<span data-olk-copy-source=\"MessageBody\">Dr.\u00aa Stefanie Costa Pinto Lopes (ILMD\/FIOCRUZ Amaz\u00f4nia)<\/span><br \/>\n<span data-olk-copy-source=\"MessageBody\">Dr.\u00aa Keillen Monick Martins Campos (ILMD\/FIOCRUZ Amaz\u00f4nia)<\/span><br \/>\n<span data-olk-copy-source=\"MessageBody\">Dr. Diogo Rodrigo de Magalh\u00e3es Moreira (FIOCRUZ\/BAHIA)<\/span><br \/>\n<a href=\"https:\/\/us06web.zoom.us\/j\/89971095647?pwd=e1GNUqnju5i9TLFes87GQEA5zA6LJs.1\">Link da sess\u00e3o virtual<\/a><\/p>\n<p><strong>Hor\u00e1rio:<\/strong> 14h00min (Manaus)<\/p>\n            <\/div>        <\/div>    <\/div><\/section>\n<section class=\"av_toggle_section\"  itemscope=\"itemscope\" itemtype=\"https:\/\/schema.org\/CreativeWork\"  >    <div role=\"tablist\" class=\"single_toggle\" data-tags=\"{Todos} \"  >        <p data-fake-id=\"#toggle-id-48\" class=\"toggler  av-inherit-border-color \"  itemprop=\"headline\"  style='border-color: #83a846; ' data-hoverstyle='background-color: #4ecac2; ' role=\"tab\" tabindex=\"0\" aria-controls=\"toggle-id-48\">26\/mar | Qualifica\u00e7\u00e3o de Mestrado |  Darleide dos Santos Braga<span class=\"toggle_icon\" >        <span class=\"vert_icon\"><\/span><span class=\"hor_icon\"><\/span><\/span><\/p>        <div id=\"toggle-id-48\" class=\"toggle_wrap \"   >            <div class=\"toggle_content invers-color  av-inherit-border-color \"  itemprop=\"text\"  style='border-color: #83a846; ' ><p><strong>T\u00edtulo do Projeto de Qualifica\u00e7\u00e3o: <\/strong><span data-olk-copy-source=\"MessageBody\">Avalia\u00e7\u00e3o do uso de ensaio isot\u00e9rmico multienzim\u00e1tico para diagnostico molecular do H5N1<\/span><\/p>\n<p><strong>Orientador:<\/strong> <span data-olk-copy-source=\"MessageBody\">Dr. Luis Andr\u00e9 Morais Mari\u00faba<\/span><br \/>\n<strong>Coorientadora:\u00a0<\/strong><span data-olk-copy-source=\"MessageBody\">Dr.\u00aa Juliane Corr\u00eaa Gl\u00f3ria<\/span><\/p>\n<p><strong>Banca Avaliadora estabelecida pela <a href=\"https:\/\/amazonia.fiocruz.br\/wp-content\/uploads\/2025\/03\/portaria66-2025_bioms_qualif_darleide.pdf\">Portaria n\u00ba 066\/2025:<\/a><\/strong><br \/>\n<span data-olk-copy-source=\"MessageBody\">Dr. Luis Andr\u00e9 Morais Mari\u00faba (ILMD\/FIOCRUZ)<\/span><br \/>\n<span data-olk-copy-source=\"MessageBody\">Dr. Yury Oliveira Chaves (ILMD\/FIOCRUZ Amaz\u00f4nia)<\/span><br \/>\n<span data-olk-copy-source=\"MessageBody\">Dr. Pedro Rauel C\u00e2ndido Domingos (SEMSA-Manaus) <\/span><\/p>\n<p><strong>Hor\u00e1rio:<\/strong> 14h00min (Manaus)<\/p>\n            <\/div>        <\/div>    <\/div><\/section>\n<section class=\"av_toggle_section\"  itemscope=\"itemscope\" itemtype=\"https:\/\/schema.org\/CreativeWork\"  >    <div role=\"tablist\" class=\"single_toggle\" data-tags=\"{Todos} \"  >        <p data-fake-id=\"#toggle-id-49\" class=\"toggler  av-inherit-border-color \"  itemprop=\"headline\"  style='border-color: #83a846; ' data-hoverstyle='background-color: #4ecac2; ' role=\"tab\" tabindex=\"0\" aria-controls=\"toggle-id-49\">26\/mar | Qualifica\u00e7\u00e3o de Mestrado | La\u00eds Braga do Espirito Santo<span class=\"toggle_icon\" >        <span class=\"vert_icon\"><\/span><span class=\"hor_icon\"><\/span><\/span><\/p>        <div id=\"toggle-id-49\" class=\"toggle_wrap \"   >            <div class=\"toggle_content invers-color  av-inherit-border-color \"  itemprop=\"text\"  style='border-color: #83a846; ' ><p><strong>T\u00edtulo do Projeto de Qualifica\u00e7\u00e3o: <\/strong><span data-olk-copy-source=\"MessageBody\">HELMINTOS INTESTINAIS DE PEQUENOS MAM\u00cdFEROS EM \u00c1REAS ANTROPIZADAS E FLORESTAIS DE UM ASSENTAMENTO AGR\u00cdCOLA NA AMAZ\u00d4NIA<\/span><\/p>\n<p><strong>Orientador:<\/strong> <span data-olk-copy-source=\"MessageBody\">\u00a0Dr. Felipe Arley Costa Pessoa<\/span><br \/>\n<strong>Coorientadora:\u00a0<\/strong><span data-olk-copy-source=\"MessageBody\">Dra. Marilaine Martins\u00a0<\/span><\/p>\n<p><strong>Banca Avaliadora estabelecida pela <a href=\"https:\/\/amazonia.fiocruz.br\/wp-content\/uploads\/2025\/03\/portaria65-2025_bioms_qualif_lais.pdf\">Portaria n\u00ba 065\/2025:<\/a><\/strong><br \/>\n<span data-olk-copy-source=\"MessageBody\">Dr. Felipe Arley Costa Pessoa (ILMD\/FIOCRUZ Amaz\u00f4nia) <\/span><br \/>\n<span data-olk-copy-source=\"MessageBody\">Dr. Arnaldo Maldonado J\u00fanior (IOC\/FIOCRUZ)<\/span><br \/>\n<span data-olk-copy-source=\"MessageBody\">Dr. Artur Gomes Dias Lima (UNEB)<\/span><br \/>\n<a href=\"https:\/\/us06web.zoom.us\/j\/82920875924?pwd=zbCpFbocobnFqGKd4ynHwlvrleRSRJ.1\">Link da sess\u00e3o virtual<\/a><\/p>\n<p><strong>Hor\u00e1rio:<\/strong> 08h00min (Manaus)<\/p>\n            <\/div>        <\/div>    <\/div><\/section>\n<section class=\"av_toggle_section\"  itemscope=\"itemscope\" itemtype=\"https:\/\/schema.org\/CreativeWork\"  >    <div role=\"tablist\" class=\"single_toggle\" data-tags=\"{Todos} \"  >        <p data-fake-id=\"#toggle-id-50\" class=\"toggler  av-inherit-border-color \"  itemprop=\"headline\"  style='border-color: #83a846; ' data-hoverstyle='background-color: #4ecac2; ' role=\"tab\" tabindex=\"0\" aria-controls=\"toggle-id-50\">21\/mar | Qualifica\u00e7\u00e3o de Mestrado | Josinei Silva Nunes<span class=\"toggle_icon\" >        <span class=\"vert_icon\"><\/span><span class=\"hor_icon\"><\/span><\/span><\/p>        <div id=\"toggle-id-50\" class=\"toggle_wrap \"   >            <div class=\"toggle_content invers-color  av-inherit-border-color \"  itemprop=\"text\"  style='border-color: #83a846; ' ><p><strong>T\u00edtulo do Projeto de Qualifica\u00e7\u00e3o: <\/strong>ASPECTOS ECOL\u00d3GICOS DE ANOFELINOS, VETORES DE MAL\u00c1RIA, NA \u00c1REA END\u00caMICA DE SANTO ANT\u00d4NIO DO I\u00c7\u00c1 NO ALTO RIO SOLIM\u00d5ES &#8211; AMAZONAS<\/p>\n<p><strong>Orientadora:<\/strong> <span data-olk-copy-source=\"MessageBody\">Dr.\u00aa Claudia Mar\u00eda R\u00edos Vel\u00e1squez<\/span><br \/>\n<strong>Coorientador: <\/strong>Dr.\u00a0Ronildo Baiatone Alencar<\/p>\n<p><strong>Banca Avaliadora estabelecida pela <a href=\"https:\/\/amazonia.fiocruz.br\/wp-content\/uploads\/2025\/03\/portaria059-2025_bio_qualif_josinei.pdf\">Portaria n\u00ba 059\/2025:<\/a><\/strong><br \/>\n<span data-olk-copy-source=\"MessageBody\">Dr.\u00aa Claudia Maria Rios Velasquez (ILMD\/FIOCRUZ) <\/span><br \/>\n<span data-olk-copy-source=\"MessageBody\">Dr.\u00aa Maisa da Silva Ara\u00fajo (FIOCRUZ)<\/span><br \/>\n<span data-olk-copy-source=\"MessageBody\">Dr. Jos\u00e9 Bento Pereira Lima<\/span><br \/>\n<a href=\"https:\/\/us06web.zoom.us\/j\/84346492105?pwd=Ikejz2aACbobBxnmWursMRaKjfGTQb.1\">Link da sess\u00e3o virtual<\/a><\/p>\n<p><strong>Hor\u00e1rio:<\/strong> 08h00min (Manaus)<\/p>\n            <\/div>        <\/div>    <\/div><\/section>\n<section class=\"av_toggle_section\"  itemscope=\"itemscope\" itemtype=\"https:\/\/schema.org\/CreativeWork\"  >    <div role=\"tablist\" class=\"single_toggle\" data-tags=\"{Todos} \"  >        <p data-fake-id=\"#toggle-id-51\" class=\"toggler  av-inherit-border-color \"  itemprop=\"headline\"  style='border-color: #83a846; ' data-hoverstyle='background-color: #4ecac2; ' role=\"tab\" tabindex=\"0\" aria-controls=\"toggle-id-51\">19\/mar | Qualifica\u00e7\u00e3o de Mestrado | Aretuza Ribeiro Montenegro<span class=\"toggle_icon\" >        <span class=\"vert_icon\"><\/span><span class=\"hor_icon\"><\/span><\/span><\/p>        <div id=\"toggle-id-51\" class=\"toggle_wrap \"   >            <div class=\"toggle_content invers-color  av-inherit-border-color \"  itemprop=\"text\"  style='border-color: #83a846; ' ><p><strong>T\u00edtulo do Projeto de Qualifica\u00e7\u00e3o: <\/strong><span data-olk-copy-source=\"MessageBody\">INFEC\u00c7\u00c3O NATURAL POR TRIPANOSSOMAT\u00cdDEOS (KINETOPLASTEA: TRYPANOSOMATIDA) EM PEQUENOS MAM\u00cdFEROS SILVESTRES (MAMMALIA: CHIROPTERA, RODENTIA E DIDELPHIMORPHIA) NOS BIOMAS DE MATA ATL\u00c2NTICA DE ALTITUDE E CAATINGA DO ESTADO DO CEAR\u00c1<\/span><\/p>\n<p><strong>Orientadora:<\/strong> <span data-olk-copy-source=\"MessageBody\">Dr.\u00aa Claudia Maria Rios Velasquez<\/span><\/p>\n<p><strong>Banca Avaliadora:<\/strong><br \/>\n<span data-olk-copy-source=\"MessageBody\">Dr.\u00aa Claudia Maria Rios Velasquez (ILMD\/FIOCRUZ)<\/span><br \/>\n<span data-olk-copy-source=\"MessageBody\">Dr. Vitor Ennes Vidal (IOC\/FIOCRUZ)<\/span><br \/>\n<span data-olk-copy-source=\"MessageBody\">Dr. Felipe Dutra R\u00eago (IRR\/FIOCRUZ)<\/span><br \/>\n<a href=\"https:\/\/us06web.zoom.us\/j\/82244489006?pwd=Wbsy07I4EA5wlLTWpajWTebqltufpK.1\">Link da sess\u00e3o virtual<\/a><\/p>\n<p><strong>Hor\u00e1rio:<\/strong> 09h00min <span data-olk-copy-source=\"MessageBody\">(Bras\u00edlia)<\/span><\/p>\n            <\/div>        <\/div>    <\/div><\/section>\n<section class=\"av_toggle_section\"  itemscope=\"itemscope\" itemtype=\"https:\/\/schema.org\/CreativeWork\"  >    <div role=\"tablist\" class=\"single_toggle\" data-tags=\"{Todos} \"  >        <p data-fake-id=\"#toggle-id-52\" class=\"toggler  av-inherit-border-color \"  itemprop=\"headline\"  style='border-color: #83a846; ' data-hoverstyle='background-color: #4ecac2; ' role=\"tab\" tabindex=\"0\" aria-controls=\"toggle-id-52\">14\/mar | Defesa de Tese | Leormando Fortunato Dornelas J\u00fanior<span class=\"toggle_icon\" >        <span class=\"vert_icon\"><\/span><span class=\"hor_icon\"><\/span><\/span><\/p>        <div id=\"toggle-id-52\" class=\"toggle_wrap \"   >            <div class=\"toggle_content invers-color  av-inherit-border-color \"  itemprop=\"text\"  style='border-color: #83a846; ' ><p><strong>T\u00edtulo da Tese:\u00a0<\/strong><span data-olk-copy-source=\"MessageBody\">ECTOPARASITOS E SEUS PAT\u00d3GENOS QUE PARASITAM MORCEGOS (MAMMALIA, CHIROPTERA) NA REGI\u00c3O CENTRAL DE ROND\u00d4NIA<\/span><\/p>\n<p><strong>Orientador:<\/strong> <span data-olk-copy-source=\"MessageBody\">Dr. Luis Marcelo Aranha Camargo<\/span><br \/>\n<strong>Coorientador:\u00a0<\/strong>Dr.<b>\u00a0<\/b>Felipe Arley Costa Pessoa<\/p>\n<p><strong>Banca Avaliadora estabelecida pela <a href=\"https:\/\/amazonia.fiocruz.br\/wp-content\/uploads\/2025\/03\/portaria050-2025_bio_defesa_leormando.pdf\">Portaria n\u00ba 050\/2025<\/a>:<\/strong> <br class=\"avia-permanent-lb\" \/><span data-olk-copy-source=\"MessageBody\">Dr. Luis Marcelo Aranha Camargo (USP)<\/span><br \/>\n<span data-olk-copy-source=\"MessageBody\">Dr. James Lee Crainey (ILMD\/FIOCRUZ)\u00a0\u00a0 <br class=\"avia-permanent-lb\" \/>Dr. Sergio de Almeida Basano (Cemetron) <br class=\"avia-permanent-lb\" \/>Dr. Lucas Christian de Sousa Paula (NIAID)<br class=\"avia-permanent-lb\" \/>Dr. Mauro Shugiro Tada (CEPEM)<br class=\"avia-permanent-lb\" \/><\/span><\/p>\n<p><a href=\"https:\/\/us06web.zoom.us\/j\/89182540281?pwd=33Tluafm0xeSKaioGjeSZtZv6YcZOc.1\">Link da sess\u00e3o virtual<\/a><\/p>\n<p><strong>Hor\u00e1rio:<\/strong> 18h00min (Manaus)<\/p>\n            <\/div>        <\/div>    <\/div><\/section>\n<section class=\"av_toggle_section\"  itemscope=\"itemscope\" itemtype=\"https:\/\/schema.org\/CreativeWork\"  >    <div role=\"tablist\" class=\"single_toggle\" data-tags=\"{Todos} \"  >        <p data-fake-id=\"#toggle-id-53\" class=\"toggler  av-inherit-border-color \"  itemprop=\"headline\"  style='border-color: #83a846; ' data-hoverstyle='background-color: #4ecac2; ' role=\"tab\" tabindex=\"0\" aria-controls=\"toggle-id-53\">27\/fev | Defesa de Disserta\u00e7\u00e3o | Ana Carolina Moura Xavier<span class=\"toggle_icon\" >        <span class=\"vert_icon\"><\/span><span class=\"hor_icon\"><\/span><\/span><\/p>        <div id=\"toggle-id-53\" class=\"toggle_wrap \"   >            <div class=\"toggle_content invers-color  av-inherit-border-color \"  itemprop=\"text\"  style='border-color: #83a846; ' ><p><strong>T\u00edtulo da Disserta\u00e7\u00e3o:\u00a0<\/strong>Estudo de Molibdato de Prata (Ag2MoO4) como Alternativa Promissora para Combater as Infec\u00e7\u00f5es por\u00a0<i>Escherichia coli<\/i>\u00a0e\u00a0<i>Pseudomonas aeruginosa<\/i>: Abordagem Antimicrobiana, Antibiofilme e Citot\u00f3xica<\/p>\n<p><strong>Orientadora:<\/strong> <span data-olk-copy-source=\"MessageBody\">Dr.\u00aa Patr\u00edcia Puccinelli Orlandi<\/span><br \/>\n<strong>Coorientadora:\u00a0<\/strong><span data-olk-copy-source=\"MessageBody\">Dr.\u00aa Ivanildes dos Santos Bastos<\/span><\/p>\n<p><strong>Banca Avaliadora estabelecida pela <a href=\"https:\/\/amazonia.fiocruz.br\/wp-content\/uploads\/2025\/02\/portaria039-2025_bio_defesa_ana.pdf\">Portaria n\u00ba 039\/2025:<\/a><\/strong><br \/>\n<span data-olk-copy-source=\"MessageBody\">Dr.\u00aa Patr\u00edcia Puccinelli Orlandi (IAM\/FIOCRUZ)<\/span><br \/>\n<span data-olk-copy-source=\"MessageBody\">Dr. Yury Oliveira Chaves (ILMD\/FIOCRUZ) <\/span><br \/>\n<span data-olk-copy-source=\"MessageBody\">Dr.\u00aa Josiane Elizabeth Almeida e Silva (UNAMA)<\/span><br \/>\n<a href=\"https:\/\/us06web.zoom.us\/j\/83530929664?pwd=5IbRca5pDFsSfzffe14tYgJebpGApR.1\">Link da sess\u00e3o virtual<\/a><\/p>\n<p><strong>Hor\u00e1rio:<\/strong> 09h00min (Manaus)<\/p>\n            <\/div>        <\/div>    <\/div><\/section>\n<section class=\"av_toggle_section\"  itemscope=\"itemscope\" itemtype=\"https:\/\/schema.org\/CreativeWork\"  >    <div role=\"tablist\" class=\"single_toggle\" data-tags=\"{Todos} \"  >        <p data-fake-id=\"#toggle-id-54\" class=\"toggler  av-inherit-border-color \"  itemprop=\"headline\"  style='border-color: #83a846; ' data-hoverstyle='background-color: #4ecac2; ' role=\"tab\" tabindex=\"0\" aria-controls=\"toggle-id-54\">27\/fev | Qualifica\u00e7\u00e3o de Mestrado | Alice Pereira de Alencar<span class=\"toggle_icon\" >        <span class=\"vert_icon\"><\/span><span class=\"hor_icon\"><\/span><\/span><\/p>        <div id=\"toggle-id-54\" class=\"toggle_wrap \"   >            <div class=\"toggle_content invers-color  av-inherit-border-color \"  itemprop=\"text\"  style='border-color: #83a846; ' ><p><strong>T\u00edtulo do Projeto de Qualifica\u00e7\u00e3o:\u00a0<\/strong><span data-olk-copy-source=\"MessageBody\">Desenvolvimento e avalia\u00e7\u00e3o de anticorpos \u201cscFv\u201d direcionados ao diagn\u00f3stico de H5N1<\/span><\/p>\n<p><strong>Orientador:<\/strong> <b data-olk-copy-source=\"MessageBody\">\u00a0<\/b>Dr. Luis Andr\u00e9 Morais Mari\u00faba<br \/>\n<strong>Coorientadora:\u00a0<\/strong><span data-olk-copy-source=\"MessageBody\">Dr.\u00aa Juliane Corr\u00eaa Gl\u00f3ria<\/span><\/p>\n<p><strong>Banca Avaliadora estabelecida pela <a href=\"https:\/\/amazonia.fiocruz.br\/wp-content\/uploads\/2025\/02\/portaria031-2025_bio_qualif_alice.pdf\">Portaria n\u00ba 031\/2025<\/a>:<\/strong><br \/>\n<span data-olk-copy-source=\"MessageBody\">Dr. Luis Andr\u00e9 Morais Mari\u00faba (ILMD\/FIOCRUZ)<\/span><br \/>\n<span data-olk-copy-source=\"MessageBody\">Dr. Paulo Afonso Nogueira (ILMD\/ FIOCRUZ)<\/span><br \/>\n<span data-olk-copy-source=\"MessageBody\">Dr.\u00aa Andrea Queiroz Maranh\u00e3o (UNB) <\/span><br \/>\n<a href=\"https:\/\/us06web.zoom.us\/j\/81660775222?pwd=ZOfMPtdXwhi9pKsU7ijcfQwj4ktAja.1\">Link da sess\u00e3o virtual<\/a><\/p>\n<p><strong>Hor\u00e1rio:<\/strong> 14h00min (Manaus)<\/p>\n            <\/div>        <\/div>    <\/div><\/section>\n<section class=\"av_toggle_section\"  itemscope=\"itemscope\" itemtype=\"https:\/\/schema.org\/CreativeWork\"  >    <div role=\"tablist\" class=\"single_toggle\" data-tags=\"{Todos} \"  >        <p data-fake-id=\"#toggle-id-55\" class=\"toggler  av-inherit-border-color \"  itemprop=\"headline\"  style='border-color: #83a846; ' data-hoverstyle='background-color: #4ecac2; ' role=\"tab\" tabindex=\"0\" aria-controls=\"toggle-id-55\">19\/fev | Defesa de Disserta\u00e7\u00e3o | Rondienny Andrade Filgueiras<span class=\"toggle_icon\" >        <span class=\"vert_icon\"><\/span><span class=\"hor_icon\"><\/span><\/span><\/p>        <div id=\"toggle-id-55\" class=\"toggle_wrap \"   >            <div class=\"toggle_content invers-color  av-inherit-border-color \"  itemprop=\"text\"  style='border-color: #83a846; ' ><p><strong>T\u00edtulo da Disserta\u00e7\u00e3o:<\/strong> <span data-olk-copy-source=\"MessageBody\">Leishmaniose tegumentar americana: aspectos cl\u00ednicos e epidemiol\u00f3gicos da forma mucosa na regi\u00e3o Norte do Brasil de 2011 a 2022<\/span>.<\/p>\n<p><strong>Orientador:<\/strong> <span data-olk-copy-source=\"MessageBody\">Dr. Ant\u00f4nio Alcirley da Silva Balieiro<\/span><br \/>\n<strong>Coorientador:\u00a0<\/strong><span data-olk-copy-source=\"MessageBody\">Dr.\u00a0Felipe Le\u00e3o Gomes Murta<\/span><\/p>\n<p><strong>Banca Avaliadora estabelecida pela <a href=\"https:\/\/amazonia.fiocruz.br\/wp-content\/uploads\/2025\/02\/portaria032-2025_bio_defesa_rondienny.pdf\">Portaria n\u00ba 032\/2025<\/a>:<\/strong><br \/>\n<span data-olk-copy-source=\"MessageBody\">Dr. Ant\u00f4nio Alcirley da Silva Balieiro (ILMD\/FIOCRUZ) <\/span><br \/>\n<span data-olk-copy-source=\"MessageBody\">Dr. Felipe Arley Costa Pessoa (ILMD\/FIOCRUZ)<\/span><br \/>\n<span data-olk-copy-source=\"MessageBody\">Dr.\u00aa Silmara Navarro Pennini (UEA) <\/span><br \/>\n<a href=\"https:\/\/us06web.zoom.us\/j\/87018506512?pwd=Akzhb6iOjvoM8AJLKJyJhhL2SkQBTm.1\">Link da sess\u00e3o virtual<\/a><\/p>\n<p><strong>Hor\u00e1rio:<\/strong> 14h00min (Manaus)<\/p>\n            <\/div>        <\/div>    <\/div><\/section>\n<section class=\"av_toggle_section\"  itemscope=\"itemscope\" itemtype=\"https:\/\/schema.org\/CreativeWork\"  >    <div role=\"tablist\" class=\"single_toggle\" data-tags=\"{Todos} \"  >        <p data-fake-id=\"#toggle-id-56\" class=\"toggler  av-inherit-border-color \"  itemprop=\"headline\"  style='border-color: #83a846; ' data-hoverstyle='background-color: #4ecac2; ' role=\"tab\" tabindex=\"0\" aria-controls=\"toggle-id-56\">19\/fev | Defesa de Disserta\u00e7\u00e3o | Jackeline da Silva Luciano<span class=\"toggle_icon\" >        <span class=\"vert_icon\"><\/span><span class=\"hor_icon\"><\/span><\/span><\/p>        <div id=\"toggle-id-56\" class=\"toggle_wrap \"   >            <div class=\"toggle_content invers-color  av-inherit-border-color \"  itemprop=\"text\"  style='border-color: #83a846; ' ><p><strong>T\u00edtulo da Disserta\u00e7\u00e3o: <\/strong>Prospec\u00e7\u00e3o de Cepas F\u00fangicas do Bioma Amaz\u00f4nico com atividade\u00a0<i>in vitro<\/i>\u00a0frente\u00a0<i>Sporothrix brasiliensis<\/i><\/p>\n<p><strong>Orientadora:<\/strong> <span data-olk-copy-source=\"MessageBody\">Dr.\u00aa Priscila Ferreira de Aquino<\/span><br \/>\n<strong>Coorientadora: <\/strong><span data-olk-copy-source=\"MessageBody\">Dr.\u00aa Ivanildes dos Santos Bastos<\/span><\/p>\n<p><strong>Banca Avaliadora estabelecida pela <a href=\"https:\/\/amazonia.fiocruz.br\/wp-content\/uploads\/2025\/02\/portaria033-2025_bio_defesa_jackeline.pdf\">Portaria n\u00ba 033\/2025<\/a>:<\/strong><br \/>\n<span data-olk-copy-source=\"MessageBody\">Dr.\u00aa Priscila Ferreira de Aquino (ILMD\/FIOCRUZ)<\/span><br \/>\n<span data-olk-copy-source=\"MessageBody\">Dr.\u00aa Ani Beatriz Jackisch Matsuura (ILMD\/FIOCRUZ) <\/span><br \/>\n<span data-olk-copy-source=\"MessageBody\">Dr. Pedro de Queiroz Costa Neto (UEA)<\/span><br \/>\n<a href=\"https:\/\/us06web.zoom.us\/j\/87403498164?pwd=8UhSlFWH7f3FQ4wPygG7m2vdt3YhXq.1\">Link da sess\u00e3o virtual<\/a><\/p>\n<p><strong>Hor\u00e1rio:<\/strong> 14h00min (Manaus)<\/p>\n            <\/div>        <\/div>    <\/div><\/section>\n<\/div>\n<\/div><\/div><\/div><div id=\"av-tab-section-1-3\" data-av-tab-section-content=\"3\" class=\"av-layout-tab av-animation-delay-container   avia-builder-el-9  el_after_av_tab_sub_section  el_before_av_tab_sub_section   \" style='vertical-align:top; '  data-tab-section-id=\"2024\"><div class='av-layout-tab-inner'><div class='container'><div   class=\"togglecontainer  av-elegant-toggle toggle_close_all  avia-builder-el-10  avia-builder-el-no-sibling \" data-currentstyle='background-color:#83a846; '>\n<section class=\"av_toggle_section\"  itemscope=\"itemscope\" itemtype=\"https:\/\/schema.org\/CreativeWork\"  >    <div role=\"tablist\" class=\"single_toggle\" data-tags=\"{Todos} \"  >        <p data-fake-id=\"#toggle-id-57\" class=\"toggler  av-inherit-border-color \"  itemprop=\"headline\"  style='border-color: #83a846; ' data-hoverstyle='background-color: #4ecac2; ' role=\"tab\" tabindex=\"0\" aria-controls=\"toggle-id-57\">30\/set | Defesa de Disserta\u00e7\u00e3o | Patricia Saraiva Araujo <span class=\"toggle_icon\" >        <span class=\"vert_icon\"><\/span><span class=\"hor_icon\"><\/span><\/span><\/p>        <div id=\"toggle-id-57\" class=\"toggle_wrap \"   >            <div class=\"toggle_content invers-color  av-inherit-border-color \"  itemprop=\"text\"  style='border-color: #83a846; ' ><p><strong>T\u00edtulo da Disserta\u00e7\u00e3o:\u00a0<\/strong>USO DE PROFILAXIA PR\u00c9-EXPOSI\u00c7\u00c3O (PREP) POR CLIENTES DA ATEN\u00c7\u00c3O PRIM\u00c1RIA: Avalia\u00e7\u00e3o do itiner\u00e1rio terap\u00eautico, emo\u00e7\u00f5es e vivencias<\/p>\n<p><strong>Orientadora:\u00a0<\/strong>Dr.\u00aa Djane Clarys Ba\u00eda da Silva<br \/>\n<strong>Coorientador:\u00a0<\/strong>Dr. Felipe Le\u00e3o Gomes Murta<\/p>\n<p><strong>Banca Avaliadora estabelecida pela <a href=\"https:\/\/amazonia.fiocruz.br\/wp-content\/uploads\/2024\/09\/portaria181-2024_bio_defesa_patricia.pdf\">Portaria n\u00ba 181\/2024:<\/a><\/strong><br \/>\nDr.\u00aa Djane Clarys Ba\u00eda da Silva (FMT\/HVD)<br \/>\nDr. Vinicius Azevedo Machado (UEA)<br \/>\nDr.\u00aa Adele Schwartz Benzaken (FMT\/HVD)<br \/>\n<a href=\"https:\/\/us06web.zoom.us\/j\/82051945341?pwd=DEG3G748ktWHoe9QpLdMNyF7oKE4Q6.1\">Link da sess\u00e3o virtual<\/a><\/p>\n<p><strong>Hor\u00e1rio:<\/strong> 15h00min (Manaus)<\/p>\n            <\/div>        <\/div>    <\/div><\/section>\n<section class=\"av_toggle_section\"  itemscope=\"itemscope\" itemtype=\"https:\/\/schema.org\/CreativeWork\"  >    <div role=\"tablist\" class=\"single_toggle\" data-tags=\"{Todos} \"  >        <p data-fake-id=\"#toggle-id-58\" class=\"toggler  av-inherit-border-color \"  itemprop=\"headline\"  style='border-color: #83a846; ' data-hoverstyle='background-color: #4ecac2; ' role=\"tab\" tabindex=\"0\" aria-controls=\"toggle-id-58\">02\/set | Qualifica\u00e7\u00e3o de Mestrado | Rondienny Andrade Filgueiras<span class=\"toggle_icon\" >        <span class=\"vert_icon\"><\/span><span class=\"hor_icon\"><\/span><\/span><\/p>        <div id=\"toggle-id-58\" class=\"toggle_wrap \"   >            <div class=\"toggle_content invers-color  av-inherit-border-color \"  itemprop=\"text\"  style='border-color: #83a846; ' ><p><strong>T\u00edtulo do Projeto de Qualifica\u00e7\u00e3o:<\/strong> <b>\u00a0<\/b>Tempo de cura de pacientes da Leishmaniose Tegumentar Americana na forma mucosa nos estados do Amazonas, Acre e Rond\u00f4nia, entre os anos de 2011 a 2022<\/p>\n<p><strong>Orientador:<\/strong> Dr. Ant\u00f4nio Alcirley da Silva Balieiro <br class=\"avia-permanent-lb\" \/><strong>Coorientador: <\/strong>Dr. Felipe Le\u00e3o Gomes Murta<\/p>\n<p><strong>Banca Avaliadora estabelecida pela <a href=\"https:\/\/amazonia.fiocruz.br\/wp-content\/uploads\/2024\/08\/portaria158-2024_bio_qualif_rondienny.pdf\">Portaria n\u00ba 158\/2024:<\/a><\/strong><br \/>\nDr. Antonio Alcirley da Silva Balieiro (ILMD\/FIOCRUZ)<br \/>\nDr. Felipe Arley Costa Pessoa (ILMD\/FIOCRUZ)<br \/>\nDr. Jorge Augusto de Oliveira Guerra (UEA)<br \/>\n<a href=\"https:\/\/us06web.zoom.us\/j\/89884105929?pwd=gOX8V0JEmdjFyaIWqDbbJRYaAje8sa.1\">Link da sess\u00e3o virtual<\/a><\/p>\n<p><strong>Hor\u00e1rio:<\/strong> 14h00min (Manaus)<\/p>\n            <\/div>        <\/div>    <\/div><\/section>\n<section class=\"av_toggle_section\"  itemscope=\"itemscope\" itemtype=\"https:\/\/schema.org\/CreativeWork\"  >    <div role=\"tablist\" class=\"single_toggle\" data-tags=\"{Todos} \"  >        <p data-fake-id=\"#toggle-id-59\" class=\"toggler  av-inherit-border-color \"  itemprop=\"headline\"  style='border-color: #83a846; ' data-hoverstyle='background-color: #4ecac2; ' role=\"tab\" tabindex=\"0\" aria-controls=\"toggle-id-59\">30\/ago | Qualifica\u00e7\u00e3o de Doutorado | Caroline Coelho Ferreira<span class=\"toggle_icon\" >        <span class=\"vert_icon\"><\/span><span class=\"hor_icon\"><\/span><\/span><\/p>        <div id=\"toggle-id-59\" class=\"toggle_wrap \"   >            <div class=\"toggle_content invers-color  av-inherit-border-color \"  itemprop=\"text\"  style='border-color: #83a846; ' ><p><strong>T\u00edtulo do Projeto de Qualifica\u00e7\u00e3o:\u00a0<\/strong>IDENTIFICA\u00c7\u00c3O DE PROTE\u00cdNAS DIFERENCIAIS EM AMOSTRAS DE URINA E PLASMA DE V\u00cdTIMAS DE ACIDENTES BOTR\u00d3PICOS DE ACORDO COM A CLASSIFICA\u00c7\u00c3O DE GRAVIDADE<\/p>\n<p><strong>Orientadora:\u00a0<\/strong>Dr.\u00aa Priscila Ferreira de Aquino<\/p>\n<p><strong>Banca Avaliadora estabelecida pela <a href=\"https:\/\/amazonia.fiocruz.br\/wp-content\/uploads\/2024\/08\/portaria165-2024_bio_qualif_caroline.pdf\">Portaria n\u00ba 165\/2024:<\/a><\/strong><br \/>\nDr.\u00aa Priscila Ferreira de Aquino (ILMD\/FIOCRUZ)<br \/>\nDr. Yury Oliveira Chaves (ILMD\/FIOCRUZ)<br \/>\nDr.\u00aa Jacqueline de Almeida Gon\u00e7alves Sachet (UEA) <br class=\"avia-permanent-lb\" \/>Dr.\u00aa B\u00e1rbara Cibelle Soares Farias Quintela (FIOCRUZ\/CE)\u00a0 <br class=\"avia-permanent-lb\" \/>Dr.\u00aa Geisa Paulini Caprini Evaristo (FIOCRUZ\/ROND\u00d4NIA)<\/p>\n<p><a href=\"https:\/\/us06web.zoom.us\/j\/89862458053?pwd=z1aXXRYJ7cXbjCWTrqqWQVULCsXpwD.1\">Link da sess\u00e3o virtual<\/a><\/p>\n<p><strong>Hor\u00e1rio:<\/strong> 10h00min (Manaus)<\/p>\n            <\/div>        <\/div>    <\/div><\/section>\n<section class=\"av_toggle_section\"  itemscope=\"itemscope\" itemtype=\"https:\/\/schema.org\/CreativeWork\"  >    <div role=\"tablist\" class=\"single_toggle\" data-tags=\"{Todos} \"  >        <p data-fake-id=\"#toggle-id-60\" class=\"toggler  av-inherit-border-color \"  itemprop=\"headline\"  style='border-color: #83a846; ' data-hoverstyle='background-color: #4ecac2; ' role=\"tab\" tabindex=\"0\" aria-controls=\"toggle-id-60\">31\/jul | Defesa de Disserta\u00e7\u00e3o | Patr\u00edcia Moura Sousa<span class=\"toggle_icon\" >        <span class=\"vert_icon\"><\/span><span class=\"hor_icon\"><\/span><\/span><\/p>        <div id=\"toggle-id-60\" class=\"toggle_wrap \"   >            <div class=\"toggle_content invers-color  av-inherit-border-color \"  itemprop=\"text\"  style='border-color: #83a846; ' ><p><strong>T\u00edtulo da Disserta\u00e7\u00e3o: <\/strong>AVALIA\u00c7\u00c3O DA DIVERSIDADE GEN\u00c9TICA DE <i>wSoya<\/i>\u00a0INFECTANDO <i>Simulium oyapockense<\/i>\u00a0s.l. EM UM AMBIENTE NATURAL<\/p>\n<p><strong>Orientador: <\/strong>Dr. James Lee Crainey<\/p>\n<p><strong>Banca Avaliadora estabelecida pela <a href=\"https:\/\/amazonia.fiocruz.br\/wp-content\/uploads\/2024\/07\/portaria137-2024_bioms_defesa_patricia.pdf\">Portaria n\u00ba 137\/2024<\/a>:<\/strong><br \/>\nDr. James Lee Crainey (ILMD\/FIOCRUZ)<br \/>\nDr.\u00aa Emanuelle de Sousa Farias (ILMD\/FIOCRUZ)<br \/>\nDr. Ulysses Carvalho Barbosa (INPA)<\/p>\n<p><strong>Local:<\/strong> Sala de aula 101 &#8211; 1\u00ba andar &#8211; \u00c1rea Rio Amazonas, ILMD-FIOCRUZ &#8211; Rua Teresina, 476, Adrian\u00f3polis\/ Manaus-AM CEP 69057 070.<\/p>\n<p><strong>Hor\u00e1rio:<\/strong> 14h00min (Manaus)<\/p>\n            <\/div>        <\/div>    <\/div><\/section>\n<section class=\"av_toggle_section\"  itemscope=\"itemscope\" itemtype=\"https:\/\/schema.org\/CreativeWork\"  >    <div role=\"tablist\" class=\"single_toggle\" data-tags=\"{Todos} \"  >        <p data-fake-id=\"#toggle-id-61\" class=\"toggler  av-inherit-border-color \"  itemprop=\"headline\"  style='border-color: #83a846; ' data-hoverstyle='background-color: #4ecac2; ' role=\"tab\" tabindex=\"0\" aria-controls=\"toggle-id-61\">29\/jul | Qualifica\u00e7\u00e3o de Doutorado | Rafael Miranda de Souza<span class=\"toggle_icon\" >        <span class=\"vert_icon\"><\/span><span class=\"hor_icon\"><\/span><\/span><\/p>        <div id=\"toggle-id-61\" class=\"toggle_wrap \"   >            <div class=\"toggle_content invers-color  av-inherit-border-color \"  itemprop=\"text\"  style='border-color: #83a846; ' ><p><strong>T\u00edtulo do Projeto de Qualifica\u00e7\u00e3o: <\/strong>Investiga\u00e7\u00e3o molecular da preval\u00eancia de tripanosomat\u00eddeos (Kinetoplastida: Trypanosomatidae) em morcegos (Mammalia: Chiroptera) de \u00e1reas de conserva\u00e7\u00e3o e extrativista da Amazonia Legal<\/p>\n<p><strong>Orientadora:<\/strong> Dr.\u00aa Claudia Mar\u00eda R\u00edos Vel\u00e1squez<br \/>\n<strong>Coorientador:\u00a0<\/strong>Dr. Felipe Arley Costa Pessoa<\/p>\n<p><strong>Banca Avaliadora estabelecida pela <a href=\"https:\/\/amazonia.fiocruz.br\/wp-content\/uploads\/2024\/07\/portaria146-2024_biodr_qualif_rafael.pdf\">Portaria n\u00ba 146\/2024<\/a><\/strong><br \/>\nDr.\u00aa Claudia Mar\u00eda R\u00edos Vel\u00e1squez &#8211; ILMD\/FIOCRUZ<br \/>\nDr. James Lee Crainey (ILMD\/FIOCRUZ)<br \/>\nDr.\u00aa Helena Lucia Carneiro Santos (IOC\/FIOCRUZ) <br class=\"avia-permanent-lb\" \/>Dr. Jos\u00e9 Lu\u00eds Passos Cordeiro (FIOCRUZ\/CE) <br class=\"avia-permanent-lb\" \/>Dr. Roberto Leonan Morim Novaes (CFMA\/FIOCRUZ)<\/p>\n<p><a href=\"https:\/\/us06web.zoom.us\/j\/82796729691?pwd=BC4bs1zeaHez2b4Wh9LcD7jKwf0UpG.1\">Link da sess\u00e3o virtual<\/a><\/p>\n<p><strong>Hor\u00e1rio:<\/strong> 08h00min (Manaus)<\/p>\n            <\/div>        <\/div>    <\/div><\/section>\n<section class=\"av_toggle_section\"  itemscope=\"itemscope\" itemtype=\"https:\/\/schema.org\/CreativeWork\"  >    <div role=\"tablist\" class=\"single_toggle\" data-tags=\"{Todos} \"  >        <p data-fake-id=\"#toggle-id-62\" class=\"toggler  av-inherit-border-color \"  itemprop=\"headline\"  style='border-color: #83a846; ' data-hoverstyle='background-color: #4ecac2; ' role=\"tab\" tabindex=\"0\" aria-controls=\"toggle-id-62\">12\/jul | Qualifica\u00e7\u00e3o de Mestrado | Jackeline da Silva Luciano<span class=\"toggle_icon\" >        <span class=\"vert_icon\"><\/span><span class=\"hor_icon\"><\/span><\/span><\/p>        <div id=\"toggle-id-62\" class=\"toggle_wrap \"   >            <div class=\"toggle_content invers-color  av-inherit-border-color \"  itemprop=\"text\"  style='border-color: #83a846; ' ><p><strong>T\u00edtulo do Projeto de Qualifica\u00e7\u00e3o: <\/strong>Prospec\u00e7\u00e3o de Cepas F\u00fangicas do Bioma Amaz\u00f4nico com atividade <i>in vitro frente Sporothrix brasiliensis<\/i><\/p>\n<p><strong>Orientadora: <\/strong>Dr.\u00aa Priscila Ferreira de Aquino<br \/>\n<strong>Coorientadora:\u00a0<\/strong>Dr.\u00aa Ivanildes dos Santos Bastos<\/p>\n<p><strong>Banca Avaliadora estabelecida pela <a href=\"https:\/\/amazonia.fiocruz.br\/wp-content\/uploads\/2024\/07\/portaria133-2024_bioms_qualif_jackeline.pdf\">Portaria n\u00ba 133\/2024<\/a>:<br class=\"avia-permanent-lb\" \/><\/strong>Dr.\u00aa Priscila Ferreira de Aquino (ILMD\/FIOCRUZ) <br class=\"avia-permanent-lb\" \/>Dr.\u00aa Ani Beatriz Jackisch Matsuura (ILMD\/FIOCRUZ) <br class=\"avia-permanent-lb\" \/>Dr.\u00aa Adriana Dantas Gonzaga de Freitas (UNINILTONLINS)<\/p>\n<p><a href=\"https:\/\/us06web.zoom.us\/j\/82894376041?pwd=Df2gTZAxejMqTLqX7l6XIoU2c2bRZL.1\">Link da sess\u00e3o virtual<\/a><\/p>\n<p><strong>Hor\u00e1rio:<\/strong> 14h00min (Manaus)<\/p>\n            <\/div>        <\/div>    <\/div><\/section>\n<section class=\"av_toggle_section\"  itemscope=\"itemscope\" itemtype=\"https:\/\/schema.org\/CreativeWork\"  >    <div role=\"tablist\" class=\"single_toggle\" data-tags=\"{Todos} \"  >        <p data-fake-id=\"#toggle-id-63\" class=\"toggler  av-inherit-border-color \"  itemprop=\"headline\"  style='border-color: #83a846; ' data-hoverstyle='background-color: #4ecac2; ' role=\"tab\" tabindex=\"0\" aria-controls=\"toggle-id-63\">28\/jun | Qualifica\u00e7\u00e3o de Doutorado | Christiane Rodrigues da Silva<span class=\"toggle_icon\" >        <span class=\"vert_icon\"><\/span><span class=\"hor_icon\"><\/span><\/span><\/p>        <div id=\"toggle-id-63\" class=\"toggle_wrap \"   >            <div class=\"toggle_content invers-color  av-inherit-border-color \"  itemprop=\"text\"  style='border-color: #83a846; ' ><p><strong>T\u00edtulo do Projeto de Qualifica\u00e7\u00e3o:<\/strong> Avalia\u00e7\u00e3o dos Dist\u00farbios Neurocognitivos em Pessoas Vivendo com HIV e AIDS em Manaus-AM<\/p>\n<p><strong>Orientador:<\/strong> \u00a0Dr. Paulo Afonso Nogueira<br \/>\n<strong>Coorientador: <\/strong>Dr. Yury Oliveira Chaves<\/p>\n<p><strong>Banca Avaliadora estabelecida pela<a href=\"https:\/\/amazonia.fiocruz.br\/wp-content\/uploads\/2024\/06\/portaria117-2024_biodr_qualif_Christiane.pdf\"> Portaria n\u00ba 117\/2024:<\/a><\/strong><br \/>\nDr. Paulo Afonso Nogueira (ILMD\/FIOCRUZ)<br \/>\nDr. Antonio Alcirley da Silva Balieiro (ILMD\/FIOCRUZ)<br \/>\nDr.\u00aa Adele Schwartz Benzaken (FMT\/HVD)<br \/>\nDr. Marcus Vin\u00edcius Guimar\u00e3es de Lacerda (FMT\/HVD)<br \/>\nDr. Pablo Vin\u00edcius Silveira Feitoza (UFAM)<\/p>\n<p><a href=\"https:\/\/us06web.zoom.us\/j\/83582991676?pwd=ssAzZEiYObC65Jb5wphFbnvvowgwzQ.1\">Link da sess\u00e3o virtual<\/a><\/p>\n<p><strong>Hor\u00e1rio:<\/strong> 10h00min (Manaus)<\/p>\n            <\/div>        <\/div>    <\/div><\/section>\n<section class=\"av_toggle_section\"  itemscope=\"itemscope\" itemtype=\"https:\/\/schema.org\/CreativeWork\"  >    <div role=\"tablist\" class=\"single_toggle\" data-tags=\"{Todos} \"  >        <p data-fake-id=\"#toggle-id-64\" class=\"toggler  av-inherit-border-color \"  itemprop=\"headline\"  style='border-color: #83a846; ' data-hoverstyle='background-color: #4ecac2; ' role=\"tab\" tabindex=\"0\" aria-controls=\"toggle-id-64\">03\/jun | Defesa de Disserta\u00e7\u00e3o | Amanda Lima Seixas<span class=\"toggle_icon\" >        <span class=\"vert_icon\"><\/span><span class=\"hor_icon\"><\/span><\/span><\/p>        <div id=\"toggle-id-64\" class=\"toggle_wrap \"   >            <div class=\"toggle_content invers-color  av-inherit-border-color \"  itemprop=\"text\"  style='border-color: #83a846; ' ><p><strong>T\u00edtulo da Disserta\u00e7\u00e3o:<\/strong> LES\u00c3O RENAL AGUDA EM PACIENTES COM MAL\u00c1RIA VIVAX: revis\u00e3o sistem\u00e1tica e avalia\u00e7\u00e3o cl\u00ednico laboratorial de pacientes atendidos em unidade de refer\u00eancia de tratamento de doen\u00e7as infecciosas<\/p>\n<p><strong>Orientadora:<\/strong> Dr.\u00aa Djane Clarys Ba\u00eda da Silva<br \/>\n<strong>Coorientador:<\/strong> Dr. Wuelton Marcelo Monteiro<\/p>\n<p><strong>Banca Avaliadora estabelecida pela <a href=\"https:\/\/amazonia.fiocruz.br\/wp-content\/uploads\/2024\/06\/portaria113-2024_bioms_defesa_amanda.pdf\">Portaria n\u00ba 113\/2024<\/a>:<\/strong><br \/>\nDr.\u00aa Djane Clarys Ba\u00eda da Silva (FMT\/HVD)<br \/>\nDr.\u00aa Jacqueline de Almeida Gon\u00e7alves Sachett (FMT\/HVD)<br \/>\nDr.\u00aa Karla Cristina Petruccelli (UFAM\/HUGV)<br \/>\n<a href=\"https:\/\/us06web.zoom.us\/j\/89648438373?pwd=2X8HPvKf4PLJLfVUfCLBjlFLa96FCd.1\">Link da sess\u00e3o virtual<\/a><\/p>\n<p><strong>Hor\u00e1rio:<\/strong> 14h00min (Manaus)<\/p>\n            <\/div>        <\/div>    <\/div><\/section>\n<section class=\"av_toggle_section\"  itemscope=\"itemscope\" itemtype=\"https:\/\/schema.org\/CreativeWork\"  >    <div role=\"tablist\" class=\"single_toggle\" data-tags=\"{Todos} \"  >        <p data-fake-id=\"#toggle-id-65\" class=\"toggler  av-inherit-border-color \"  itemprop=\"headline\"  style='border-color: #83a846; ' data-hoverstyle='background-color: #4ecac2; ' role=\"tab\" tabindex=\"0\" aria-controls=\"toggle-id-65\">27\/mai | Qualifica\u00e7\u00e3o de Mestrado | Fl\u00e1via Beatriz Oliveira de Souza<span class=\"toggle_icon\" >        <span class=\"vert_icon\"><\/span><span class=\"hor_icon\"><\/span><\/span><\/p>        <div id=\"toggle-id-65\" class=\"toggle_wrap \"   >            <div class=\"toggle_content invers-color  av-inherit-border-color \"  itemprop=\"text\"  style='border-color: #83a846; ' ><p><strong>T\u00edtulo do Projeto de Qualifica\u00e7\u00e3o:<\/strong> AN\u00c1LISE DA PREVAL\u00caNCIA E PERSIST\u00caNCIA DE ANTICORPOS IGA E IGG CONTRA OS V\u00cdRUS INFLUENZA E SINCICIAL RESPIRAT\u00d3RIO EM LEITE MATERNO<\/p>\n<p><strong>Orientador:<\/strong> Dr. Pritesh Jaychand Lalwani<br \/>\n<strong>Coorientadora:<\/strong> Dr.\u00aa Concei\u00e7\u00e3o Maria Guedes Crozara<br \/>\n<strong>Banca Avaliadora estabelecida pela <a href=\"https:\/\/amazonia.fiocruz.br\/wp-content\/uploads\/2024\/05\/portaria111-2024_bioms_qualif_flaviabeatriz.pdf\">Portaria n\u00ba 111\/2024<\/a>:<\/strong><br \/>\nDr. Pritesh Jaychand Lalwani (ILMD\/FIOCRUZ)<br \/>\nDr. Zilton Farias Meira de Vasconcelos (IFF\/FIOCRUZ)<br \/>\nDr. Jos\u00e9 Luiz Proen\u00e7a M\u00f3dena (UNICAMP)<br \/>\n<a href=\"https:\/\/us06web.zoom.us\/j\/82419318241?pwd=HhvWVyk7obJGOIFc3jRRgWbzLPayN1.1\">Link da sess\u00e3o virtual<\/a><\/p>\n<p><strong>Hor\u00e1rio:<\/strong> 09h00min (Manaus)<\/p>\n            <\/div>        <\/div>    <\/div><\/section>\n<section class=\"av_toggle_section\"  itemscope=\"itemscope\" itemtype=\"https:\/\/schema.org\/CreativeWork\"  >    <div role=\"tablist\" class=\"single_toggle\" data-tags=\"{Todos} \"  >        <p data-fake-id=\"#toggle-id-66\" class=\"toggler  av-inherit-border-color \"  itemprop=\"headline\"  style='border-color: #83a846; ' data-hoverstyle='background-color: #4ecac2; ' role=\"tab\" tabindex=\"0\" aria-controls=\"toggle-id-66\">22\/mai | Qualifica\u00e7\u00e3o de Mestrado | Ana Carolina Monteiro Ferreira<span class=\"toggle_icon\" >        <span class=\"vert_icon\"><\/span><span class=\"hor_icon\"><\/span><\/span><\/p>        <div id=\"toggle-id-66\" class=\"toggle_wrap \"   >            <div class=\"toggle_content invers-color  av-inherit-border-color \"  itemprop=\"text\"  style='border-color: #83a846; ' ><p><strong>T\u00edtulo da Disserta\u00e7\u00e3o:<\/strong> Avalia\u00e7\u00e3o do efeito de uma refei\u00e7\u00e3o sangu\u00ednea adicional na infectividade de <em>Plasmodium vivax<\/em> em <em>Anopheles<\/em>\u00a0<em>darlingi<\/em> colonizado<\/p>\n<p><strong>Orientadora:<\/strong> Dr.\u00aa Stefanie Costa Pinto Lopes<br \/>\n<strong>Coorientadora:<\/strong> Dr.\u00aa Camila Fabbri<\/p>\n<p><strong>Banca Avaliadora estabelecida pela <a href=\"https:\/\/amazonia.fiocruz.br\/wp-content\/uploads\/2024\/05\/portaria095-2024_bioms_qualif_anacarolina.pdf\">Portaria n\u00ba 095\/2024<\/a>:<\/strong><br \/>\nDr.\u00aa Stefanie Costa Pinto Lopes &#8211; ILMD\/FIOCRUZ<br \/>\nDr.\u00aa Keillen Monick Martins Campos &#8211; UNINORTE<br \/>\nDr. Alexandre de Almeida e Silva &#8211; UNIR<br \/>\n<a href=\"https:\/\/us06web.zoom.us\/j\/85844938232?pwd=x92I7JLOFAP3TzotnywL7vWVHRL3k5.1\">Link da sess\u00e3o virtual<\/a><\/p>\n<p><strong>Hor\u00e1rio:<\/strong> 09h00min (Manaus)<\/p>\n            <\/div>        <\/div>    <\/div><\/section>\n<section class=\"av_toggle_section\"  itemscope=\"itemscope\" itemtype=\"https:\/\/schema.org\/CreativeWork\"  >    <div role=\"tablist\" class=\"single_toggle\" data-tags=\"{Todos} \"  >        <p data-fake-id=\"#toggle-id-67\" class=\"toggler  av-inherit-border-color \"  itemprop=\"headline\"  style='border-color: #83a846; ' data-hoverstyle='background-color: #4ecac2; ' role=\"tab\" tabindex=\"0\" aria-controls=\"toggle-id-67\">08\/mai | Qualifica\u00e7\u00e3o de Mestrado | Juliana Correa Romaina<span class=\"toggle_icon\" >        <span class=\"vert_icon\"><\/span><span class=\"hor_icon\"><\/span><\/span><\/p>        <div id=\"toggle-id-67\" class=\"toggle_wrap \"   >            <div class=\"toggle_content invers-color  av-inherit-border-color \"  itemprop=\"text\"  style='border-color: #83a846; ' ><p><strong>T\u00edtulo do Projeto de Qualifica\u00e7\u00e3o:<\/strong> Desenvolvimento de Teste R\u00e1pido para o Diagn\u00f3stico de <em>Orthohantav\u00edrus<\/em><\/p>\n<p><strong>Orientadora:<\/strong> Dr. Pritesh Jaychand Lalwani<br \/>\n<strong>Coorientadora:<\/strong> Dr.\u00aa B\u00e1rbara Batista Salgado<\/p>\n<p><strong>Banca Avaliadora estabelecida pela <a href=\"https:\/\/amazonia.fiocruz.br\/wp-content\/uploads\/2024\/04\/portaria096-2024_bioms_qualif_juliana.pdf\">Portaria n\u00ba 096\/2024<\/a>:<\/strong><br \/>\nDr. Pritesh Jaychand Lalwani (ILMD\/FIOCRUZ)<br \/>\nDr.\u00aa Daniele Barbosa de Almeida Medeiros (IEC)<br \/>\nDr. William Marciel de Souza (University of Texas Medical Branch)<br \/>\n<a href=\"https:\/\/us06web.zoom.us\/j\/89078373505?pwd=cH8SboqBocnHaJZaSi4RugTdN9HLwk.1\">Link da sess\u00e3o virtual<\/a><\/p>\n<p><strong>Hor\u00e1rio:<\/strong> 09h30min (Manaus)<\/p>\n            <\/div>        <\/div>    <\/div><\/section>\n<section class=\"av_toggle_section\"  itemscope=\"itemscope\" itemtype=\"https:\/\/schema.org\/CreativeWork\"  >    <div role=\"tablist\" class=\"single_toggle\" data-tags=\"{Todos} \"  >        <p data-fake-id=\"#toggle-id-68\" class=\"toggler  av-inherit-border-color \"  itemprop=\"headline\"  style='border-color: #83a846; ' data-hoverstyle='background-color: #4ecac2; ' role=\"tab\" tabindex=\"0\" aria-controls=\"toggle-id-68\">30\/abr | Qualifica\u00e7\u00e3o de Mestrado | Priscila Saraiva Becil<span class=\"toggle_icon\" >        <span class=\"vert_icon\"><\/span><span class=\"hor_icon\"><\/span><\/span><\/p>        <div id=\"toggle-id-68\" class=\"toggle_wrap \"   >            <div class=\"toggle_content invers-color  av-inherit-border-color \"  itemprop=\"text\"  style='border-color: #83a846; ' ><p><strong>T\u00edtulo do Projeto de Qualifica\u00e7\u00e3o:<\/strong> SEGURAN\u00c7A DO ARTESUNATO\/MEFLOQUINA (ASMQ) PARA O TRATAMENTO DA MAL\u00c1RIA EM GR\u00c1VIDAS<\/p>\n<p><strong>Orientadora:<\/strong> Dr.\u00aa Djane Clarys Ba\u00eda da Silva<\/p>\n<p><strong>Banca Avaliadora estabelecida pela <a href=\"https:\/\/amazonia.fiocruz.br\/wp-content\/uploads\/2024\/04\/portaria086-2024_bioms_qualif_priscila.pdf\">Portaria n\u00ba 086\/2024<\/a>:<\/strong><br \/>\nDr.\u00aa Djane Clarys Ba\u00eda da Silva &#8211; FMT\/HVD<br \/>\nDr.\u00aa Flor Ernestina Martinez Espinosa &#8211; ILMD\/FIOCRUZ<br \/>\nDr. Klauss Kleydmann Sabino Garcia &#8211; UnB<\/p>\n<p><a href=\"https:\/\/us06web.zoom.us\/j\/86785474737?pwd=4ylXspitZF76tz4qxFMNvaowvlqEcI.1\">Link da sess\u00e3o virtual<\/a><\/p>\n<p><strong>Hor\u00e1rio:<\/strong> 14h00min (Manaus)<\/p>\n            <\/div>        <\/div>    <\/div><\/section>\n<section class=\"av_toggle_section\"  itemscope=\"itemscope\" itemtype=\"https:\/\/schema.org\/CreativeWork\"  >    <div role=\"tablist\" class=\"single_toggle\" data-tags=\"{Todos} \"  >        <p data-fake-id=\"#toggle-id-69\" class=\"toggler  av-inherit-border-color \"  itemprop=\"headline\"  style='border-color: #83a846; ' data-hoverstyle='background-color: #4ecac2; ' role=\"tab\" tabindex=\"0\" aria-controls=\"toggle-id-69\">29\/abr | Qualifica\u00e7\u00e3o de Mestrado | Caroline Sousa Martins de Almeida<span class=\"toggle_icon\" >        <span class=\"vert_icon\"><\/span><span class=\"hor_icon\"><\/span><\/span><\/p>        <div id=\"toggle-id-69\" class=\"toggle_wrap \"   >            <div class=\"toggle_content invers-color  av-inherit-border-color \"  itemprop=\"text\"  style='border-color: #83a846; ' ><p><strong>T\u00edtulo do Projeto de Qualifica\u00e7\u00e3o:<\/strong> Preval\u00eancia e caracteriza\u00e7\u00e3o da resist\u00eancia molecular de <em>Estreptococos<\/em> do grupo B em gestantes atendidas em ambulat\u00f3rio de pr\u00e9-natal no munic\u00edpio de Manaus, Amazonas<\/p>\n<p><strong>Orientadora:<\/strong> Dr.\u00aa Patr\u00edcia Puccinelli Orlandi<br \/>\n<strong>Coorientadora:<\/strong> Dr.\u00aa Ivanildes dos Santos Bastos<\/p>\n<p><strong>Banca Avaliadora estabelecida pela <a href=\"https:\/\/amazonia.fiocruz.br\/wp-content\/uploads\/2024\/04\/portaria081-2024_bioms_qualif_caroline.pdf\">Portaria n\u00ba 081\/2024<\/a>:<\/strong><br \/>\nDr.\u00aa Patr\u00edcia Puccinelli Orlandi &#8211; IAM\/FIOCRUZ<br \/>\nDr.\u00aa Elen Bethleen Souza Carvalho &#8211; UFAM<br \/>\nDr.\u00aa Flor Ernestina Espinosa Martinez &#8211; ILMD\/FIOCRUZ<br \/>\n<a href=\"https:\/\/us06web.zoom.us\/j\/89044356476?pwd=Tf7gH60cWtvurzJil9IqiHbaxyQycr.1\">Link da sess\u00e3o virtual<\/a><\/p>\n<p><strong>Hor\u00e1rio:<\/strong> 09h00min (Manaus)<\/p>\n            <\/div>        <\/div>    <\/div><\/section>\n<section class=\"av_toggle_section\"  itemscope=\"itemscope\" itemtype=\"https:\/\/schema.org\/CreativeWork\"  >    <div role=\"tablist\" class=\"single_toggle\" data-tags=\"{Todos} \"  >        <p data-fake-id=\"#toggle-id-70\" class=\"toggler  av-inherit-border-color \"  itemprop=\"headline\"  style='border-color: #83a846; ' data-hoverstyle='background-color: #4ecac2; ' role=\"tab\" tabindex=\"0\" aria-controls=\"toggle-id-70\">26\/abr | Qualifica\u00e7\u00e3o de Mestrado | Ana Carolina Moura Xavier<span class=\"toggle_icon\" >        <span class=\"vert_icon\"><\/span><span class=\"hor_icon\"><\/span><\/span><\/p>        <div id=\"toggle-id-70\" class=\"toggle_wrap \"   >            <div class=\"toggle_content invers-color  av-inherit-border-color \"  itemprop=\"text\"  style='border-color: #83a846; ' ><p><strong>T\u00edtulo do Projeto de Qualifica\u00e7\u00e3o:<\/strong> Avaliar os mecanismos de a\u00e7\u00e3o de Molibdato de Prata (Ag2MoO4) contra <em>Pseudomonas Aeruginosa e Escherichia Coli<\/em><\/p>\n<p><strong>Orientadora:<\/strong> Dr.\u00aa Patr\u00edcia Puccinelli Orlandi<br \/>\n<strong>Coorientadora:<\/strong> Dr.\u00aa Ivanildes dos Santos Bastos<\/p>\n<p><strong>Banca Avaliadora estabelecida pela <a href=\"https:\/\/amazonia.fiocruz.br\/wp-content\/uploads\/2024\/04\/portaria068-2024_ppgbio_qualif_anaxavier.pdf\">Portaria n\u00ba 068\/2024<\/a>:<\/strong><br \/>\nDr.\u00aa Patr\u00edcia Puccinelli Orlandi &#8211; IAM\/FIOCRUZ<br \/>\nDr. Yury Oliveira Chaves &#8211; ILMD\/FIOCRUZ<br \/>\nDr.\u00aa Cecilia Veronica Nunez &#8211; INPA<br \/>\n<a href=\"https:\/\/us06web.zoom.us\/j\/83517016705?pwd=rjiaTbh2lOsdiM6cU2vbIdgWmqhBa6.1\">Link da sess\u00e3o virtual<\/a><\/p>\n<p><strong>Hor\u00e1rio:<\/strong> 09h00min (Manaus)<\/p>\n            <\/div>        <\/div>    <\/div><\/section>\n<section class=\"av_toggle_section\"  itemscope=\"itemscope\" itemtype=\"https:\/\/schema.org\/CreativeWork\"  >    <div role=\"tablist\" class=\"single_toggle\" data-tags=\"{Todos} \"  >        <p data-fake-id=\"#toggle-id-71\" class=\"toggler  av-inherit-border-color \"  itemprop=\"headline\"  style='border-color: #83a846; ' data-hoverstyle='background-color: #4ecac2; ' role=\"tab\" tabindex=\"0\" aria-controls=\"toggle-id-71\">24\/abr | Qualifica\u00e7\u00e3o de Mestrado | Lucas de Souza Andrade<span class=\"toggle_icon\" >        <span class=\"vert_icon\"><\/span><span class=\"hor_icon\"><\/span><\/span><\/p>        <div id=\"toggle-id-71\" class=\"toggle_wrap \"   >            <div class=\"toggle_content invers-color  av-inherit-border-color \"  itemprop=\"text\"  style='border-color: #83a846; ' ><p><strong>T\u00edtulo do Projeto de Qualifica\u00e7\u00e3o:<\/strong> Caracteriza\u00e7\u00e3o Molecular da resist\u00eancia antimicrobiana \u00e0 azitromicina em ambiente hospitalar ap\u00f3s a pandemia de covid-19 no estado do Amazonas<\/p>\n<p><strong>Orientadora:<\/strong> Dr.\u00aa Patr\u00edcia Puccinelli Orlandi<br \/>\n<strong>Coorientadora:<\/strong> Dr.\u00aa Ivanildes dos Santos Bastos<\/p>\n<p><strong>Banca Avaliadora estabelecida pela <a href=\"https:\/\/amazonia.fiocruz.br\/wp-content\/uploads\/2024\/04\/portaria082-2024_bioms_qualif_lucas.pdf\">Portaria n\u00ba 082\/2024<\/a>:<\/strong><br \/>\nDr.\u00aa Patr\u00edcia Puccinelli Orlandi &#8211; IAM\/FIOCRUZ<br \/>\nDr. Adolfo Jos\u00e9 da Mota &#8211; UFAM<br \/>\nDr.\u00aa Roberta Torres de Melo &#8211; UFU<br \/>\n<a href=\"https:\/\/us06web.zoom.us\/j\/89074034886?pwd=n4v6C49CGSQDJ74omg9q2dAJBobdPq.1\">Link da sess\u00e3o virtual<\/a><\/p>\n<p><strong>Hor\u00e1rio:<\/strong> 09h00min (Manaus)<\/p>\n            <\/div>        <\/div>    <\/div><\/section>\n<section class=\"av_toggle_section\"  itemscope=\"itemscope\" itemtype=\"https:\/\/schema.org\/CreativeWork\"  >    <div role=\"tablist\" class=\"single_toggle\" data-tags=\"{Todos} \"  >        <p data-fake-id=\"#toggle-id-72\" class=\"toggler  av-inherit-border-color \"  itemprop=\"headline\"  style='border-color: #83a846; ' data-hoverstyle='background-color: #4ecac2; ' role=\"tab\" tabindex=\"0\" aria-controls=\"toggle-id-72\">23\/abr | Qualifica\u00e7\u00e3o de Mestrado | Stephanne Cortez\u00e3o Oliveira<span class=\"toggle_icon\" >        <span class=\"vert_icon\"><\/span><span class=\"hor_icon\"><\/span><\/span><\/p>        <div id=\"toggle-id-72\" class=\"toggle_wrap \"   >            <div class=\"toggle_content invers-color  av-inherit-border-color \"  itemprop=\"text\"  style='border-color: #83a846; ' ><p><strong>T\u00edtulo do Projeto de Qualifica\u00e7\u00e3o:<\/strong> Avalia\u00e7\u00e3o de polimorfismos gen\u00e9ticos da Indoleamina-2,3- dioxigenase (ido) em pacientes com Mal\u00e1ria infectados por Plasmodium vivax<\/p>\n<p><strong>Orientador:<\/strong> Dr. George Allan Villarouco da Silva<br \/>\n<strong>Coorientador:<\/strong> Dr. Pritesh Jaychand Lalwani<\/p>\n<p><strong>Banca Avaliadora estabelecida pela <a href=\"https:\/\/amazonia.fiocruz.br\/wp-content\/uploads\/2024\/04\/portaria071-2024_ppgbioms_qualif_Stephanne.pdf\">Portaria n\u00ba 071\/2024<\/a>:<\/strong><br \/>\nDr. George Allan Villarouco da Silva &#8211; Hemoam<br \/>\nDr. Allyson Guimar\u00e3es da Costa &#8211; UFAM<br \/>\nDr.\u00aa Gisely Cardoso de Melo &#8211; UEA<br \/>\n<a href=\"https:\/\/us06web.zoom.us\/j\/84967675256?pwd=aLV4F41HOlGpBmR6xixUhtJM3kmwpO.1\">Link da sess\u00e3o virtual<\/a><\/p>\n<p><strong>Hor\u00e1rio:<\/strong> 09h00min (Manaus)<\/p>\n            <\/div>        <\/div>    <\/div><\/section>\n<section class=\"av_toggle_section\"  itemscope=\"itemscope\" itemtype=\"https:\/\/schema.org\/CreativeWork\"  >    <div role=\"tablist\" class=\"single_toggle\" data-tags=\"{Todos} \"  >        <p data-fake-id=\"#toggle-id-73\" class=\"toggler  av-inherit-border-color \"  itemprop=\"headline\"  style='border-color: #83a846; ' data-hoverstyle='background-color: #4ecac2; ' role=\"tab\" tabindex=\"0\" aria-controls=\"toggle-id-73\">23\/abr | Qualifica\u00e7\u00e3o de Mestrado | Beatriz Dias Leal<span class=\"toggle_icon\" >        <span class=\"vert_icon\"><\/span><span class=\"hor_icon\"><\/span><\/span><\/p>        <div id=\"toggle-id-73\" class=\"toggle_wrap \"   >            <div class=\"toggle_content invers-color  av-inherit-border-color \"  itemprop=\"text\"  style='border-color: #83a846; ' ><p><strong>T\u00edtulo do Projeto de Qualifica\u00e7\u00e3o:<\/strong> Avalia\u00e7\u00e3o de uma dieta artificial sem sangue humano para a produ\u00e7\u00e3o de mosquitos <em>Anopheles darlingi<\/em> com vista a pesquisa e controle da mal\u00e1ria<\/p>\n<p><strong>Orientadora:<\/strong> Dr.\u00aa Stefanie Costa Pinto Lopes<br \/>\n<strong>Coorientadora:<\/strong> Dr.\u00aa Rosa Am\u00e9lia Gon\u00e7alves Santana<\/p>\n<p><strong>Banca Avaliadora estabelecida pela <a href=\"https:\/\/amazonia.fiocruz.br\/wp-content\/uploads\/2024\/04\/portaria079-2024_bioms_qualif_beatriz.pdf\">Portaria n\u00ba 079\/2024<\/a>:<\/strong><br \/>\nDr.\u00aa Stefanie Costa Pinto Lopes &#8211; ILMD\/FIOCRUZ<br \/>\nDr.\u00aa Claudia Maria Rios-Vel\u00e1squez &#8211; ILMD\/FIOCRUZ<br \/>\nDr.\u00aa Silvia C\u00e1ssia Brand\u00e3o Justiniano &#8211; FMT\/HVD<br \/>\n<a href=\"https:\/\/us06web.zoom.us\/j\/83706258994?pwd=GnFGhe6H3UkgdaUXHzm5Pmfnv9d2j2.1\">Link da sess\u00e3o virtual<\/a><\/p>\n<p><strong>Hor\u00e1rio:<\/strong> 09h00min (Manaus)<\/p>\n            <\/div>        <\/div>    <\/div><\/section>\n<section class=\"av_toggle_section\"  itemscope=\"itemscope\" itemtype=\"https:\/\/schema.org\/CreativeWork\"  >    <div role=\"tablist\" class=\"single_toggle\" data-tags=\"{Todos} \"  >        <p data-fake-id=\"#toggle-id-74\" class=\"toggler  av-inherit-border-color \"  itemprop=\"headline\"  style='border-color: #83a846; ' data-hoverstyle='background-color: #4ecac2; ' role=\"tab\" tabindex=\"0\" aria-controls=\"toggle-id-74\">17\/abr | Defesa de Disserta\u00e7\u00e3o | Kenia Gemima Passos Martins<span class=\"toggle_icon\" >        <span class=\"vert_icon\"><\/span><span class=\"hor_icon\"><\/span><\/span><\/p>        <div id=\"toggle-id-74\" class=\"toggle_wrap \"   >            <div class=\"toggle_content invers-color  av-inherit-border-color \"  itemprop=\"text\"  style='border-color: #83a846; ' ><p><strong>T\u00edtulo da Disserta\u00e7\u00e3o:<\/strong> AVALIA\u00c7\u00c3O DOS EVENTOS ADVERSOS ASSOCIADOS AO USO DE PRIMAQUINA E TAFENOQUINA<\/p>\n<p><strong>Orientador:<\/strong> Dr. Marcus Vinicius Guimar\u00e3es de Lacerda<br \/>\n<strong>Coorientadora:<\/strong> Dr.\u00aa Djane Clarys Baia da Silva<\/p>\n<p><strong>Banca Avaliadora estabelecida pela <a href=\"https:\/\/amazonia.fiocruz.br\/wp-content\/uploads\/2024\/04\/portaria076-2024_bioms_defesa_kenia.pdf\">Portaria n\u00ba 076\/2024<\/a>:<\/strong><br \/>\nDr.\u00aa Djane Clarys Baia da Silva &#8211; FMT\/HVD<br \/>\nDr.\u00aa Flor Ernestina Martinez-Espinosa &#8211; ILMD\/FIOCRUZ<br \/>\nDr.\u00aa Camila Fabbri &#8211; ILMD\/FIOCRUZ<br \/>\n<a href=\"https:\/\/us06web.zoom.us\/j\/84054192610?pwd=FoFsy5kpSW6cb6JaaHdnakx4m82c1P.1\">Link da sess\u00e3o virtual<\/a><\/p>\n<p><strong>Hor\u00e1rio:<\/strong> 14h00min (Manaus)<\/p>\n            <\/div>        <\/div>    <\/div><\/section>\n<section class=\"av_toggle_section\"  itemscope=\"itemscope\" itemtype=\"https:\/\/schema.org\/CreativeWork\"  >    <div role=\"tablist\" class=\"single_toggle\" data-tags=\"{Todos} \"  >        <p data-fake-id=\"#toggle-id-75\" class=\"toggler  av-inherit-border-color \"  itemprop=\"headline\"  style='border-color: #83a846; ' data-hoverstyle='background-color: #4ecac2; ' role=\"tab\" tabindex=\"0\" aria-controls=\"toggle-id-75\">15\/mar | Qualifica\u00e7\u00e3o de Mestrado | Rami de Souza Colares<span class=\"toggle_icon\" >        <span class=\"vert_icon\"><\/span><span class=\"hor_icon\"><\/span><\/span><\/p>        <div id=\"toggle-id-75\" class=\"toggle_wrap \"   >            <div class=\"toggle_content invers-color  av-inherit-border-color \"  itemprop=\"text\"  style='border-color: #83a846; ' ><p><strong>T\u00edtulo do Projeto de Qualifica\u00e7\u00e3o:<\/strong> Perfil de mediadores imunol\u00f3gicos circulantes envolvidos na resposta imunol\u00f3gica de pessoas com desordem neurocognitiva associadas ao HIV atendidos na Funda\u00e7\u00e3o de Medicina Tropical Heitor Vieira Dourado em Manaus-Amazonas<\/p>\n<p><strong>Orientador:<\/strong> Dr. Yury Oliveira Chaves<br \/>\n<strong>Coorientador:<\/strong> Dr. Paulo Afonso Nogueira<\/p>\n<p><strong>Banca Avaliadora estabelecida pela <a href=\"https:\/\/amazonia.fiocruz.br\/wp-content\/uploads\/2024\/03\/portaria050-2024_bioms_qualif_Rami.pdf\">Portaria n\u00ba 50\/2024<\/a>:<\/strong><br \/>\nDr. Yury Oliveira Chaves &#8211; ILMD\/FIOCRUZ<br \/>\nDr.\u00aa Ana Carolina Soares de Oliveira &#8211; USP<br \/>\nDr. Fernando Fonseca de Almeida e Val &#8211; FMT-HVD<br \/>\n<a href=\"https:\/\/us06web.zoom.us\/j\/87427272561?pwd=rypJqvyrI3e99ESDnaMFhD2d3meGwt.1\">Link da sess\u00e3o virtual<\/a><\/p>\n<p><strong>Hor\u00e1rio:<\/strong> 09h00min (Manaus)<\/p>\n            <\/div>        <\/div>    <\/div><\/section>\n<section class=\"av_toggle_section\"  itemscope=\"itemscope\" itemtype=\"https:\/\/schema.org\/CreativeWork\"  >    <div role=\"tablist\" class=\"single_toggle\" data-tags=\"{Todos} \"  >        <p data-fake-id=\"#toggle-id-76\" class=\"toggler  av-inherit-border-color \"  itemprop=\"headline\"  style='border-color: #83a846; ' data-hoverstyle='background-color: #4ecac2; ' role=\"tab\" tabindex=\"0\" aria-controls=\"toggle-id-76\">28\/fev | Qualifica\u00e7\u00e3o de Doutorado | Fernanda de Almeida Batalha <span class=\"toggle_icon\" >        <span class=\"vert_icon\"><\/span><span class=\"hor_icon\"><\/span><\/span><\/p>        <div id=\"toggle-id-76\" class=\"toggle_wrap \"   >            <div class=\"toggle_content invers-color  av-inherit-border-color \"  itemprop=\"text\"  style='border-color: #83a846; ' ><p><strong>T\u00edtulo do Projeto de Qualifica\u00e7\u00e3o:<\/strong> Teste R\u00e1pido de fluxo lateral baseado na identifica\u00e7\u00e3o de indiv\u00edduos assintom\u00e1ticos a partir da detec\u00e7\u00e3o de anticorpos IgG3 contra prote\u00ednas recombinantes quim\u00e9ricas contendo variantes da \u201cMerozoite surface protein 1\u201d de Plasmodium vivax (PvMSP1)<\/p>\n<p><strong>Orientador:<\/strong> Dr. Paulo Afonso Nogueira<\/p>\n<p><strong>Banca Avaliadora estabelecida pela <a href=\"https:\/\/amazonia.fiocruz.br\/wp-content\/uploads\/2024\/01\/portaria13_qualif_ppgbiodr_FernandaBatalha.pdf\">Portaria n\u00ba 13\/2024<\/a>:<\/strong><br \/>\nDr. Paulo Afonso Nogueira &#8211; ILMD\/FIOCRUZ<br \/>\nDr.\u00aa Stefanie Costa Pinto Lopes &#8211; ILMD\/FIOCRUZ<br \/>\nDr. Luis Andr\u00e9 Morais Mariuba &#8211; ILMD\/FIOCRUZ<br \/>\nDr. Fabio Trindade Maranh\u00e3o Costa &#8211; UNICAMP<br \/>\nDr.\u00aa Paula Taquita Serra &#8211; EZScience<br \/>\n<a href=\"https:\/\/us06web.zoom.us\/j\/88239167115?pwd=BYqPkx3dBqhuyiXYittjAVeAExFX89.1\">Link da sess\u00e3o virtual<\/a><\/p>\n<p><strong>Hor\u00e1rio:<\/strong> 09h00min (Manaus)<\/p>\n            <\/div>        <\/div>    <\/div><\/section>\n<section class=\"av_toggle_section\"  itemscope=\"itemscope\" itemtype=\"https:\/\/schema.org\/CreativeWork\"  >    <div role=\"tablist\" class=\"single_toggle\" data-tags=\"{Todos} \"  >        <p data-fake-id=\"#toggle-id-77\" class=\"toggler  av-inherit-border-color \"  itemprop=\"headline\"  style='border-color: #83a846; ' data-hoverstyle='background-color: #4ecac2; ' role=\"tab\" tabindex=\"0\" aria-controls=\"toggle-id-77\">15\/fev | Defesa de Disserta\u00e7\u00e3o | Anny Caroline Ara\u00fajo Batista<span class=\"toggle_icon\" >        <span class=\"vert_icon\"><\/span><span class=\"hor_icon\"><\/span><\/span><\/p>        <div id=\"toggle-id-77\" class=\"toggle_wrap \"   >            <div class=\"toggle_content invers-color  av-inherit-border-color \"  itemprop=\"text\"  style='border-color: #83a846; ' ><p><strong>T\u00edtulo da Disserta\u00e7\u00e3o:<\/strong> Identifica\u00e7\u00e3o de bact\u00e9rias cultiv\u00e1veis isoladas de <em>Anopheles darlingi<\/em> e <em>Anopheles triannulatus<\/em>, uma esp\u00e9cie suscet\u00edvel e menos suscet\u00edvel ao <em>Plasmodium sp<\/em>.<\/p>\n<p><strong>Orientadora:<\/strong> Dr.\u00aa Claudia Mar\u00eda R\u00edos Vel\u00e1squez<br \/>\n<strong>Coorientadora:<\/strong> Dr.\u00aa Keillen Monick Martins Campos<\/p>\n<p><strong>Banca Avaliadora estabelecida pela <a href=\"https:\/\/amazonia.fiocruz.br\/wp-content\/uploads\/2024\/02\/portaria023-2024_ppgbioms_defesa_annycaroline.pdf\">Portaria n\u00ba 023\/2024<\/a>:<\/strong><br \/>\nDr.\u00aa Claudia Mar\u00eda R\u00edos Vel\u00e1squez &#8211; ILMD\/FIOCRUZ<br \/>\nDr.\u00aa Marta Rodrigues de Oliveira &#8211; ESALQ\/USP<br \/>\nDr. Elerson Matos Rocha &#8211; UFAM<\/p>\n<p><a href=\"https:\/\/us06web.zoom.us\/j\/86499934739?pwd=81nylYQYX0niyUUoYBxvFKxVP1Gcva.1\">Link da sess\u00e3o virtual<\/a><\/p>\n<p><strong>Hor\u00e1rio:<\/strong> 14h00min (Manaus)<\/p>\n            <\/div>        <\/div>    <\/div><\/section>\n<section class=\"av_toggle_section\"  itemscope=\"itemscope\" itemtype=\"https:\/\/schema.org\/CreativeWork\"  >    <div role=\"tablist\" class=\"single_toggle\" data-tags=\"{Todos} \"  >        <p data-fake-id=\"#toggle-id-78\" class=\"toggler  av-inherit-border-color \"  itemprop=\"headline\"  style='border-color: #83a846; ' data-hoverstyle='background-color: #4ecac2; ' role=\"tab\" tabindex=\"0\" aria-controls=\"toggle-id-78\">15\/fev | Defesa de Disserta\u00e7\u00e3o | Elen Sabrina dos Reis Martins<span class=\"toggle_icon\" >        <span class=\"vert_icon\"><\/span><span class=\"hor_icon\"><\/span><\/span><\/p>        <div id=\"toggle-id-78\" class=\"toggle_wrap \"   >            <div class=\"toggle_content invers-color  av-inherit-border-color \"  itemprop=\"text\"  style='border-color: #83a846; ' ><p><strong>T\u00edtulo da Disserta\u00e7\u00e3o:<\/strong> Efeito do volume do repasto sangu\u00edneo na capacidade vetorial de <em>Anopheles aquasalis<\/em> (Diptera: Culicidae) em condi\u00e7\u00f5es de laborat\u00f3rio<\/p>\n<p><strong>Orientadora:<\/strong> Dr.\u00aa Claudia Mar\u00eda R\u00edos Vel\u00e1squez<br \/>\n<strong>Coorientador:<\/strong> Dr. Jordam William Pereira Silva<\/p>\n<p><strong>Banca Avaliadora estabelecida pela <a href=\"https:\/\/amazonia.fiocruz.br\/wp-content\/uploads\/2024\/02\/portaria024-2024_ppgbioms_defesa_elensabrina.pdf\">Portaria n\u00ba 024\/2024<\/a>:<\/strong><br \/>\nDr.\u00aa Claudia Mar\u00eda R\u00edos Vel\u00e1squez &#8211; ILMD\/FIOCRUZ<br \/>\nDr.\u00aa Rosemary Aparecida Roque &#8211; INPA<br \/>\nDr.\u00aa Rosa Am\u00e9lia Gon\u00e7alves Santana &#8211; FMT\/HVD<br \/>\n<a href=\"https:\/\/us06web.zoom.us\/j\/88131573735?pwd=vTUa1dWV8bmltJXTY2wr8n5aZcX9li.1\">Link da sess\u00e3o virtual<\/a><\/p>\n<p><strong>Hor\u00e1rio:<\/strong> 09h00min (Manaus)<\/p>\n            <\/div>        <\/div>    <\/div><\/section>\n<\/div>\n<\/div><\/div><\/div><div id=\"av-tab-section-1-4\" data-av-tab-section-content=\"4\" class=\"av-layout-tab av-animation-delay-container   avia-builder-el-11  el_after_av_tab_sub_section  el_before_av_tab_sub_section   \" style='vertical-align:top; '  data-tab-section-id=\"2023\"><div class='av-layout-tab-inner'><div class='container'><div   class=\"togglecontainer  av-elegant-toggle toggle_close_all  avia-builder-el-12  avia-builder-el-no-sibling \" data-currentstyle='background-color:#83a846; '>\n<section class=\"av_toggle_section\"  itemscope=\"itemscope\" itemtype=\"https:\/\/schema.org\/CreativeWork\"  >    <div role=\"tablist\" class=\"single_toggle\" data-tags=\"{Todos} \"  >        <p data-fake-id=\"#toggle-id-79\" class=\"toggler  av-inherit-border-color \"  itemprop=\"headline\"  style='border-color: #83a846; ' data-hoverstyle='background-color: #4ecac2; ' role=\"tab\" tabindex=\"0\" aria-controls=\"toggle-id-79\">21\/dez | Qualifica\u00e7\u00e3o de Doutorado | Jo\u00e3o Hugo Abdalla Santos<span class=\"toggle_icon\" >        <span class=\"vert_icon\"><\/span><span class=\"hor_icon\"><\/span><\/span><\/p>        <div id=\"toggle-id-79\" class=\"toggle_wrap \"   >            <div class=\"toggle_content invers-color  av-inherit-border-color \"  itemprop=\"text\"  style='border-color: #83a846; ' ><p><strong>T\u00edtulo do Projeto de Qualifica\u00e7\u00e3o:<\/strong> Aspectos Cl\u00ednicos, Imunol\u00f3gicos e Virol\u00f3gicos da Infec\u00e7\u00e3o Pelo Sars-Cov-2 em uma Popula\u00e7\u00e3o da Amaz\u00f4nia Ocidental Brasileira<\/p>\n<p><strong>Orientador:<\/strong> Dr. Felipe Gomes Naveca<br \/>\n<strong>Coorientadora:<\/strong> Dr.\u00aa Ligia Fernandes Abdalla<\/p>\n<p><strong>Banca Avaliadora estabelecida pela <a href=\"https:\/\/amazonia.fiocruz.br\/wp-content\/uploads\/2023\/12\/portaria226_qualif_ppgbiodr_JoaoHugo.pdf\">Portaria n\u00ba 226\/2023<\/a>:<\/strong><br \/>\nDr. Felipe Gomes Naveca &#8211; ILMD\/FIOCRUZ<br \/>\nDr. George Allan Villarouco da Silva &#8211; HEMOAM<br \/>\nDr.\u00aa Valdinete Alves do Nascimento &#8211; ILMD\/FIOCRUZ<br \/>\nDr.\u00aa Aya Sadahiro &#8211; ICB\/UFAM<br \/>\nDr. Diego Monteiro de Carvalho &#8211; UFAM<br \/>\n<a href=\"https:\/\/us06web.zoom.us\/j\/88299160657?pwd=bwgPEJVHcPwwX3fpPqE6NH3qq5URlO.1\">Link da sess\u00e3o virtual<\/a><\/p>\n<p><strong>Hor\u00e1rio:<\/strong> 09h00min (Manaus)<\/p>\n            <\/div>        <\/div>    <\/div><\/section>\n<section class=\"av_toggle_section\"  itemscope=\"itemscope\" itemtype=\"https:\/\/schema.org\/CreativeWork\"  >    <div role=\"tablist\" class=\"single_toggle\" data-tags=\"{Todos} \"  >        <p data-fake-id=\"#toggle-id-80\" class=\"toggler  av-inherit-border-color \"  itemprop=\"headline\"  style='border-color: #83a846; ' data-hoverstyle='background-color: #4ecac2; ' role=\"tab\" tabindex=\"0\" aria-controls=\"toggle-id-80\">20\/dez | Qualifica\u00e7\u00e3o de Doutorado | Gabriel Bezerra Dias<span class=\"toggle_icon\" >        <span class=\"vert_icon\"><\/span><span class=\"hor_icon\"><\/span><\/span><\/p>        <div id=\"toggle-id-80\" class=\"toggle_wrap \"   >            <div class=\"toggle_content invers-color  av-inherit-border-color \"  itemprop=\"text\"  style='border-color: #83a846; ' ><p><strong>T\u00edtulo do Projeto de Qualifica\u00e7\u00e3o:<\/strong> Influ\u00eancia de diferentes tipos sangu\u00edneos humanos no fitness de <em>Rhodnius prolixus<\/em>\u00a0STAL, 1859, colonizados em laborat\u00f3rio ap\u00f3s infec\u00e7\u00e3o experimental com linhagens de <em>Trypanosoma cruzi<\/em><\/p>\n<p><strong>Orientadora:<\/strong> Dr.\u00aa Stefanie Costa Pinto Lopes<br \/>\n<strong>Coorientadora:<\/strong> Dr.\u00aa Maria das Gra\u00e7as Vale Barbosa Guerra<\/p>\n<p><strong>Banca Avaliadora estabelecida pela <a href=\"https:\/\/amazonia.fiocruz.br\/wp-content\/uploads\/2023\/12\/portaria231_qualif_ppgbiodr_Gabriel.pdf\">Portaria n\u00ba 231\/2023<\/a>:<\/strong><br \/>\nDr.\u00aa Stefanie Costa Pinto Lopes- ILMD\/ FIOCRUZ<br \/>\nDr. Felipe Arley Costa Pessoa &#8211; ILMD\/FIOCRUZ<br \/>\nDr. Lu\u00eds Marcelo Aranha Camargo &#8211; ICB\/USP<br \/>\nDr.\u00aa Daniele Pereira Castro &#8211; IOC\/FIOCRUZ<br \/>\nDr.\u00aa Rosa Am\u00e9lia Gon\u00e7alves Santana &#8211; FMT-HVD<\/p>\n<p><a href=\"https:\/\/us06web.zoom.us\/j\/87857520873?pwd=eoc5c2WExcb0KUBLmVZRbaRpbH0EPn.1\">Link da sess\u00e3o virtual<\/a><\/p>\n<p><strong>Hor\u00e1rio:<\/strong> 08h00min (Manaus)<\/p>\n            <\/div>        <\/div>    <\/div><\/section>\n<section class=\"av_toggle_section\"  itemscope=\"itemscope\" itemtype=\"https:\/\/schema.org\/CreativeWork\"  >    <div role=\"tablist\" class=\"single_toggle\" data-tags=\"{Todos} \"  >        <p data-fake-id=\"#toggle-id-81\" class=\"toggler  av-inherit-border-color \"  itemprop=\"headline\"  style='border-color: #83a846; ' data-hoverstyle='background-color: #4ecac2; ' role=\"tab\" tabindex=\"0\" aria-controls=\"toggle-id-81\">13\/dez | Defesa de Mestrado | Gabrielle Sales de Medeiros<span class=\"toggle_icon\" >        <span class=\"vert_icon\"><\/span><span class=\"hor_icon\"><\/span><\/span><\/p>        <div id=\"toggle-id-81\" class=\"toggle_wrap \"   >            <div class=\"toggle_content invers-color  av-inherit-border-color \"  itemprop=\"text\"  style='border-color: #83a846; ' ><p><strong>T\u00edtulo da Disserta\u00e7\u00e3o:<\/strong> Diversidade Viral em Primatas e Morcegos Amaz\u00f4nicos<\/p>\n<p><strong>Orientadora:<\/strong> Alessandra Ferreira Dales Nava<br \/>\n<strong>Coorientador:<\/strong> Felipe Gomes Naveca<\/p>\n<p><strong>Banca Avaliadora estabelecida pela <a href=\"https:\/\/amazonia.fiocruz.br\/wp-content\/uploads\/2023\/12\/portaria236_defesa_ppgbio_Gabrielle.pdf\">Portaria n\u00ba 236\/2023<\/a>:<\/strong><br \/>\nDr.\u00aa Alessandra Ferreira Dales Nava &#8211; ILMD\/FIOCRUZ<br \/>\nDr.\u00aa Maria Ogrzewalska &#8211; IOC\/FIOCRUZ<br \/>\nDr.\u00aa Valdinete Alves do Nascimento &#8211; ILMD\/FIOCRUZ<\/p>\n<p><a href=\"https:\/\/us06web.zoom.us\/j\/82394255404?pwd=kcasKrgwt2JpWbVbcaikV7u8EblWO7.1\">Link da sess\u00e3o virtual<\/a><\/p>\n<p><strong>Hor\u00e1rio:<\/strong> 14h00min (Manaus)<\/p>\n            <\/div>        <\/div>    <\/div><\/section>\n<section class=\"av_toggle_section\"  itemscope=\"itemscope\" itemtype=\"https:\/\/schema.org\/CreativeWork\"  >    <div role=\"tablist\" class=\"single_toggle\" data-tags=\"{Todos} \"  >        <p data-fake-id=\"#toggle-id-82\" class=\"toggler  av-inherit-border-color \"  itemprop=\"headline\"  style='border-color: #83a846; ' data-hoverstyle='background-color: #4ecac2; ' role=\"tab\" tabindex=\"0\" aria-controls=\"toggle-id-82\">27\/nov | Qualifica\u00e7\u00e3o de Doutorado | Rebeca Cristina de Souza Guimar\u00e3es    <span class=\"toggle_icon\" >        <span class=\"vert_icon\"><\/span><span class=\"hor_icon\"><\/span><\/span><\/p>        <div id=\"toggle-id-82\" class=\"toggle_wrap \"   >            <div class=\"toggle_content invers-color  av-inherit-border-color \"  itemprop=\"text\"  style='border-color: #83a846; ' ><p><strong>T\u00edtulo do Projeto de Qualifica\u00e7\u00e3o:<\/strong> Diversidade de Tripanossomat\u00eddeos e Fontes de Repasto em Flebotom\u00edneos no Interfl\u00favio Negro-Amazonas, Amazonas, Brasil<\/p>\n<p><strong>Orientador:<\/strong> Dr. Felipe Arley Costa Pessoa<br \/>\n<strong>Coorientadora:<\/strong> Dr.\u00aa Claudia Mar\u00eda R\u00edos Vel\u00e1squez<\/p>\n<p><strong>Banca Avaliadora estabelecida pela <a href=\"https:\/\/amazonia.fiocruz.br\/wp-content\/uploads\/2023\/11\/portaria219_qualif_ppgbiodr_Rebeca.pdf\">Portaria n\u00ba 219\/2023<\/a>:<\/strong><br \/>\nDr. Felipe Arley Costa Pessoa &#8211; ILMD\/FIOCRUZ<br \/>\nDr.\u00aa Helena Luciano Carneiro Santos &#8211; IOC\/FIOCRUZ<br \/>\nDr. Antonio Maques Pereira Junior &#8211; FIOCRUZ\/RO<br \/>\nDr. Thiago Vasconcelos dos Santos &#8211; IEC\/Minist\u00e9rio da Sa\u00fade<br \/>\nDr. Ronildo Baiatone Alencar &#8211; FVS-RCP<\/p>\n<p><a href=\"https:\/\/us06web.zoom.us\/j\/82950525361?pwd=BOZeQUoWGaycYYKHLY0e3LBtWAWTPz.1\">Link da sess\u00e3o virtual<\/a><\/p>\n<p><strong>Hor\u00e1rio:<\/strong> 14h00min (Manaus)<\/p>\n            <\/div>        <\/div>    <\/div><\/section>\n<section class=\"av_toggle_section\"  itemscope=\"itemscope\" itemtype=\"https:\/\/schema.org\/CreativeWork\"  >    <div role=\"tablist\" class=\"single_toggle\" data-tags=\"{Todos} \"  >        <p data-fake-id=\"#toggle-id-83\" class=\"toggler  av-inherit-border-color \"  itemprop=\"headline\"  style='border-color: #83a846; ' data-hoverstyle='background-color: #4ecac2; ' role=\"tab\" tabindex=\"0\" aria-controls=\"toggle-id-83\">17\/nov | Qualifica\u00e7\u00e3o de Doutorado | Cleudecir Siqueira Portela<span class=\"toggle_icon\" >        <span class=\"vert_icon\"><\/span><span class=\"hor_icon\"><\/span><\/span><\/p>        <div id=\"toggle-id-83\" class=\"toggle_wrap \"   >            <div class=\"toggle_content invers-color  av-inherit-border-color \"  itemprop=\"text\"  style='border-color: #83a846; ' ><p><strong>T\u00edtulo do Projeto de Qualifica\u00e7\u00e3o:<\/strong> Epidemiologia molecular e patologia da mansonelose na regi\u00e3o amaz\u00f4nica<\/p>\n<p><strong>Orientador:<\/strong> Dr. James Lee Crainey<\/p>\n<p><strong>Banca Avaliadora estabelecida pela <a href=\"https:\/\/amazonia.fiocruz.br\/wp-content\/uploads\/2023\/11\/portaria204_qualif_ppgbiodr_Cleudecir.pdf\">Portaria n\u00ba 204\/2023<\/a><\/strong><strong>:<\/strong><br \/>\nDr. James Lee Crainey &#8211; ILMD\/FIOCRUZ<br \/>\nDr. Felipe Arley Costa Pessoa &#8211; ILMD\/FIOCRUZ<br \/>\nDr.\u00aa Marilaine Martins &#8211; FMT\/HVD<br \/>\nDr. David Marcial Fernandez Conga &#8211; IDSM<br \/>\nDr. Ulysses Carvalho Barbosa &#8211; INPA<br \/>\n<a href=\"https:\/\/us06web.zoom.us\/j\/89093633819?pwd=RYVJpr9d3IAeD99JM8aBGwIKCYqjGk.1\">Link da sess\u00e3o virtual<\/a><\/p>\n<p><strong>Hor\u00e1rio:<\/strong> 13h00min (Manaus)<\/p>\n            <\/div>        <\/div>    <\/div><\/section>\n<section class=\"av_toggle_section\"  itemscope=\"itemscope\" itemtype=\"https:\/\/schema.org\/CreativeWork\"  >    <div role=\"tablist\" class=\"single_toggle\" data-tags=\"{Todos} \"  >        <p data-fake-id=\"#toggle-id-84\" class=\"toggler  av-inherit-border-color \"  itemprop=\"headline\"  style='border-color: #83a846; ' data-hoverstyle='background-color: #4ecac2; ' role=\"tab\" tabindex=\"0\" aria-controls=\"toggle-id-84\">14\/nov | Defesa de Mestrado | Rejane Lima Leda<span class=\"toggle_icon\" >        <span class=\"vert_icon\"><\/span><span class=\"hor_icon\"><\/span><\/span><\/p>        <div id=\"toggle-id-84\" class=\"toggle_wrap \"   >            <div class=\"toggle_content invers-color  av-inherit-border-color \"  itemprop=\"text\"  style='border-color: #83a846; ' ><p><strong>T\u00edtulo da Disserta\u00e7\u00e3o:<\/strong> Efeito dos Cen\u00e1rios Clim\u00e1ticos Futuros Sobre o Ciclo de Vida e Infecciosidade do <em>Anopheles aquasalis<\/em> ao <em>Plasmodium vivax<\/em><\/p>\n<p><strong>Orientadora:<\/strong> Dr.\u00aa Djane Clarys Baia da Silva<br \/>\n<strong>Coorientador:<\/strong> Dr. Wuelton Marcelo Monteiro<\/p>\n<p><strong>Banca Avaliadora estabelecida pela <a href=\"https:\/\/amazonia.fiocruz.br\/wp-content\/uploads\/2023\/11\/portaria198_defesa_ppgbioms_Rejane.pdf\">Portaria n\u00ba 198\/2023<\/a>:<\/strong><br \/>\nDr.\u00aa Djane Clarys Baia da Silva &#8211; FMT-HVD<br \/>\nDr.\u00aa Raquel Soares Maia Godoy &#8211; IRR\/FIOCRUZ<br \/>\nDr.\u00aa Rosa Am\u00e9lia Gon\u00e7alves Santana &#8211; FMT-HVD<br \/>\nDr.\u00aa Glenda Quarema Ramos &#8211; UEA<br \/>\nDr.\u00aa Priscila Ferreira de Aquino &#8211; ILMD\/FIOCRUZ<\/p>\n<p><a href=\"https:\/\/us06web.zoom.us\/j\/85969612511?pwd=CULFQonbN9Iv8yXiYayoDRfuAoMoTZ.1\">Link da sess\u00e3o virtual<\/a><\/p>\n<p><strong>Hor\u00e1rio:<\/strong> 14h00min (Manaus)<\/p>\n            <\/div>        <\/div>    <\/div><\/section>\n<section class=\"av_toggle_section\"  itemscope=\"itemscope\" itemtype=\"https:\/\/schema.org\/CreativeWork\"  >    <div role=\"tablist\" class=\"single_toggle\" data-tags=\"{Todos} \"  >        <p data-fake-id=\"#toggle-id-85\" class=\"toggler  av-inherit-border-color \"  itemprop=\"headline\"  style='border-color: #83a846; ' data-hoverstyle='background-color: #4ecac2; ' role=\"tab\" tabindex=\"0\" aria-controls=\"toggle-id-85\">31\/out | Qualifica\u00e7\u00e3o de Doutorado | Rosyana de F\u00e1tima Vieira de Albuquerque<span class=\"toggle_icon\" >        <span class=\"vert_icon\"><\/span><span class=\"hor_icon\"><\/span><\/span><\/p>        <div id=\"toggle-id-85\" class=\"toggle_wrap \"   >            <div class=\"toggle_content invers-color  av-inherit-border-color \"  itemprop=\"text\"  style='border-color: #83a846; ' ><p><strong>T\u00edtulo do Projeto de Qualifica\u00e7\u00e3o:<\/strong> Caracteriza\u00e7\u00e3o do Perfil de Prote\u00ednas em C\u00e9lulas Esfoliadas Cervicais de Pacientes Infectadas pelo Papilomav\u00edrus Humano (HPV)<\/p>\n<p><strong>Orientadora:<\/strong> Dr.\u00aa Priscila Ferreira de Aquino<\/p>\n<p><strong>Banca Avaliadora estabelecida pela <a href=\"https:\/\/amazonia.fiocruz.br\/wp-content\/uploads\/2023\/10\/portaria197_qualif_ppgbiodr_Rosyana.pdf\">Portaria n\u00ba 197\/2023<\/a>:<\/strong><br \/>\nDr.\u00aa Priscila Ferreira de Aquino &#8211; ILMD\/FIOCRUZ<br \/>\nDr. Yury Oliveira Chaves &#8211; ILMD\/FIOCRZ<br \/>\nDr. Toni Ricardo Martins &#8211; UFAM<br \/>\nDr.\u00aa Juliana Silva Cassoli &#8211; UFPA<br \/>\nDr.\u00aa Juliana de Saldanha da Gama Fischer Carvalho &#8211; ICC\/FIOCRUZ<\/p>\n<p><a href=\"https:\/\/us06web.zoom.us\/j\/82241023773?pwd=ySUAuJ2e9xZhan1J4RWzySN1TPckp0.1\">Link da sess\u00e3o virtual<\/a><\/p>\n<p><strong>Hor\u00e1rio:<\/strong> 13h00min (Manaus)<\/p>\n            <\/div>        <\/div>    <\/div><\/section>\n<section class=\"av_toggle_section\"  itemscope=\"itemscope\" itemtype=\"https:\/\/schema.org\/CreativeWork\"  >    <div role=\"tablist\" class=\"single_toggle\" data-tags=\"{Todos} \"  >        <p data-fake-id=\"#toggle-id-86\" class=\"toggler  av-inherit-border-color \"  itemprop=\"headline\"  style='border-color: #83a846; ' data-hoverstyle='background-color: #4ecac2; ' role=\"tab\" tabindex=\"0\" aria-controls=\"toggle-id-86\">10\/out | Qualifica\u00e7\u00e3o de Doutorado | Adria Maria Matos Teles<span class=\"toggle_icon\" >        <span class=\"vert_icon\"><\/span><span class=\"hor_icon\"><\/span><\/span><\/p>        <div id=\"toggle-id-86\" class=\"toggle_wrap \"   >            <div class=\"toggle_content invers-color  av-inherit-border-color \"  itemprop=\"text\"  style='border-color: #83a846; ' ><p><strong>T\u00edtulo do Projeto de Qualifica\u00e7\u00e3o:<\/strong> Diversidade de tripanossomat\u00eddeos em pequenos mam\u00edferos n\u00e3o-voadores (ordens Rodentia e Didelphimorphia) de duas localidades do Amazonas<\/p>\n<p><strong>Orientadora:<\/strong> Dr.\u00aa Claudia Mar\u00eda R\u00edos Vel\u00e1squez<\/p>\n<p><strong>Banca Avaliadora:<\/strong><br \/>\nDr.\u00aa Claudia Mar\u00eda R\u00edos Vel\u00e1squez &#8211; ILMD\/ FIOCRUZ<br \/>\nDr. Jos\u00e9 Lu\u00eds Passos Cordeiro &#8211; FIOCRUZ\/CE<br \/>\nDr.\u00aa Helena Lucia Carneiro Santos &#8211; IOC\/FIOCRUZ<br \/>\nDr. Omar Alfredo Cantillo Barraza &#8211; Universidad de Antioquia<br \/>\nDr. Paulo Sergio D&#8217;Andrea &#8211; IOC\/FIOCRUZ<\/p>\n<p><a href=\"https:\/\/us06web.zoom.us\/j\/84402347168?pwd=oH0axpx6RWX7hZy0mBwvRoEaw3wBar.1\">Link da sess\u00e3o virtual<\/a><\/p>\n<p><strong>Hor\u00e1rio:<\/strong> 09h00min (Manaus)<\/p>\n            <\/div>        <\/div>    <\/div><\/section>\n<section class=\"av_toggle_section\"  itemscope=\"itemscope\" itemtype=\"https:\/\/schema.org\/CreativeWork\"  >    <div role=\"tablist\" class=\"single_toggle\" data-tags=\"{Todos} \"  >        <p data-fake-id=\"#toggle-id-87\" class=\"toggler  av-inherit-border-color \"  itemprop=\"headline\"  style='border-color: #83a846; ' data-hoverstyle='background-color: #4ecac2; ' role=\"tab\" tabindex=\"0\" aria-controls=\"toggle-id-87\">29\/set | Defesa de Mestrado | Eunice Brand\u00e3o de Almeida<span class=\"toggle_icon\" >        <span class=\"vert_icon\"><\/span><span class=\"hor_icon\"><\/span><\/span><\/p>        <div id=\"toggle-id-87\" class=\"toggle_wrap \"   >            <div class=\"toggle_content invers-color  av-inherit-border-color \"  itemprop=\"text\"  style='border-color: #83a846; ' ><p><strong>T\u00edtulo da Disserta\u00e7\u00e3o: <\/strong>Estudo da ocorr\u00eancia natural de\u00a0<i>Wolbachia<\/i>\u00a0(Rickettsiales: Rickettsiaceae) em\u00a0<i>Anopheles darlingi<\/i> coletados em S\u00e3o Gabriel da Cachoeira, Amazonas, Brasil<\/p>\n<p><strong>Orientadora:<\/strong> Dr.\u00aa Stefanie Costa Pinto Lopes &#8211; ILMD\/FIOCRUZ<br \/>\n<strong>Coorientadora:<\/strong> Dr.\u00aa Rosa Am\u00e9lia Gon\u00e7alves Santana &#8211; FMT\/HVD<\/p>\n<p><strong>Banca Avaliadora:<\/strong><br \/>\nDr.\u00aa Stefanie Costa Pinto Lopes &#8211; ILMD\/FIOCRUZ<br \/>\nDr. Grafe Oliveira Pontes &#8211; FMT\/HVD<br \/>\nDr.\u00aa Rosemary Aparecida Roque &#8211; INPA<br \/>\nDr.\u00aa Claudia Mar\u00eda R\u00edos Vel\u00e1squez &#8211; ILMD\/FIOCRUZ<br \/>\nDr.\u00aa S\u00edlvia Cassia Brand\u00e3o Justiniano &#8211; FMT\/HVD<\/p>\n<p><a href=\"https:\/\/us06web.zoom.us\/j\/86721542723?pwd=6fM395vOwiRdeFy4FNwRuigGtQjEOg.1\">Link da sess\u00e3o virtual<\/a><\/p>\n<p><strong>Hor\u00e1rio:<\/strong> 09h00min<\/p>\n            <\/div>        <\/div>    <\/div><\/section>\n<section class=\"av_toggle_section\"  itemscope=\"itemscope\" itemtype=\"https:\/\/schema.org\/CreativeWork\"  >    <div role=\"tablist\" class=\"single_toggle\" data-tags=\"{Todos} \"  >        <p data-fake-id=\"#toggle-id-88\" class=\"toggler  av-inherit-border-color \"  itemprop=\"headline\"  style='border-color: #83a846; ' data-hoverstyle='background-color: #4ecac2; ' role=\"tab\" tabindex=\"0\" aria-controls=\"toggle-id-88\">29\/set | Qualifica\u00e7\u00e3o de Doutorado | Samylla Suany de Souza Soares<span class=\"toggle_icon\" >        <span class=\"vert_icon\"><\/span><span class=\"hor_icon\"><\/span><\/span><\/p>        <div id=\"toggle-id-88\" class=\"toggle_wrap \"   >            <div class=\"toggle_content invers-color  av-inherit-border-color \"  itemprop=\"text\"  style='border-color: #83a846; ' ><p><strong>T\u00edtulo do Projeto de Qualifica\u00e7\u00e3o:<\/strong> Avalia\u00e7\u00e3o da estrat\u00e9gia de implanta\u00e7\u00e3o Esta\u00e7\u00e3o Disseminadora de larvicida no Controle de <em>Aedes spp.<\/em> (Diptera: Culicidae) em \u00e1reas sucessivas na cidade de Manaus \u2013 AM<\/p>\n<p><strong>Orientador:<\/strong> Dr. S\u00e9rgio Luiz Bessa Luz<br \/>\n<strong>Coorientador:<\/strong> Dr. Jos\u00e9 Joaqu\u00edn Carvajal Cort\u00e9s<\/p>\n<p><strong>Banca Avaliadora:<\/strong><br \/>\nDr. S\u00e9rgio Luiz Bessa Luz &#8211; ILMD\/FIOCRUZ<br \/>\nDr. Carlos Frederico Campelo de Albuquerque e Melo &#8211; OPAS<br \/>\nDr. Hermano Gomes Albuquerque &#8211; FIOCRUZ\/RJ<br \/>\nDr. Giovanini Evelim Coelho &#8211; Minist\u00e9rio da Sa\u00fade\/MS<br \/>\nDr.\u00aa Erica Cris da Silva Chagas &#8211; FVS<\/p>\n<p><a href=\"https:\/\/us06web.zoom.us\/j\/88068486878?pwd=zAfRW6qM71Nc5Jeh4g2LgbF88WbDp7.1\">Link da sess\u00e3o virtual<\/a><\/p>\n<p><strong>Hor\u00e1rio:<\/strong> 14h00min (Bras\u00edlia)<\/p>\n            <\/div>        <\/div>    <\/div><\/section>\n<section class=\"av_toggle_section\"  itemscope=\"itemscope\" itemtype=\"https:\/\/schema.org\/CreativeWork\"  >    <div role=\"tablist\" class=\"single_toggle\" data-tags=\"{Todos} \"  >        <p data-fake-id=\"#toggle-id-89\" class=\"toggler  av-inherit-border-color \"  itemprop=\"headline\"  style='border-color: #83a846; ' data-hoverstyle='background-color: #4ecac2; ' role=\"tab\" tabindex=\"0\" aria-controls=\"toggle-id-89\">28\/set | Defesa de Mestrado | Gabriela Brandina Aquino de Abreu<span class=\"toggle_icon\" >        <span class=\"vert_icon\"><\/span><span class=\"hor_icon\"><\/span><\/span><\/p>        <div id=\"toggle-id-89\" class=\"toggle_wrap \"   >            <div class=\"toggle_content invers-color  av-inherit-border-color \"  itemprop=\"text\"  style='border-color: #83a846; ' ><p><strong>T\u00edtulo da Disserta\u00e7\u00e3o:<\/strong> Dissemina\u00e7\u00e3o de larvicidas por <em>Aedes aegypti<\/em>: Alternativas ao piriproxifeno<\/p>\n<p><strong>Orientador:<\/strong> Dr. S\u00e9rgio Luiz Bessa Luz<br \/>\n<strong>Coorientador:<\/strong> Dr. Jos\u00e9 Joaqu\u00edn Carvajal Cort\u00e9s<\/p>\n<p><strong>Banca Avaliadora:<\/strong><br \/>\nDr. S\u00e9rgio Luiz Bessa Luz &#8211; ILMD\/FIOCRUZ<br \/>\nDr.\u00aa Alessandra Ferreira Dales Nava &#8211; ILMD\/FIOCRUZ<br \/>\nDr. Giovanini Evelim Coelho &#8211; Minist\u00e9rio da Sa\u00fade\/MS<\/p>\n<p><a href=\"https:\/\/us06web.zoom.us\/j\/82986783778?pwd=zyUea0KUZ9CYuHlN8r7tBxAVIa8TkJ.1\">Link da sess\u00e3o virtual<\/a><\/p>\n<p><strong>Hor\u00e1rio:<\/strong> 13h00min (Manaus)<\/p>\n            <\/div>        <\/div>    <\/div><\/section>\n<section class=\"av_toggle_section\"  itemscope=\"itemscope\" itemtype=\"https:\/\/schema.org\/CreativeWork\"  >    <div role=\"tablist\" class=\"single_toggle\" data-tags=\"{Todos} \"  >        <p data-fake-id=\"#toggle-id-90\" class=\"toggler  av-inherit-border-color \"  itemprop=\"headline\"  style='border-color: #83a846; ' data-hoverstyle='background-color: #4ecac2; ' role=\"tab\" tabindex=\"0\" aria-controls=\"toggle-id-90\">31\/ago | Qualifica\u00e7\u00e3o de Doutorado | Eric Fabr\u00edcio Marialva dos Santos<span class=\"toggle_icon\" >        <span class=\"vert_icon\"><\/span><span class=\"hor_icon\"><\/span><\/span><\/p>        <div id=\"toggle-id-90\" class=\"toggle_wrap \"   >            <div class=\"toggle_content invers-color  av-inherit-border-color \"  itemprop=\"text\"  style='border-color: #83a846; ' ><p><strong>T\u00edtulo do Projeto de Qualifica\u00e7\u00e3o:<\/strong> Avalia\u00e7\u00e3o da microbiota de popula\u00e7\u00f5es de\u00a0<em>Nyssomyia umbratilis<\/em>, suscept\u00edveis e n\u00e3o suscept\u00edveis \u00e0 infec\u00e7\u00e3o por\u00a0<em>Leishmania<\/em> na regi\u00e3o Amaz\u00f4nica<\/p>\n<p><strong>Orientador:<\/strong> Dr. Felipe Arley Costa Pessoa<br \/>\n<strong>Coorientadora:<\/strong> Yara Maria Traub Cseko<\/p>\n<p><strong>Banca Avaliadora estabelecida pela <a href=\"https:\/\/amazonia.fiocruz.br\/wp-content\/uploads\/2023\/08\/portaria157_drbio_qualif_eric.pdf\">Portaria n\u00ba 157\/2023<\/a>:<\/strong><br \/>\nDr. Felipe Arley Costa Pessoa &#8211; ILMD\/FIOCRUZ<br \/>\nDr.\u00aa Stefanie Costa Pinto Lopes &#8211; ILMD\/ FIOCRUZ<br \/>\nDr. Antonio Jorge Tempone &#8211; IOC\/FIOCRUZ<br \/>\nDr. Lucas Christian de Sousa Paula &#8211; NIAID<br \/>\nDr. Moises Thiago de Souza Frreitas &#8211; UFS<\/p>\n<p><a href=\"https:\/\/us06web.zoom.us\/j\/89382339178?pwd=NEt6b3pEcnk0MExJbGdnaGdtSkRJQT09\">Link da sess\u00e3o virtual<\/a><\/p>\n<p><strong>Hor\u00e1rio:<\/strong> 13h00min (Manaus)<\/p>\n            <\/div>        <\/div>    <\/div><\/section>\n<section class=\"av_toggle_section\"  itemscope=\"itemscope\" itemtype=\"https:\/\/schema.org\/CreativeWork\"  >    <div role=\"tablist\" class=\"single_toggle\" data-tags=\"{Todos} \"  >        <p data-fake-id=\"#toggle-id-91\" class=\"toggler  av-inherit-border-color \"  itemprop=\"headline\"  style='border-color: #83a846; ' data-hoverstyle='background-color: #4ecac2; ' role=\"tab\" tabindex=\"0\" aria-controls=\"toggle-id-91\">23\/ago | Qualifica\u00e7\u00e3o de Doutorado | Mar\u00edlia Andreza da Silva Ferreira<span class=\"toggle_icon\" >        <span class=\"vert_icon\"><\/span><span class=\"hor_icon\"><\/span><\/span><\/p>        <div id=\"toggle-id-91\" class=\"toggle_wrap \"   >            <div class=\"toggle_content invers-color  av-inherit-border-color \"  itemprop=\"text\"  style='border-color: #83a846; ' ><p><strong>T\u00edtulo do Projeto de Qualifica\u00e7\u00e3o: <\/strong>Avalia\u00e7\u00e3o da inibi\u00e7\u00e3o do <em>Plasmodium vivax <\/em>por<em> Serratia ureilytica <\/em>Su_Yn1 em<em> Anopheles aquasalis<\/em> \u2013 contribui\u00e7\u00e3o ao controle da mal\u00e1ria no Brasil.<\/p>\n<p><strong>Orientadora:<\/strong> Dr.\u00aa Claudia Mar\u00eda R\u00edos Vel\u00e1squez<br \/>\n<strong>Coorientador:<\/strong> Dr. Marcelo Jacobs-Lorena<\/p>\n<p><strong>Banca Avaliadora estabelecida pela <a href=\"https:\/\/amazonia.fiocruz.br\/wp-content\/uploads\/2023\/10\/portaria131_qualif_ppgbiodr_marilia.pdf\">Portaria n\u00ba 131\/2023<\/a>:<\/strong><br \/>\nDr.\u00aa Claudia Mar\u00eda R\u00edos Vel\u00e1squez &#8211; ILMD\/FIOCRUZ<br \/>\nDr. Jayme Augusto de Souza Neto &#8211; Kansas State University<br \/>\nDr.\u00aa Rosemary Aparecida Roque &#8211; INPA<br \/>\nDr.\u00aa Maisa da Silva Ara\u00fajo &#8211; FIOCRUZ\/RO<br \/>\nDr\u00aa Vanessa Rafaela de Carvalho &#8211; UNESP<\/p>\n<p><a href=\"https:\/\/us06web.zoom.us\/j\/84098726199?pwd=OTdUSFJ5eEJiQzR1cVE4aTNTTVlZdz09\">Link da sess\u00e3o virtual<\/a><\/p>\n<p><strong>Hor\u00e1rio:<\/strong> 13h00min (Manaus)<\/p>\n            <\/div>        <\/div>    <\/div><\/section>\n<section class=\"av_toggle_section\"  itemscope=\"itemscope\" itemtype=\"https:\/\/schema.org\/CreativeWork\"  >    <div role=\"tablist\" class=\"single_toggle\" data-tags=\"{Todos} \"  >        <p data-fake-id=\"#toggle-id-92\" class=\"toggler  av-inherit-border-color \"  itemprop=\"headline\"  style='border-color: #83a846; ' data-hoverstyle='background-color: #4ecac2; ' role=\"tab\" tabindex=\"0\" aria-controls=\"toggle-id-92\">14\/jul | Defesa de Mestrado | Tha\u00edssy dos Santos Xavier<span class=\"toggle_icon\" >        <span class=\"vert_icon\"><\/span><span class=\"hor_icon\"><\/span><\/span><\/p>        <div id=\"toggle-id-92\" class=\"toggle_wrap \"   >            <div class=\"toggle_content invers-color  av-inherit-border-color \"  itemprop=\"text\"  style='border-color: #83a846; ' ><p><strong>T\u00edtulo da disserta\u00e7\u00e3o:<\/strong> Disfun\u00e7\u00e3o de Sub popula\u00e7\u00f5es de Linf\u00f3citos B em Pessoas Vivendo com HIV\/AIDS Internados na Funda\u00e7\u00e3o de Medicina Tropical Doutor Heitor Vieira Dourado<\/p>\n<p><strong>Orientador:<\/strong> Dr. Yury Oliveira Chaves<br \/>\n<strong>Coorientador:<\/strong> Dr. Paulo Afonso Nogueira<\/p>\n<p><strong>Banca Avaliadora estabelecida pela <a href=\"https:\/\/amazonia.fiocruz.br\/wp-content\/uploads\/2023\/10\/portaria114_defesa_ppgbioms_Kelly.pdf\">Portaria n\u00ba 116\/2023<\/a>:<\/strong><\/p>\n<p>Dr. Yury Oliveira Chaves &#8211; ILMD\/FIOCRUZ<br \/>\nDr. Paulo Renato Rivas Totino &#8211; IOC\/FIOCRUZ<br \/>\nDr.\u00aa J\u00e9ssica Amaral Lopes &#8211; FIOCRZ\/RO<\/p>\n<p><a href=\"https:\/\/us06web.zoom.us\/j\/82291313917?pwd=dU5lNU9vTkQ1TFJycW43Q3Y1ZXZRUT09\">Link da sess\u00e3o virtual<\/a><\/p>\n<p><strong>Hor\u00e1rio:<\/strong> 09h00min (Manaus)<\/p>\n            <\/div>        <\/div>    <\/div><\/section>\n<section class=\"av_toggle_section\"  itemscope=\"itemscope\" itemtype=\"https:\/\/schema.org\/CreativeWork\"  >    <div role=\"tablist\" class=\"single_toggle\" data-tags=\"{Todos} \"  >        <p data-fake-id=\"#toggle-id-93\" class=\"toggler  av-inherit-border-color \"  itemprop=\"headline\"  style='border-color: #83a846; ' data-hoverstyle='background-color: #4ecac2; ' role=\"tab\" tabindex=\"0\" aria-controls=\"toggle-id-93\">04\/jul | Defesa de Mestrado | Kelly Natalia Romero Vesga <span class=\"toggle_icon\" >        <span class=\"vert_icon\"><\/span><span class=\"hor_icon\"><\/span><\/span><\/p>        <div id=\"toggle-id-93\" class=\"toggle_wrap \"   >            <div class=\"toggle_content invers-color  av-inherit-border-color \"  itemprop=\"text\"  style='border-color: #83a846; ' ><p><strong>T\u00edtulo do projeto de disserta\u00e7\u00e3o:<\/strong>\u00a0Bioprospec\u00e7\u00e3o de Genes SpvB-WO em Artr\u00f3podes Coletados nos Munic\u00edpios de Manaus e Presidente Figueiredo no Estado do Amazonas &#8211; Brasil.<\/p>\n<p><strong>Orientador:<\/strong> Dr. James Lee Crainey- ILMD\/FIOCRUZ<\/p>\n<p><strong>Banca Avaliadora estabelecida pela <a href=\"https:\/\/amazonia.fiocruz.br\/wp-content\/uploads\/2023\/10\/portaria114_defesa_ppgbioms_Kelly.pdf\">Portaria n\u00ba 114\/2023<\/a>:<\/strong><br \/>\nDr. James Lee Crainey &#8211; ILMD\/FIOCRUZ &#8211; Orientador\/presidente<br \/>\nDr. Francisco Augusto da Silva Ferreira &#8211; FVS &#8211; Membro titular<br \/>\nDr. Eric Pearce Caragata &#8211; ILMD\/FIOCRUZ &#8211; Membro titular<\/p>\n<p><strong>Hor\u00e1rio:<\/strong> 14h00min<\/p>\n<p><a href=\"https:\/\/us06web.zoom.us\/j\/87285519774?pwd=TDh3bTVNbVRmVHMvcnN2Y1FIUDFnUT09\">Link da sess\u00e3o virtual<\/a><\/p>\n<p>Plataforma Zoom<\/p>\n<p>ID da reuni\u00e3o: 872 8551 9774<br \/>\nSenha de acesso: 964848<\/p>\n            <\/div>        <\/div>    <\/div><\/section>\n<section class=\"av_toggle_section\"  itemscope=\"itemscope\" itemtype=\"https:\/\/schema.org\/CreativeWork\"  >    <div role=\"tablist\" class=\"single_toggle\" data-tags=\"{Todos} \"  >        <p data-fake-id=\"#toggle-id-94\" class=\"toggler  av-inherit-border-color \"  itemprop=\"headline\"  style='border-color: #83a846; ' data-hoverstyle='background-color: #4ecac2; ' role=\"tab\" tabindex=\"0\" aria-controls=\"toggle-id-94\">03\/jul | Qualifica\u00e7\u00e3o de Doutorado | Cl\u00e1udia Patr\u00edcia Ara\u00fajo Crainey<span class=\"toggle_icon\" >        <span class=\"vert_icon\"><\/span><span class=\"hor_icon\"><\/span><\/span><\/p>        <div id=\"toggle-id-94\" class=\"toggle_wrap \"   >            <div class=\"toggle_content invers-color  av-inherit-border-color \"  itemprop=\"text\"  style='border-color: #83a846; ' ><p><strong>T\u00edtulo do projeto de disserta\u00e7\u00e3o::<\/strong> Estudo do perfil proteico de amostras de swabs nasais de pacientes acometidos pela COVID-19 no Amazonas.<\/p>\n<p><strong>Orientador:<\/strong> Dr.\u00aa Priscila Ferreira de Aquino- ILMD\/FIOCRUZ<br \/>\n<strong>Coorientadora<\/strong>: Dr.\u00aa Juliana de Saldanha da Gama Fischer Carvalho &#8211; ICC\/FIOCRUZ<\/p>\n<p><strong>Banca Avaliadora estabelecida pela <a href=\"https:\/\/amazonia.fiocruz.br\/wp-content\/uploads\/2023\/10\/portaria115_qualif_ppgbiodr_claudia.pdf\">Portaria n\u00ba 115\/2023<\/a>:<\/strong><\/p>\n<p>Dr.\u00aa Priscila Ferreira de Aquino &#8211; ILMD\/FIOCRUZ &#8211;\u00a0 Orientador\/presidente<br \/>\nDr. George Allan Villarouco da Silva &#8211; HEMOAM &#8211; Membro titular<br \/>\nDr. Giuseppe Palmisano &#8211; USP &#8211;\u00a0 Membro titular<br \/>\nDr.\u00aa Marcella Nunes de Melo Braga ? UFMG- Membro Titular<br \/>\nDr. F\u00e1bio C\u00e9sar Souza Nogueira- UFRJ- Membro Titular<\/p>\n<p><a href=\"https:\/\/us06web.zoom.us\/j\/87340076375?pwd=RnZnZnp0SG1pTjkySE05bmV6WW81Zz09\">Link da sess\u00e3o virtual<\/a><\/p>\n<p>Plataforma ZOOM<\/p>\n<p>ID da reuni\u00e3o: 873 4007 6375<br \/>\nSenha de acesso: 292015<\/p>\n<p><strong>Hor\u00e1rio:<\/strong> 13h00min<\/p>\n            <\/div>        <\/div>    <\/div><\/section>\n<section class=\"av_toggle_section\"  itemscope=\"itemscope\" itemtype=\"https:\/\/schema.org\/CreativeWork\"  >    <div role=\"tablist\" class=\"single_toggle\" data-tags=\"{Todos} \"  >        <p data-fake-id=\"#toggle-id-95\" class=\"toggler  av-inherit-border-color \"  itemprop=\"headline\"  style='border-color: #83a846; ' data-hoverstyle='background-color: #4ecac2; ' role=\"tab\" tabindex=\"0\" aria-controls=\"toggle-id-95\">03\/jul | Defesa de Mestrado | Danielle de Ara\u00fajo Val\u00e9rio<span class=\"toggle_icon\" >        <span class=\"vert_icon\"><\/span><span class=\"hor_icon\"><\/span><\/span><\/p>        <div id=\"toggle-id-95\" class=\"toggle_wrap \"   >            <div class=\"toggle_content invers-color  av-inherit-border-color \"  itemprop=\"text\"  style='border-color: #83a846; ' ><p><strong>T\u00edtulo da Disserta\u00e7\u00e3o:<\/strong> Estudo de insetos vetores de Mansonella spp. no munic\u00edpio de S\u00e3o Gabriel da Cachoeira, Amazonas, Brasil.<\/p>\n<p><strong>Orientador:<\/strong> Dr. James Lee Crainey<\/p>\n<p><strong>Banca Avaliadora estabelecida pela <a href=\"https:\/\/amazonia.fiocruz.br\/wp-content\/uploads\/2023\/06\/portaria111_bancaDefesaBioDanielle.pdf\">Portaria n\u00ba 111\/2023<\/a>:<\/strong><br \/>\nDr. James Lee Crainey &#8211; ILMD\/FIOCRUZ<br \/>\nDr.\u00aa Emanuelle de Sousa Farias &#8211; ILMD\/FIOCRUZ<br \/>\nDr. Rajendranath Ramasawmy &#8211; FMT-HVD<\/p>\n<p><a href=\"https:\/\/us06web.zoom.us\/j\/86074976152?pwd=S21ZejN3Q2xOZnlMdVNYVUI5UVlwUT09\">Link da sess\u00e3o virtual<\/a><\/p>\n<p><strong>Hor\u00e1rio:<\/strong> 14h00min (Manaus)<\/p>\n            <\/div>        <\/div>    <\/div><\/section>\n<section class=\"av_toggle_section\"  itemscope=\"itemscope\" itemtype=\"https:\/\/schema.org\/CreativeWork\"  >    <div role=\"tablist\" class=\"single_toggle\" data-tags=\"{Todos} \"  >        <p data-fake-id=\"#toggle-id-96\" class=\"toggler  av-inherit-border-color \"  itemprop=\"headline\"  style='border-color: #83a846; ' data-hoverstyle='background-color: #4ecac2; ' role=\"tab\" tabindex=\"0\" aria-controls=\"toggle-id-96\">15\/jun | Qualifica\u00e7\u00e3o de Mestrado | Kenia Gemima Passos Martins<span class=\"toggle_icon\" >        <span class=\"vert_icon\"><\/span><span class=\"hor_icon\"><\/span><\/span><\/p>        <div id=\"toggle-id-96\" class=\"toggle_wrap \"   >            <div class=\"toggle_content invers-color  av-inherit-border-color \"  itemprop=\"text\"  style='border-color: #83a846; ' ><p><strong>T\u00edtulo do Projeto de Qualifica\u00e7\u00e3o:<\/strong> MORTALIDADE POR MAL\u00c1RIA NO BRASIL: UMA S\u00c9RIE HIST\u00d3RICA DE 1996 A 2022<\/p>\n<p><strong>Orientador:<\/strong> Marcus Vin\u00edcius Guimar\u00e3es de Lacerda &#8211; ILMD\/FIOCRUZ<br \/>\n<strong>Coorientadora<\/strong>: Djane Clarys Ba\u00eda da Silva &#8211; FMT-HVD<\/p>\n<p><strong>Banca Avaliadora estabelecida pela <a href=\"https:\/\/amazonia.fiocruz.br\/wp-content\/uploads\/2023\/10\/portaria108_qualif_ppgbioms_Kenia.pdf\">Portaria n\u00ba 108\/2023<\/a>:<\/strong><br \/>\nDr.\u00aa Djane Clarys Ba\u00eda da Silva &#8211; FMT-HVD<br \/>\nDr. Yuri Oliveira Chaves &#8211; ILMD\/FIOCRUZ<br \/>\nDr.\u00aa Camila Fabbri &#8211; ILMD\/FIOCRUZ<\/p>\n<p><a href=\"https:\/\/us06web.zoom.us\/j\/84967526827?pwd=YlJUcHE5OVZCcCtZUnNaZmtxVGFudz09\">Link da sess\u00e3o virtual<\/a><\/p>\n<p><strong>Hor\u00e1rio:<\/strong> 14h00min (Manaus)<\/p>\n            <\/div>        <\/div>    <\/div><\/section>\n<section class=\"av_toggle_section\"  itemscope=\"itemscope\" itemtype=\"https:\/\/schema.org\/CreativeWork\"  >    <div role=\"tablist\" class=\"single_toggle\" data-tags=\"{Todos} \"  >        <p data-fake-id=\"#toggle-id-97\" class=\"toggler  av-inherit-border-color \"  itemprop=\"headline\"  style='border-color: #83a846; ' data-hoverstyle='background-color: #4ecac2; ' role=\"tab\" tabindex=\"0\" aria-controls=\"toggle-id-97\">05\/jun | Defesa de Mestrado | Jaqueline Carvalho de Oliveira Silva<span class=\"toggle_icon\" >        <span class=\"vert_icon\"><\/span><span class=\"hor_icon\"><\/span><\/span><\/p>        <div id=\"toggle-id-97\" class=\"toggle_wrap \"   >            <div class=\"toggle_content invers-color  av-inherit-border-color \"  itemprop=\"text\"  style='border-color: #83a846; ' ><p><strong>T\u00edtulo da Disserta\u00e7\u00e3o:<\/strong> SOROPREVAL\u00caNCIA DE ARBOVIROSES EM DUAS POPULA\u00c7\u00d5ES RIBEIRINHAS DO AMAZONAS.<\/p>\n<p><strong>Orientador:<\/strong> Dr. Lu\u00eds Marcelo Aranha Camargo<\/p>\n<p><strong>Banca Avaliadora estabelecida pela <a href=\"https:\/\/amazonia.fiocruz.br\/wp-content\/uploads\/2023\/06\/portaria103_bancaDefesaBioJaqueline.pdf\">Portaria n\u00ba 103\/2023<\/a>:<\/strong><br \/>\nDr. Lu\u00eds Marcelo Aranha Camargo &#8211; ICB\/USP<br \/>\nDr. Felipe Arley Costa Pessoa &#8211; ILMD\/FIOCRUZ<br \/>\nDr. Jansen Fernandes Medeiros &#8211; FIOCRUZ\/RO<\/p>\n<p><a href=\"https:\/\/us06web.zoom.us\/j\/88010159778?pwd=UWVJaUFJc0E5dXNMbkJJRnNSNmVnUT09\">Link da sess\u00e3o virtual<\/a><\/p>\n<p><strong>Hor\u00e1rio:<\/strong> 14h00min (Manaus)<\/p>\n            <\/div>        <\/div>    <\/div><\/section>\n<section class=\"av_toggle_section\"  itemscope=\"itemscope\" itemtype=\"https:\/\/schema.org\/CreativeWork\"  >    <div role=\"tablist\" class=\"single_toggle\" data-tags=\"{Todos} \"  >        <p data-fake-id=\"#toggle-id-98\" class=\"toggler  av-inherit-border-color \"  itemprop=\"headline\"  style='border-color: #83a846; ' data-hoverstyle='background-color: #4ecac2; ' role=\"tab\" tabindex=\"0\" aria-controls=\"toggle-id-98\">31\/mai | Qualifica\u00e7\u00e3o de Mestrado | Amanda Lima Seixas<span class=\"toggle_icon\" >        <span class=\"vert_icon\"><\/span><span class=\"hor_icon\"><\/span><\/span><\/p>        <div id=\"toggle-id-98\" class=\"toggle_wrap \"   >            <div class=\"toggle_content invers-color  av-inherit-border-color \"  itemprop=\"text\"  style='border-color: #83a846; ' ><p><strong>T\u00edtulo do Projeto de Qualifica\u00e7\u00e3o:<\/strong> Insufici\u00eancia renal aguda em pacientes com mal\u00e1ria vivax: revis\u00e3o sistem\u00e1tica e descri\u00e7\u00e3o de casos de pacientes atendidos em unidade de refer\u00eancia de tratamento de doen\u00e7as infecciosas entre 2009 e 2022.<\/p>\n<p><strong>Orientadora:<\/strong> Dr.\u00aa Djane Clarys Baia da Silva<br \/>\n<strong>Coorientador:<\/strong> Dr. Wuelton Marcelo Monteiro<\/p>\n<p><strong>Banca Avaliadora estabelecida pela <a href=\"https:\/\/amazonia.fiocruz.br\/wp-content\/uploads\/2023\/05\/portaria095_bancaQualifBioAmanda.pdf\">Portaria n\u00ba 095\/2023<\/a>:<\/strong><br \/>\nDr.\u00aa Djane Clarys Baia da Silva &#8211; ILMD\/FIOCRUZ<br \/>\nDr.\u00aa Stefanie Costa Pinto Lopes &#8211; ILMD\/FIOCRUZ<br \/>\nDr.\u00aa Karla Cristina Petruccelli &#8211; UFAM\/HUGV<\/p>\n<p><a href=\"https:\/\/us06web.zoom.us\/j\/82294802084?pwd=Z0NVNmpUTHA0YjIrYXptUUU0dFAvUT09\">Link da sess\u00e3o virtual<\/a><\/p>\n<p><strong>Hor\u00e1rio:<\/strong> 14h00min (Manaus)<\/p>\n            <\/div>        <\/div>    <\/div><\/section>\n<section class=\"av_toggle_section\"  itemscope=\"itemscope\" itemtype=\"https:\/\/schema.org\/CreativeWork\"  >    <div role=\"tablist\" class=\"single_toggle\" data-tags=\"{Todos} \"  >        <p data-fake-id=\"#toggle-id-99\" class=\"toggler  av-inherit-border-color \"  itemprop=\"headline\"  style='border-color: #83a846; ' data-hoverstyle='background-color: #4ecac2; ' role=\"tab\" tabindex=\"0\" aria-controls=\"toggle-id-99\">29\/mai | Qualifica\u00e7\u00e3o de Mestrado | Patr\u00edcia Saraiva Ara\u00fajo<span class=\"toggle_icon\" >        <span class=\"vert_icon\"><\/span><span class=\"hor_icon\"><\/span><\/span><\/p>        <div id=\"toggle-id-99\" class=\"toggle_wrap \"   >            <div class=\"toggle_content invers-color  av-inherit-border-color \"  itemprop=\"text\"  style='border-color: #83a846; ' ><p><strong>T\u00edtulo do Projeto de Qualifica\u00e7\u00e3o:<\/strong> Consci\u00eancia, aceitabilidade e taxa do uso de Profilaxia Pr\u00e9-Exposi\u00e7\u00e3o (PrEP): revis\u00e3o sistem\u00e1tica e avalia\u00e7\u00e3o qualiquanti em pacientes atendidos em unidade b\u00e1sica de sa\u00fade (UBS) de Manaus.<\/p>\n<p><strong>Orientadora:<\/strong> Dr.\u00aa Djane Clarys Baia da Silva<br \/>\n<strong>Coorientador:<\/strong> Dr. Felipe Le\u00e3o Gomes Murta<\/p>\n<p><strong>Banca Avaliadora estabelecida pela <a href=\"https:\/\/amazonia.fiocruz.br\/wp-content\/uploads\/2023\/05\/portaria094_bancaQualifBioPatriciaSaraiva.pdf\">Portaria n\u00ba 094\/2023<\/a>:<\/strong><br \/>\nDr.\u00aa Djane Clarys Baia da Silva &#8211; ILMD\/FIOCRUZ<br \/>\nDr. Lu\u00eds Marcelo Aranha Camargo &#8211; ICB\/USP<br \/>\nDr. Fernando Fonseca de Almeida e Val &#8211; FMT\/HVD<\/p>\n<p><a href=\"https:\/\/us06web.zoom.us\/j\/85045759624?pwd=WVM1UFFWbi9rMEFyQ2k1ZmtsUmJXZz09\">Link da sess\u00e3o virtual<\/a><\/p>\n<p><strong>Hor\u00e1rio:<\/strong> 14h00min (Manaus)<\/p>\n            <\/div>        <\/div>    <\/div><\/section>\n<section class=\"av_toggle_section\"  itemscope=\"itemscope\" itemtype=\"https:\/\/schema.org\/CreativeWork\"  >    <div role=\"tablist\" class=\"single_toggle\" data-tags=\"{Todos} \"  >        <p data-fake-id=\"#toggle-id-100\" class=\"toggler  av-inherit-border-color \"  itemprop=\"headline\"  style='border-color: #83a846; ' data-hoverstyle='background-color: #4ecac2; ' role=\"tab\" tabindex=\"0\" aria-controls=\"toggle-id-100\">15\/mai | Qualifica\u00e7\u00e3o de Doutorado | Alessandra Silva e Silva <span class=\"toggle_icon\" >        <span class=\"vert_icon\"><\/span><span class=\"hor_icon\"><\/span><\/span><\/p>        <div id=\"toggle-id-100\" class=\"toggle_wrap \"   >            <div class=\"toggle_content invers-color  av-inherit-border-color \"  itemprop=\"text\"  style='border-color: #83a846; ' ><p><strong>T\u00edtulo do Projeto de Qualifica\u00e7\u00e3o:<\/strong> An\u00e1lise do perfil proteico de mulheres com diagn\u00f3stico de neoplasia intraepitelial cervical associado ao Papilomav\u00edrus humano e\u00a0<em>Chlamydia trachomatis.<\/em><\/p>\n<p><strong>Orientadora:<\/strong> Dr.\u00aa Priscila Ferreira de Aquino<\/p>\n<p><strong>Banca Avaliadora estabelecida pela <a href=\"https:\/\/amazonia.fiocruz.br\/wp-content\/uploads\/2023\/05\/portaria079_bancaQualifBioAlessandra.pdf\">Portaria n\u00ba 79\/2023<\/a>:<\/strong><br \/>\nDr.\u00aa Priscila Ferreira de Aquino &#8211; ILMD\/FIOCRUZ<br \/>\nDr. Yury Oliveira Chaves &#8211; ILMD\/FIOCRUZ<br \/>\nDr.\u00aa Monique Ramos de Oliveira Trugilho &#8211; FIOCRUZ\/CDTS<br \/>\nDr.\u00aa Danielle Albuquerque Pires Rocha &#8211; UFAM<br \/>\nDr.\u00aa K\u00e1tia Luz Torres Silva &#8211; FCECON<\/p>\n<p><a href=\"https:\/\/us06web.zoom.us\/j\/86936295532?pwd=bTZ2dDlDa09wbXhqeCtNZXNGZVZ0Zz09\">Link da sess\u00e3o virtual<\/a><\/p>\n<p><strong>Hor\u00e1rio:<\/strong> 14h00min<\/p>\n            <\/div>        <\/div>    <\/div><\/section>\n<section class=\"av_toggle_section\"  itemscope=\"itemscope\" itemtype=\"https:\/\/schema.org\/CreativeWork\"  >    <div role=\"tablist\" class=\"single_toggle\" data-tags=\"{Todos} \"  >        <p data-fake-id=\"#toggle-id-101\" class=\"toggler  av-inherit-border-color \"  itemprop=\"headline\"  style='border-color: #83a846; ' data-hoverstyle='background-color: #4ecac2; ' role=\"tab\" tabindex=\"0\" aria-controls=\"toggle-id-101\">24\/mar | Qualifica\u00e7\u00e3o de Doutorado | Lina Maria Pelaez Cortes <span class=\"toggle_icon\" >        <span class=\"vert_icon\"><\/span><span class=\"hor_icon\"><\/span><\/span><\/p>        <div id=\"toggle-id-101\" class=\"toggle_wrap \"   >            <div class=\"toggle_content invers-color  av-inherit-border-color \"  itemprop=\"text\"  style='border-color: #83a846; ' ><p><strong>T\u00edtulo do Projeto de Qualifica\u00e7\u00e3o:<\/strong> Diversidade de Tripanossomat\u00eddeos que Infectam Anuros e R\u00e9pteis, no Interfl\u00favio Negro &#8211; Amazonas, Brasil.<\/p>\n<p><strong>Orientadora:<\/strong> Dr.\u00aa Claudia Mar\u00eda R\u00edos Vel\u00e1squez<\/p>\n<p><strong>Banca Avaliadora estabelecida pela <a href=\"https:\/\/amazonia.fiocruz.br\/wp-content\/uploads\/2023\/03\/portaria042_bancaqualifDrBioLina.pdf\">Portaria n\u00ba 042\/2023<\/a>:<\/strong><br \/>\nDr.\u00aa Claudia Mar\u00eda R\u00edos Vel\u00e1squez &#8211; ILMD\/ FIOCRUZ<br \/>\nDr. Andr\u00e9 Luiz Rodrigues Roque &#8211; IOC\/FIOCRUZ<br \/>\nDr.\u00aa Helena Santos &#8211; IOC\/FIOCRUZ<br \/>\nDr. Lucio Viana \u2013 UNIFAP<br \/>\nDr. Jos\u00e9 Lu\u00eds Passos Cordeiro &#8211; FIOCRUZ\/CE<\/p>\n<p><a href=\"https:\/\/us06web.zoom.us\/j\/84759095961?pwd=ZUxqNWYvcG1tKzFiTXRBNmRBYWhaUT09\">Link da sess\u00e3o virtual<\/a><\/p>\n<p><strong>Hor\u00e1rio:<\/strong> 09h00min<\/p>\n            <\/div>        <\/div>    <\/div><\/section>\n<section class=\"av_toggle_section\"  itemscope=\"itemscope\" itemtype=\"https:\/\/schema.org\/CreativeWork\"  >    <div role=\"tablist\" class=\"single_toggle\" data-tags=\"{Todos} \"  >        <p data-fake-id=\"#toggle-id-102\" class=\"toggler  av-inherit-border-color \"  itemprop=\"headline\"  style='border-color: #83a846; ' data-hoverstyle='background-color: #4ecac2; ' role=\"tab\" tabindex=\"0\" aria-controls=\"toggle-id-102\">15\/mar | Qualifica\u00e7\u00e3o de Doutorado | Tatiana Amaral Pires de Almeida<span class=\"toggle_icon\" >        <span class=\"vert_icon\"><\/span><span class=\"hor_icon\"><\/span><\/span><\/p>        <div id=\"toggle-id-102\" class=\"toggle_wrap \"   >            <div class=\"toggle_content invers-color  av-inherit-border-color \"  itemprop=\"text\"  style='border-color: #83a846; ' ><p><strong>T\u00edtulo do Projeto de Qualifica\u00e7\u00e3o:<\/strong> Caracteriza\u00e7\u00e3o Gen\u00e9tica e Din\u00e2mica de Dispers\u00e3o Viral dos <em>Oropouche orthobunyavirus <\/em>circulantes na Amaz\u00f4nia.<\/p>\n<p><strong>Orientador:<\/strong> Dr. Felipe Gomes Naveca<\/p>\n<p><strong>Banca Avaliadora estabelecida pela <a href=\"https:\/\/amazonia.fiocruz.br\/wp-content\/uploads\/2023\/03\/portaria030_bancaqualificacaoppgbioTatiana.pdf\">Portaria n\u00ba 030\/2023<\/a>.<\/strong><br \/>\nDr. Felipe Gomes Naveca &#8211; ILMD\/FIOCRUZ<br \/>\nDr. Luis Andr\u00e9 Morais Mari\u00faba &#8211; ILMD\/FIOCRUZ<br \/>\nDr. Felipe Arley Costa Pessoa &#8211; ILMD\/FIOCRUZ<br \/>\nDr. Gabriel da Luz Wallau &#8211; IAM\/FIOCRUZ<br \/>\nDr\u00aa. Fernanda de Bruycker Nogueira &#8211; FIOCRUZ<\/p>\n<p><a href=\"https:\/\/us06web.zoom.us\/j\/83648438443?pwd=R3cyYUZJSTJkbmI3a1FEZHhiR0NkZz09\">Link da sess\u00e3o virtual<\/a><\/p>\n<p><strong>Hor\u00e1rio:<\/strong> 09h00min<\/p>\n            <\/div>        <\/div>    <\/div><\/section>\n<section class=\"av_toggle_section\"  itemscope=\"itemscope\" itemtype=\"https:\/\/schema.org\/CreativeWork\"  >    <div role=\"tablist\" class=\"single_toggle\" data-tags=\"{Todos} \"  >        <p data-fake-id=\"#toggle-id-103\" class=\"toggler  av-inherit-border-color \"  itemprop=\"headline\"  style='border-color: #83a846; ' data-hoverstyle='background-color: #4ecac2; ' role=\"tab\" tabindex=\"0\" aria-controls=\"toggle-id-103\">15\/mar | Qualifica\u00e7\u00e3o de Mestrado | Anny Caroline Ara\u00fajo Batista<span class=\"toggle_icon\" >        <span class=\"vert_icon\"><\/span><span class=\"hor_icon\"><\/span><\/span><\/p>        <div id=\"toggle-id-103\" class=\"toggle_wrap \"   >            <div class=\"toggle_content invers-color  av-inherit-border-color \"  itemprop=\"text\"  style='border-color: #83a846; ' ><p><strong>T\u00edtulo do Projeto de Qualifica\u00e7\u00e3o:<\/strong> An\u00e1lise da Microbiota Bacteriana de Anofelinos Suscet\u00edveis e Refrat\u00e1rios a Infec\u00e7\u00e3o por Plasmodium.<\/p>\n<p><strong>Orientadora:<\/strong> Dr.\u00aa Claudia Mar\u00eda R\u00edos Vel\u00e1squez<\/p>\n<p><strong>Banca Avaliadora estabelecida pela <a href=\"https:\/\/amazonia.fiocruz.br\/wp-content\/uploads\/2023\/03\/portaria029_bancaqualificacaoppgbioAnny.pdf\">Portaria n\u00ba 029\/2023<\/a>.<\/strong><br \/>\nDr.\u00aa Claudia Mar\u00eda R\u00edos Vel\u00e1squez &#8211; ILMD\/FIOCRUZ<br \/>\nDr. Ricardo de Melo Katak &#8211; INPA<br \/>\nDr. Marcelo Jacobs Lorena &#8211; Johns Hopkins Bloomberg School of Public Health<\/p>\n<p><a href=\"https:\/\/us06web.zoom.us\/j\/81085173413?pwd=VVdEOXZkV3lzMkxVWE1HOVVHdmdXZz09\">Link da sess\u00e3o virtual<\/a><\/p>\n<p><strong>Hor\u00e1rio:<\/strong> 09h00min<\/p>\n            <\/div>        <\/div>    <\/div><\/section>\n<section class=\"av_toggle_section\"  itemscope=\"itemscope\" itemtype=\"https:\/\/schema.org\/CreativeWork\"  >    <div role=\"tablist\" class=\"single_toggle\" data-tags=\"{Todos} \"  >        <p data-fake-id=\"#toggle-id-104\" class=\"toggler  av-inherit-border-color \"  itemprop=\"headline\"  style='border-color: #83a846; ' data-hoverstyle='background-color: #4ecac2; ' role=\"tab\" tabindex=\"0\" aria-controls=\"toggle-id-104\">14\/mar | Qualifica\u00e7\u00e3o de Mestrado | Elen Sabrina dos Reis Martins<span class=\"toggle_icon\" >        <span class=\"vert_icon\"><\/span><span class=\"hor_icon\"><\/span><\/span><\/p>        <div id=\"toggle-id-104\" class=\"toggle_wrap \"   >            <div class=\"toggle_content invers-color  av-inherit-border-color \"  itemprop=\"text\"  style='border-color: #83a846; ' ><p><strong>T\u00edtulo do Projeto de Qualifica\u00e7\u00e3o:<\/strong> Efeito do Volume de Sangue Ingerido no repasto sangu\u00edneo na Capacidade Vetorial de Anopheles aquasalis (Diptera: Culicidae) em Condi\u00e7\u00f5es de Laborat\u00f3rio.<\/p>\n<p><strong>Orientadora:<\/strong> Dr.\u00aa Claudia Mar\u00eda R\u00edos Vel\u00e1squez<\/p>\n<p><strong>Banca Avaliadora:<\/strong><br \/>\nDr.\u00aa Claudia Mar\u00eda R\u00edos Vel\u00e1squez &#8211; ILMD\/FIOCRUZ<br \/>\nDr. Alexandre de Almeida e Silva &#8211; UNIR<br \/>\nDr. Ronildo Baiatone Alencar &#8211; FVS<\/p>\n<p><a href=\"https:\/\/us06web.zoom.us\/j\/84375171511?pwd=T0VWalBtKzN4UXgrZm54S1hNa0hjdz09\">Link da sess\u00e3o virtual<\/a><\/p>\n<p><strong>Hor\u00e1rio:<\/strong> 09h00min<\/p>\n            <\/div>        <\/div>    <\/div><\/section>\n<section class=\"av_toggle_section\"  itemscope=\"itemscope\" itemtype=\"https:\/\/schema.org\/CreativeWork\"  >    <div role=\"tablist\" class=\"single_toggle\" data-tags=\"{Todos} \"  >        <p data-fake-id=\"#toggle-id-105\" class=\"toggler  av-inherit-border-color \"  itemprop=\"headline\"  style='border-color: #83a846; ' data-hoverstyle='background-color: #4ecac2; ' role=\"tab\" tabindex=\"0\" aria-controls=\"toggle-id-105\">07\/mar | Qualifica\u00e7\u00e3o de Mestrado | Patr\u00edcia Moura Sousa <span class=\"toggle_icon\" >        <span class=\"vert_icon\"><\/span><span class=\"hor_icon\"><\/span><\/span><\/p>        <div id=\"toggle-id-105\" class=\"toggle_wrap \"   >            <div class=\"toggle_content invers-color  av-inherit-border-color \"  itemprop=\"text\"  style='border-color: #83a846; ' ><p><strong>T\u00edtulo do Projeto de Qualifica\u00e7\u00e3o:<\/strong> Avalia\u00e7\u00e3o do Efeito de Cepas de <em>wSoya<\/em> no Desenvolvimento de Larvas Infecciosas (L3) de Mansonella em <em>Simulium oyapockense s.l.<\/em> em um Ambiente Natural.<\/p>\n<p><strong>Orientador:<\/strong> Dr. James Lee Crainey<\/p>\n<p><strong>Banca Avaliadora:<\/strong><br \/>\nDr. James Lee Crainey &#8211; ILMD\/FIOCRUZ<br \/>\nDr. Eric Pearce Caragata \u2013 University of Florida<br \/>\nDr. Marcelo Urbano Ferreira &#8211; USP<\/p>\n<p><a href=\"https:\/\/us06web.zoom.us\/j\/86718436093?pwd=TUhXM1JSeWRwWkJaYmQ4cDNRSkFxUT09\">Link da sess\u00e3o virtual<\/a><\/p>\n<p><strong>Hor\u00e1rio:<\/strong> 14h00min<\/p>\n            <\/div>        <\/div>    <\/div><\/section>\n<section class=\"av_toggle_section\"  itemscope=\"itemscope\" itemtype=\"https:\/\/schema.org\/CreativeWork\"  >    <div role=\"tablist\" class=\"single_toggle\" data-tags=\"{Todos} \"  >        <p data-fake-id=\"#toggle-id-106\" class=\"toggler  av-inherit-border-color \"  itemprop=\"headline\"  style='border-color: #83a846; ' data-hoverstyle='background-color: #4ecac2; ' role=\"tab\" tabindex=\"0\" aria-controls=\"toggle-id-106\">28\/fev | Qualifica\u00e7\u00e3o de Doutorado | Leormando Fortunato Dornelas J\u00fanior <span class=\"toggle_icon\" >        <span class=\"vert_icon\"><\/span><span class=\"hor_icon\"><\/span><\/span><\/p>        <div id=\"toggle-id-106\" class=\"toggle_wrap \"   >            <div class=\"toggle_content invers-color  av-inherit-border-color \"  itemprop=\"text\"  style='border-color: #83a846; ' ><p><strong>T\u00edtulo do Projeto de Qualifica\u00e7\u00e3o:<\/strong> Ectoparasitas e seus Pat\u00f3genos que Parasitam Morcegos (MAMMALIA, CHIROPTERA) na Regi\u00e3o Central de Rond\u00f4nia.<\/p>\n<p><strong>Orientador:<\/strong> Dr. Lu\u00eds Marcelo Aranha Camargo<\/p>\n<p><strong>Banca Avaliadora:<\/strong><br \/>\nDr. Lu\u00eds Marcelo Aranha Camargo &#8211; ICB\/USP<br \/>\nDr.\u00aa Alessandra Ferreira Dales Nava &#8211; ILMD\/FIOCRUZ<br \/>\nDr. James Lee Crainey &#8211; ILMD\/FIOCRUZ<br \/>\nDr. Sergio de Almeida Basano \u2013 Cemetron<br \/>\nDr. Ricardo Bassini Silva &#8211; Instituto Butantan<\/p>\n<p><a href=\"https:\/\/us06web.zoom.us\/j\/86044886330?pwd=Mm42T1RWZ3lLM3h3SEZHMEthR1BWdz09\">Link da sess\u00e3o virtual<\/a><\/p>\n<p><strong>Hor\u00e1rio:<\/strong> 19h00min<\/p>\n            <\/div>        <\/div>    <\/div><\/section>\n<\/div>\n<\/div><\/div><\/div><div id=\"av-tab-section-1-5\" data-av-tab-section-content=\"5\" class=\"av-layout-tab av-animation-delay-container   avia-builder-el-13  el_after_av_tab_sub_section  avia-builder-el-last   \" style='vertical-align:top; '  data-tab-section-id=\"2022\"><div class='av-layout-tab-inner'><div class='container'><div   class=\"togglecontainer  av-elegant-toggle toggle_close_all  avia-builder-el-14  avia-builder-el-no-sibling \" data-currentstyle='background-color:#83a846; '>\n<section class=\"av_toggle_section\"  itemscope=\"itemscope\" itemtype=\"https:\/\/schema.org\/CreativeWork\"  >    <div role=\"tablist\" class=\"single_toggle\" data-tags=\"{Todos} \"  >        <p data-fake-id=\"#toggle-id-107\" class=\"toggler  av-inherit-border-color \"  itemprop=\"headline\"  style='border-color: #83a846; ' data-hoverstyle='background-color: #4ecac2; ' role=\"tab\" tabindex=\"0\" aria-controls=\"toggle-id-107\">29\/set | Defesa | C\u00edcera Suziene Ferreira Lisboa   <span class=\"toggle_icon\" >        <span class=\"vert_icon\"><\/span><span class=\"hor_icon\"><\/span><\/span><\/p>        <div id=\"toggle-id-107\" class=\"toggle_wrap \"   >            <div class=\"toggle_content invers-color  av-inherit-border-color \"  itemprop=\"text\"  style='border-color: #83a846; ' ><p><strong>T\u00edtulo da Disserta\u00e7\u00e3o:<\/strong> Descri\u00e7\u00e3o epidemiol\u00f3gica, molecular e proteica de mulheres jovens com neoplasias intraepiteliais cervicais de alto grau.<\/p>\n<p><strong>Orientador:<\/strong> Dr.\u00aa Priscila Ferreira de Aquino<\/p>\n<p><strong>Banca Avaliadora:<\/strong><br \/>\nDr.\u00aa Priscila Ferreira de Aquino &#8211; ILMD\/FIOCRUZ<br \/>\nDr.\u00aa Katia Luz Torres Silva \u2013 FCECON<br \/>\nDr.\u00aa Juliana de Saldanha da Gama Fischer Carvalho &#8211; ICC\/FIOCRUZ PARAN\u00c1<\/p>\n<p><a href=\"https:\/\/us06web.zoom.us\/j\/85175564503?pwd=aFJ4cGpmeVppUnphUDBVVXM3eWlGUT09\">Link da sess\u00e3o virtual<\/a><\/p>\n<p><strong>Hor\u00e1rio:<\/strong> 14h00min<\/p>\n            <\/div>        <\/div>    <\/div><\/section>\n<section class=\"av_toggle_section\"  itemscope=\"itemscope\" itemtype=\"https:\/\/schema.org\/CreativeWork\"  >    <div role=\"tablist\" class=\"single_toggle\" data-tags=\"{Todos} \"  >        <p data-fake-id=\"#toggle-id-108\" class=\"toggler  av-inherit-border-color \"  itemprop=\"headline\"  style='border-color: #83a846; ' data-hoverstyle='background-color: #4ecac2; ' role=\"tab\" tabindex=\"0\" aria-controls=\"toggle-id-108\">28\/set | Defesa | Natalia Stefany da Silva Pereira<span class=\"toggle_icon\" >        <span class=\"vert_icon\"><\/span><span class=\"hor_icon\"><\/span><\/span><\/p>        <div id=\"toggle-id-108\" class=\"toggle_wrap \"   >            <div class=\"toggle_content invers-color  av-inherit-border-color \"  itemprop=\"text\"  style='border-color: #83a846; ' ><p><strong>T\u00edtulo da Disserta\u00e7\u00e3o: <\/strong>Avalia\u00e7\u00e3o da Atividade Entomopatog\u00eanica de Fungos da Cole\u00e7\u00e3o da Fiocruz Amaz\u00f4nia em Mosquitos <em>Anopheles aquasalis<\/em>.<\/p>\n<p><strong>Orientador:<\/strong> Dr.\u00aa Stefanie Costa Pinto Lopes<br \/>\n<strong>Co-orientadora:<\/strong> Dr.\u00aa Priscila Ferreira de Aquino<\/p>\n<p><strong>Banca Avaliadora:<\/strong><br \/>\nDr.\u00aa Stefanie Costa Pinto Lopes &#8211; ILMD\/FIOCRUZ<br \/>\nDr.\u00aa Ormezinda Celeste Cristo Fernandes &#8211; ILMD\/FIOCRUZ<br \/>\nDr.\u00aa Rosemary Aparecida Roque \u2013 INPA<\/p>\n<p><a href=\"https:\/\/us06web.zoom.us\/j\/83230335068?pwd=QThwRklYQ2NmcFVIQUI2TVA5OWl6dz09\">Link da sess\u00e3o virtual<\/a><\/p>\n<p><strong>Hor\u00e1rio:<\/strong> 09h00min<\/p>\n            <\/div>        <\/div>    <\/div><\/section>\n<section class=\"av_toggle_section\"  itemscope=\"itemscope\" itemtype=\"https:\/\/schema.org\/CreativeWork\"  >    <div role=\"tablist\" class=\"single_toggle\" data-tags=\"{Todos} \"  >        <p data-fake-id=\"#toggle-id-109\" class=\"toggler  av-inherit-border-color \"  itemprop=\"headline\"  style='border-color: #83a846; ' data-hoverstyle='background-color: #4ecac2; ' role=\"tab\" tabindex=\"0\" aria-controls=\"toggle-id-109\">31\/ago | Defesa | Cindy Alves Dias<span class=\"toggle_icon\" >        <span class=\"vert_icon\"><\/span><span class=\"hor_icon\"><\/span><\/span><\/p>        <div id=\"toggle-id-109\" class=\"toggle_wrap \"   >            <div class=\"toggle_content invers-color  av-inherit-border-color \"  itemprop=\"text\"  style='border-color: #83a846; ' ><p><strong>T\u00edtulo da Disserta\u00e7\u00e3o:<\/strong> Detec\u00e7\u00e3o e identifica\u00e7\u00e3o de fil\u00e1rias em <em>Saguinus bicolor<\/em> e a an\u00e1lise de paisagem da preval\u00eancia filarial.<\/p>\n<p><strong>Orientadora:<\/strong> Dr.\u00aa Alessandra Ferreira Dales Nava<br \/>\n<strong>Co-orientador:<\/strong> Dr. James Lee Crainey<\/p>\n<p><strong>Banca Avaliadora:<\/strong><br \/>\nDr.\u00aa Alessandra Ferreira Dales Nava &#8211; ILMD\/FIOCRUZ<br \/>\nDr. David Marcial Fernandez Conga \u2013 UNMSM<br \/>\nDr. T\u00fallio Rom\u00e3o Ribeiro da Silva &#8211; ILMD\/FIOCRUZ<\/p>\n<p><a href=\"https:\/\/us06web.zoom.us\/j\/87961766121?pwd=dDVKaEwrNC9BUDNZZmd5QlcxdEJIUT09\">Link da sess\u00e3o virtual<\/a><\/p>\n<p><strong>Hor\u00e1rio:<\/strong> 14h30min<\/p>\n            <\/div>        <\/div>    <\/div><\/section>\n<section class=\"av_toggle_section\"  itemscope=\"itemscope\" itemtype=\"https:\/\/schema.org\/CreativeWork\"  >    <div role=\"tablist\" class=\"single_toggle\" data-tags=\"{Todos} \"  >        <p data-fake-id=\"#toggle-id-110\" class=\"toggler  av-inherit-border-color \"  itemprop=\"headline\"  style='border-color: #83a846; ' data-hoverstyle='background-color: #4ecac2; ' role=\"tab\" tabindex=\"0\" aria-controls=\"toggle-id-110\">30\/ago | Defesa | Raimunda Sandra Pacheco de Souza<span class=\"toggle_icon\" >        <span class=\"vert_icon\"><\/span><span class=\"hor_icon\"><\/span><\/span><\/p>        <div id=\"toggle-id-110\" class=\"toggle_wrap \"   >            <div class=\"toggle_content invers-color  av-inherit-border-color \"  itemprop=\"text\"  style='border-color: #83a846; ' ><p><strong>T\u00edtulo da Disserta\u00e7\u00e3o:<\/strong> Padroniza\u00e7\u00e3o da Extra\u00e7\u00e3o de DNA e Ba\u00e7o a serem usadas Como Protocolo para Detec\u00e7\u00e3o de Parasitas da Mal\u00e1ria Humana por qPCR.<\/p>\n<p><strong>Orientador:<\/strong>\u00a0Dr. Marcus Vinicius Guimar\u00e3es de Lacerda<br \/>\n<strong>Co-orientadora:<\/strong> Dr.\u00aa Gisely Cardoso de Melo<\/p>\n<p><strong>Banca Avaliadora:<\/strong><br \/>\nDr.\u00aa Gisely Cardoso de Melo &#8211; FMT\/HVD<br \/>\nDr.\u00aa Stefanie Costa Pinto Lopes &#8211; ILMD\/FIOCRUZ<br \/>\nDr.\u00aa Giselle Maria Rachid Viana &#8211; IEC\/PA<\/p>\n<p><a href=\"https:\/\/us06web.zoom.us\/j\/83298070375?pwd=WXBablRxNTBPVVo4YVlkTmdiYkhGUT09\">Link da sess\u00e3o virtual<\/a><\/p>\n<p><strong>Hor\u00e1rio:<\/strong> 09h00min<\/p>\n            <\/div>        <\/div>    <\/div><\/section>\n<section class=\"av_toggle_section\"  itemscope=\"itemscope\" itemtype=\"https:\/\/schema.org\/CreativeWork\"  >    <div role=\"tablist\" class=\"single_toggle\" data-tags=\"{Todos} \"  >        <p data-fake-id=\"#toggle-id-111\" class=\"toggler  av-inherit-border-color \"  itemprop=\"headline\"  style='border-color: #83a846; ' data-hoverstyle='background-color: #4ecac2; ' role=\"tab\" tabindex=\"0\" aria-controls=\"toggle-id-111\">25\/ago | Defesa | Heliana Christy Matos Belchior <span class=\"toggle_icon\" >        <span class=\"vert_icon\"><\/span><span class=\"hor_icon\"><\/span><\/span><\/p>        <div id=\"toggle-id-111\" class=\"toggle_wrap \"   >            <div class=\"toggle_content invers-color  av-inherit-border-color \"  itemprop=\"text\"  style='border-color: #83a846; ' ><p><strong>T\u00edtulo da Disserta\u00e7\u00e3o: <\/strong>Aspectos ecol\u00f3gicos e Taxonomia Integrada do subg\u00eanero\u00a0<em>Melanoconion<\/em> Theobald, 1903 (Diptera: Culicidae, <em>Culex<\/em>) de uma comunidade rural em\u00a0Presidente Figueiredo, Amazonas.<\/p>\n<p><strong>Orientador:<\/strong> Dr. Felipe Arley Costa Pessoa<br \/>\n<strong>Co-orientadora:<\/strong> Dr.\u00aa Claudia Mar\u00eda R\u00edos Vel\u00e1squez<\/p>\n<p><strong>Banca Avaliadora:<\/strong><br \/>\nDr.\u00aa Claudia Maria Rios Vel\u00e1squez &#8211; ILMD\/FIOCRUZ<br \/>\nDr. Agostinho Cardoso Nascimento Pereira &#8211; IOC\/FIOCRUZ<br \/>\nDr. Antonio Marques Pereira Junior &#8211; FIOCRUZ\/RO<\/p>\n<p>Sess\u00e3o fechada<\/p>\n<p><strong>Hor\u00e1rio:<\/strong> 14h00min<\/p>\n            <\/div>        <\/div>    <\/div><\/section>\n<section class=\"av_toggle_section\"  itemscope=\"itemscope\" itemtype=\"https:\/\/schema.org\/CreativeWork\"  >    <div role=\"tablist\" class=\"single_toggle\" data-tags=\"{Todos} \"  >        <p data-fake-id=\"#toggle-id-112\" class=\"toggler  av-inherit-border-color \"  itemprop=\"headline\"  style='border-color: #83a846; ' data-hoverstyle='background-color: #4ecac2; ' role=\"tab\" tabindex=\"0\" aria-controls=\"toggle-id-112\">01\/ago | Defesa | Tha\u00eds Pinto Nascimento<span class=\"toggle_icon\" >        <span class=\"vert_icon\"><\/span><span class=\"hor_icon\"><\/span><\/span><\/p>        <div id=\"toggle-id-112\" class=\"toggle_wrap \"   >            <div class=\"toggle_content invers-color  av-inherit-border-color \"  itemprop=\"text\"  style='border-color: #83a846; ' ><p><strong>T\u00edtulo da Disserta\u00e7\u00e3o:<\/strong> Impactos dos envenenamentos of\u00eddicos em gestantes no estado do Amazonas.<\/p>\n<p><strong>Orientadora:<\/strong> Dr.\u00aa Priscila Ferreira de Aquino<br \/>\n<strong>Co-orientador:<\/strong> Dr. Wuelton Monteiro Marcelo<\/p>\n<p><strong>Banca Avaliadora:<\/strong><br \/>\nDr.\u00aa Priscila Ferreira de Aquino &#8211; ILMD\/FIOCRUZ<br \/>\nDr.\u00aa Camila Helena Aguiar B\u00f4tto de Menezes &#8211; UEA<br \/>\nDr.\u00aa Manuela Berto Pucca &#8211; UFRR<\/p>\n<p><a href=\"https:\/\/us06web.zoom.us\/j\/89210230700?pwd=NHVLUVJHSVh1ajFPYmxvdGFiRVNCQT09\">Link da sess\u00e3o virtual<\/a><\/p>\n<p><strong>Hor\u00e1rio:<\/strong> 09h00min<\/p>\n            <\/div>        <\/div>    <\/div><\/section>\n<section class=\"av_toggle_section\"  itemscope=\"itemscope\" itemtype=\"https:\/\/schema.org\/CreativeWork\"  >    <div role=\"tablist\" class=\"single_toggle\" data-tags=\"{Todos} \"  >        <p data-fake-id=\"#toggle-id-113\" class=\"toggler  av-inherit-border-color \"  itemprop=\"headline\"  style='border-color: #83a846; ' data-hoverstyle='background-color: #4ecac2; ' role=\"tab\" tabindex=\"0\" aria-controls=\"toggle-id-113\">14\/jun | Qualifica\u00e7\u00e3o | Rejane Lima Leda<span class=\"toggle_icon\" >        <span class=\"vert_icon\"><\/span><span class=\"hor_icon\"><\/span><\/span><\/p>        <div id=\"toggle-id-113\" class=\"toggle_wrap \"   >            <div class=\"toggle_content invers-color  av-inherit-border-color \"  itemprop=\"text\"  style='border-color: #83a846; ' ><p><strong>T\u00edtulo do Projeto de Qualifica\u00e7\u00e3o:<\/strong>\u00a0Efeitos dos Cen\u00e1rios Futuros sobre o ciclo de vida do\u00a0<em>Anopheles aquasalis<\/em>\u00a0um importante vetor da mal\u00e1ria.<\/p>\n<p><strong>Orientador:<\/strong>\u00a0Dr.\u00aa Djane Clarys Baia da Silva<br \/>\n<strong>Co-orientador:<\/strong>\u00a0Dr. Wuelton Monteiro Marcelo<\/p>\n<p><strong>Banca Avaliadora:<\/strong><br \/>\nDr.\u00aa Djane Clarys Baia da Silva \u2013 FMT\/HVD<br \/>\nDr.\u00aa Cl\u00e1udia Rios Velasquez \u2013 ILMD\/FIOCRUZ<br \/>\nDr.\u00aa Raquel Maia \u2013 IRR\/FIOCRUZ MG<\/p>\n<p><a href=\"https:\/\/us06web.zoom.us\/j\/89230896811?pwd=ZC9hV01PNkpoSG44SFdHQW5MUjNpdz09\">Link da sess\u00e3o virtual<\/a><\/p>\n<p><strong>Hor\u00e1rio:<\/strong> 14h00min<\/p>\n            <\/div>        <\/div>    <\/div><\/section>\n<section class=\"av_toggle_section\"  itemscope=\"itemscope\" itemtype=\"https:\/\/schema.org\/CreativeWork\"  >    <div role=\"tablist\" class=\"single_toggle\" data-tags=\"{Todos} \"  >        <p data-fake-id=\"#toggle-id-114\" class=\"toggler  av-inherit-border-color \"  itemprop=\"headline\"  style='border-color: #83a846; ' data-hoverstyle='background-color: #4ecac2; ' role=\"tab\" tabindex=\"0\" aria-controls=\"toggle-id-114\">13\/jun | Qualifica\u00e7\u00e3o | Gabrielle Sales de Medeiros<span class=\"toggle_icon\" >        <span class=\"vert_icon\"><\/span><span class=\"hor_icon\"><\/span><\/span><\/p>        <div id=\"toggle-id-114\" class=\"toggle_wrap \"   >            <div class=\"toggle_content invers-color  av-inherit-border-color \"  itemprop=\"text\"  style='border-color: #83a846; ' ><p><strong>T\u00edtulo do Projeto de Qualifica\u00e7\u00e3o:<\/strong>\u00a0Diversidade de Coronav\u00edrus (CoVs) em Primatas e Morcegos da Amaz\u00f4nia.<\/p>\n<p><strong>Orientador:<\/strong> Dr.\u00aa Alessandra Ferreira Dales Nava<\/p>\n<p><strong>Banca Avaliadora:<\/strong><br \/>\nDr.\u00aa Alessandra Ferreira Dales Nava \u2013 ILMD\/FIOCRUZ<br \/>\nDr.\u00aa Valdinete Alves do Nascimento \u2013 ILMD\/FIOCRUZ<br \/>\nDr. Paulo Eduardo Brand\u00e3o \u2013 USP<\/p>\n<p><a href=\"https:\/\/us06web.zoom.us\/j\/89280813090?pwd=U0trQUZsQVJ1US96cWNEeHpkK1FUQT09\">Link da sess\u00e3o virtual<\/a><\/p>\n<p><strong>Hor\u00e1rio:<\/strong> 14h00min<\/p>\n            <\/div>        <\/div>    <\/div><\/section>\n<section class=\"av_toggle_section\"  itemscope=\"itemscope\" itemtype=\"https:\/\/schema.org\/CreativeWork\"  >    <div role=\"tablist\" class=\"single_toggle\" data-tags=\"{Todos} \"  >        <p data-fake-id=\"#toggle-id-115\" class=\"toggler  av-inherit-border-color \"  itemprop=\"headline\"  style='border-color: #83a846; ' data-hoverstyle='background-color: #4ecac2; ' role=\"tab\" tabindex=\"0\" aria-controls=\"toggle-id-115\">07\/jun | Qualifica\u00e7\u00e3o | Pamela Cristina de Souza Garcia<span class=\"toggle_icon\" >        <span class=\"vert_icon\"><\/span><span class=\"hor_icon\"><\/span><\/span><\/p>        <div id=\"toggle-id-115\" class=\"toggle_wrap \"   >            <div class=\"toggle_content invers-color  av-inherit-border-color \"  itemprop=\"text\"  style='border-color: #83a846; ' ><p><strong>T\u00edtulo do Projeto de Qualifica\u00e7\u00e3o:<\/strong>\u00a0Avalia\u00e7\u00e3o da efetividade das esta\u00e7\u00f5es disseminadoras de larvicida no controle de\u00a0<em>Ae.aegypti<\/em>\u00a0nos pontos estrat\u00e9gicos do munic\u00edpio de Mar\u00edlia-SP.<\/p>\n<p><strong>Orientador:<\/strong>\u00a0Dr. Sergio Luiz Bessa Luz<br \/>\n<strong>Co-orientador:<\/strong>\u00a0Dr. Jos\u00e9 Joaqu\u00edn Carvajal Cort\u00e9s<\/p>\n<p><strong>Banca Avaliadora:<\/strong><br \/>\nDr. Sergio Luiz Bessa Luz \u2013 ILMD\/FIOCRUZ<br \/>\nDr. Giovanini Evelim Coelho \u2013 Minist\u00e9rio da Sa\u00fade<br \/>\nDr. Jeronimo Augusto Fonseca Alencar \u2013 IOC\/FIOCRUZ<\/p>\n<p><a href=\"https:\/\/us06web.zoom.us\/j\/81433562041?pwd=S0sxdXAwREFHSkJVaXJDcEdjU1Fqdz09\">Link da sess\u00e3o virtual<\/a><\/p>\n<p><strong>Hor\u00e1rio:<\/strong> 14h00min<\/p>\n            <\/div>        <\/div>    <\/div><\/section>\n<section class=\"av_toggle_section\"  itemscope=\"itemscope\" itemtype=\"https:\/\/schema.org\/CreativeWork\"  >    <div role=\"tablist\" class=\"single_toggle\" data-tags=\"{Todos} \"  >        <p data-fake-id=\"#toggle-id-116\" class=\"toggler  av-inherit-border-color \"  itemprop=\"headline\"  style='border-color: #83a846; ' data-hoverstyle='background-color: #4ecac2; ' role=\"tab\" tabindex=\"0\" aria-controls=\"toggle-id-116\">07\/jun | Qualifica\u00e7\u00e3o | Eunice Brand\u00e3o de Almeida<span class=\"toggle_icon\" >        <span class=\"vert_icon\"><\/span><span class=\"hor_icon\"><\/span><\/span><\/p>        <div id=\"toggle-id-116\" class=\"toggle_wrap \"   >            <div class=\"toggle_content invers-color  av-inherit-border-color \"  itemprop=\"text\"  style='border-color: #83a846; ' ><p><strong>T\u00edtulo do Projeto de Qualifica\u00e7\u00e3o:<\/strong>\u00a0Estudo da preval\u00eancia e diversidade de\u00a0<em>Wolbachia<\/em>\u00a0(Rickettsiales: rickettsiaceae) em\u00a0<em>Anopheles spp.<\/em>\u00a0coletados em Manaus e arredores.<\/p>\n<p><strong>Orientadora:<\/strong>\u00a0Dra. Stefanie Costa Pinto Lopes<br \/>\n<strong>Co-orientadora:<\/strong>\u00a0Dra. Rosa Am\u00e9lia Gon\u00e7alves Santana<\/p>\n<p><strong>Banca Avaliadora:<\/strong><br \/>\nDr.\u00aa Stefanie Costa Pinto Lopes \u2013 ILMD\/FIOCRUZ<br \/>\nDr. Rafael Maciel de Freitas \u2013 IOC\/FIOCRUZ<br \/>\nDr. F\u00e1bio Mendon\u00e7a Gomes \u2013 IBCCF\/UFRJ<\/p>\n<p><a href=\"https:\/\/us06web.zoom.us\/j\/85699365782?pwd=Y1BaWTZnd2JndGVod05jOGhPSUtadz09\">Link da sess\u00e3o virtual<\/a><\/p>\n<p><strong>Hor\u00e1rio:<\/strong> 09h00min<\/p>\n            <\/div>        <\/div>    <\/div><\/section>\n<section class=\"av_toggle_section\"  itemscope=\"itemscope\" itemtype=\"https:\/\/schema.org\/CreativeWork\"  >    <div role=\"tablist\" class=\"single_toggle\" data-tags=\"{Todos} \"  >        <p data-fake-id=\"#toggle-id-117\" class=\"toggler  av-inherit-border-color \"  itemprop=\"headline\"  style='border-color: #83a846; ' data-hoverstyle='background-color: #4ecac2; ' role=\"tab\" tabindex=\"0\" aria-controls=\"toggle-id-117\">07\/jun | Qualifica\u00e7\u00e3o | Gabriela Brandina Aquino de Abreu<span class=\"toggle_icon\" >        <span class=\"vert_icon\"><\/span><span class=\"hor_icon\"><\/span><\/span><\/p>        <div id=\"toggle-id-117\" class=\"toggle_wrap \"   >            <div class=\"toggle_content invers-color  av-inherit-border-color \"  itemprop=\"text\"  style='border-color: #83a846; ' ><p><strong>T\u00edtulo do Projeto de Qualifica\u00e7\u00e3o:<\/strong>\u00a0Avalia\u00e7\u00e3o do ciclo biol\u00f3gico de\u00a0<em>Aedes aegypti<\/em>\u00a0(Linnaeus, 1762) e\u00a0<em>Aedes albopictus<\/em>\u00a0(Skuse,1894) utilizando esta\u00e7\u00f5es disseminadoras em condi\u00e7\u00f5es de laborat\u00f3rio.<\/p>\n<p><strong>Orientador:<\/strong> Dr. Sergio Luiz Bessa Luz<\/p>\n<p><strong>Banca Avaliadora:<\/strong><br \/>\nDr. Sergio Luiz Bessa Luz \u2013 ILMD\/FIOCRUZ<br \/>\nDr. Giovanini Evelim Coelho \u2013 Minist\u00e9rio da Sa\u00fade<br \/>\nDr. Jeronimo Augusto Fonseca Alencar \u2013 IOC\/FIOCRUZ<\/p>\n<p><a href=\"https:\/\/us06web.zoom.us\/j\/84545019488?pwd=TnlEQU83eGg5OElEMExmenZWbXNhZz09\">Link da sess\u00e3o virtual<\/a><\/p>\n<p><strong>Hor\u00e1rio:<\/strong> 09h00min<\/p>\n            <\/div>        <\/div>    <\/div><\/section>\n<section class=\"av_toggle_section\"  itemscope=\"itemscope\" itemtype=\"https:\/\/schema.org\/CreativeWork\"  >    <div role=\"tablist\" class=\"single_toggle\" data-tags=\"{Todos} \"  >        <p data-fake-id=\"#toggle-id-118\" class=\"toggler  av-inherit-border-color \"  itemprop=\"headline\"  style='border-color: #83a846; ' data-hoverstyle='background-color: #4ecac2; ' role=\"tab\" tabindex=\"0\" aria-controls=\"toggle-id-118\">31\/mai | Qualifica\u00e7\u00e3o | Thaissy dos Santos Xavier<span class=\"toggle_icon\" >        <span class=\"vert_icon\"><\/span><span class=\"hor_icon\"><\/span><\/span><\/p>        <div id=\"toggle-id-118\" class=\"toggle_wrap \"   >            <div class=\"toggle_content invers-color  av-inherit-border-color \"  itemprop=\"text\"  style='border-color: #83a846; ' ><p><strong>T\u00edtulo do Projeto de Qualifica\u00e7\u00e3o:<\/strong>\u00a0Disfun\u00e7\u00e3o de Subpopula\u00e7\u00f5es de Linf\u00f3citos B em pessoas vivendo com Hiv\/Aids internados na Funda\u00e7\u00e3o de Medicina Tropical Doutor Heitor Vieira Dourado.<\/p>\n<p><strong>Orientador:<\/strong> Dr. Paulo Afonso Nogueira<\/p>\n<p><strong>Banca Avaliadora:<\/strong><br \/>\nDr. Paulo Afonso Nogueira \u2013 ILMD\/FIOCRUZ<br \/>\nDr. Paulo Renato Rivas Totino \u2013 IOC\/FIOCRUZ<br \/>\nDr. Allyson Guimar\u00e3es da Costa \u2013 UFAM<\/p>\n<p><a href=\"https:\/\/us06web.zoom.us\/j\/87320999083?pwd=Tnp6cHZzS09DT1lQNE9RRXhkcE5lZz09\">Link da sess\u00e3o virtual<\/a><\/p>\n<p><strong>Hor\u00e1rio:<\/strong> 10h00min<\/p>\n            <\/div>        <\/div>    <\/div><\/section>\n<section class=\"av_toggle_section\"  itemscope=\"itemscope\" itemtype=\"https:\/\/schema.org\/CreativeWork\"  >    <div role=\"tablist\" class=\"single_toggle\" data-tags=\"{Todos} \"  >        <p data-fake-id=\"#toggle-id-119\" class=\"toggler  av-inherit-border-color \"  itemprop=\"headline\"  style='border-color: #83a846; ' data-hoverstyle='background-color: #4ecac2; ' role=\"tab\" tabindex=\"0\" aria-controls=\"toggle-id-119\">27\/mai | Qualifica\u00e7\u00e3o | Eliana Kezia Queiroz de Souza<span class=\"toggle_icon\" >        <span class=\"vert_icon\"><\/span><span class=\"hor_icon\"><\/span><\/span><\/p>        <div id=\"toggle-id-119\" class=\"toggle_wrap \"   >            <div class=\"toggle_content invers-color  av-inherit-border-color \"  itemprop=\"text\"  style='border-color: #83a846; ' ><p><strong>T\u00edtulo do Projeto de Qualifica\u00e7\u00e3o:<\/strong>\u00a0Impacto da disfun\u00e7\u00e3o mineral \u00f3ssea na exaust\u00e3o celular de linf\u00f3citos tem pessoas vivendo com hiv\/aids sob tratamento antirretroviral.<\/p>\n<p><strong>Orientador:<\/strong> Dr. Paulo Afonso Nogueira<\/p>\n<p><strong>Banca Avaliadora:<\/strong><br \/>\nDr. Paulo Afonso Nogueira \u2013 ILMD\/FIOCRUZ<br \/>\nDr. Paulo Renato Rivas Totino \u2013 IOC\/FIOCRUZ<br \/>\nDr. Otto Henrique Nienov \u2013 OPAS\/CIEVS<\/p>\n<p><a href=\"https:\/\/us06web.zoom.us\/j\/86333458941?pwd=bUllM3RUVkxqOTJxY0dCc0tPekFlZz09\">Link da sess\u00e3o virtual<\/a><\/p>\n<p><strong>Hor\u00e1rio:<\/strong> 14h00min<\/p>\n            <\/div>        <\/div>    <\/div><\/section>\n<section class=\"av_toggle_section\"  itemscope=\"itemscope\" itemtype=\"https:\/\/schema.org\/CreativeWork\"  >    <div role=\"tablist\" class=\"single_toggle\" data-tags=\"{Todos} \"  >        <p data-fake-id=\"#toggle-id-120\" class=\"toggler  av-inherit-border-color \"  itemprop=\"headline\"  style='border-color: #83a846; ' data-hoverstyle='background-color: #4ecac2; ' role=\"tab\" tabindex=\"0\" aria-controls=\"toggle-id-120\">26\/mai | Qualifica\u00e7\u00e3o | Jaqueline Carvalho de Oliveira Silva<span class=\"toggle_icon\" >        <span class=\"vert_icon\"><\/span><span class=\"hor_icon\"><\/span><\/span><\/p>        <div id=\"toggle-id-120\" class=\"toggle_wrap \"   >            <div class=\"toggle_content invers-color  av-inherit-border-color \"  itemprop=\"text\"  style='border-color: #83a846; ' ><p><strong>T\u00edtulo do Projeto de Qualifica\u00e7\u00e3o:<\/strong>\u00a0Estudo da soropreval\u00eancia de arboviroses em popula\u00e7\u00f5es ribeirinhas do Amazonas.<\/p>\n<p><strong>Orientador:<\/strong> Dr. Lu\u00eds Marcelo Aranha Camargo<\/p>\n<p><strong>Banca Avaliadora:<\/strong><br \/>\nDr. Lu\u00eds Marcelo Aranha Camargo \u2013 ICB\/USP<br \/>\nDr. Felipe Arley Costa Pessoa \u2013 ILMD\/FIOCRUZ<br \/>\nDr. Jansen Fernandes Medeiros \u2013 UFRN<\/p>\n<p><a href=\"https:\/\/us06web.zoom.us\/j\/81369795696?pwd=OSszY05EZHBQclFlSUNSVE9WeWpSZz09\">Link da sess\u00e3o virtual<\/a><\/p>\n<p><strong>Hor\u00e1rio:<\/strong> 14h00min<\/p>\n            <\/div>        <\/div>    <\/div><\/section>\n<section class=\"av_toggle_section\"  itemscope=\"itemscope\" itemtype=\"https:\/\/schema.org\/CreativeWork\"  >    <div role=\"tablist\" class=\"single_toggle\" data-tags=\"{Todos} \"  >        <p data-fake-id=\"#toggle-id-121\" class=\"toggler  av-inherit-border-color \"  itemprop=\"headline\"  style='border-color: #83a846; ' data-hoverstyle='background-color: #4ecac2; ' role=\"tab\" tabindex=\"0\" aria-controls=\"toggle-id-121\">09\/mai | Qualifica\u00e7\u00e3o | Kelly Natalia Romero Vesga<span class=\"toggle_icon\" >        <span class=\"vert_icon\"><\/span><span class=\"hor_icon\"><\/span><\/span><\/p>        <div id=\"toggle-id-121\" class=\"toggle_wrap \"   >            <div class=\"toggle_content invers-color  av-inherit-border-color \"  itemprop=\"text\"  style='border-color: #83a846; ' ><p><strong>T\u00edtulo do Projeto de Qualifica\u00e7\u00e3o:<\/strong> Bioprospec\u00e7\u00e3o de Genes Spvb-Wo em Artr\u00f3podes Coletados nos Munic\u00edpios de Manaus e Presidente Figueiredo no Estado do Amazonas-Brasil.<\/p>\n<p><strong>Orientador:<\/strong> Dr. James Lee Crainey<\/p>\n<p><strong>Banca Avaliadora:<\/strong><br \/>\nDr. James Lee Crainey \u2013 ILMD\/FIOCRUZ<br \/>\nDr. Eric Pearce Caragata \u2013 University of Florida<br \/>\nDr. Sergio Luiz Bessa Luz \u2013 ILMD\/FIOCRUZ<\/p>\n<p><a href=\"https:\/\/us06web.zoom.us\/j\/82787463651?pwd=bUZram5IbzZKQkp2b0JlQ1UvUUwwQT09\">Link da sess\u00e3o virtual<\/a><\/p>\n<p><strong>Hor\u00e1rio:<\/strong> 14h00min<\/p>\n            <\/div>        <\/div>    <\/div><\/section>\n<section class=\"av_toggle_section\"  itemscope=\"itemscope\" itemtype=\"https:\/\/schema.org\/CreativeWork\"  >    <div role=\"tablist\" class=\"single_toggle\" data-tags=\"{Todos} \"  >        <p data-fake-id=\"#toggle-id-122\" class=\"toggler  av-inherit-border-color \"  itemprop=\"headline\"  style='border-color: #83a846; ' data-hoverstyle='background-color: #4ecac2; ' role=\"tab\" tabindex=\"0\" aria-controls=\"toggle-id-122\">25\/abr | Qualifica\u00e7\u00e3o | Danielle de Ara\u00fajo Val\u00e9rio<span class=\"toggle_icon\" >        <span class=\"vert_icon\"><\/span><span class=\"hor_icon\"><\/span><\/span><\/p>        <div id=\"toggle-id-122\" class=\"toggle_wrap \"   >            <div class=\"toggle_content invers-color  av-inherit-border-color \"  itemprop=\"text\"  style='border-color: #83a846; ' ><p><strong>T\u00edtulo do Projeto de Qualifica\u00e7\u00e3o:<\/strong> Estudo de insetos vetores de <em>Mansonella spp<\/em>. no munic\u00edpio de S\u00e3o Gabriel da Cachoeira, Amazonas, Brasil.<\/p>\n<p><strong>Orientador:<\/strong> Dr. James Lee Crainey<\/p>\n<p><strong>Banca Avaliadora:<\/strong><br \/>\nDr. James Lee Crainey \u2013 ILMD\/FIOCRUZ<br \/>\nDr. Felipe Arley Costa Pessoa \u2013 ILMD\/FIOCRUZ<br \/>\nDr. Jos\u00e9 Joaquin Carvajal Cortes \u2013 ILMD\/FIOCRUZVD<\/p>\n<p><a href=\"https:\/\/us06web.zoom.us\/j\/83734529786?pwd=dHhUdHFyS1BMcEQ4bnYvYVZjTER1UT09\">Link da sess\u00e3o virtual<\/a><\/p>\n<p><strong>Hor\u00e1rio:<\/strong> 14h00min<\/p>\n            <\/div>        <\/div>    <\/div><\/section>\n<section class=\"av_toggle_section\"  itemscope=\"itemscope\" itemtype=\"https:\/\/schema.org\/CreativeWork\"  >    <div role=\"tablist\" class=\"single_toggle\" data-tags=\"{Todos} \"  >        <p data-fake-id=\"#toggle-id-123\" class=\"toggler  av-inherit-border-color \"  itemprop=\"headline\"  style='border-color: #83a846; ' data-hoverstyle='background-color: #4ecac2; ' role=\"tab\" tabindex=\"0\" aria-controls=\"toggle-id-123\">15\/mar | Defesa | Daniel Silva dos Santos<span class=\"toggle_icon\" >        <span class=\"vert_icon\"><\/span><span class=\"hor_icon\"><\/span><\/span><\/p>        <div id=\"toggle-id-123\" class=\"toggle_wrap \"   >            <div class=\"toggle_content invers-color  av-inherit-border-color \"  itemprop=\"text\"  style='border-color: #83a846; ' ><p><strong>T\u00edtulo da Disserta\u00e7\u00e3o:<\/strong> Altera\u00e7\u00f5es plaquet\u00e1rias em pessoas vivendo com HIV\/Aids.<\/p>\n<p><strong>Orientador:<\/strong> Dr. Paulo Afonso Nogueira<\/p>\n<p><strong>Banca Avaliadora:<\/strong><br \/>\nDr. Paulo Afonso Nogueira \u2013 ILMD\/FIOCRUZ<br \/>\nDr. Wuelton Marcelo Monteiro \u2013 FMT-HVD<br \/>\nDr.\u00aa Adele Schwartz Benzaken \u2013 ILMD\/FIOCRUZ<\/p>\n<p><a href=\"https:\/\/us06web.zoom.us\/j\/82473001356?pwd=RGJCbjVMbHBjaGFIeEIzK253VlpGQT09\">Link da sess\u00e3o virtual<\/a><\/p>\n<p><strong>Hor\u00e1rio:<\/strong> 14h00min<\/p>\n            <\/div>        <\/div>    <\/div><\/section>\n<section class=\"av_toggle_section\"  itemscope=\"itemscope\" itemtype=\"https:\/\/schema.org\/CreativeWork\"  >    <div role=\"tablist\" class=\"single_toggle\" data-tags=\"{Todos} \"  >        <p data-fake-id=\"#toggle-id-124\" class=\"toggler  av-inherit-border-color \"  itemprop=\"headline\"  style='border-color: #83a846; ' data-hoverstyle='background-color: #4ecac2; ' role=\"tab\" tabindex=\"0\" aria-controls=\"toggle-id-124\">04\/mar | Defesa | Maria Eduarda Le\u00e3o de Farias<span class=\"toggle_icon\" >        <span class=\"vert_icon\"><\/span><span class=\"hor_icon\"><\/span><\/span><\/p>        <div id=\"toggle-id-124\" class=\"toggle_wrap \"   >            <div class=\"toggle_content invers-color  av-inherit-border-color \"  itemprop=\"text\"  style='border-color: #83a846; ' ><p><strong>T\u00edtulo da Disserta\u00e7\u00e3o:<\/strong> Aspergilose Pulmonar em diagn\u00f3stico postmortem de pacientes infectados pelo v\u00edrus da S\u00edndrome Respirat\u00f3ria Aguda Grave Coronav\u00edrus 2 (SARS-CoV-2).<\/p>\n<p><strong>Orientador:<\/strong>\u00a0Dr. Marcus Vinicius Guimar\u00e3es de Lacerda<br \/>\n<strong>Co-orientadora:<\/strong>\u00a0Dr.\u00aa\u00a0Djane Clarys Ba\u00eda da Silva<\/p>\n<p><strong>Banca Avaliadora:<\/strong><br \/>\nDr. Marcus Vinicius Guimar\u00e3es de Lacerda \u2013 ILMD\/FIOCRUZ<br \/>\nDr. Paulo Afonso Nogueira \u2013 ILMD\/FIOCRUZ<br \/>\nDr.\u00aa Katia Santana Cruz \u2013 FMT-HVD<\/p>\n<p><a href=\"https:\/\/us06web.zoom.us\/j\/82140939768?pwd=anIwb0gxaDh6bWg1bk4vWGFoQXJlUT09\">Link da sess\u00e3o virtual<\/a><\/p>\n<p><strong>Hor\u00e1rio:<\/strong> 09h00min<\/p>\n            <\/div>        <\/div>    <\/div><\/section>\n<\/div>\n<\/div><\/div><\/div><\/div><\/div><\/div>\n","protected":false},"excerpt":{"rendered":"","protected":false},"author":29,"featured_media":0,"parent":0,"menu_order":0,"comment_status":"closed","ping_status":"closed","template":"","meta":{"footnotes":""},"class_list":["post-27092","page","type-page","status-publish","hentry"],"_links":{"self":[{"href":"https:\/\/amazonia.fiocruz.br\/index.php?rest_route=\/wp\/v2\/pages\/27092","targetHints":{"allow":["GET"]}}],"collection":[{"href":"https:\/\/amazonia.fiocruz.br\/index.php?rest_route=\/wp\/v2\/pages"}],"about":[{"href":"https:\/\/amazonia.fiocruz.br\/index.php?rest_route=\/wp\/v2\/types\/page"}],"author":[{"embeddable":true,"href":"https:\/\/amazonia.fiocruz.br\/index.php?rest_route=\/wp\/v2\/users\/29"}],"replies":[{"embeddable":true,"href":"https:\/\/amazonia.fiocruz.br\/index.php?rest_route=%2Fwp%2Fv2%2Fcomments&post=27092"}],"version-history":[{"count":306,"href":"https:\/\/amazonia.fiocruz.br\/index.php?rest_route=\/wp\/v2\/pages\/27092\/revisions"}],"predecessor-version":[{"id":58580,"href":"https:\/\/amazonia.fiocruz.br\/index.php?rest_route=\/wp\/v2\/pages\/27092\/revisions\/58580"}],"wp:attachment":[{"href":"https:\/\/amazonia.fiocruz.br\/index.php?rest_route=%2Fwp%2Fv2%2Fmedia&parent=27092"}],"curies":[{"name":"wp","href":"https:\/\/api.w.org\/{rel}","templated":true}]}}