{"id":20439,"date":"2017-06-02T14:31:22","date_gmt":"2017-06-02T14:31:22","guid":{"rendered":"https:\/\/amazonia.fiocruz.br\/?page_id=20439"},"modified":"2023-06-05T09:53:03","modified_gmt":"2023-06-05T13:53:03","slug":"ppgvida","status":"publish","type":"page","link":"https:\/\/amazonia.fiocruz.br\/?page_id=20439","title":{"rendered":"PPGVIDA"},"content":{"rendered":"<div id='av_section_1'  class='avia-section main_color avia-section-default avia-no-shadow  avia-full-stretch avia-bg-style-scroll  avia-builder-el-0  el_before_av_section  avia-builder-el-first   av-minimum-height av-minimum-height-50  container_wrap sidebar_right' style='background-repeat: no-repeat; background-image: url(https:\/\/amazonia.fiocruz.br\/wp-content\/uploads\/2017\/06\/slider2.png);background-attachment: scroll; background-position: top left;  '  data-section-bg-repeat='stretch' data-av_minimum_height_pc='50'><div class='container' ><main  role=\"main\" itemprop=\"mainContentOfPage\"  class='template-page content  av-content-small alpha units'><div class='post-entry post-entry-type-page post-entry-20439'><div class='entry-content-wrapper clearfix'>\n<div class=\"flex_column av_one_half  flex_column_div av-zero-column-padding first  avia-builder-el-1  avia-builder-el-no-sibling  \" style='border-radius:0px; '><div  style='padding-bottom:10px; color:#ffffff;font-size:30px;' class='av-special-heading av-special-heading-h3 custom-color-heading blockquote modern-quote  avia-builder-el-2  avia-builder-el-no-sibling  av-inherit-size '><h3 class='av-special-heading-tag '  itemprop=\"headline\"  >PPGVIDA<\/h3><div class ='av-subheading av-subheading_below av_custom_color ' style='font-size:18px;'><p>ILMD\/Fiocruz Amaz\u00f4nia<\/p>\n<\/div><div class='special-heading-border'><div class='special-heading-inner-border' style='border-color:#ffffff'><\/div><\/div><\/div><\/div>\n\n<\/div><\/div><\/main><!-- close content main element --><\/div><\/div><div id='pos'  class='avia-section main_color avia-section-default avia-no-border-styling  av-section-color-overlay-active avia-bg-style-fixed  avia-builder-el-3  el_after_av_section  el_before_av_one_full   container_wrap sidebar_right' style=' '  ><div class='av-section-color-overlay-wrap'><div class='av-section-color-overlay' style='opacity: 0.5; '><\/div><div class='container' ><div class='template-page content  av-content-small alpha units'><div class='post-entry post-entry-type-page post-entry-20439'><div class='entry-content-wrapper clearfix'>\n<div  style='padding-bottom:10px; font-size:40px;' class='av-special-heading av-special-heading-h4  blockquote modern-quote modern-centered  avia-builder-el-4  el_before_av_hr  avia-builder-el-first  av-thin-font av-inherit-size '><h4 class='av-special-heading-tag '  itemprop=\"headline\"  ><strong>Mestrado em Condi\u00e7\u00f5es de vida e situa\u00e7\u00f5es de sa\u00fade na Amaz\u00f4nia<\/strong><\/h4><div class='special-heading-border'><div class='special-heading-inner-border' ><\/div><\/div><\/div>\n<div   class='hr hr-short hr-center   avia-builder-el-5  el_after_av_heading  el_before_av_one_half '><span class='hr-inner ' ><span class='hr-inner-style'><\/span><\/span><\/div>\n<div class=\"flex_column av_one_half  flex_column_div first  avia-builder-el-6  el_after_av_hr  el_before_av_one_half  \" ><section class=\"av_textblock_section \"  itemscope=\"itemscope\" itemtype=\"https:\/\/schema.org\/CreativeWork\" ><div class='avia_textblock  '  style='font-size:15px; '  itemprop=\"text\" ><p style=\"text-align: justify;\"><b>Dados do Curso:<\/b><\/p>\n<p style=\"text-align: justify;\">O Programa de P\u00f3s-Gradua\u00e7\u00e3o Stricto Sensu em Condi\u00e7\u00f5es de Vida e Situa\u00e7\u00f5es de Sa\u00fade na Amaz\u00f4nia (PPGVIDA) tem como objetivo capacitar profissionais para desenvolver modelos anal\u00edticos capazes de subsidiar pesquisas em sa\u00fade, apoiar o planejamento, execu\u00e7\u00e3o e gerenciamento de servi\u00e7os e a\u00e7\u00f5es de controle e o monitoramento de doen\u00e7as e agravos de interesse coletivo e do Sistema \u00danico de Sa\u00fade na Amaz\u00f4nia.<\/p>\n<div class=\"av-subheading av-subheading_below \"><\/div>\n<\/div><\/section><\/div><div class=\"flex_column av_one_half  flex_column_div av-zero-column-padding   avia-builder-el-8  el_after_av_one_half  avia-builder-el-last  \" style='border-radius:0px; '><section class=\"av_textblock_section \"  itemscope=\"itemscope\" itemtype=\"https:\/\/schema.org\/CreativeWork\" ><div class='avia_textblock  '  style='font-size:15px; '  itemprop=\"text\" ><p style=\"text-align: justify;\">O programa tamb\u00e9m visa planejar, propor e utilizar m\u00e9todos e t\u00e9cnicas para executar investiga\u00e7\u00f5es na \u00e1rea de sa\u00fade, mediante o uso integrado de conceitos e recursos te\u00f3rico-metodol\u00f3gicos advindos da sa\u00fade coletiva, biologia parasit\u00e1ria, epidemiologia, ci\u00eancias sociais e humanas aplicadas \u00e0 sa\u00fade, comunica\u00e7\u00e3o e informa\u00e7\u00e3o em sa\u00fade e de outras \u00e1reas de interesse acad\u00eamico, na constru\u00e7\u00e3o de desenhos complexos de pesquisa sobre a realidade amaz\u00f4nica.<\/p>\n<div class=\"av-subheading av-subheading_below \"><\/div>\n<div class=\"av-subheading av-subheading_below \"><\/div>\n<\/div><\/section><\/div><\/div><\/div><\/div><!-- close content main div --><\/div><\/div><\/div><div id='after_section_2'  class='main_color av_default_container_wrap container_wrap sidebar_right' style=' '  ><div class='container' ><div class='template-page content  av-content-small alpha units'><div class='post-entry post-entry-type-page post-entry-20439'><div class='entry-content-wrapper clearfix'><div class=\"flex_column av_one_full  flex_column_div first  avia-builder-el-10  el_after_av_section  el_before_av_section  avia-builder-el-no-sibling  \" ><p><div  style='padding-bottom:10px; font-size:30px;' class='av-special-heading av-special-heading-h4  blockquote modern-quote modern-centered  avia-builder-el-11  el_before_av_testimonials  avia-builder-el-first  av-thin-font av-inherit-size '><h4 class='av-special-heading-tag '  itemprop=\"headline\"  ><strong>Coordena\u00e7\u00e3o do Curso<\/strong><\/h4><div class='special-heading-border'><div class='special-heading-inner-border' ><\/div><\/div><\/div><br \/>\n<div   data-autoplay='1'  data-interval='5'  data-animation='fade'  data-hoverpause='1'  class='avia-testimonial-wrapper avia-grid-testimonials avia-grid-3-testimonials avia_animate_when_almost_visible   '>\n<section class ='avia-testimonial-row'><div class='avia-testimonial av_one_third flex_column no_margin avia-testimonial-row-1 avia-first-testimonial' ><div class='avia-testimonial_inner'  itemscope=\"itemscope\" itemtype=\"https:\/\/schema.org\/CreativeWork\" ><div class='avia-testimonial-image'  itemprop=\"image\"  style='background-image:url(https:\/\/amazonia.fiocruz.br\/wp-content\/uploads\/2018\/06\/ormezinda-180x180.png);'><\/div><div class='avia-testimonial-content '  ><div class='avia-testimonial-markup-entry-content'  itemprop=\"text\" ><\/div><\/div><div class='avia-testimonial-meta'><div class='avia-testimonial-arrow-wrap'><div class='avia-arrow'><\/div><\/div><div class='avia-testimonial-meta-mini'  itemprop=\"author\" itemscope=\"itemscope\" itemtype=\"https:\/\/schema.org\/Person\" ><strong  class='avia-testimonial-name'    itemprop=\"name\" >Coordenadora<\/strong><span  class='avia-testimonial-subtitle '    itemprop=\"jobTitle\" >Ormezinda Celeste Cristo Fernandes<\/span><\/div><\/div><\/div><\/div>\n<div class='avia-testimonial av_one_third flex_column no_margin avia-testimonial-row-1 ' ><div class='avia-testimonial_inner'  itemscope=\"itemscope\" itemtype=\"https:\/\/schema.org\/CreativeWork\" ><div class='avia-testimonial-image'  itemprop=\"image\"  style='background-image:url(https:\/\/amazonia.fiocruz.br\/wp-content\/uploads\/2019\/02\/g.png);'><\/div><div class='avia-testimonial-content '  ><div class='avia-testimonial-markup-entry-content'  itemprop=\"text\" ><\/div><\/div><div class='avia-testimonial-meta'><div class='avia-testimonial-arrow-wrap'><div class='avia-arrow'><\/div><\/div><div class='avia-testimonial-meta-mini'  itemprop=\"author\" itemscope=\"itemscope\" itemtype=\"https:\/\/schema.org\/Person\" ><strong  class='avia-testimonial-name'    itemprop=\"name\" >Vice Coordenador<\/strong><span  class='avia-testimonial-subtitle '    itemprop=\"jobTitle\" >Fernando Jos\u00e9 Herkrath<\/span><\/div><\/div><\/div><\/div>\n<div class='avia-testimonial av_one_third flex_column no_margin avia-testimonial-row-1 avia-last-testimonial' ><div class='avia-testimonial_inner'  itemscope=\"itemscope\" itemtype=\"https:\/\/schema.org\/CreativeWork\" ><div class='avia-testimonial-image'  itemprop=\"image\"  style='background-image:url(https:\/\/amazonia.fiocruz.br\/wp-content\/uploads\/2017\/06\/ane-180x159.png);'><\/div><div class='avia-testimonial-content '  ><div class='avia-testimonial-markup-entry-content'  itemprop=\"text\" ><\/div><\/div><div class='avia-testimonial-meta'><div class='avia-testimonial-arrow-wrap'><div class='avia-arrow'><\/div><\/div><div class='avia-testimonial-meta-mini'  itemprop=\"author\" itemscope=\"itemscope\" itemtype=\"https:\/\/schema.org\/Person\" ><strong  class='avia-testimonial-name'    itemprop=\"name\" >Membro Titular<\/strong><span  class='avia-testimonial-subtitle '    itemprop=\"jobTitle\" >Ani Beatriz Matsuura<\/span><\/div><\/div><\/div><\/div><\/section>\n<section class ='avia-testimonial-row'><div class='avia-testimonial av_one_third flex_column no_margin avia-testimonial-row-2 avia-first-testimonial' ><div class='avia-testimonial_inner'  itemscope=\"itemscope\" itemtype=\"https:\/\/schema.org\/CreativeWork\" ><div class='avia-testimonial-image'  itemprop=\"image\"  style='background-image:url(https:\/\/amazonia.fiocruz.br\/wp-content\/uploads\/2019\/02\/tobias.png);'><\/div><div class='avia-testimonial-content '  ><div class='avia-testimonial-markup-entry-content'  itemprop=\"text\" ><\/div><\/div><div class='avia-testimonial-meta'><div class='avia-testimonial-arrow-wrap'><div class='avia-arrow'><\/div><\/div><div class='avia-testimonial-meta-mini'  itemprop=\"author\" itemscope=\"itemscope\" itemtype=\"https:\/\/schema.org\/Person\" ><strong  class='avia-testimonial-name'    itemprop=\"name\" >Membro Titular<\/strong><span  class='avia-testimonial-subtitle '    itemprop=\"jobTitle\" >Rodrigo Tobias de Sousa Lima<\/span><\/div><\/div><\/div><\/div>\n<div class='avia-testimonial av_one_third flex_column no_margin avia-testimonial-row-2 ' ><div class='avia-testimonial_inner'  itemscope=\"itemscope\" itemtype=\"https:\/\/schema.org\/CreativeWork\" ><div class='avia-testimonial-image'  itemprop=\"image\"  style='background-image:url(https:\/\/amazonia.fiocruz.br\/wp-content\/uploads\/2017\/05\/rosana.png);'><\/div><div class='avia-testimonial-content '  ><div class='avia-testimonial-markup-entry-content'  itemprop=\"text\" ><\/div><\/div><div class='avia-testimonial-meta'><div class='avia-testimonial-arrow-wrap'><div class='avia-arrow'><\/div><\/div><div class='avia-testimonial-meta-mini'  itemprop=\"author\" itemscope=\"itemscope\" itemtype=\"https:\/\/schema.org\/Person\" ><strong  class='avia-testimonial-name'    itemprop=\"name\" >Membro Suplente<\/strong><span  class='avia-testimonial-subtitle '    itemprop=\"jobTitle\" >Rosana Cristina Pereira Parente<\/span><\/div><\/div><\/div><\/div>\n<div class='avia-testimonial av_one_third flex_column no_margin avia-testimonial-row-2 avia-last-testimonial' ><div class='avia-testimonial_inner'  itemscope=\"itemscope\" itemtype=\"https:\/\/schema.org\/CreativeWork\" ><div class='avia-testimonial-image'  itemprop=\"image\"  style='background-image:url(https:\/\/amazonia.fiocruz.br\/wp-content\/uploads\/2019\/02\/NAVA.png);'><\/div><div class='avia-testimonial-content '  ><div class='avia-testimonial-markup-entry-content'  itemprop=\"text\" ><\/div><\/div><div class='avia-testimonial-meta'><div class='avia-testimonial-arrow-wrap'><div class='avia-arrow'><\/div><\/div><div class='avia-testimonial-meta-mini'  itemprop=\"author\" itemscope=\"itemscope\" itemtype=\"https:\/\/schema.org\/Person\" ><strong  class='avia-testimonial-name'    itemprop=\"name\" >Membro Suplente<\/strong><span  class='avia-testimonial-subtitle '    itemprop=\"jobTitle\" >Alessandra Ferreira Dales Nava<\/span><\/div><\/div><\/div><\/div><\/section>\n<section class ='avia-testimonial-row'><div class='avia-testimonial av_one_third flex_column no_margin avia-testimonial-row-3 avia-first-testimonial' ><div class='avia-testimonial_inner'  itemscope=\"itemscope\" itemtype=\"https:\/\/schema.org\/CreativeWork\" ><div class='avia-testimonial-image'  itemprop=\"image\"  style='background-image:url(https:\/\/amazonia.fiocruz.br\/wp-content\/uploads\/2021\/03\/alinemeloqueiroz-2-180x180.jpg);'><\/div><div class='avia-testimonial-content '  ><div class='avia-testimonial-markup-entry-content'  itemprop=\"text\" ><\/div><\/div><div class='avia-testimonial-meta'><div class='avia-testimonial-arrow-wrap'><div class='avia-arrow'><\/div><\/div><div class='avia-testimonial-meta-mini'  itemprop=\"author\" itemscope=\"itemscope\" itemtype=\"https:\/\/schema.org\/Person\" ><strong  class='avia-testimonial-name'    itemprop=\"name\" >Representante dos Discentes<\/strong><span  class='avia-testimonial-subtitle '    itemprop=\"jobTitle\" >Aline Melo Queiroz<\/span><\/div><\/div><\/div><\/div>\n<\/section><\/div><\/p><\/div><\/div><\/div><\/div><!-- close content main div --><\/div><\/div><div id='linhaspesquisas'  class='avia-section alternate_color avia-section-default avia-no-shadow  av-section-color-overlay-active avia-bg-style-scroll  avia-builder-el-13  el_after_av_one_full  el_before_av_section   av-minimum-height av-minimum-height-75  container_wrap sidebar_right' style=' '   data-av_minimum_height_pc='75'><div class='av-section-color-overlay-wrap'><div class='av-section-color-overlay' style='opacity: 0.8; background-color: #8e8e8e; '><\/div><div class='container' ><div class='template-page content  av-content-small alpha units'><div class='post-entry post-entry-type-page post-entry-20439'><div class='entry-content-wrapper clearfix'>\n<div class=\"flex_column av_one_full  flex_column_div first  avia-builder-el-14  el_before_av_one_half  avia-builder-el-first  \" ><p><div  style='padding-bottom:10px; color:#ffffff;font-size:55px;' class='av-special-heading av-special-heading-h3 custom-color-heading blockquote modern-quote modern-centered  avia-builder-el-15  el_before_av_hr  avia-builder-el-first  av-thin-font av-inherit-size '><h3 class='av-special-heading-tag '  itemprop=\"headline\"  ><strong>Linhas de pesquisa<\/strong><\/h3><div class='special-heading-border'><div class='special-heading-inner-border' style='border-color:#ffffff'><\/div><\/div><\/div><br \/>\n<div  style='height:100px' class='hr hr-invisible   avia-builder-el-16  el_after_av_heading  avia-builder-el-last '><span class='hr-inner ' ><span class='hr-inner-style'><\/span><\/span><\/div><\/p><\/div><div class=\"flex_column av_one_half  flex_column_div first  avia-builder-el-17  el_after_av_one_full  el_before_av_one_half  column-top-margin\" ><div  style='padding-bottom:13px; color:#ffffff;' class='av-special-heading av-special-heading-h3 custom-color-heading blockquote modern-quote  avia-builder-el-18  avia-builder-el-no-sibling  '><h3 class='av-special-heading-tag '  itemprop=\"headline\"  ><b><font color=#ffffff>Linha 1: Fatores s\u00f3cio biol\u00f3gicos no processo sa\u00fade-doen\u00e7a na Amaz\u00f4nia.<\/font color><\/b><\/h3><div class ='av-subheading av-subheading_below av_custom_color ' style='font-size:15px;'><p>Esta linha une pesquisadores das \u00e1reas biol\u00f3gica e social para o estudo das condi\u00e7\u00f5es de vida e situa\u00e7\u00e3o de sa\u00fade das popula\u00e7\u00f5es amaz\u00f4nicas, bem como a identifica\u00e7\u00e3o de fatores de transmiss\u00e3o, virul\u00eancia, mecanismos imunol\u00f3gicos e desenvolvimento de estrat\u00e9gias de preven\u00e7\u00e3o, monitoramento e controle de doen\u00e7as de interesse para a regi\u00e3o.<\/p>\n<\/div><div class='special-heading-border'><div class='special-heading-inner-border' style='border-color:#ffffff'><\/div><\/div><\/div><\/div><div class=\"flex_column av_one_half  flex_column_div av-zero-column-padding   avia-builder-el-19  el_after_av_one_half  avia-builder-el-last  column-top-margin\" style='border-radius:0px; '><div  style='padding-bottom:13px; color:#ffffff;' class='av-special-heading av-special-heading-h3 custom-color-heading blockquote modern-quote  avia-builder-el-20  avia-builder-el-no-sibling  '><h3 class='av-special-heading-tag '  itemprop=\"headline\"  ><b><font color=#ffffff>Linha 2: Processo Sa\u00fade, Doen\u00e7a e Organiza\u00e7\u00e3o da Aten\u00e7\u00e3o a popula\u00e7\u00f5es ind\u00edgenas e outros grupos em situa\u00e7\u00f5es de vulnerabilidade.<\/font><\/b><\/h3><div class ='av-subheading av-subheading_below av_custom_color ' style='font-size:15px;'><p>As atividades desta linha visam a realiza\u00e7\u00e3o de estudos qualiquantitativos desenvolvidos mediante o entrecruzamento da hist\u00f3ria, gest\u00e3o, organiza\u00e7\u00e3o e monitoramento das pol\u00edticas, servi\u00e7os e programas oficiais de sa\u00fade com as pr\u00e1ticas e concep\u00e7\u00f5es de popula\u00e7\u00f5es amaz\u00f4nicas sobre sa\u00fade, cuidados, adoecimentos e morte.<\/p>\n<p>Dadas as caracter\u00edsticas muito amplas desta linha, sua operacionaliza\u00e7\u00e3o se dar\u00e1 mediante dois eixos espec\u00edficos de investiga\u00e7\u00e3o:<\/p>\n<p>a) Socioantropologia e Hist\u00f3ria da Sa\u00fade e da Doen\u00e7a na Amaz\u00f4nia, interessado no estudo de aspectos sociais, hist\u00f3ricos, culturais e ambientais das produ\u00e7\u00f5es e modula\u00e7\u00e3o de processos end\u00eamico-epid\u00eamicos em povos tradicionais amaz\u00f4nicos e outros grupos em situa\u00e7\u00e3o de vulnerabilidade.<\/p>\n<p>b) Sa\u00fade, Redes de servi\u00e7os, Pr\u00e1ticas Sanit\u00e1rias e Condi\u00e7\u00f5es de Vidas na Amaz\u00f4nia voltada para desenvolver estudos de organiza\u00e7\u00e3o, espacialidade, acessibilidade e de monitoramento e avalia\u00e7\u00e3o dos servi\u00e7os de sa\u00fade, distribu\u00eddos em territ\u00f3rios urbanos e rurais, com \u00eanfase em situa\u00e7\u00f5es de fronteira.<\/p>\n<\/div><div class='special-heading-border'><div class='special-heading-inner-border' style='border-color:#ffffff'><\/div><\/div><\/div><\/div>\n<\/p>\n<\/div><\/div><\/div><!-- close content main div --><\/div><\/div><\/div><div id='contprogramatico'  class='avia-section main_color avia-section-large avia-no-border-styling  avia-full-stretch av-section-color-overlay-active avia-bg-style-scroll  avia-builder-el-21  el_after_av_section  avia-builder-el-last   av-minimum-height av-minimum-height-50  container_wrap sidebar_right' style='background-repeat: no-repeat; background-image: url(https:\/\/amazonia.fiocruz.br\/wp-content\/uploads\/2017\/05\/IMG_0870.jpg);background-attachment: scroll; background-position: top left;  '  data-section-bg-repeat='stretch' data-av_minimum_height_pc='50'><div class='av-section-color-overlay-wrap'><div class='av-section-color-overlay' style='opacity: 0.8; background-color: #ffffff; '><\/div><div class='container' ><div class='template-page content  av-content-small alpha units'><div class='post-entry post-entry-type-page post-entry-20439'><div class='entry-content-wrapper clearfix'>\n<div class=\"flex_column av_one_third  flex_column_div av-zero-column-padding first  \" style='border-radius:0px; '><p><div  style='padding-bottom:13px; color:#67a800;' class='av-special-heading av-special-heading-h3 custom-color-heading blockquote modern-quote modern-centered  '><h3 class='av-special-heading-tag '  itemprop=\"headline\"  ><b><color=#ffffff>Regimento do PPGVIDA<\/color><\/b><\/h3><div class='special-heading-border'><div class='special-heading-inner-border' style='border-color:#67a800'><\/div><\/div><\/div><br \/>\n<div  class='avia-button-wrap avia-button-center ' ><a href='https:\/\/www.amazonia.fiocruz.br\/doc\/regimento_ppgivda_atualizado.pdf'  class='avia-button av-icon-on-hover avia-color-orange   avia-icon_select-yes-left-icon avia-size-small avia-position-center '  target=\"_blank\"  rel=\"noopener noreferrer\"  ><span class='avia_button_icon avia_button_icon_left ' aria-hidden='true' data-av_icon='\ue82d' data-av_iconfont='entypo-fontello'><\/span><span class='avia_iconbox_title' >Baixar<\/span><\/a><\/div><\/p><\/div><div class=\"flex_column av_one_third  flex_column_div av-zero-column-padding   \" style='border-radius:0px; '><p><div  style='padding-bottom:13px; color:#ffffff;' class='av-special-heading av-special-heading-h3 custom-color-heading blockquote modern-quote modern-centered  '><h3 class='av-special-heading-tag '  itemprop=\"headline\"  ><b>Professores Credenciados<\/b><\/h3><div class='special-heading-border'><div class='special-heading-inner-border' style='border-color:#ffffff'><\/div><\/div><\/div><br \/>\n<div  class='avia-button-wrap avia-button-center ' ><a href='https:\/\/amazonia.fiocruz.br\/?page_id=20067'  class='avia-button av-icon-on-hover avia-color-orange   avia-icon_select-yes-left-icon avia-size-small avia-position-center '  target=\"_blank\"  rel=\"noopener noreferrer\"  ><span class='avia_button_icon avia_button_icon_left ' aria-hidden='true' data-av_icon='\ue82d' data-av_iconfont='entypo-fontello'><\/span><span class='avia_iconbox_title' >Visualizar<\/span><\/a><\/div><\/p><\/div><div class=\"flex_column av_one_third  flex_column_div av-zero-column-padding   \" style='border-radius:0px; '><p><div  style='padding-bottom:13px; color:#ffffff;' class='av-special-heading av-special-heading-h3 custom-color-heading blockquote modern-quote modern-centered  '><h3 class='av-special-heading-tag '  itemprop=\"headline\"  ><b>Calend\u00e1rio Acad\u00eamico<\/b><\/h3><div class='special-heading-border'><div class='special-heading-inner-border' style='border-color:#ffffff'><\/div><\/div><\/div><br \/>\n<div  class='avia-button-wrap avia-button-center ' ><a href='https:\/\/www.amazonia.fiocruz.br\/wp-content\/uploads\/2021\/02\/CALENDARIO-ACADEMICO-2021_10_02_21.pdf'  class='avia-button av-icon-on-hover avia-color-orange   avia-icon_select-yes-left-icon avia-size-small avia-position-center '  target=\"_blank\"  rel=\"noopener noreferrer\"  ><span class='avia_button_icon avia_button_icon_left ' aria-hidden='true' data-av_icon='\ue82d' data-av_iconfont='entypo-fontello'><\/span><span class='avia_iconbox_title' >Baixar<\/span><\/a><\/div><\/p><\/div><\/div><\/div><\/div><!-- close content main div --><\/div><\/div><\/div><div id='after_section_4'  class='main_color av_default_container_wrap container_wrap sidebar_right' style=' '  ><div class='container' ><div class='template-page content  av-content-small alpha units'><div class='post-entry post-entry-type-page post-entry-20439'><div class='entry-content-wrapper clearfix'>\n","protected":false},"excerpt":{"rendered":"","protected":false},"author":26,"featured_media":0,"parent":0,"menu_order":0,"comment_status":"closed","ping_status":"closed","template":"","meta":{"footnotes":""},"class_list":["post-20439","page","type-page","status-publish","hentry"],"_links":{"self":[{"href":"https:\/\/amazonia.fiocruz.br\/index.php?rest_route=\/wp\/v2\/pages\/20439","targetHints":{"allow":["GET"]}}],"collection":[{"href":"https:\/\/amazonia.fiocruz.br\/index.php?rest_route=\/wp\/v2\/pages"}],"about":[{"href":"https:\/\/amazonia.fiocruz.br\/index.php?rest_route=\/wp\/v2\/types\/page"}],"author":[{"embeddable":true,"href":"https:\/\/amazonia.fiocruz.br\/index.php?rest_route=\/wp\/v2\/users\/26"}],"replies":[{"embeddable":true,"href":"https:\/\/amazonia.fiocruz.br\/index.php?rest_route=%2Fwp%2Fv2%2Fcomments&post=20439"}],"version-history":[{"count":37,"href":"https:\/\/amazonia.fiocruz.br\/index.php?rest_route=\/wp\/v2\/pages\/20439\/revisions"}],"predecessor-version":[{"id":33561,"href":"https:\/\/amazonia.fiocruz.br\/index.php?rest_route=\/wp\/v2\/pages\/20439\/revisions\/33561"}],"wp:attachment":[{"href":"https:\/\/amazonia.fiocruz.br\/index.php?rest_route=%2Fwp%2Fv2%2Fmedia&parent=20439"}],"curies":[{"name":"wp","href":"https:\/\/api.w.org\/{rel}","templated":true}]}}